{"id":12982,"date":"2022-02-17T11:21:29","date_gmt":"2022-02-17T11:21:29","guid":{"rendered":"https:\/\/neu.schwarz.it\/zubehoer-schwarz-anhaenger\/"},"modified":"2022-10-04T08:43:09","modified_gmt":"2022-10-04T08:43:09","slug":"accessori-rimorchi-schwarz","status":"publish","type":"page","link":"https:\/\/www.schwarz.it\/it\/accessori-rimorchi-schwarz\/","title":{"rendered":"Accessori rimorchi Schwarz"},"content":{"rendered":"\t\t<div data-elementor-type=\"wp-page\" data-elementor-id=\"12982\" class=\"elementor elementor-12982 elementor-1104\">\n\t\t\t\t\t\t<div class=\"elementor-inner\">\n\t\t\t\t<div class=\"elementor-section-wrap\">\n\t\t\t\t\t\t\t\t\t<section class=\"ob-is-breaking-bad elementor-section elementor-top-section elementor-element elementor-element-bfc5cc3 elementor-section-full_width elementor-section-height-default elementor-section-height-default\" data-dce-background-overlay-color=\"#0A3850\" data-id=\"bfc5cc3\" data-element_type=\"section\" data-settings=\"{&quot;_ob_bbad_use_it&quot;:&quot;yes&quot;,&quot;_ob_bbad_sssic_use&quot;:&quot;no&quot;,&quot;_ob_glider_is_slider&quot;:&quot;no&quot;}\">\n\t\t\t\t\t\t\t<div class=\"elementor-background-overlay\"><\/div>\n\t\t\t\t\t\t\t<div class=\"elementor-container elementor-column-gap-no\">\n\t\t\t\t\t\t\t<div class=\"elementor-row\">\n\t\t\t\t\t<div class=\"elementor-column elementor-col-100 elementor-top-column elementor-element elementor-element-71a98a9\" data-id=\"71a98a9\" data-element_type=\"column\" data-settings=\"{&quot;_ob_bbad_is_stalker&quot;:&quot;no&quot;,&quot;_ob_teleporter_use&quot;:false,&quot;_ob_column_hoveranimator&quot;:&quot;no&quot;,&quot;_ob_column_has_pseudo&quot;:&quot;no&quot;}\">\n\t\t\t<div class=\"elementor-column-wrap elementor-element-populated\">\n\t\t\t\t\t\t\t<div class=\"elementor-widget-wrap\">\n\t\t\t\t\t\t<div class=\"elementor-element elementor-element-5ea53ac elementor--h-position-center elementor--v-position-middle elementor-pagination-position-inside ob-has-background-overlay elementor-widget elementor-widget-slides\" data-id=\"5ea53ac\" data-element_type=\"widget\" data-settings=\"{&quot;navigation&quot;:&quot;dots&quot;,&quot;autoplay_speed&quot;:6000,&quot;transition&quot;:&quot;fade&quot;,&quot;transition_speed&quot;:1000,&quot;autoplay&quot;:&quot;yes&quot;,&quot;infinite&quot;:&quot;yes&quot;,&quot;_ob_perspektive_use&quot;:&quot;no&quot;,&quot;_ob_poopart_use&quot;:&quot;yes&quot;,&quot;_ob_shadough_use&quot;:&quot;no&quot;,&quot;_ob_allow_hoveranimator&quot;:&quot;no&quot;,&quot;_ob_widget_stalker_use&quot;:&quot;no&quot;}\" data-widget_type=\"slides.default\">\n\t\t\t\t<div class=\"elementor-widget-container\">\n\t\t\t\t\t<div class=\"elementor-swiper\">\n\t\t\t<div class=\"elementor-slides-wrapper elementor-main-swiper swiper-container\" dir=\"ltr\" data-animation=\"fadeInUp\">\n\t\t\t\t<div class=\"swiper-wrapper elementor-slides\">\n\t\t\t\t\t\t\t\t\t\t<div class=\"elementor-repeater-item-7139ac9 swiper-slide\"><div class=\"swiper-slide-bg\"><\/div><div class=\"swiper-slide-inner\" ><div class=\"swiper-slide-contents\"><\/div><\/div><\/div><div class=\"elementor-repeater-item-da12b01 swiper-slide\"><div class=\"swiper-slide-bg\"><\/div><div class=\"swiper-slide-inner\" ><div class=\"swiper-slide-contents\"><\/div><\/div><\/div><div class=\"elementor-repeater-item-8ce1ca4 swiper-slide\"><div class=\"swiper-slide-bg\"><\/div><div class=\"swiper-slide-inner\" ><div class=\"swiper-slide-contents\"><\/div><\/div><\/div><div class=\"elementor-repeater-item-d7df9bc swiper-slide\"><div class=\"swiper-slide-bg\"><\/div><div class=\"swiper-slide-inner\" ><div class=\"swiper-slide-contents\"><\/div><\/div><\/div><div class=\"elementor-repeater-item-a516b7c swiper-slide\"><div class=\"swiper-slide-bg\"><\/div><div class=\"swiper-slide-inner\" ><div class=\"swiper-slide-contents\"><\/div><\/div><\/div><div class=\"elementor-repeater-item-a179bd1 swiper-slide\"><div class=\"swiper-slide-bg\"><\/div><div class=\"swiper-slide-inner\" ><div class=\"swiper-slide-contents\"><\/div><\/div><\/div>\t\t\t\t<\/div>\n\t\t\t\t\t\t\t\t\t\t\t\t\t\t\t<div class=\"swiper-pagination\"><\/div>\n\t\t\t\t\t\t\t\t\t\t\t\t\t\t\t\t\t<\/div>\n\t\t<\/div>\n\t\t\t\t<\/div>\n\t\t\t\t<\/div>\n\t\t\t\t\t\t<\/div>\n\t\t\t\t\t<\/div>\n\t\t<\/div>\n\t\t\t\t\t\t\t\t<\/div>\n\t\t\t\t\t<\/div>\n\t\t<\/section>\n\t\t\t\t<section class=\"ob-is-breaking-bad elementor-section elementor-top-section elementor-element elementor-element-88e49d0 elementor-section-full_width elementor-section-height-default elementor-section-height-default\" data-id=\"88e49d0\" data-element_type=\"section\" data-settings=\"{&quot;background_background&quot;:&quot;classic&quot;,&quot;_ob_bbad_use_it&quot;:&quot;yes&quot;,&quot;_ob_bbad_sssic_use&quot;:&quot;no&quot;,&quot;_ob_glider_is_slider&quot;:&quot;no&quot;}\">\n\t\t\t\t\t\t<div class=\"elementor-container elementor-column-gap-no\">\n\t\t\t\t\t\t\t<div class=\"elementor-row\">\n\t\t\t\t\t<div class=\"elementor-column elementor-col-100 elementor-top-column elementor-element elementor-element-3d40098 animated-slow elementor-invisible\" data-id=\"3d40098\" data-element_type=\"column\" data-settings=\"{&quot;animation&quot;:&quot;fadeInUp&quot;,&quot;_ob_bbad_is_stalker&quot;:&quot;no&quot;,&quot;_ob_teleporter_use&quot;:false,&quot;_ob_column_hoveranimator&quot;:&quot;no&quot;,&quot;_ob_column_has_pseudo&quot;:&quot;no&quot;}\">\n\t\t\t<div class=\"elementor-column-wrap elementor-element-populated\">\n\t\t\t\t\t\t\t<div class=\"elementor-widget-wrap\">\n\t\t\t\t\t\t<div class=\"elementor-element elementor-element-ff6ea29 ob-harakiri-inherit ob-has-background-overlay elementor-widget elementor-widget-heading\" data-id=\"ff6ea29\" data-element_type=\"widget\" data-settings=\"{&quot;_ob_use_harakiri&quot;:&quot;yes&quot;,&quot;_ob_harakiri_writing_mode&quot;:&quot;inherit&quot;,&quot;_ob_harakiri_text_clip&quot;:&quot;none&quot;,&quot;_ob_perspektive_use&quot;:&quot;no&quot;,&quot;_ob_poopart_use&quot;:&quot;yes&quot;,&quot;_ob_shadough_use&quot;:&quot;no&quot;,&quot;_ob_allow_hoveranimator&quot;:&quot;no&quot;,&quot;_ob_widget_stalker_use&quot;:&quot;no&quot;}\" data-widget_type=\"heading.default\">\n\t\t\t\t<div class=\"elementor-widget-container\">\n\t\t\t<h2 class=\"elementor-heading-title elementor-size-default\">Accessori Schwarz<\/h2>\t\t<\/div>\n\t\t\t\t<\/div>\n\t\t\t\t<div class=\"elementor-element elementor-element-d91cf26 ob-has-background-overlay elementor-widget elementor-widget-html\" data-id=\"d91cf26\" data-element_type=\"widget\" data-settings=\"{&quot;_ob_perspektive_use&quot;:&quot;no&quot;,&quot;_ob_poopart_use&quot;:&quot;yes&quot;,&quot;_ob_shadough_use&quot;:&quot;no&quot;,&quot;_ob_allow_hoveranimator&quot;:&quot;no&quot;,&quot;_ob_widget_stalker_use&quot;:&quot;no&quot;}\" data-widget_type=\"html.default\">\n\t\t\t\t<div class=\"elementor-widget-container\">\n\t\t\t<script src=\"https:\/\/ajax.googleapis.com\/ajax\/libs\/jquery\/3.6.0\/jquery.min.js\">\n<\/script>\n\n<script>\n    \n    jQuery(document).ready(function(){\n   jQuery(\".zubehoer a\").removeAttr(\"href\");\n   \n});\n    \n<\/script>\t\t<\/div>\n\t\t\t\t<\/div>\n\t\t\t\t<div class=\"dce-dynamic-posts-collection dce-fix-background-loop elementor-element elementor-element-bed0416 dce-align-center dce-col-tablet-2 box-gebrauchtmarkt dce-posts-layout-default dce-col-4 dce-col-mobile-1 ob-has-background-overlay elementor-widget elementor-widget-dce-dynamicposts-v2\" data-id=\"bed0416\" data-element_type=\"widget\" data-settings=\"{&quot;grid_filters_match_height&quot;:&quot;yes&quot;,&quot;grid_filters_match_height_by_row&quot;:&quot;true&quot;,&quot;style_items&quot;:&quot;default&quot;,&quot;grid_filters_grid_type&quot;:&quot;flex&quot;,&quot;_ob_perspektive_use&quot;:&quot;no&quot;,&quot;_ob_poopart_use&quot;:&quot;yes&quot;,&quot;_ob_shadough_use&quot;:&quot;no&quot;,&quot;_ob_allow_hoveranimator&quot;:&quot;no&quot;,&quot;_ob_widget_stalker_use&quot;:&quot;no&quot;}\" data-widget_type=\"dce-dynamicposts-v2.grid-filters\">\n\t\t\t\t<div class=\"elementor-widget-container\">\n\t\t\t\n\t\t<div class=\"dce-posts-container dce-posts  dce-grid-filters-container dce-skin-grid-filters dce-skin-grid dce-skin-grid-flex\">\n\t\t\t<div class=\"dce-filters\"><script>jQuery(window).load(function(){jQuery(\".elementor-element-grid-filters .filters-item.filter-active > a\").click();});<\/script><span class=\"filters-item filter-active\"><a href=\"https:\/\/www.schwarz.it\/it\/zubehoer_kategorien\/rimorchio-forestale\/\" data-e-disable-page-transition=\"false\" data-filter=\".zubehoer_kategorien-rimorchio-forestale\">Rimorchio forestale<\/a><\/span><span class=\"filters-separator\"> <\/span><span class=\"filters-item\"><a href=\"https:\/\/www.schwarz.it\/it\/zubehoer_kategorien\/rimorchio-inclinabile\/\" data-e-disable-page-transition=\"false\" data-filter=\".zubehoer_kategorien-rimorchio-inclinabile\">Rimorchio inclinabile<\/a><\/span><span class=\"filters-separator\"> <\/span><span class=\"filters-item\"><a href=\"https:\/\/www.schwarz.it\/it\/zubehoer_kategorien\/rimorchio-portabestiame\/\" data-e-disable-page-transition=\"false\" data-filter=\".zubehoer_kategorien-rimorchio-portabestiame\">Rimorchio portabestiame<\/a><\/span><span class=\"filters-separator\"> <\/span><span class=\"filters-item\"><a href=\"https:\/\/www.schwarz.it\/it\/zubehoer_kategorien\/rimorchio-portapallet\/\" data-e-disable-page-transition=\"false\" data-filter=\".zubehoer_kategorien-rimorchio-portapallet\">Rimorchio portapallet<\/a><\/span><span class=\"filters-separator\"> <\/span><span class=\"filters-item\"><a href=\"https:\/\/www.schwarz.it\/it\/zubehoer_kategorien\/rimorchio-ribaltabile\/\" data-e-disable-page-transition=\"false\" data-filter=\".zubehoer_kategorien-rimorchio-ribaltabile\">Rimorchio ribaltabile<\/a><\/span><span class=\"filters-separator\"> <\/span><span class=\"filters-item\"><a href=\"https:\/\/www.schwarz.it\/it\/zubehoer_kategorien\/rimorchio-stradale\/\" data-e-disable-page-transition=\"false\" data-filter=\".zubehoer_kategorien-rimorchio-stradale\">Rimorchio stradale<\/a><\/span><span class=\"filters-separator\"> <\/span><span class=\"filters-item\"><a href=\"https:\/\/www.schwarz.it\/it\/zubehoer_kategorien\/tagliaspaccalegna\/\" data-e-disable-page-transition=\"false\" data-filter=\".zubehoer_kategorien-tagliaspaccalegna\">Tagliaspaccalegna<\/a><\/span><span class=\"filters-separator\"> <\/span><span class=\"filters-item\"><a href=\"https:\/\/www.schwarz.it\/it\/zubehoer_kategorien\/verricelli\/\" data-e-disable-page-transition=\"false\" data-filter=\".zubehoer_kategorien-verricelli\">Verricelli<\/a><\/span><\/div>\t\t\t<div class=\"dce-posts-wrapper dce-grid-filters-wrapper dce-wrapper-grid-filters dce-wrapper-grid\">\n\t\t\t\n\t\t<article class=\"post-12409 zubehoer type-zubehoer status-publish has-post-thumbnail hentry zubehoer_kategorien-rimorchio-inclinabile zubehoer_kategorien-rimorchio-portapallet dce-post dce-post-item dce-grid-filters-item dce-item-grid-filters dce-item-grid\" data-dce-post-id=\"12409\" data-dce-post-index=\"0\">\n\t\t\t<div class=\"dce-post-block\">\n\t\t<div class=\"dce-item dce-item_image elementor-repeater-item-3f00d78\"><a class=\"dce-post-image\" href=\"https:\/\/www.schwarz.it\/it\/zubehoer\/sponde-in-acciaio\/\"><figure data-image-ratio=\"0.66\" class=\"dce-img\"><img width=\"800\" height=\"534\" src=\"https:\/\/www.schwarz.it\/wp-content\/uploads\/2022\/09\/P1-Bordwaende-in-Stahl-1024x683.jpg\" class=\"\" alt=\"Sponde in acciaio\" srcset=\"https:\/\/www.schwarz.it\/wp-content\/uploads\/2022\/09\/P1-Bordwaende-in-Stahl-1024x683.jpg 1024w, https:\/\/www.schwarz.it\/wp-content\/uploads\/2022\/09\/P1-Bordwaende-in-Stahl-300x200.jpg 300w, https:\/\/www.schwarz.it\/wp-content\/uploads\/2022\/09\/P1-Bordwaende-in-Stahl-768x512.jpg 768w, https:\/\/www.schwarz.it\/wp-content\/uploads\/2022\/09\/P1-Bordwaende-in-Stahl.jpg 1200w\" sizes=\"(max-width: 800px) 100vw, 800px\" \/><\/figure><\/a><\/div><div class=\"dce-item dce-item_title elementor-repeater-item-9291b54\"><h3 class=\"dce-post-title\"><a href=\"https:\/\/www.schwarz.it\/it\/zubehoer\/sponde-in-acciaio\/\">Sponde in acciaio<\/a><\/h3><\/div><div class=\"dce-item dce-item_content elementor-repeater-item-9bc4af8\"><div class=\"dce-post-content\">Le sponde in acciaio offrono grande stabilit\u00e0 e sono ideali per il trasporto di materiale grossolano.<\/div><\/div>\t\t\t<\/div>\n\t\t<\/article>\n\t\t\n\t\t<article class=\"post-12408 zubehoer type-zubehoer status-publish has-post-thumbnail hentry zubehoer_kategorien-rimorchio-inclinabile zubehoer_kategorien-rimorchio-portapallet dce-post dce-post-item dce-grid-filters-item dce-item-grid-filters dce-item-grid\" data-dce-post-id=\"12408\" data-dce-post-index=\"1\">\n\t\t\t<div class=\"dce-post-block\">\n\t\t<div class=\"dce-item dce-item_image elementor-repeater-item-3f00d78\"><a class=\"dce-post-image\" href=\"https:\/\/www.schwarz.it\/it\/zubehoer\/sponde-in-alluminio\/\"><figure data-image-ratio=\"0.66\" class=\"dce-img\"><img width=\"800\" height=\"534\" src=\"https:\/\/www.schwarz.it\/wp-content\/uploads\/2022\/09\/P2-Bordwaende-in-Aluminium-1024x684.jpg\" class=\"\" alt=\"Sponde in alluminio\" srcset=\"https:\/\/www.schwarz.it\/wp-content\/uploads\/2022\/09\/P2-Bordwaende-in-Aluminium-1024x684.jpg 1024w, https:\/\/www.schwarz.it\/wp-content\/uploads\/2022\/09\/P2-Bordwaende-in-Aluminium-300x200.jpg 300w, https:\/\/www.schwarz.it\/wp-content\/uploads\/2022\/09\/P2-Bordwaende-in-Aluminium-768x513.jpg 768w, https:\/\/www.schwarz.it\/wp-content\/uploads\/2022\/09\/P2-Bordwaende-in-Aluminium.jpg 1200w\" sizes=\"(max-width: 800px) 100vw, 800px\" \/><\/figure><\/a><\/div><div class=\"dce-item dce-item_title elementor-repeater-item-9291b54\"><h3 class=\"dce-post-title\"><a href=\"https:\/\/www.schwarz.it\/it\/zubehoer\/sponde-in-alluminio\/\">Sponde in alluminio<\/a><\/h3><\/div><div class=\"dce-item dce-item_content elementor-repeater-item-9bc4af8\"><div class=\"dce-post-content\">Le sponde in alluminio sono circa il 75% pi\u00f9 leggere di quelle in acciaio, pur offrendo una stabilit\u00e0 quasi invariata.<\/div><\/div>\t\t\t<\/div>\n\t\t<\/article>\n\t\t\n\t\t<article class=\"post-12411 zubehoer type-zubehoer status-publish has-post-thumbnail hentry zubehoer_kategorien-rimorchio-inclinabile zubehoer_kategorien-rimorchio-portapallet dce-post dce-post-item dce-grid-filters-item dce-item-grid-filters dce-item-grid\" data-dce-post-id=\"12411\" data-dce-post-index=\"2\">\n\t\t\t<div class=\"dce-post-block\">\n\t\t<div class=\"dce-item dce-item_image elementor-repeater-item-3f00d78\"><a class=\"dce-post-image\" href=\"https:\/\/www.schwarz.it\/it\/zubehoer\/sponde-divise-a-meta\/\"><figure data-image-ratio=\"0.66\" class=\"dce-img\"><img width=\"800\" height=\"465\" src=\"https:\/\/www.schwarz.it\/wp-content\/uploads\/2022\/09\/P3-Bordwaende-mittig-geteilt-1024x595.jpg\" class=\"\" alt=\"Sponde divise a met\u00e0\" srcset=\"https:\/\/www.schwarz.it\/wp-content\/uploads\/2022\/09\/P3-Bordwaende-mittig-geteilt-1024x595.jpg 1024w, https:\/\/www.schwarz.it\/wp-content\/uploads\/2022\/09\/P3-Bordwaende-mittig-geteilt-300x174.jpg 300w, https:\/\/www.schwarz.it\/wp-content\/uploads\/2022\/09\/P3-Bordwaende-mittig-geteilt-768x446.jpg 768w, https:\/\/www.schwarz.it\/wp-content\/uploads\/2022\/09\/P3-Bordwaende-mittig-geteilt.jpg 1200w\" sizes=\"(max-width: 800px) 100vw, 800px\" \/><\/figure><\/a><\/div><div class=\"dce-item dce-item_title elementor-repeater-item-9291b54\"><h3 class=\"dce-post-title\"><a href=\"https:\/\/www.schwarz.it\/it\/zubehoer\/sponde-divise-a-meta\/\">Sponde divise a met\u00e0<\/a><\/h3><\/div><div class=\"dce-item dce-item_content elementor-repeater-item-9bc4af8\"><div class=\"dce-post-content\">Consigliabile per rimorchi con una lunghezza pianale sopra i\u00a0460cm.<\/div><\/div>\t\t\t<\/div>\n\t\t<\/article>\n\t\t\n\t\t<article class=\"post-12410 zubehoer type-zubehoer status-publish has-post-thumbnail hentry zubehoer_kategorien-rimorchio-inclinabile zubehoer_kategorien-rimorchio-portapallet dce-post dce-post-item dce-grid-filters-item dce-item-grid-filters dce-item-grid\" data-dce-post-id=\"12410\" data-dce-post-index=\"3\">\n\t\t\t<div class=\"dce-post-block\">\n\t\t<div class=\"dce-item dce-item_image elementor-repeater-item-3f00d78\"><a class=\"dce-post-image\" href=\"https:\/\/www.schwarz.it\/it\/zubehoer\/sponde-corte-in-acciaio\/\"><figure data-image-ratio=\"0.66\" class=\"dce-img\"><img width=\"800\" height=\"534\" src=\"https:\/\/www.schwarz.it\/wp-content\/uploads\/2022\/09\/P4-Bordwaende-in-Stahl-kurz-1024x684.jpg\" class=\"\" alt=\"Sponde corte in acciaio\" srcset=\"https:\/\/www.schwarz.it\/wp-content\/uploads\/2022\/09\/P4-Bordwaende-in-Stahl-kurz-1024x684.jpg 1024w, https:\/\/www.schwarz.it\/wp-content\/uploads\/2022\/09\/P4-Bordwaende-in-Stahl-kurz-300x200.jpg 300w, https:\/\/www.schwarz.it\/wp-content\/uploads\/2022\/09\/P4-Bordwaende-in-Stahl-kurz-768x513.jpg 768w, https:\/\/www.schwarz.it\/wp-content\/uploads\/2022\/09\/P4-Bordwaende-in-Stahl-kurz.jpg 1200w\" sizes=\"(max-width: 800px) 100vw, 800px\" \/><\/figure><\/a><\/div><div class=\"dce-item dce-item_title elementor-repeater-item-9291b54\"><h3 class=\"dce-post-title\"><a href=\"https:\/\/www.schwarz.it\/it\/zubehoer\/sponde-corte-in-acciaio\/\">Sponde corte in acciaio<\/a><\/h3><\/div><div class=\"dce-item dce-item_content elementor-repeater-item-9bc4af8\"><div class=\"dce-post-content\">Non desidera avere le sponde su tutta la lunghezza del rimorchio? Per trasportare in tutta sicurezza  la pala, le cinghie ed altro materiale consigliamo queste sponde corte. (l=2 mt.ca h=15 cm)<\/div><\/div>\t\t\t<\/div>\n\t\t<\/article>\n\t\t\n\t\t<article class=\"post-12412 zubehoer type-zubehoer status-publish has-post-thumbnail hentry zubehoer_kategorien-rimorchio-inclinabile zubehoer_kategorien-rimorchio-portapallet dce-post dce-post-item dce-grid-filters-item dce-item-grid-filters dce-item-grid\" data-dce-post-id=\"12412\" data-dce-post-index=\"4\">\n\t\t\t<div class=\"dce-post-block\">\n\t\t<div class=\"dce-item dce-item_image elementor-repeater-item-3f00d78\"><a class=\"dce-post-image\" href=\"https:\/\/www.schwarz.it\/it\/zubehoer\/sponde-corte-in-acciaio-2\/\"><figure data-image-ratio=\"0.66\" class=\"dce-img\"><img width=\"800\" height=\"467\" src=\"https:\/\/www.schwarz.it\/wp-content\/uploads\/2022\/09\/P6-Verlaengerung-1024x598.jpg\" class=\"\" alt=\"Sponde corte in acciaio\" srcset=\"https:\/\/www.schwarz.it\/wp-content\/uploads\/2022\/09\/P6-Verlaengerung-1024x598.jpg 1024w, https:\/\/www.schwarz.it\/wp-content\/uploads\/2022\/09\/P6-Verlaengerung-300x175.jpg 300w, https:\/\/www.schwarz.it\/wp-content\/uploads\/2022\/09\/P6-Verlaengerung-768x449.jpg 768w, https:\/\/www.schwarz.it\/wp-content\/uploads\/2022\/09\/P6-Verlaengerung.jpg 1200w\" sizes=\"(max-width: 800px) 100vw, 800px\" \/><\/figure><\/a><\/div><div class=\"dce-item dce-item_title elementor-repeater-item-9291b54\"><h3 class=\"dce-post-title\"><a href=\"https:\/\/www.schwarz.it\/it\/zubehoer\/sponde-corte-in-acciaio-2\/\">Sponde corte in acciaio<\/a><\/h3><\/div><div class=\"dce-item dce-item_content elementor-repeater-item-9bc4af8\"><div class=\"dce-post-content\">Non desidera avere le sponde su tutta la lunghezza del rimorchio? Per trasportare in tutta sicurezza  la pala, le cinghie ed altro materiale consigliamo queste sponde corte. (l=2 mt.ca h=15 cm)<\/div><\/div>\t\t\t<\/div>\n\t\t<\/article>\n\t\t\n\t\t<article class=\"post-12413 zubehoer type-zubehoer status-publish has-post-thumbnail hentry zubehoer_kategorien-rimorchio-inclinabile zubehoer_kategorien-rimorchio-portapallet dce-post dce-post-item dce-grid-filters-item dce-item-grid-filters dce-item-grid\" data-dce-post-id=\"12413\" data-dce-post-index=\"5\">\n\t\t\t<div class=\"dce-post-block\">\n\t\t<div class=\"dce-item dce-item_image elementor-repeater-item-3f00d78\"><a class=\"dce-post-image\" href=\"https:\/\/www.schwarz.it\/it\/zubehoer\/prolunga-anteriore-idraulica\/\"><figure data-image-ratio=\"0.66\" class=\"dce-img\"><img width=\"800\" height=\"534\" src=\"https:\/\/www.schwarz.it\/wp-content\/uploads\/2022\/09\/P7-Verlaengerung-vorne-hydraulisch-1024x684.jpg\" class=\"\" alt=\"Prolunga anteriore idraulica\" srcset=\"https:\/\/www.schwarz.it\/wp-content\/uploads\/2022\/09\/P7-Verlaengerung-vorne-hydraulisch-1024x684.jpg 1024w, https:\/\/www.schwarz.it\/wp-content\/uploads\/2022\/09\/P7-Verlaengerung-vorne-hydraulisch-300x200.jpg 300w, https:\/\/www.schwarz.it\/wp-content\/uploads\/2022\/09\/P7-Verlaengerung-vorne-hydraulisch-768x513.jpg 768w, https:\/\/www.schwarz.it\/wp-content\/uploads\/2022\/09\/P7-Verlaengerung-vorne-hydraulisch.jpg 1200w\" sizes=\"(max-width: 800px) 100vw, 800px\" \/><\/figure><\/a><\/div><div class=\"dce-item dce-item_title elementor-repeater-item-9291b54\"><h3 class=\"dce-post-title\"><a href=\"https:\/\/www.schwarz.it\/it\/zubehoer\/prolunga-anteriore-idraulica\/\">Prolunga anteriore idraulica<\/a><\/h3><\/div><div class=\"dce-item dce-item_content elementor-repeater-item-9bc4af8\"><div class=\"dce-post-content\">Questa prolunga anteriore di 25 cm pu\u00f2 essere azionata idraulicamente.<\/div><\/div>\t\t\t<\/div>\n\t\t<\/article>\n\t\t\n\t\t<article class=\"post-12358 zubehoer type-zubehoer status-publish has-post-thumbnail hentry zubehoer_kategorien-rimorchio-inclinabile zubehoer_kategorien-rimorchio-portapallet dce-post dce-post-item dce-grid-filters-item dce-item-grid-filters dce-item-grid\" data-dce-post-id=\"12358\" data-dce-post-index=\"6\">\n\t\t\t<div class=\"dce-post-block\">\n\t\t<div class=\"dce-item dce-item_image elementor-repeater-item-3f00d78\"><a class=\"dce-post-image\" href=\"https:\/\/www.schwarz.it\/it\/zubehoer\/stanghe-per-accorciamento-della-prolunga-anteriore\/\"><figure data-image-ratio=\"0.66\" class=\"dce-img\"><img width=\"800\" height=\"534\" src=\"https:\/\/www.schwarz.it\/wp-content\/uploads\/2022\/09\/P8-Kistenanschlag-fuer-vordere-Verlaengerung-1024x683.jpg\" class=\"\" alt=\"Stanghe per accorciamento della prolunga anteriore\" srcset=\"https:\/\/www.schwarz.it\/wp-content\/uploads\/2022\/09\/P8-Kistenanschlag-fuer-vordere-Verlaengerung-1024x683.jpg 1024w, https:\/\/www.schwarz.it\/wp-content\/uploads\/2022\/09\/P8-Kistenanschlag-fuer-vordere-Verlaengerung-300x200.jpg 300w, https:\/\/www.schwarz.it\/wp-content\/uploads\/2022\/09\/P8-Kistenanschlag-fuer-vordere-Verlaengerung-768x512.jpg 768w, https:\/\/www.schwarz.it\/wp-content\/uploads\/2022\/09\/P8-Kistenanschlag-fuer-vordere-Verlaengerung.jpg 1200w\" sizes=\"(max-width: 800px) 100vw, 800px\" \/><\/figure><\/a><\/div><div class=\"dce-item dce-item_title elementor-repeater-item-9291b54\"><h3 class=\"dce-post-title\"><a href=\"https:\/\/www.schwarz.it\/it\/zubehoer\/stanghe-per-accorciamento-della-prolunga-anteriore\/\">Stanghe per accorciamento della prolunga anteriore<\/a><\/h3><\/div><div class=\"dce-item dce-item_content elementor-repeater-item-9bc4af8\"><div class=\"dce-post-content\">Per chi non vuole usare sempre la prolunga anteriore, pu\u00f2 accorciare il rimorchio con queste stanghe amovibili. Dopo l\u2019utilizzo basta riporre le stanghe sotto il pianale.<\/div><\/div>\t\t\t<\/div>\n\t\t<\/article>\n\t\t\n\t\t<article class=\"post-12357 zubehoer type-zubehoer status-publish has-post-thumbnail hentry zubehoer_kategorien-rimorchio-inclinabile zubehoer_kategorien-rimorchio-portapallet dce-post dce-post-item dce-grid-filters-item dce-item-grid-filters dce-item-grid\" data-dce-post-id=\"12357\" data-dce-post-index=\"7\">\n\t\t\t<div class=\"dce-post-block\">\n\t\t<div class=\"dce-item dce-item_image elementor-repeater-item-3f00d78\"><a class=\"dce-post-image\" href=\"https:\/\/www.schwarz.it\/it\/zubehoer\/prolunga-posteriore-manuale-estraibile\/\"><figure data-image-ratio=\"0.66\" class=\"dce-img\"><img width=\"800\" height=\"507\" src=\"https:\/\/www.schwarz.it\/wp-content\/uploads\/2022\/09\/P9-Verlaengerung-hinten-manuell-1024x649.jpg\" class=\"\" alt=\"Prolunga posteriore manuale estraibile\" srcset=\"https:\/\/www.schwarz.it\/wp-content\/uploads\/2022\/09\/P9-Verlaengerung-hinten-manuell-1024x649.jpg 1024w, https:\/\/www.schwarz.it\/wp-content\/uploads\/2022\/09\/P9-Verlaengerung-hinten-manuell-300x190.jpg 300w, https:\/\/www.schwarz.it\/wp-content\/uploads\/2022\/09\/P9-Verlaengerung-hinten-manuell-768x487.jpg 768w, https:\/\/www.schwarz.it\/wp-content\/uploads\/2022\/09\/P9-Verlaengerung-hinten-manuell.jpg 1200w\" sizes=\"(max-width: 800px) 100vw, 800px\" \/><\/figure><\/a><\/div><div class=\"dce-item dce-item_title elementor-repeater-item-9291b54\"><h3 class=\"dce-post-title\"><a href=\"https:\/\/www.schwarz.it\/it\/zubehoer\/prolunga-posteriore-manuale-estraibile\/\">Prolunga posteriore manuale estraibile<\/a><\/h3><\/div><div class=\"dce-item dce-item_content elementor-repeater-item-9bc4af8\"><div class=\"dce-post-content\">Con questa prolunga con luci integrati, il rimorchio \u00e9 allungabile manualmente fino a 80cm. La prolunga anteriore in combinazione \u00e8 obbligatoria. \n<\/div><\/div>\t\t\t<\/div>\n\t\t<\/article>\n\t\t\n\t\t<article class=\"post-12356 zubehoer type-zubehoer status-publish has-post-thumbnail hentry zubehoer_kategorien-rimorchio-inclinabile zubehoer_kategorien-rimorchio-portapallet dce-post dce-post-item dce-grid-filters-item dce-item-grid-filters dce-item-grid\" data-dce-post-id=\"12356\" data-dce-post-index=\"8\">\n\t\t\t<div class=\"dce-post-block\">\n\t\t<div class=\"dce-item dce-item_image elementor-repeater-item-3f00d78\"><a class=\"dce-post-image\" href=\"https:\/\/www.schwarz.it\/it\/zubehoer\/prolunga-posteriore-idraulica\/\"><figure data-image-ratio=\"0.66\" class=\"dce-img\"><img width=\"800\" height=\"600\" src=\"https:\/\/www.schwarz.it\/wp-content\/uploads\/2022\/09\/P10-Verlaengerung-hinten-hydraulisch-1024x768.jpg\" class=\"\" alt=\"Prolunga posteriore idraulica\" srcset=\"https:\/\/www.schwarz.it\/wp-content\/uploads\/2022\/09\/P10-Verlaengerung-hinten-hydraulisch-1024x768.jpg 1024w, https:\/\/www.schwarz.it\/wp-content\/uploads\/2022\/09\/P10-Verlaengerung-hinten-hydraulisch-300x225.jpg 300w, https:\/\/www.schwarz.it\/wp-content\/uploads\/2022\/09\/P10-Verlaengerung-hinten-hydraulisch-768x576.jpg 768w, https:\/\/www.schwarz.it\/wp-content\/uploads\/2022\/09\/P10-Verlaengerung-hinten-hydraulisch.jpg 1200w\" sizes=\"(max-width: 800px) 100vw, 800px\" \/><\/figure><\/a><\/div><div class=\"dce-item dce-item_title elementor-repeater-item-9291b54\"><h3 class=\"dce-post-title\"><a href=\"https:\/\/www.schwarz.it\/it\/zubehoer\/prolunga-posteriore-idraulica\/\">Prolunga posteriore idraulica<\/a><\/h3><\/div><div class=\"dce-item dce-item_content elementor-repeater-item-9bc4af8\"><div class=\"dce-post-content\">Con questa prolunga con luci integrate, il rimorchio \u00e9 allungabile idraulicamente fino a 80cm. La prolunga anteriore in combinazione \u00e8 obbligatoria. <\/div><\/div>\t\t\t<\/div>\n\t\t<\/article>\n\t\t\n\t\t<article class=\"post-12355 zubehoer type-zubehoer status-publish has-post-thumbnail hentry zubehoer_kategorien-rimorchio-inclinabile zubehoer_kategorien-rimorchio-portapallet dce-post dce-post-item dce-grid-filters-item dce-item-grid-filters dce-item-grid\" data-dce-post-id=\"12355\" data-dce-post-index=\"9\">\n\t\t\t<div class=\"dce-post-block\">\n\t\t<div class=\"dce-item dce-item_image elementor-repeater-item-3f00d78\"><a class=\"dce-post-image\" href=\"https:\/\/www.schwarz.it\/it\/zubehoer\/prolunga-posteriore-idraulica-con-lamiera-intera\/\"><figure data-image-ratio=\"0.66\" class=\"dce-img\"><img width=\"800\" height=\"600\" src=\"https:\/\/www.schwarz.it\/wp-content\/uploads\/2022\/09\/P11-Teleskopverlaengerung-1024x768.jpg\" class=\"\" alt=\"Prolunga posteriore idraulica con lamiera intera\" srcset=\"https:\/\/www.schwarz.it\/wp-content\/uploads\/2022\/09\/P11-Teleskopverlaengerung-1024x768.jpg 1024w, https:\/\/www.schwarz.it\/wp-content\/uploads\/2022\/09\/P11-Teleskopverlaengerung-300x225.jpg 300w, https:\/\/www.schwarz.it\/wp-content\/uploads\/2022\/09\/P11-Teleskopverlaengerung-768x576.jpg 768w, https:\/\/www.schwarz.it\/wp-content\/uploads\/2022\/09\/P11-Teleskopverlaengerung.jpg 1200w\" sizes=\"(max-width: 800px) 100vw, 800px\" \/><\/figure><\/a><\/div><div class=\"dce-item dce-item_title elementor-repeater-item-9291b54\"><h3 class=\"dce-post-title\"><a href=\"https:\/\/www.schwarz.it\/it\/zubehoer\/prolunga-posteriore-idraulica-con-lamiera-intera\/\">Prolunga posteriore idraulica con lamiera intera<\/a><\/h3><\/div><div class=\"dce-item dce-item_content elementor-repeater-item-9bc4af8\"><div class=\"dce-post-content\">Con questa prolunga con lamiera intera e luci integrate, il rimorchio \u00e9 allungabile idraulicamente fino a 80cm. \u00c8 la soluzione perfetta  per salire con macchinari. La prolunga anteriore in combinazione \u00e8 obbligatoria. <\/div><\/div>\t\t\t<\/div>\n\t\t<\/article>\n\t\t\n\t\t<article class=\"post-12354 zubehoer type-zubehoer status-publish has-post-thumbnail hentry zubehoer_kategorien-rimorchio-inclinabile zubehoer_kategorien-rimorchio-portapallet dce-post dce-post-item dce-grid-filters-item dce-item-grid-filters dce-item-grid\" data-dce-post-id=\"12354\" data-dce-post-index=\"10\">\n\t\t\t<div class=\"dce-post-block\">\n\t\t<div class=\"dce-item dce-item_image elementor-repeater-item-3f00d78\"><a class=\"dce-post-image\" href=\"https:\/\/www.schwarz.it\/it\/zubehoer\/prolunga-posteriore-telescopica-easy-load\/\"><figure data-image-ratio=\"0.66\" class=\"dce-img\"><img width=\"800\" height=\"534\" src=\"https:\/\/www.schwarz.it\/wp-content\/uploads\/2022\/09\/P12-Teleskopverlaengerung-Easy-Load-1024x684.jpg\" class=\"\" alt=\"Prolunga posteriore telescopica EASY LOAD\" srcset=\"https:\/\/www.schwarz.it\/wp-content\/uploads\/2022\/09\/P12-Teleskopverlaengerung-Easy-Load-1024x684.jpg 1024w, https:\/\/www.schwarz.it\/wp-content\/uploads\/2022\/09\/P12-Teleskopverlaengerung-Easy-Load-300x200.jpg 300w, https:\/\/www.schwarz.it\/wp-content\/uploads\/2022\/09\/P12-Teleskopverlaengerung-Easy-Load-768x513.jpg 768w, https:\/\/www.schwarz.it\/wp-content\/uploads\/2022\/09\/P12-Teleskopverlaengerung-Easy-Load.jpg 1200w\" sizes=\"(max-width: 800px) 100vw, 800px\" \/><\/figure><\/a><\/div><div class=\"dce-item dce-item_title elementor-repeater-item-9291b54\"><h3 class=\"dce-post-title\"><a href=\"https:\/\/www.schwarz.it\/it\/zubehoer\/prolunga-posteriore-telescopica-easy-load\/\">Prolunga posteriore telescopica EASY LOAD<\/a><\/h3><\/div><div class=\"dce-item dce-item_content elementor-repeater-item-9bc4af8\"><div class=\"dce-post-content\">Con questa prolunga con lamiera intera, il rimorchio \u00e9 allungabile idraulicamente fino a 80cm. Con il retro a punta si possono caricare i macchinari senza usare le rampe. I fanali LED sono incassati nel pianale. La targa ed i catarifrangenti rettangolari spariscono automaticamente quando il rimorchio si inclina. Resta lo scalino di solamente 5cm.<\/div><\/div>\t\t\t<\/div>\n\t\t<\/article>\n\t\t\n\t\t<article class=\"post-12353 zubehoer type-zubehoer status-publish has-post-thumbnail hentry zubehoer_kategorien-rimorchio-inclinabile zubehoer_kategorien-rimorchio-portapallet dce-post dce-post-item dce-grid-filters-item dce-item-grid-filters dce-item-grid\" data-dce-post-id=\"12353\" data-dce-post-index=\"11\">\n\t\t\t<div class=\"dce-post-block\">\n\t\t<div class=\"dce-item dce-item_image elementor-repeater-item-3f00d78\"><a class=\"dce-post-image\" href=\"https:\/\/www.schwarz.it\/it\/zubehoer\/avvolgitore-cinghie-con-stanga-e-cinghie\/\"><figure data-image-ratio=\"0.66\" class=\"dce-img\"><img width=\"800\" height=\"534\" src=\"https:\/\/www.schwarz.it\/wp-content\/uploads\/2022\/09\/P13-Gurtenwickler-1024x683.jpg\" class=\"\" alt=\"Avvolgitore cinghie con stanga e cinghie\" srcset=\"https:\/\/www.schwarz.it\/wp-content\/uploads\/2022\/09\/P13-Gurtenwickler-1024x683.jpg 1024w, https:\/\/www.schwarz.it\/wp-content\/uploads\/2022\/09\/P13-Gurtenwickler-300x200.jpg 300w, https:\/\/www.schwarz.it\/wp-content\/uploads\/2022\/09\/P13-Gurtenwickler-768x512.jpg 768w, https:\/\/www.schwarz.it\/wp-content\/uploads\/2022\/09\/P13-Gurtenwickler.jpg 1200w\" sizes=\"(max-width: 800px) 100vw, 800px\" \/><\/figure><\/a><\/div><div class=\"dce-item dce-item_title elementor-repeater-item-9291b54\"><h3 class=\"dce-post-title\"><a href=\"https:\/\/www.schwarz.it\/it\/zubehoer\/avvolgitore-cinghie-con-stanga-e-cinghie\/\">Avvolgitore cinghie con stanga e cinghie<\/a><\/h3><\/div><div class=\"dce-item dce-item_content elementor-repeater-item-9bc4af8\"><div class=\"dce-post-content\">Un sistema rapido e facile per riporre le cinghie. Le cinghie sono sempre al loro posto. <\/div><\/div>\t\t\t<\/div>\n\t\t<\/article>\n\t\t\n\t\t<article class=\"post-12352 zubehoer type-zubehoer status-publish has-post-thumbnail hentry zubehoer_kategorien-rimorchio-inclinabile zubehoer_kategorien-rimorchio-portapallet dce-post dce-post-item dce-grid-filters-item dce-item-grid-filters dce-item-grid\" data-dce-post-id=\"12352\" data-dce-post-index=\"12\">\n\t\t\t<div class=\"dce-post-block\">\n\t\t<div class=\"dce-item dce-item_image elementor-repeater-item-3f00d78\"><a class=\"dce-post-image\" href=\"https:\/\/www.schwarz.it\/it\/zubehoer\/avvolgitore-cinghie-con-stanga-e-cinghie-inclinabile\/\"><figure data-image-ratio=\"0.66\" class=\"dce-img\"><img width=\"800\" height=\"534\" src=\"https:\/\/www.schwarz.it\/wp-content\/uploads\/2022\/09\/P14-Gurtenwickler-klappbar-1024x684.jpg\" class=\"\" alt=\"Avvolgitore cinghie con stanga e cinghie inclinabile\" srcset=\"https:\/\/www.schwarz.it\/wp-content\/uploads\/2022\/09\/P14-Gurtenwickler-klappbar-1024x684.jpg 1024w, https:\/\/www.schwarz.it\/wp-content\/uploads\/2022\/09\/P14-Gurtenwickler-klappbar-300x200.jpg 300w, https:\/\/www.schwarz.it\/wp-content\/uploads\/2022\/09\/P14-Gurtenwickler-klappbar-768x513.jpg 768w, https:\/\/www.schwarz.it\/wp-content\/uploads\/2022\/09\/P14-Gurtenwickler-klappbar.jpg 1200w\" sizes=\"(max-width: 800px) 100vw, 800px\" \/><\/figure><\/a><\/div><div class=\"dce-item dce-item_title elementor-repeater-item-9291b54\"><h3 class=\"dce-post-title\"><a href=\"https:\/\/www.schwarz.it\/it\/zubehoer\/avvolgitore-cinghie-con-stanga-e-cinghie-inclinabile\/\">Avvolgitore cinghie con stanga e cinghie inclinabile<\/a><\/h3><\/div><div class=\"dce-item dce-item_content elementor-repeater-item-9bc4af8\"><div class=\"dce-post-content\">Un sistema rapido e facile per riporre le cinghie. Le cinghie sono sempre al loro posto. <\/div><\/div>\t\t\t<\/div>\n\t\t<\/article>\n\t\t\n\t\t<article class=\"post-12351 zubehoer type-zubehoer status-publish has-post-thumbnail hentry zubehoer_kategorien-rimorchio-inclinabile zubehoer_kategorien-rimorchio-portapallet dce-post dce-post-item dce-grid-filters-item dce-item-grid-filters dce-item-grid\" data-dce-post-id=\"12351\" data-dce-post-index=\"13\">\n\t\t\t<div class=\"dce-post-block\">\n\t\t<div class=\"dce-item dce-item_image elementor-repeater-item-3f00d78\"><a class=\"dce-post-image\" href=\"https:\/\/www.schwarz.it\/it\/zubehoer\/protezione-cassoni\/\"><figure data-image-ratio=\"0.66\" class=\"dce-img\"><img width=\"800\" height=\"600\" src=\"https:\/\/www.schwarz.it\/wp-content\/uploads\/2022\/09\/P15-Kistenschutzwinkel-1024x768.jpg\" class=\"\" alt=\"Protezione cassoni\" srcset=\"https:\/\/www.schwarz.it\/wp-content\/uploads\/2022\/09\/P15-Kistenschutzwinkel-1024x768.jpg 1024w, https:\/\/www.schwarz.it\/wp-content\/uploads\/2022\/09\/P15-Kistenschutzwinkel-300x225.jpg 300w, https:\/\/www.schwarz.it\/wp-content\/uploads\/2022\/09\/P15-Kistenschutzwinkel-768x576.jpg 768w, https:\/\/www.schwarz.it\/wp-content\/uploads\/2022\/09\/P15-Kistenschutzwinkel.jpg 1200w\" sizes=\"(max-width: 800px) 100vw, 800px\" \/><\/figure><\/a><\/div><div class=\"dce-item dce-item_title elementor-repeater-item-9291b54\"><h3 class=\"dce-post-title\"><a href=\"https:\/\/www.schwarz.it\/it\/zubehoer\/protezione-cassoni\/\">Protezione cassoni<\/a><\/h3><\/div><div class=\"dce-item dce-item_content elementor-repeater-item-9bc4af8\"><div class=\"dce-post-content\">In questo modo le cinghie vengono protette ed i cassoni non vengono schiacciati.<\/div><\/div>\t\t\t<\/div>\n\t\t<\/article>\n\t\t\n\t\t<article class=\"post-12350 zubehoer type-zubehoer status-publish has-post-thumbnail hentry zubehoer_kategorien-rimorchio-inclinabile zubehoer_kategorien-rimorchio-portapallet dce-post dce-post-item dce-grid-filters-item dce-item-grid-filters dce-item-grid\" data-dce-post-id=\"12350\" data-dce-post-index=\"14\">\n\t\t\t<div class=\"dce-post-block\">\n\t\t<div class=\"dce-item dce-item_image elementor-repeater-item-3f00d78\"><a class=\"dce-post-image\" href=\"https:\/\/www.schwarz.it\/it\/zubehoer\/centina-idraulica-omologata-tuv\/\"><figure data-image-ratio=\"0.66\" class=\"dce-img\"><img width=\"800\" height=\"616\" src=\"https:\/\/www.schwarz.it\/wp-content\/uploads\/2022\/09\/P16-Hubdach-1024x788.jpg\" class=\"\" alt=\"Centina idraulica, omologata T\u00dcV\" srcset=\"https:\/\/www.schwarz.it\/wp-content\/uploads\/2022\/09\/P16-Hubdach-1024x788.jpg 1024w, https:\/\/www.schwarz.it\/wp-content\/uploads\/2022\/09\/P16-Hubdach-300x231.jpg 300w, https:\/\/www.schwarz.it\/wp-content\/uploads\/2022\/09\/P16-Hubdach-768x591.jpg 768w, https:\/\/www.schwarz.it\/wp-content\/uploads\/2022\/09\/P16-Hubdach.jpg 1200w\" sizes=\"(max-width: 800px) 100vw, 800px\" \/><\/figure><\/a><\/div><div class=\"dce-item dce-item_title elementor-repeater-item-9291b54\"><h3 class=\"dce-post-title\"><a href=\"https:\/\/www.schwarz.it\/it\/zubehoer\/centina-idraulica-omologata-tuv\/\">Centina idraulica, omologata T\u00dcV<\/a><\/h3><\/div><div class=\"dce-item dce-item_content elementor-repeater-item-9bc4af8\"><div class=\"dce-post-content\">Per fissare i cassoni caricati per un\u00b4altezza di 2&3 oppure 3&4. La centina garantisce un fissaggio semplice e veloce. La nostra centina idraulica \u00e8 omologata per uso stradale. Inoltre la costruzione in alluminio, leggera e stabile, protegge le mele dalla grandine e dal sole.<\/div><\/div>\t\t\t<\/div>\n\t\t<\/article>\n\t\t\n\t\t<article class=\"post-12349 zubehoer type-zubehoer status-publish has-post-thumbnail hentry zubehoer_kategorien-rimorchio-inclinabile zubehoer_kategorien-rimorchio-portapallet dce-post dce-post-item dce-grid-filters-item dce-item-grid-filters dce-item-grid\" data-dce-post-id=\"12349\" data-dce-post-index=\"15\">\n\t\t\t<div class=\"dce-post-block\">\n\t\t<div class=\"dce-item dce-item_image elementor-repeater-item-3f00d78\"><a class=\"dce-post-image\" href=\"https:\/\/www.schwarz.it\/it\/zubehoer\/piantoni-doppio-telescopici-per-centina-idraulica\/\"><figure data-image-ratio=\"0.66\" class=\"dce-img\"><img width=\"800\" height=\"616\" src=\"https:\/\/www.schwarz.it\/wp-content\/uploads\/2022\/09\/P17-Doppelteleskop-1024x788.jpg\" class=\"\" alt=\"Piantoni doppio-telescopici per centina idraulica\" srcset=\"https:\/\/www.schwarz.it\/wp-content\/uploads\/2022\/09\/P17-Doppelteleskop-1024x788.jpg 1024w, https:\/\/www.schwarz.it\/wp-content\/uploads\/2022\/09\/P17-Doppelteleskop-300x231.jpg 300w, https:\/\/www.schwarz.it\/wp-content\/uploads\/2022\/09\/P17-Doppelteleskop-768x591.jpg 768w, https:\/\/www.schwarz.it\/wp-content\/uploads\/2022\/09\/P17-Doppelteleskop.jpg 1200w\" sizes=\"(max-width: 800px) 100vw, 800px\" \/><\/figure><\/a><\/div><div class=\"dce-item dce-item_title elementor-repeater-item-9291b54\"><h3 class=\"dce-post-title\"><a href=\"https:\/\/www.schwarz.it\/it\/zubehoer\/piantoni-doppio-telescopici-per-centina-idraulica\/\">Piantoni doppio-telescopici per centina idraulica<\/a><\/h3><\/div><div class=\"dce-item dce-item_content elementor-repeater-item-9bc4af8\"><div class=\"dce-post-content\">Come optional la centina idraulica pu\u00f3 essere allestita con piantoni idraulici doppio-telescopici, che permettono di fissare i cassoni caricati per un\u00b4altezza di 2, 3 e 4 cassoni. (con 2 cilindri potenti nei piantoni)<\/div><\/div>\t\t\t<\/div>\n\t\t<\/article>\n\t\t\n\t\t<article class=\"post-12348 zubehoer type-zubehoer status-publish has-post-thumbnail hentry zubehoer_kategorien-rimorchio-inclinabile zubehoer_kategorien-rimorchio-portapallet dce-post dce-post-item dce-grid-filters-item dce-item-grid-filters dce-item-grid\" data-dce-post-id=\"12348\" data-dce-post-index=\"16\">\n\t\t\t<div class=\"dce-post-block\">\n\t\t<div class=\"dce-item dce-item_image elementor-repeater-item-3f00d78\"><a class=\"dce-post-image\" href=\"https:\/\/www.schwarz.it\/it\/zubehoer\/piantoni-inclinabili-per-centina-idraulica\/\"><figure data-image-ratio=\"0.66\" class=\"dce-img\"><img width=\"800\" height=\"534\" src=\"https:\/\/www.schwarz.it\/wp-content\/uploads\/2022\/09\/P18-Klappbare-Saeulen-1024x683.jpg\" class=\"\" alt=\"Piantoni inclinabili per centina idraulica\" srcset=\"https:\/\/www.schwarz.it\/wp-content\/uploads\/2022\/09\/P18-Klappbare-Saeulen-1024x683.jpg 1024w, https:\/\/www.schwarz.it\/wp-content\/uploads\/2022\/09\/P18-Klappbare-Saeulen-300x200.jpg 300w, https:\/\/www.schwarz.it\/wp-content\/uploads\/2022\/09\/P18-Klappbare-Saeulen-768x512.jpg 768w, https:\/\/www.schwarz.it\/wp-content\/uploads\/2022\/09\/P18-Klappbare-Saeulen.jpg 1200w\" sizes=\"(max-width: 800px) 100vw, 800px\" \/><\/figure><\/a><\/div><div class=\"dce-item dce-item_title elementor-repeater-item-9291b54\"><h3 class=\"dce-post-title\"><a href=\"https:\/\/www.schwarz.it\/it\/zubehoer\/piantoni-inclinabili-per-centina-idraulica\/\">Piantoni inclinabili per centina idraulica<\/a><\/h3><\/div><div class=\"dce-item dce-item_content elementor-repeater-item-9bc4af8\"><div class=\"dce-post-content\">Per garantire un carico e scarico posteriore agevole, c'\u00e9 la possibilit\u00e0 di equipaggiare i piantoni posteriori con un`apertura meccanica oppure idraulica.<\/div><\/div>\t\t\t<\/div>\n\t\t<\/article>\n\t\t\n\t\t<article class=\"post-12347 zubehoer type-zubehoer status-publish has-post-thumbnail hentry zubehoer_kategorien-rimorchio-inclinabile zubehoer_kategorien-rimorchio-portapallet dce-post dce-post-item dce-grid-filters-item dce-item-grid-filters dce-item-grid\" data-dce-post-id=\"12347\" data-dce-post-index=\"17\">\n\t\t\t<div class=\"dce-post-block\">\n\t\t<div class=\"dce-item dce-item_image elementor-repeater-item-3f00d78\"><a class=\"dce-post-image\" href=\"https:\/\/www.schwarz.it\/it\/zubehoer\/guide-dentate\/\"><figure data-image-ratio=\"0.66\" class=\"dce-img\"><img width=\"800\" height=\"600\" src=\"https:\/\/www.schwarz.it\/wp-content\/uploads\/2022\/09\/P19-Zackenfuehrungsschienen-1024x768.jpg\" class=\"\" alt=\"Guide dentate\" srcset=\"https:\/\/www.schwarz.it\/wp-content\/uploads\/2022\/09\/P19-Zackenfuehrungsschienen-1024x768.jpg 1024w, https:\/\/www.schwarz.it\/wp-content\/uploads\/2022\/09\/P19-Zackenfuehrungsschienen-300x225.jpg 300w, https:\/\/www.schwarz.it\/wp-content\/uploads\/2022\/09\/P19-Zackenfuehrungsschienen-768x576.jpg 768w, https:\/\/www.schwarz.it\/wp-content\/uploads\/2022\/09\/P19-Zackenfuehrungsschienen.jpg 1200w\" sizes=\"(max-width: 800px) 100vw, 800px\" \/><\/figure><\/a><\/div><div class=\"dce-item dce-item_title elementor-repeater-item-9291b54\"><h3 class=\"dce-post-title\"><a href=\"https:\/\/www.schwarz.it\/it\/zubehoer\/guide-dentate\/\">Guide dentate<\/a><\/h3><\/div><div class=\"dce-item dce-item_content elementor-repeater-item-9bc4af8\"><div class=\"dce-post-content\">Grazie alla nostra guida dentata brevettata le macchine da raccolta ed altre attrezzature hanno la massima aderenza durante il carico. Oltre a questo fa anche da guida per i cassoni frutta e le macchine caricate possono essere serrati sulla guida dentata.<\/div><\/div>\t\t\t<\/div>\n\t\t<\/article>\n\t\t\n\t\t<article class=\"post-12346 zubehoer type-zubehoer status-publish has-post-thumbnail hentry zubehoer_kategorien-rimorchio-inclinabile zubehoer_kategorien-rimorchio-portapallet dce-post dce-post-item dce-grid-filters-item dce-item-grid-filters dce-item-grid\" data-dce-post-id=\"12346\" data-dce-post-index=\"18\">\n\t\t\t<div class=\"dce-post-block\">\n\t\t<div class=\"dce-item dce-item_image elementor-repeater-item-3f00d78\"><a class=\"dce-post-image\" href=\"https:\/\/www.schwarz.it\/it\/zubehoer\/piatto-inox-montato-sul-pianale\/\"><figure data-image-ratio=\"0.66\" class=\"dce-img\"><img width=\"800\" height=\"600\" src=\"https:\/\/www.schwarz.it\/wp-content\/uploads\/2022\/09\/P20-Inox-Flacheisen-1024x768.jpg\" class=\"\" alt=\"Piatto INOX montato sul pianale\" srcset=\"https:\/\/www.schwarz.it\/wp-content\/uploads\/2022\/09\/P20-Inox-Flacheisen-1024x768.jpg 1024w, https:\/\/www.schwarz.it\/wp-content\/uploads\/2022\/09\/P20-Inox-Flacheisen-300x225.jpg 300w, https:\/\/www.schwarz.it\/wp-content\/uploads\/2022\/09\/P20-Inox-Flacheisen-768x576.jpg 768w, https:\/\/www.schwarz.it\/wp-content\/uploads\/2022\/09\/P20-Inox-Flacheisen.jpg 1200w\" sizes=\"(max-width: 800px) 100vw, 800px\" \/><\/figure><\/a><\/div><div class=\"dce-item dce-item_title elementor-repeater-item-9291b54\"><h3 class=\"dce-post-title\"><a href=\"https:\/\/www.schwarz.it\/it\/zubehoer\/piatto-inox-montato-sul-pianale\/\">Piatto INOX montato sul pianale<\/a><\/h3><\/div><div class=\"dce-item dce-item_content elementor-repeater-item-9bc4af8\"><div class=\"dce-post-content\">Agevola notevolmente il carico dei cassoni. Il piatto INOX \u00e8 inossidabile.<\/div><\/div>\t\t\t<\/div>\n\t\t<\/article>\n\t\t\n\t\t<article class=\"post-12345 zubehoer type-zubehoer status-publish has-post-thumbnail hentry zubehoer_kategorien-rimorchio-inclinabile zubehoer_kategorien-rimorchio-portapallet dce-post dce-post-item dce-grid-filters-item dce-item-grid-filters dce-item-grid\" data-dce-post-id=\"12345\" data-dce-post-index=\"19\">\n\t\t\t<div class=\"dce-post-block\">\n\t\t<div class=\"dce-item dce-item_image elementor-repeater-item-3f00d78\"><a class=\"dce-post-image\" href=\"https:\/\/www.schwarz.it\/it\/zubehoer\/rulli-integrati-nel-pianale\/\"><figure data-image-ratio=\"0.66\" class=\"dce-img\"><img width=\"800\" height=\"600\" src=\"https:\/\/www.schwarz.it\/wp-content\/uploads\/2022\/09\/P21-Rollschienen-1024x768.jpg\" class=\"\" alt=\"Rulli integrati nel pianale\" srcset=\"https:\/\/www.schwarz.it\/wp-content\/uploads\/2022\/09\/P21-Rollschienen-1024x768.jpg 1024w, https:\/\/www.schwarz.it\/wp-content\/uploads\/2022\/09\/P21-Rollschienen-300x225.jpg 300w, https:\/\/www.schwarz.it\/wp-content\/uploads\/2022\/09\/P21-Rollschienen-768x576.jpg 768w, https:\/\/www.schwarz.it\/wp-content\/uploads\/2022\/09\/P21-Rollschienen.jpg 1200w\" sizes=\"(max-width: 800px) 100vw, 800px\" \/><\/figure><\/a><\/div><div class=\"dce-item dce-item_title elementor-repeater-item-9291b54\"><h3 class=\"dce-post-title\"><a href=\"https:\/\/www.schwarz.it\/it\/zubehoer\/rulli-integrati-nel-pianale\/\">Rulli integrati nel pianale<\/a><\/h3><\/div><div class=\"dce-item dce-item_content elementor-repeater-item-9bc4af8\"><div class=\"dce-post-content\">Agevolano notevolmente il carico dei cassoni. Le aperture sotto i rulli evitano l\u2019accumulo di residui e sporcizia.<\/div><\/div>\t\t\t<\/div>\n\t\t<\/article>\n\t\t\n\t\t<article class=\"post-12344 zubehoer type-zubehoer status-publish has-post-thumbnail hentry zubehoer_kategorien-rimorchio-inclinabile zubehoer_kategorien-rimorchio-portapallet dce-post dce-post-item dce-grid-filters-item dce-item-grid-filters dce-item-grid\" data-dce-post-id=\"12344\" data-dce-post-index=\"20\">\n\t\t\t<div class=\"dce-post-block\">\n\t\t<div class=\"dce-item dce-item_image elementor-repeater-item-3f00d78\"><a class=\"dce-post-image\" href=\"https:\/\/www.schwarz.it\/it\/zubehoer\/avvanzamento-cassoni-con-catene-integrate\/\"><figure data-image-ratio=\"0.66\" class=\"dce-img\"><img width=\"800\" height=\"600\" src=\"https:\/\/www.schwarz.it\/wp-content\/uploads\/2022\/09\/P22-Kistenfoerdersystem-1024x768.jpg\" class=\"\" alt=\"Avvanzamento cassoni con catene integrate\" srcset=\"https:\/\/www.schwarz.it\/wp-content\/uploads\/2022\/09\/P22-Kistenfoerdersystem-1024x768.jpg 1024w, https:\/\/www.schwarz.it\/wp-content\/uploads\/2022\/09\/P22-Kistenfoerdersystem-300x225.jpg 300w, https:\/\/www.schwarz.it\/wp-content\/uploads\/2022\/09\/P22-Kistenfoerdersystem-768x576.jpg 768w, https:\/\/www.schwarz.it\/wp-content\/uploads\/2022\/09\/P22-Kistenfoerdersystem.jpg 1200w\" sizes=\"(max-width: 800px) 100vw, 800px\" \/><\/figure><\/a><\/div><div class=\"dce-item dce-item_title elementor-repeater-item-9291b54\"><h3 class=\"dce-post-title\"><a href=\"https:\/\/www.schwarz.it\/it\/zubehoer\/avvanzamento-cassoni-con-catene-integrate\/\">Avvanzamento cassoni con catene integrate<\/a><\/h3><\/div><div class=\"dce-item dce-item_content elementor-repeater-item-9bc4af8\"><div class=\"dce-post-content\">Per facilitare questo lavoro faticoso di carico e scarico, abbiamo progettato il sistema avanzamento cassoni, completamente integrato nel pianale. Una tripla-catena telecomandata trasporta i cassoni (pieni e vuoti) in avanti o indietro, proteggendo la frutta dai danni da schiacciamento e velocizzando le operazioni.<\/div><\/div>\t\t\t<\/div>\n\t\t<\/article>\n\t\t\n\t\t<article class=\"post-12343 zubehoer type-zubehoer status-publish has-post-thumbnail hentry zubehoer_kategorien-rimorchio-inclinabile zubehoer_kategorien-rimorchio-portapallet dce-post dce-post-item dce-grid-filters-item dce-item-grid-filters dce-item-grid\" data-dce-post-id=\"12343\" data-dce-post-index=\"21\">\n\t\t\t<div class=\"dce-post-block\">\n\t\t<div class=\"dce-item dce-item_image elementor-repeater-item-3f00d78\"><a class=\"dce-post-image\" href=\"https:\/\/www.schwarz.it\/it\/zubehoer\/retro-a-punta-easy-load\/\"><figure data-image-ratio=\"0.66\" class=\"dce-img\"><img width=\"800\" height=\"450\" src=\"https:\/\/www.schwarz.it\/wp-content\/uploads\/2022\/09\/P24-Spitzheck-Easy-Load-1024x576.jpg\" class=\"\" alt=\"Retro a punta EASY-LOAD\" srcset=\"https:\/\/www.schwarz.it\/wp-content\/uploads\/2022\/09\/P24-Spitzheck-Easy-Load-1024x576.jpg 1024w, https:\/\/www.schwarz.it\/wp-content\/uploads\/2022\/09\/P24-Spitzheck-Easy-Load-300x169.jpg 300w, https:\/\/www.schwarz.it\/wp-content\/uploads\/2022\/09\/P24-Spitzheck-Easy-Load-768x432.jpg 768w, https:\/\/www.schwarz.it\/wp-content\/uploads\/2022\/09\/P24-Spitzheck-Easy-Load.jpg 1200w\" sizes=\"(max-width: 800px) 100vw, 800px\" \/><\/figure><\/a><\/div><div class=\"dce-item dce-item_title elementor-repeater-item-9291b54\"><h3 class=\"dce-post-title\"><a href=\"https:\/\/www.schwarz.it\/it\/zubehoer\/retro-a-punta-easy-load\/\">Retro a punta EASY-LOAD<\/a><\/h3><\/div><div class=\"dce-item dce-item_content elementor-repeater-item-9bc4af8\"><div class=\"dce-post-content\">Con il retro a punta EASY LOAD di Schwarz finalmente si pu\u00f2 caricare il carro-raccolta ed altri macchinari senza usare le rampe. \nLa targa e i catarifrangenti rettangolari spariscono automaticamente quando il rimorchio si inclina. Resta uno scalino di 5cm ca.. I fanali LED sono incassati nel pianale.<\/div><\/div>\t\t\t<\/div>\n\t\t<\/article>\n\t\t\n\t\t<article class=\"post-12342 zubehoer type-zubehoer status-publish has-post-thumbnail hentry zubehoer_kategorien-rimorchio-inclinabile zubehoer_kategorien-rimorchio-portapallet dce-post dce-post-item dce-grid-filters-item dce-item-grid-filters dce-item-grid\" data-dce-post-id=\"12342\" data-dce-post-index=\"22\">\n\t\t\t<div class=\"dce-post-block\">\n\t\t<div class=\"dce-item dce-item_image elementor-repeater-item-3f00d78\"><a class=\"dce-post-image\" href=\"https:\/\/www.schwarz.it\/it\/zubehoer\/rampe-leggere-rimovibili\/\"><figure data-image-ratio=\"0.66\" class=\"dce-img\"><img width=\"800\" height=\"600\" src=\"https:\/\/www.schwarz.it\/wp-content\/uploads\/2022\/09\/P25-Leichte-Stahlrampen-abnehmbar-1024x768.jpg\" class=\"\" alt=\"Rampe leggere (rimovibili)\" srcset=\"https:\/\/www.schwarz.it\/wp-content\/uploads\/2022\/09\/P25-Leichte-Stahlrampen-abnehmbar-1024x768.jpg 1024w, https:\/\/www.schwarz.it\/wp-content\/uploads\/2022\/09\/P25-Leichte-Stahlrampen-abnehmbar-300x225.jpg 300w, https:\/\/www.schwarz.it\/wp-content\/uploads\/2022\/09\/P25-Leichte-Stahlrampen-abnehmbar-768x576.jpg 768w, https:\/\/www.schwarz.it\/wp-content\/uploads\/2022\/09\/P25-Leichte-Stahlrampen-abnehmbar.jpg 1200w\" sizes=\"(max-width: 800px) 100vw, 800px\" \/><\/figure><\/a><\/div><div class=\"dce-item dce-item_title elementor-repeater-item-9291b54\"><h3 class=\"dce-post-title\"><a href=\"https:\/\/www.schwarz.it\/it\/zubehoer\/rampe-leggere-rimovibili\/\">Rampe leggere (rimovibili)<\/a><\/h3><\/div><div class=\"dce-item dce-item_content elementor-repeater-item-9bc4af8\"><div class=\"dce-post-content\">Rampe leggere che vanno sistemate nella cassetta portaogetti.<\/div><\/div>\t\t\t<\/div>\n\t\t<\/article>\n\t\t\n\t\t<article class=\"post-12341 zubehoer type-zubehoer status-publish has-post-thumbnail hentry zubehoer_kategorien-rimorchio-inclinabile zubehoer_kategorien-rimorchio-portapallet dce-post dce-post-item dce-grid-filters-item dce-item-grid-filters dce-item-grid\" data-dce-post-id=\"12341\" data-dce-post-index=\"23\">\n\t\t\t<div class=\"dce-post-block\">\n\t\t<div class=\"dce-item dce-item_image elementor-repeater-item-3f00d78\"><a class=\"dce-post-image\" href=\"https:\/\/www.schwarz.it\/it\/zubehoer\/rampe-3t\/\"><figure data-image-ratio=\"0.66\" class=\"dce-img\"><img width=\"800\" height=\"450\" src=\"https:\/\/www.schwarz.it\/wp-content\/uploads\/2022\/09\/P26-Rampen-3T-1024x576.jpg\" class=\"\" alt=\"Rampe 3t\" srcset=\"https:\/\/www.schwarz.it\/wp-content\/uploads\/2022\/09\/P26-Rampen-3T-1024x576.jpg 1024w, https:\/\/www.schwarz.it\/wp-content\/uploads\/2022\/09\/P26-Rampen-3T-300x169.jpg 300w, https:\/\/www.schwarz.it\/wp-content\/uploads\/2022\/09\/P26-Rampen-3T-768x432.jpg 768w, https:\/\/www.schwarz.it\/wp-content\/uploads\/2022\/09\/P26-Rampen-3T.jpg 1200w\" sizes=\"(max-width: 800px) 100vw, 800px\" \/><\/figure><\/a><\/div><div class=\"dce-item dce-item_title elementor-repeater-item-9291b54\"><h3 class=\"dce-post-title\"><a href=\"https:\/\/www.schwarz.it\/it\/zubehoer\/rampe-3t\/\">Rampe 3t<\/a><\/h3><\/div><div class=\"dce-item dce-item_content elementor-repeater-item-9bc4af8\"><div class=\"dce-post-content\"><\/div><\/div>\t\t\t<\/div>\n\t\t<\/article>\n\t\t\n\t\t<article class=\"post-12340 zubehoer type-zubehoer status-publish has-post-thumbnail hentry zubehoer_kategorien-rimorchio-inclinabile zubehoer_kategorien-rimorchio-portapallet dce-post dce-post-item dce-grid-filters-item dce-item-grid-filters dce-item-grid\" data-dce-post-id=\"12340\" data-dce-post-index=\"24\">\n\t\t\t<div class=\"dce-post-block\">\n\t\t<div class=\"dce-item dce-item_image elementor-repeater-item-3f00d78\"><a class=\"dce-post-image\" href=\"https:\/\/www.schwarz.it\/it\/zubehoer\/rampe-con-sistema-di-chiusura-7t\/\"><figure data-image-ratio=\"0.66\" class=\"dce-img\"><img width=\"800\" height=\"534\" src=\"https:\/\/www.schwarz.it\/wp-content\/uploads\/2022\/09\/P27-Rampen-mit-Verschlussystem-1024x684.jpg\" class=\"\" alt=\"Rampe con sistema di chiusura 7t\" srcset=\"https:\/\/www.schwarz.it\/wp-content\/uploads\/2022\/09\/P27-Rampen-mit-Verschlussystem-1024x684.jpg 1024w, https:\/\/www.schwarz.it\/wp-content\/uploads\/2022\/09\/P27-Rampen-mit-Verschlussystem-300x200.jpg 300w, https:\/\/www.schwarz.it\/wp-content\/uploads\/2022\/09\/P27-Rampen-mit-Verschlussystem-768x513.jpg 768w, https:\/\/www.schwarz.it\/wp-content\/uploads\/2022\/09\/P27-Rampen-mit-Verschlussystem.jpg 1200w\" sizes=\"(max-width: 800px) 100vw, 800px\" \/><\/figure><\/a><\/div><div class=\"dce-item dce-item_title elementor-repeater-item-9291b54\"><h3 class=\"dce-post-title\"><a href=\"https:\/\/www.schwarz.it\/it\/zubehoer\/rampe-con-sistema-di-chiusura-7t\/\">Rampe con sistema di chiusura 7t<\/a><\/h3><\/div><div class=\"dce-item dce-item_content elementor-repeater-item-9bc4af8\"><div class=\"dce-post-content\">Un sistema facile per aprire e chiudere le rampe senza copiglia.<\/div><\/div>\t\t\t<\/div>\n\t\t<\/article>\n\t\t\n\t\t<article class=\"post-12339 zubehoer type-zubehoer status-publish has-post-thumbnail hentry zubehoer_kategorien-rimorchio-inclinabile zubehoer_kategorien-rimorchio-portapallet dce-post dce-post-item dce-grid-filters-item dce-item-grid-filters dce-item-grid\" data-dce-post-id=\"12339\" data-dce-post-index=\"25\">\n\t\t\t<div class=\"dce-post-block\">\n\t\t<div class=\"dce-item dce-item_image elementor-repeater-item-3f00d78\"><a class=\"dce-post-image\" href=\"https:\/\/www.schwarz.it\/it\/zubehoer\/rampa-idraulica\/\"><figure data-image-ratio=\"0.66\" class=\"dce-img\"><img width=\"800\" height=\"512\" src=\"https:\/\/www.schwarz.it\/wp-content\/uploads\/2022\/09\/P28-Hydraulische-Rampe-1024x655.jpg\" class=\"\" alt=\"Rampa idraulica\" srcset=\"https:\/\/www.schwarz.it\/wp-content\/uploads\/2022\/09\/P28-Hydraulische-Rampe-1024x655.jpg 1024w, https:\/\/www.schwarz.it\/wp-content\/uploads\/2022\/09\/P28-Hydraulische-Rampe-300x192.jpg 300w, https:\/\/www.schwarz.it\/wp-content\/uploads\/2022\/09\/P28-Hydraulische-Rampe-768x492.jpg 768w, https:\/\/www.schwarz.it\/wp-content\/uploads\/2022\/09\/P28-Hydraulische-Rampe.jpg 1200w\" sizes=\"(max-width: 800px) 100vw, 800px\" \/><\/figure><\/a><\/div><div class=\"dce-item dce-item_title elementor-repeater-item-9291b54\"><h3 class=\"dce-post-title\"><a href=\"https:\/\/www.schwarz.it\/it\/zubehoer\/rampa-idraulica\/\">Rampa idraulica<\/a><\/h3><\/div><div class=\"dce-item dce-item_content elementor-repeater-item-9bc4af8\"><div class=\"dce-post-content\"><\/div><\/div>\t\t\t<\/div>\n\t\t<\/article>\n\t\t\n\t\t<article class=\"post-12338 zubehoer type-zubehoer status-publish has-post-thumbnail hentry zubehoer_kategorien-rimorchio-portapallet dce-post dce-post-item dce-grid-filters-item dce-item-grid-filters dce-item-grid\" data-dce-post-id=\"12338\" data-dce-post-index=\"26\">\n\t\t\t<div class=\"dce-post-block\">\n\t\t<div class=\"dce-item dce-item_image elementor-repeater-item-3f00d78\"><a class=\"dce-post-image\" href=\"https:\/\/www.schwarz.it\/it\/zubehoer\/rampe-proline\/\"><figure data-image-ratio=\"0.66\" class=\"dce-img\"><img width=\"800\" height=\"534\" src=\"https:\/\/www.schwarz.it\/wp-content\/uploads\/2022\/09\/P29-Rampe-PROLINE-1024x684.jpg\" class=\"\" alt=\"Rampe PROLINE\" srcset=\"https:\/\/www.schwarz.it\/wp-content\/uploads\/2022\/09\/P29-Rampe-PROLINE-1024x684.jpg 1024w, https:\/\/www.schwarz.it\/wp-content\/uploads\/2022\/09\/P29-Rampe-PROLINE-300x200.jpg 300w, https:\/\/www.schwarz.it\/wp-content\/uploads\/2022\/09\/P29-Rampe-PROLINE-768x513.jpg 768w, https:\/\/www.schwarz.it\/wp-content\/uploads\/2022\/09\/P29-Rampe-PROLINE.jpg 1200w\" sizes=\"(max-width: 800px) 100vw, 800px\" \/><\/figure><\/a><\/div><div class=\"dce-item dce-item_title elementor-repeater-item-9291b54\"><h3 class=\"dce-post-title\"><a href=\"https:\/\/www.schwarz.it\/it\/zubehoer\/rampe-proline\/\">Rampe PROLINE<\/a><\/h3><\/div><div class=\"dce-item dce-item_content elementor-repeater-item-9bc4af8\"><div class=\"dce-post-content\">Queste rampe sono disponibile in versione manuale e idraulica. Ci sono diverse portate da scegliere.  <\/div><\/div>\t\t\t<\/div>\n\t\t<\/article>\n\t\t\n\t\t<article class=\"post-12337 zubehoer type-zubehoer status-publish has-post-thumbnail hentry zubehoer_kategorien-rimorchio-inclinabile zubehoer_kategorien-rimorchio-portapallet dce-post dce-post-item dce-grid-filters-item dce-item-grid-filters dce-item-grid\" data-dce-post-id=\"12337\" data-dce-post-index=\"27\">\n\t\t\t<div class=\"dce-post-block\">\n\t\t<div class=\"dce-item dce-item_image elementor-repeater-item-3f00d78\"><a class=\"dce-post-image\" href=\"https:\/\/www.schwarz.it\/it\/zubehoer\/sollevatore-assale\/\"><figure data-image-ratio=\"0.66\" class=\"dce-img\"><img width=\"800\" height=\"600\" src=\"https:\/\/www.schwarz.it\/wp-content\/uploads\/2022\/09\/P30-Hydraulischer-Achsheber-1024x768.jpg\" class=\"\" alt=\"Sollevatore assale\" srcset=\"https:\/\/www.schwarz.it\/wp-content\/uploads\/2022\/09\/P30-Hydraulischer-Achsheber-1024x768.jpg 1024w, https:\/\/www.schwarz.it\/wp-content\/uploads\/2022\/09\/P30-Hydraulischer-Achsheber-300x225.jpg 300w, https:\/\/www.schwarz.it\/wp-content\/uploads\/2022\/09\/P30-Hydraulischer-Achsheber-768x576.jpg 768w, https:\/\/www.schwarz.it\/wp-content\/uploads\/2022\/09\/P30-Hydraulischer-Achsheber.jpg 1200w\" sizes=\"(max-width: 800px) 100vw, 800px\" \/><\/figure><\/a><\/div><div class=\"dce-item dce-item_title elementor-repeater-item-9291b54\"><h3 class=\"dce-post-title\"><a href=\"https:\/\/www.schwarz.it\/it\/zubehoer\/sollevatore-assale\/\">Sollevatore assale<\/a><\/h3><\/div><div class=\"dce-item dce-item_content elementor-repeater-item-9bc4af8\"><div class=\"dce-post-content\">Alza-assale idraulico. Su richiesta \u00e8 disponibile anche in versione doppio-effetto.<\/div><\/div>\t\t\t<\/div>\n\t\t<\/article>\n\t\t\n\t\t<article class=\"post-12336 zubehoer type-zubehoer status-publish has-post-thumbnail hentry zubehoer_kategorien-rimorchio-inclinabile zubehoer_kategorien-rimorchio-portapallet dce-post dce-post-item dce-grid-filters-item dce-item-grid-filters dce-item-grid\" data-dce-post-id=\"12336\" data-dce-post-index=\"28\">\n\t\t\t<div class=\"dce-post-block\">\n\t\t<div class=\"dce-item dce-item_image elementor-repeater-item-3f00d78\"><a class=\"dce-post-image\" href=\"https:\/\/www.schwarz.it\/it\/zubehoer\/cassetta-portattrezzi\/\"><figure data-image-ratio=\"0.66\" class=\"dce-img\"><img width=\"800\" height=\"534\" src=\"https:\/\/www.schwarz.it\/wp-content\/uploads\/2022\/09\/P31-Werkzeugkiste-1024x684.jpg\" class=\"\" alt=\"Cassetta portattrezzi\" srcset=\"https:\/\/www.schwarz.it\/wp-content\/uploads\/2022\/09\/P31-Werkzeugkiste-1024x684.jpg 1024w, https:\/\/www.schwarz.it\/wp-content\/uploads\/2022\/09\/P31-Werkzeugkiste-300x200.jpg 300w, https:\/\/www.schwarz.it\/wp-content\/uploads\/2022\/09\/P31-Werkzeugkiste-768x513.jpg 768w, https:\/\/www.schwarz.it\/wp-content\/uploads\/2022\/09\/P31-Werkzeugkiste.jpg 1200w\" sizes=\"(max-width: 800px) 100vw, 800px\" \/><\/figure><\/a><\/div><div class=\"dce-item dce-item_title elementor-repeater-item-9291b54\"><h3 class=\"dce-post-title\"><a href=\"https:\/\/www.schwarz.it\/it\/zubehoer\/cassetta-portattrezzi\/\">Cassetta portattrezzi<\/a><\/h3><\/div><div class=\"dce-item dce-item_content elementor-repeater-item-9bc4af8\"><div class=\"dce-post-content\"><\/div><\/div>\t\t\t<\/div>\n\t\t<\/article>\n\t\t\n\t\t<article class=\"post-12335 zubehoer type-zubehoer status-publish has-post-thumbnail hentry zubehoer_kategorien-rimorchio-portabestiame dce-post dce-post-item dce-grid-filters-item dce-item-grid-filters dce-item-grid\" data-dce-post-id=\"12335\" data-dce-post-index=\"29\">\n\t\t\t<div class=\"dce-post-block\">\n\t\t<div class=\"dce-item dce-item_image elementor-repeater-item-3f00d78\"><a class=\"dce-post-image\" href=\"https:\/\/www.schwarz.it\/it\/zubehoer\/ringhiera-laterale-per-rampa-posteriore\/\"><figure data-image-ratio=\"0.66\" class=\"dce-img\"><img width=\"800\" height=\"534\" src=\"https:\/\/www.schwarz.it\/wp-content\/uploads\/2022\/09\/V1-Seitliches-Gelaender-fuer-Viehrampe-1024x684.jpg\" class=\"\" alt=\"Ringhiera laterale per rampa posteriore\" srcset=\"https:\/\/www.schwarz.it\/wp-content\/uploads\/2022\/09\/V1-Seitliches-Gelaender-fuer-Viehrampe-1024x684.jpg 1024w, https:\/\/www.schwarz.it\/wp-content\/uploads\/2022\/09\/V1-Seitliches-Gelaender-fuer-Viehrampe-300x200.jpg 300w, https:\/\/www.schwarz.it\/wp-content\/uploads\/2022\/09\/V1-Seitliches-Gelaender-fuer-Viehrampe-768x513.jpg 768w, https:\/\/www.schwarz.it\/wp-content\/uploads\/2022\/09\/V1-Seitliches-Gelaender-fuer-Viehrampe.jpg 1200w\" sizes=\"(max-width: 800px) 100vw, 800px\" \/><\/figure><\/a><\/div><div class=\"dce-item dce-item_title elementor-repeater-item-9291b54\"><h3 class=\"dce-post-title\"><a href=\"https:\/\/www.schwarz.it\/it\/zubehoer\/ringhiera-laterale-per-rampa-posteriore\/\">Ringhiera laterale per rampa posteriore<\/a><\/h3><\/div><div class=\"dce-item dce-item_content elementor-repeater-item-9bc4af8\"><div class=\"dce-post-content\"><\/div><\/div>\t\t\t<\/div>\n\t\t<\/article>\n\t\t\n\t\t<article class=\"post-12334 zubehoer type-zubehoer status-publish has-post-thumbnail hentry zubehoer_kategorien-rimorchio-portabestiame dce-post dce-post-item dce-grid-filters-item dce-item-grid-filters dce-item-grid\" data-dce-post-id=\"12334\" data-dce-post-index=\"30\">\n\t\t\t<div class=\"dce-post-block\">\n\t\t<div class=\"dce-item dce-item_image elementor-repeater-item-3f00d78\"><a class=\"dce-post-image\" href=\"https:\/\/www.schwarz.it\/it\/zubehoer\/griglia-divisoria-centrale-2\/\"><figure data-image-ratio=\"0.66\" class=\"dce-img\"><img width=\"800\" height=\"534\" src=\"https:\/\/www.schwarz.it\/wp-content\/uploads\/2022\/09\/V3-Trenngitter-in-der-Mitte-1024x684.jpg\" class=\"\" alt=\"Griglia divisoria centrale\" srcset=\"https:\/\/www.schwarz.it\/wp-content\/uploads\/2022\/09\/V3-Trenngitter-in-der-Mitte-1024x684.jpg 1024w, https:\/\/www.schwarz.it\/wp-content\/uploads\/2022\/09\/V3-Trenngitter-in-der-Mitte-300x200.jpg 300w, https:\/\/www.schwarz.it\/wp-content\/uploads\/2022\/09\/V3-Trenngitter-in-der-Mitte-768x513.jpg 768w, https:\/\/www.schwarz.it\/wp-content\/uploads\/2022\/09\/V3-Trenngitter-in-der-Mitte.jpg 1200w\" sizes=\"(max-width: 800px) 100vw, 800px\" \/><\/figure><\/a><\/div><div class=\"dce-item dce-item_title elementor-repeater-item-9291b54\"><h3 class=\"dce-post-title\"><a href=\"https:\/\/www.schwarz.it\/it\/zubehoer\/griglia-divisoria-centrale-2\/\">Griglia divisoria centrale<\/a><\/h3><\/div><div class=\"dce-item dce-item_content elementor-repeater-item-9bc4af8\"><div class=\"dce-post-content\"><\/div><\/div>\t\t\t<\/div>\n\t\t<\/article>\n\t\t\n\t\t<article class=\"post-12333 zubehoer type-zubehoer status-publish has-post-thumbnail hentry zubehoer_kategorien-rimorchio-portabestiame dce-post dce-post-item dce-grid-filters-item dce-item-grid-filters dce-item-grid\" data-dce-post-id=\"12333\" data-dce-post-index=\"31\">\n\t\t\t<div class=\"dce-post-block\">\n\t\t<div class=\"dce-item dce-item_image elementor-repeater-item-3f00d78\"><a class=\"dce-post-image\" href=\"https:\/\/www.schwarz.it\/it\/zubehoer\/anello-con-filetto\/\"><figure data-image-ratio=\"0.66\" class=\"dce-img\"><img width=\"800\" height=\"534\" src=\"https:\/\/www.schwarz.it\/wp-content\/uploads\/2022\/09\/V5-Bindehaken-1024x684.jpg\" class=\"\" alt=\"Anello con filetto\" srcset=\"https:\/\/www.schwarz.it\/wp-content\/uploads\/2022\/09\/V5-Bindehaken-1024x684.jpg 1024w, https:\/\/www.schwarz.it\/wp-content\/uploads\/2022\/09\/V5-Bindehaken-300x200.jpg 300w, https:\/\/www.schwarz.it\/wp-content\/uploads\/2022\/09\/V5-Bindehaken-768x513.jpg 768w, https:\/\/www.schwarz.it\/wp-content\/uploads\/2022\/09\/V5-Bindehaken.jpg 1200w\" sizes=\"(max-width: 800px) 100vw, 800px\" \/><\/figure><\/a><\/div><div class=\"dce-item dce-item_title elementor-repeater-item-9291b54\"><h3 class=\"dce-post-title\"><a href=\"https:\/\/www.schwarz.it\/it\/zubehoer\/anello-con-filetto\/\">Anello con filetto<\/a><\/h3><\/div><div class=\"dce-item dce-item_content elementor-repeater-item-9bc4af8\"><div class=\"dce-post-content\">Pu\u00f2 essere montato su ogni posizione del rimorchio.<\/div><\/div>\t\t\t<\/div>\n\t\t<\/article>\n\t\t\n\t\t<article class=\"post-12332 zubehoer type-zubehoer status-publish has-post-thumbnail hentry zubehoer_kategorien-rimorchio-portabestiame dce-post dce-post-item dce-grid-filters-item dce-item-grid-filters dce-item-grid\" data-dce-post-id=\"12332\" data-dce-post-index=\"32\">\n\t\t\t<div class=\"dce-post-block\">\n\t\t<div class=\"dce-item dce-item_image elementor-repeater-item-3f00d78\"><a class=\"dce-post-image\" href=\"https:\/\/www.schwarz.it\/it\/zubehoer\/ringhiera-interna-per-agganciare-gli-animali\/\"><figure data-image-ratio=\"0.66\" class=\"dce-img\"><img width=\"800\" height=\"534\" src=\"https:\/\/www.schwarz.it\/wp-content\/uploads\/2022\/09\/V6-Rundstange-innen-1024x684.jpg\" class=\"\" alt=\"Ringhiera interna per agganciare gli animali\" srcset=\"https:\/\/www.schwarz.it\/wp-content\/uploads\/2022\/09\/V6-Rundstange-innen-1024x684.jpg 1024w, https:\/\/www.schwarz.it\/wp-content\/uploads\/2022\/09\/V6-Rundstange-innen-300x200.jpg 300w, https:\/\/www.schwarz.it\/wp-content\/uploads\/2022\/09\/V6-Rundstange-innen-768x513.jpg 768w, https:\/\/www.schwarz.it\/wp-content\/uploads\/2022\/09\/V6-Rundstange-innen.jpg 1200w\" sizes=\"(max-width: 800px) 100vw, 800px\" \/><\/figure><\/a><\/div><div class=\"dce-item dce-item_title elementor-repeater-item-9291b54\"><h3 class=\"dce-post-title\"><a href=\"https:\/\/www.schwarz.it\/it\/zubehoer\/ringhiera-interna-per-agganciare-gli-animali\/\">Ringhiera interna per agganciare gli animali<\/a><\/h3><\/div><div class=\"dce-item dce-item_content elementor-repeater-item-9bc4af8\"><div class=\"dce-post-content\">Kann auf der rechten und\/oder auf der linken Seite montiert werden.<\/div><\/div>\t\t\t<\/div>\n\t\t<\/article>\n\t\t\n\t\t<article class=\"post-12331 zubehoer type-zubehoer status-publish has-post-thumbnail hentry zubehoer_kategorien-rimorchio-portabestiame dce-post dce-post-item dce-grid-filters-item dce-item-grid-filters dce-item-grid\" data-dce-post-id=\"12331\" data-dce-post-index=\"33\">\n\t\t\t<div class=\"dce-post-block\">\n\t\t<div class=\"dce-item dce-item_image elementor-repeater-item-3f00d78\"><a class=\"dce-post-image\" href=\"https:\/\/www.schwarz.it\/it\/zubehoer\/ruota-di-scorta-con-supporto\/\"><figure data-image-ratio=\"0.66\" class=\"dce-img\"><img width=\"800\" height=\"534\" src=\"https:\/\/www.schwarz.it\/wp-content\/uploads\/2022\/09\/V7-Ersatzrad-1024x684.jpg\" class=\"\" alt=\"Ruota di scorta con supporto\" srcset=\"https:\/\/www.schwarz.it\/wp-content\/uploads\/2022\/09\/V7-Ersatzrad-1024x684.jpg 1024w, https:\/\/www.schwarz.it\/wp-content\/uploads\/2022\/09\/V7-Ersatzrad-300x200.jpg 300w, https:\/\/www.schwarz.it\/wp-content\/uploads\/2022\/09\/V7-Ersatzrad-768x513.jpg 768w, https:\/\/www.schwarz.it\/wp-content\/uploads\/2022\/09\/V7-Ersatzrad.jpg 1200w\" sizes=\"(max-width: 800px) 100vw, 800px\" \/><\/figure><\/a><\/div><div class=\"dce-item dce-item_title elementor-repeater-item-9291b54\"><h3 class=\"dce-post-title\"><a href=\"https:\/\/www.schwarz.it\/it\/zubehoer\/ruota-di-scorta-con-supporto\/\">Ruota di scorta con supporto<\/a><\/h3><\/div><div class=\"dce-item dce-item_content elementor-repeater-item-9bc4af8\"><div class=\"dce-post-content\"><\/div><\/div>\t\t\t<\/div>\n\t\t<\/article>\n\t\t\n\t\t<article class=\"post-12330 zubehoer type-zubehoer status-publish has-post-thumbnail hentry zubehoer_kategorien-rimorchio-portabestiame dce-post dce-post-item dce-grid-filters-item dce-item-grid-filters dce-item-grid\" data-dce-post-id=\"12330\" data-dce-post-index=\"34\">\n\t\t\t<div class=\"dce-post-block\">\n\t\t<div class=\"dce-item dce-item_image elementor-repeater-item-3f00d78\"><a class=\"dce-post-image\" href=\"https:\/\/www.schwarz.it\/it\/zubehoer\/zincatura-completa-del-rimorchio\/\"><figure data-image-ratio=\"0.66\" class=\"dce-img\"><img width=\"800\" height=\"600\" src=\"https:\/\/www.schwarz.it\/wp-content\/uploads\/2022\/09\/V8-komplette-Verzinkung-1024x768.jpg\" class=\"\" alt=\"Zincatura completa del rimorchio\" srcset=\"https:\/\/www.schwarz.it\/wp-content\/uploads\/2022\/09\/V8-komplette-Verzinkung-1024x768.jpg 1024w, https:\/\/www.schwarz.it\/wp-content\/uploads\/2022\/09\/V8-komplette-Verzinkung-300x225.jpg 300w, https:\/\/www.schwarz.it\/wp-content\/uploads\/2022\/09\/V8-komplette-Verzinkung-768x576.jpg 768w, https:\/\/www.schwarz.it\/wp-content\/uploads\/2022\/09\/V8-komplette-Verzinkung.jpg 1200w\" sizes=\"(max-width: 800px) 100vw, 800px\" \/><\/figure><\/a><\/div><div class=\"dce-item dce-item_title elementor-repeater-item-9291b54\"><h3 class=\"dce-post-title\"><a href=\"https:\/\/www.schwarz.it\/it\/zubehoer\/zincatura-completa-del-rimorchio\/\">Zincatura completa del rimorchio<\/a><\/h3><\/div><div class=\"dce-item dce-item_content elementor-repeater-item-9bc4af8\"><div class=\"dce-post-content\"><\/div><\/div>\t\t\t<\/div>\n\t\t<\/article>\n\t\t\n\t\t<article class=\"post-12329 zubehoer type-zubehoer status-publish has-post-thumbnail hentry zubehoer_kategorien-rimorchio-forestale zubehoer_kategorien-rimorchio-ribaltabile dce-post dce-post-item dce-grid-filters-item dce-item-grid-filters dce-item-grid\" data-dce-post-id=\"12329\" data-dce-post-index=\"35\">\n\t\t\t<div class=\"dce-post-block\">\n\t\t<div class=\"dce-item dce-item_image elementor-repeater-item-3f00d78\"><a class=\"dce-post-image\" href=\"https:\/\/www.schwarz.it\/it\/zubehoer\/sponde-proline\/\"><figure data-image-ratio=\"0.66\" class=\"dce-img\"><img width=\"600\" height=\"400\" src=\"https:\/\/www.schwarz.it\/wp-content\/uploads\/2022\/06\/1-Bordwaende-PROLINE.jpg\" class=\"\" alt=\"Sponde PROLINE\" srcset=\"https:\/\/www.schwarz.it\/wp-content\/uploads\/2022\/06\/1-Bordwaende-PROLINE.jpg 600w, https:\/\/www.schwarz.it\/wp-content\/uploads\/2022\/06\/1-Bordwaende-PROLINE-300x200.jpg 300w\" sizes=\"(max-width: 600px) 100vw, 600px\" \/><\/figure><\/a><\/div><div class=\"dce-item dce-item_title elementor-repeater-item-9291b54\"><h3 class=\"dce-post-title\"><a href=\"https:\/\/www.schwarz.it\/it\/zubehoer\/sponde-proline\/\">Sponde PROLINE<\/a><\/h3><\/div><div class=\"dce-item dce-item_content elementor-repeater-item-9bc4af8\"><div class=\"dce-post-content\">Le nostre sponde PROLINE in acciaio ad alta resistenza sono  particolarmente robuste, adatte per lavori impegnativi. (altezza 60cm oppure 80cm)<\/div><\/div>\t\t\t<\/div>\n\t\t<\/article>\n\t\t\n\t\t<article class=\"post-12328 zubehoer type-zubehoer status-publish has-post-thumbnail hentry zubehoer_kategorien-rimorchio-forestale dce-post dce-post-item dce-grid-filters-item dce-item-grid-filters dce-item-grid\" data-dce-post-id=\"12328\" data-dce-post-index=\"36\">\n\t\t\t<div class=\"dce-post-block\">\n\t\t<div class=\"dce-item dce-item_image elementor-repeater-item-3f00d78\"><a class=\"dce-post-image\" href=\"https:\/\/www.schwarz.it\/it\/zubehoer\/sponde-in-alluminio-2\/\"><figure data-image-ratio=\"0.66\" class=\"dce-img\"><img width=\"800\" height=\"600\" src=\"https:\/\/www.schwarz.it\/wp-content\/uploads\/2022\/09\/A-Bordwaende-in-Aluminium-1024x768.jpg\" class=\"\" alt=\"Sponde in alluminio\" srcset=\"https:\/\/www.schwarz.it\/wp-content\/uploads\/2022\/09\/A-Bordwaende-in-Aluminium-1024x768.jpg 1024w, https:\/\/www.schwarz.it\/wp-content\/uploads\/2022\/09\/A-Bordwaende-in-Aluminium-300x225.jpg 300w, https:\/\/www.schwarz.it\/wp-content\/uploads\/2022\/09\/A-Bordwaende-in-Aluminium-768x576.jpg 768w, https:\/\/www.schwarz.it\/wp-content\/uploads\/2022\/09\/A-Bordwaende-in-Aluminium.jpg 1200w\" sizes=\"(max-width: 800px) 100vw, 800px\" \/><\/figure><\/a><\/div><div class=\"dce-item dce-item_title elementor-repeater-item-9291b54\"><h3 class=\"dce-post-title\"><a href=\"https:\/\/www.schwarz.it\/it\/zubehoer\/sponde-in-alluminio-2\/\">Sponde in alluminio<\/a><\/h3><\/div><div class=\"dce-item dce-item_content elementor-repeater-item-9bc4af8\"><div class=\"dce-post-content\">Le sponde in alluminio sono circa il 75% pi\u00f9 leggere di quelle in acciaio, pur offrendo una stabilit\u00e0 quasi invariata. <\/div><\/div>\t\t\t<\/div>\n\t\t<\/article>\n\t\t\n\t\t<article class=\"post-12327 zubehoer type-zubehoer status-publish has-post-thumbnail hentry zubehoer_kategorien-rimorchio-ribaltabile dce-post dce-post-item dce-grid-filters-item dce-item-grid-filters dce-item-grid\" data-dce-post-id=\"12327\" data-dce-post-index=\"37\">\n\t\t\t<div class=\"dce-post-block\">\n\t\t<div class=\"dce-item dce-item_image elementor-repeater-item-3f00d78\"><a class=\"dce-post-image\" href=\"https:\/\/www.schwarz.it\/it\/zubehoer\/bordwaende-in-aluminium\/\"><figure data-image-ratio=\"0.66\" class=\"dce-img\"><img width=\"600\" height=\"400\" src=\"https:\/\/www.schwarz.it\/wp-content\/uploads\/2022\/06\/2-Bordwaende-in-Aluminium.jpg\" class=\"\" alt=\"Sponde in alluminio\" srcset=\"https:\/\/www.schwarz.it\/wp-content\/uploads\/2022\/06\/2-Bordwaende-in-Aluminium.jpg 600w, https:\/\/www.schwarz.it\/wp-content\/uploads\/2022\/06\/2-Bordwaende-in-Aluminium-300x200.jpg 300w\" sizes=\"(max-width: 600px) 100vw, 600px\" \/><\/figure><\/a><\/div><div class=\"dce-item dce-item_title elementor-repeater-item-9291b54\"><h3 class=\"dce-post-title\"><a href=\"https:\/\/www.schwarz.it\/it\/zubehoer\/bordwaende-in-aluminium\/\">Sponde in alluminio<\/a><\/h3><\/div><div class=\"dce-item dce-item_content elementor-repeater-item-9bc4af8\"><div class=\"dce-post-content\">Le sponde in alluminio sono circa il 75% pi\u00f9 leggere di quelle in acciaio, pur offrendo una stabilit\u00e0 quasi invariata. <\/div><\/div>\t\t\t<\/div>\n\t\t<\/article>\n\t\t\n\t\t<article class=\"post-12326 zubehoer type-zubehoer status-publish has-post-thumbnail hentry zubehoer_kategorien-rimorchio-forestale zubehoer_kategorien-rimorchio-ribaltabile dce-post dce-post-item dce-grid-filters-item dce-item-grid-filters dce-item-grid\" data-dce-post-id=\"12326\" data-dce-post-index=\"38\">\n\t\t\t<div class=\"dce-post-block\">\n\t\t<div class=\"dce-item dce-item_image elementor-repeater-item-3f00d78\"><a class=\"dce-post-image\" href=\"https:\/\/www.schwarz.it\/it\/zubehoer\/soprasponde-in-acciaio\/\"><figure data-image-ratio=\"0.66\" class=\"dce-img\"><img width=\"600\" height=\"400\" src=\"https:\/\/www.schwarz.it\/wp-content\/uploads\/2022\/06\/3-Aufsatzwaende-in-Stahl.jpg\" class=\"\" alt=\"Soprasponde in acciaio\" srcset=\"https:\/\/www.schwarz.it\/wp-content\/uploads\/2022\/06\/3-Aufsatzwaende-in-Stahl.jpg 600w, https:\/\/www.schwarz.it\/wp-content\/uploads\/2022\/06\/3-Aufsatzwaende-in-Stahl-300x200.jpg 300w\" sizes=\"(max-width: 600px) 100vw, 600px\" \/><\/figure><\/a><\/div><div class=\"dce-item dce-item_title elementor-repeater-item-9291b54\"><h3 class=\"dce-post-title\"><a href=\"https:\/\/www.schwarz.it\/it\/zubehoer\/soprasponde-in-acciaio\/\">Soprasponde in acciaio<\/a><\/h3><\/div><div class=\"dce-item dce-item_content elementor-repeater-item-9bc4af8\"><div class=\"dce-post-content\">Le soprasponde in acciaio offrono grande stabilit\u00e0 e sono ideali per lavori impegnativi.<\/div><\/div>\t\t\t<\/div>\n\t\t<\/article>\n\t\t\n\t\t<article class=\"post-12325 zubehoer type-zubehoer status-publish has-post-thumbnail hentry zubehoer_kategorien-rimorchio-forestale zubehoer_kategorien-rimorchio-ribaltabile dce-post dce-post-item dce-grid-filters-item dce-item-grid-filters dce-item-grid\" data-dce-post-id=\"12325\" data-dce-post-index=\"39\">\n\t\t\t<div class=\"dce-post-block\">\n\t\t<div class=\"dce-item dce-item_image elementor-repeater-item-3f00d78\"><a class=\"dce-post-image\" href=\"https:\/\/www.schwarz.it\/it\/zubehoer\/soprasponde-proline\/\"><figure data-image-ratio=\"0.66\" class=\"dce-img\"><img width=\"600\" height=\"400\" src=\"https:\/\/www.schwarz.it\/wp-content\/uploads\/2022\/06\/4-Aufsatzwaende-PROLINE.jpg\" class=\"\" alt=\"Soprasponde PROLINE\" srcset=\"https:\/\/www.schwarz.it\/wp-content\/uploads\/2022\/06\/4-Aufsatzwaende-PROLINE.jpg 600w, https:\/\/www.schwarz.it\/wp-content\/uploads\/2022\/06\/4-Aufsatzwaende-PROLINE-300x200.jpg 300w\" sizes=\"(max-width: 600px) 100vw, 600px\" \/><\/figure><\/a><\/div><div class=\"dce-item dce-item_title elementor-repeater-item-9291b54\"><h3 class=\"dce-post-title\"><a href=\"https:\/\/www.schwarz.it\/it\/zubehoer\/soprasponde-proline\/\">Soprasponde PROLINE<\/a><\/h3><\/div><div class=\"dce-item dce-item_content elementor-repeater-item-9bc4af8\"><div class=\"dce-post-content\">Le nostre soprasponde PROLINE in acciaio ad alta resistenza sono  particolarmente robuste, adatte per lavori impegnativi. (altezza 60cm oppure 80cm)<\/div><\/div>\t\t\t<\/div>\n\t\t<\/article>\n\t\t\n\t\t<article class=\"post-12324 zubehoer type-zubehoer status-publish has-post-thumbnail hentry zubehoer_kategorien-rimorchio-forestale zubehoer_kategorien-rimorchio-ribaltabile dce-post dce-post-item dce-grid-filters-item dce-item-grid-filters dce-item-grid\" data-dce-post-id=\"12324\" data-dce-post-index=\"40\">\n\t\t\t<div class=\"dce-post-block\">\n\t\t<div class=\"dce-item dce-item_image elementor-repeater-item-3f00d78\"><a class=\"dce-post-image\" href=\"https:\/\/www.schwarz.it\/it\/zubehoer\/soprasponde-in-alluminio\/\"><figure data-image-ratio=\"0.66\" class=\"dce-img\"><img width=\"600\" height=\"400\" src=\"https:\/\/www.schwarz.it\/wp-content\/uploads\/2022\/06\/5-Aufsatzwaende-in-Aluminium.jpg\" class=\"\" alt=\"Soprasponde in alluminio\" srcset=\"https:\/\/www.schwarz.it\/wp-content\/uploads\/2022\/06\/5-Aufsatzwaende-in-Aluminium.jpg 600w, https:\/\/www.schwarz.it\/wp-content\/uploads\/2022\/06\/5-Aufsatzwaende-in-Aluminium-300x200.jpg 300w\" sizes=\"(max-width: 600px) 100vw, 600px\" \/><\/figure><\/a><\/div><div class=\"dce-item dce-item_title elementor-repeater-item-9291b54\"><h3 class=\"dce-post-title\"><a href=\"https:\/\/www.schwarz.it\/it\/zubehoer\/soprasponde-in-alluminio\/\">Soprasponde in alluminio<\/a><\/h3><\/div><div class=\"dce-item dce-item_content elementor-repeater-item-9bc4af8\"><div class=\"dce-post-content\">Soprattutto le soprasponde devono essere leggere, perch\u00e9 vengono spesso smontate e rimontate.\u00a0Le sponde in alluminio sono quasi il 75% pi\u00f9 leggere in confronto alle sponde in acciaio con quasi la stessa stabilit\u00e0.<\/div><\/div>\t\t\t<\/div>\n\t\t<\/article>\n\t\t\n\t\t<article class=\"post-12323 zubehoer type-zubehoer status-publish has-post-thumbnail hentry zubehoer_kategorien-rimorchio-forestale zubehoer_kategorien-rimorchio-ribaltabile dce-post dce-post-item dce-grid-filters-item dce-item-grid-filters dce-item-grid\" data-dce-post-id=\"12323\" data-dce-post-index=\"41\">\n\t\t\t<div class=\"dce-post-block\">\n\t\t<div class=\"dce-item dce-item_image elementor-repeater-item-3f00d78\"><a class=\"dce-post-image\" href=\"https:\/\/www.schwarz.it\/it\/zubehoer\/sponde-divise-a-meta-2\/\"><figure data-image-ratio=\"0.66\" class=\"dce-img\"><img width=\"600\" height=\"400\" src=\"https:\/\/www.schwarz.it\/wp-content\/uploads\/2022\/06\/6-Waende-mittig-geteilt.jpg\" class=\"\" alt=\"Sponde divise a met\u00e0\" srcset=\"https:\/\/www.schwarz.it\/wp-content\/uploads\/2022\/06\/6-Waende-mittig-geteilt.jpg 600w, https:\/\/www.schwarz.it\/wp-content\/uploads\/2022\/06\/6-Waende-mittig-geteilt-300x200.jpg 300w\" sizes=\"(max-width: 600px) 100vw, 600px\" \/><\/figure><\/a><\/div><div class=\"dce-item dce-item_title elementor-repeater-item-9291b54\"><h3 class=\"dce-post-title\"><a href=\"https:\/\/www.schwarz.it\/it\/zubehoer\/sponde-divise-a-meta-2\/\">Sponde divise a met\u00e0<\/a><\/h3><\/div><div class=\"dce-item dce-item_content elementor-repeater-item-9bc4af8\"><div class=\"dce-post-content\">Da consigliare per sponde molto lunghe. (470cm & 570cm)<\/div><\/div>\t\t\t<\/div>\n\t\t<\/article>\n\t\t\n\t\t<article class=\"post-12322 zubehoer type-zubehoer status-publish has-post-thumbnail hentry zubehoer_kategorien-rimorchio-forestale zubehoer_kategorien-rimorchio-ribaltabile dce-post dce-post-item dce-grid-filters-item dce-item-grid-filters dce-item-grid\" data-dce-post-id=\"12322\" data-dce-post-index=\"42\">\n\t\t\t<div class=\"dce-post-block\">\n\t\t<div class=\"dce-item dce-item_image elementor-repeater-item-3f00d78\"><a class=\"dce-post-image\" href=\"https:\/\/www.schwarz.it\/it\/zubehoer\/apertura-a-bandiera-posteriore\/\"><figure data-image-ratio=\"0.66\" class=\"dce-img\"><img width=\"800\" height=\"534\" src=\"https:\/\/www.schwarz.it\/wp-content\/uploads\/2022\/09\/Tuerfunktion-1024x684.jpg\" class=\"\" alt=\"Apertura a bandiera posteriore\" srcset=\"https:\/\/www.schwarz.it\/wp-content\/uploads\/2022\/09\/Tuerfunktion-1024x684.jpg 1024w, https:\/\/www.schwarz.it\/wp-content\/uploads\/2022\/09\/Tuerfunktion-300x200.jpg 300w, https:\/\/www.schwarz.it\/wp-content\/uploads\/2022\/09\/Tuerfunktion-768x513.jpg 768w, https:\/\/www.schwarz.it\/wp-content\/uploads\/2022\/09\/Tuerfunktion-1536x1025.jpg 1536w, https:\/\/www.schwarz.it\/wp-content\/uploads\/2022\/09\/Tuerfunktion.jpg 2000w\" sizes=\"(max-width: 800px) 100vw, 800px\" \/><\/figure><\/a><\/div><div class=\"dce-item dce-item_title elementor-repeater-item-9291b54\"><h3 class=\"dce-post-title\"><a href=\"https:\/\/www.schwarz.it\/it\/zubehoer\/apertura-a-bandiera-posteriore\/\">Apertura a bandiera posteriore<\/a><\/h3><\/div><div class=\"dce-item dce-item_content elementor-repeater-item-9bc4af8\"><div class=\"dce-post-content\">L\u2019apertura a bandiera \u00e8 una funzione aggiuntiva della sponda posteriore. Tutte le altre funzioni restano inalterate.<\/div><\/div>\t\t\t<\/div>\n\t\t<\/article>\n\t\t\n\t\t<article class=\"post-12321 zubehoer type-zubehoer status-publish has-post-thumbnail hentry zubehoer_kategorien-rimorchio-forestale zubehoer_kategorien-rimorchio-ribaltabile dce-post dce-post-item dce-grid-filters-item dce-item-grid-filters dce-item-grid\" data-dce-post-id=\"12321\" data-dce-post-index=\"43\">\n\t\t\t<div class=\"dce-post-block\">\n\t\t<div class=\"dce-item dce-item_image elementor-repeater-item-3f00d78\"><a class=\"dce-post-image\" href=\"https:\/\/www.schwarz.it\/it\/zubehoer\/apertura-laterale-a-pendolo\/\"><figure data-image-ratio=\"0.66\" class=\"dce-img\"><img width=\"600\" height=\"400\" src=\"https:\/\/www.schwarz.it\/wp-content\/uploads\/2022\/06\/8-Seitliche-Pendelwand.jpg\" class=\"\" alt=\"Apertura laterale a pendolo\" srcset=\"https:\/\/www.schwarz.it\/wp-content\/uploads\/2022\/06\/8-Seitliche-Pendelwand.jpg 600w, https:\/\/www.schwarz.it\/wp-content\/uploads\/2022\/06\/8-Seitliche-Pendelwand-300x200.jpg 300w\" sizes=\"(max-width: 600px) 100vw, 600px\" \/><\/figure><\/a><\/div><div class=\"dce-item dce-item_title elementor-repeater-item-9291b54\"><h3 class=\"dce-post-title\"><a href=\"https:\/\/www.schwarz.it\/it\/zubehoer\/apertura-laterale-a-pendolo\/\">Apertura laterale a pendolo<\/a><\/h3><\/div><div class=\"dce-item dce-item_content elementor-repeater-item-9bc4af8\"><div class=\"dce-post-content\">Un pratico accessorio in caso di frequente ribaltamento laterale. Disponibile di serie per pianali dalla lunghezza minima di 400 cm.<\/div><\/div>\t\t\t<\/div>\n\t\t<\/article>\n\t\t\n\t\t<article class=\"post-12320 zubehoer type-zubehoer status-publish has-post-thumbnail hentry zubehoer_kategorien-rimorchio-forestale zubehoer_kategorien-rimorchio-ribaltabile dce-post dce-post-item dce-grid-filters-item dce-item-grid-filters dce-item-grid\" data-dce-post-id=\"12320\" data-dce-post-index=\"44\">\n\t\t\t<div class=\"dce-post-block\">\n\t\t<div class=\"dce-item dce-item_image elementor-repeater-item-3f00d78\"><a class=\"dce-post-image\" href=\"https:\/\/www.schwarz.it\/it\/zubehoer\/scala-in-alluminio-anteriore-sulla-sponda\/\"><figure data-image-ratio=\"0.66\" class=\"dce-img\"><img width=\"600\" height=\"401\" src=\"https:\/\/www.schwarz.it\/wp-content\/uploads\/2022\/06\/9-Aufstiegsleiter-vorne.jpg\" class=\"\" alt=\"Scala in alluminio anteriore sulla sponda\" srcset=\"https:\/\/www.schwarz.it\/wp-content\/uploads\/2022\/06\/9-Aufstiegsleiter-vorne.jpg 600w, https:\/\/www.schwarz.it\/wp-content\/uploads\/2022\/06\/9-Aufstiegsleiter-vorne-300x201.jpg 300w\" sizes=\"(max-width: 600px) 100vw, 600px\" \/><\/figure><\/a><\/div><div class=\"dce-item dce-item_title elementor-repeater-item-9291b54\"><h3 class=\"dce-post-title\"><a href=\"https:\/\/www.schwarz.it\/it\/zubehoer\/scala-in-alluminio-anteriore-sulla-sponda\/\">Scala in alluminio anteriore sulla sponda<\/a><\/h3><\/div><div class=\"dce-item dce-item_content elementor-repeater-item-9bc4af8\"><div class=\"dce-post-content\">Consigliato per soprasponde alte.<\/div><\/div>\t\t\t<\/div>\n\t\t<\/article>\n\t\t\n\t\t<article class=\"post-12319 zubehoer type-zubehoer status-publish has-post-thumbnail hentry zubehoer_kategorien-rimorchio-forestale zubehoer_kategorien-rimorchio-ribaltabile dce-post dce-post-item dce-grid-filters-item dce-item-grid-filters dce-item-grid\" data-dce-post-id=\"12319\" data-dce-post-index=\"45\">\n\t\t\t<div class=\"dce-post-block\">\n\t\t<div class=\"dce-item dce-item_image elementor-repeater-item-3f00d78\"><a class=\"dce-post-image\" href=\"https:\/\/www.schwarz.it\/it\/zubehoer\/piantoni-industriali\/\"><figure data-image-ratio=\"0.66\" class=\"dce-img\"><img width=\"600\" height=\"400\" src=\"https:\/\/www.schwarz.it\/wp-content\/uploads\/2022\/06\/10-Industriesaeulen.jpg\" class=\"\" alt=\"Piantoni industriali\" srcset=\"https:\/\/www.schwarz.it\/wp-content\/uploads\/2022\/06\/10-Industriesaeulen.jpg 600w, https:\/\/www.schwarz.it\/wp-content\/uploads\/2022\/06\/10-Industriesaeulen-300x200.jpg 300w\" sizes=\"(max-width: 600px) 100vw, 600px\" \/><\/figure><\/a><\/div><div class=\"dce-item dce-item_title elementor-repeater-item-9291b54\"><h3 class=\"dce-post-title\"><a href=\"https:\/\/www.schwarz.it\/it\/zubehoer\/piantoni-industriali\/\">Piantoni industriali<\/a><\/h3><\/div><div class=\"dce-item dce-item_content elementor-repeater-item-9bc4af8\"><div class=\"dce-post-content\">Con i montanti industriali si evitano elementi sporgenti. Le sponde vengono spostate verso l\u2019esterno per aumentare lo spazio interno.<\/div><\/div>\t\t\t<\/div>\n\t\t<\/article>\n\t\t\n\t\t<article class=\"post-12318 zubehoer type-zubehoer status-publish has-post-thumbnail hentry zubehoer_kategorien-rimorchio-forestale zubehoer_kategorien-rimorchio-ribaltabile dce-post dce-post-item dce-grid-filters-item dce-item-grid-filters dce-item-grid\" data-dce-post-id=\"12318\" data-dce-post-index=\"46\">\n\t\t\t<div class=\"dce-post-block\">\n\t\t<div class=\"dce-item dce-item_image elementor-repeater-item-3f00d78\"><a class=\"dce-post-image\" href=\"https:\/\/www.schwarz.it\/it\/zubehoer\/molle-per-alzare-le-sponde\/\"><figure data-image-ratio=\"0.66\" class=\"dce-img\"><img width=\"600\" height=\"400\" src=\"https:\/\/www.schwarz.it\/wp-content\/uploads\/2022\/06\/11-Hubfedern-fuer-Seitenwaende.jpg\" class=\"\" alt=\"Molle per alzare le sponde\" srcset=\"https:\/\/www.schwarz.it\/wp-content\/uploads\/2022\/06\/11-Hubfedern-fuer-Seitenwaende.jpg 600w, https:\/\/www.schwarz.it\/wp-content\/uploads\/2022\/06\/11-Hubfedern-fuer-Seitenwaende-300x200.jpg 300w\" sizes=\"(max-width: 600px) 100vw, 600px\" \/><\/figure><\/a><\/div><div class=\"dce-item dce-item_title elementor-repeater-item-9291b54\"><h3 class=\"dce-post-title\"><a href=\"https:\/\/www.schwarz.it\/it\/zubehoer\/molle-per-alzare-le-sponde\/\">Molle per alzare le sponde<\/a><\/h3><\/div><div class=\"dce-item dce-item_content elementor-repeater-item-9bc4af8\"><div class=\"dce-post-content\">Ideali per facilitare l\u2019apertura e chiusura delle sponde laterali. Con il nostro sistema non bisogna togliere le molle quando la sponda si apre a pendolo.<\/div><\/div>\t\t\t<\/div>\n\t\t<\/article>\n\t\t\n\t\t<article class=\"post-12317 zubehoer type-zubehoer status-publish has-post-thumbnail hentry zubehoer_kategorien-rimorchio-forestale zubehoer_kategorien-rimorchio-ribaltabile dce-post dce-post-item dce-grid-filters-item dce-item-grid-filters dce-item-grid\" data-dce-post-id=\"12317\" data-dce-post-index=\"47\">\n\t\t\t<div class=\"dce-post-block\">\n\t\t<div class=\"dce-item dce-item_image elementor-repeater-item-3f00d78\"><a class=\"dce-post-image\" href=\"https:\/\/www.schwarz.it\/it\/zubehoer\/sponda-idraulica-posteriore\/\"><figure data-image-ratio=\"0.66\" class=\"dce-img\"><img width=\"600\" height=\"400\" src=\"https:\/\/www.schwarz.it\/wp-content\/uploads\/2022\/06\/12-Hydraulische-Bordwand-hinten.jpg\" class=\"\" alt=\"Sponda idraulica posteriore\" srcset=\"https:\/\/www.schwarz.it\/wp-content\/uploads\/2022\/06\/12-Hydraulische-Bordwand-hinten.jpg 600w, https:\/\/www.schwarz.it\/wp-content\/uploads\/2022\/06\/12-Hydraulische-Bordwand-hinten-300x200.jpg 300w\" sizes=\"(max-width: 600px) 100vw, 600px\" \/><\/figure><\/a><\/div><div class=\"dce-item dce-item_title elementor-repeater-item-9291b54\"><h3 class=\"dce-post-title\"><a href=\"https:\/\/www.schwarz.it\/it\/zubehoer\/sponda-idraulica-posteriore\/\">Sponda idraulica posteriore<\/a><\/h3><\/div><div class=\"dce-item dce-item_content elementor-repeater-item-9bc4af8\"><div class=\"dce-post-content\">La sponda posteriore o eventuali soprasponde vengono aperte e chiuse tramite un sistema idraulico, senza dover scendere dal trattore. Inoltre protegge l\u2019impianto luci dal materiale scaricato.<\/div><\/div>\t\t\t<\/div>\n\t\t<\/article>\n\t\t\n\t\t<article class=\"post-12316 zubehoer type-zubehoer status-publish has-post-thumbnail hentry zubehoer_kategorien-rimorchio-ribaltabile dce-post dce-post-item dce-grid-filters-item dce-item-grid-filters dce-item-grid\" data-dce-post-id=\"12316\" data-dce-post-index=\"48\">\n\t\t\t<div class=\"dce-post-block\">\n\t\t<div class=\"dce-item dce-item_image elementor-repeater-item-3f00d78\"><a class=\"dce-post-image\" href=\"https:\/\/www.schwarz.it\/it\/zubehoer\/sponda-idraulica-laterale\/\"><figure data-image-ratio=\"0.66\" class=\"dce-img\"><img width=\"600\" height=\"338\" src=\"https:\/\/www.schwarz.it\/wp-content\/uploads\/2022\/06\/13-Hydraulische-Bordwand-seitlich.jpg\" class=\"\" alt=\"Sponda idraulica laterale\" srcset=\"https:\/\/www.schwarz.it\/wp-content\/uploads\/2022\/06\/13-Hydraulische-Bordwand-seitlich.jpg 600w, https:\/\/www.schwarz.it\/wp-content\/uploads\/2022\/06\/13-Hydraulische-Bordwand-seitlich-300x169.jpg 300w\" sizes=\"(max-width: 600px) 100vw, 600px\" \/><\/figure><\/a><\/div><div class=\"dce-item dce-item_title elementor-repeater-item-9291b54\"><h3 class=\"dce-post-title\"><a href=\"https:\/\/www.schwarz.it\/it\/zubehoer\/sponda-idraulica-laterale\/\">Sponda idraulica laterale<\/a><\/h3><\/div><div class=\"dce-item dce-item_content elementor-repeater-item-9bc4af8\"><div class=\"dce-post-content\">L\u2019apertura e chiusura delle sponde laterali viene azionata tramite un sistema idraulico, senza dover scendere dal trattore.<\/div><\/div>\t\t\t<\/div>\n\t\t<\/article>\n\t\t\n\t\t<article class=\"post-12315 zubehoer type-zubehoer status-publish has-post-thumbnail hentry zubehoer_kategorien-rimorchio-ribaltabile dce-post dce-post-item dce-grid-filters-item dce-item-grid-filters dce-item-grid\" data-dce-post-id=\"12315\" data-dce-post-index=\"49\">\n\t\t\t<div class=\"dce-post-block\">\n\t\t<div class=\"dce-item dce-item_image elementor-repeater-item-3f00d78\"><a class=\"dce-post-image\" href=\"https:\/\/www.schwarz.it\/it\/zubehoer\/apertura-per-il-grano\/\"><figure data-image-ratio=\"0.66\" class=\"dce-img\"><img width=\"600\" height=\"451\" src=\"https:\/\/www.schwarz.it\/wp-content\/uploads\/2022\/06\/14-Kornschieber.jpg\" class=\"\" alt=\"Apertura per il grano\" srcset=\"https:\/\/www.schwarz.it\/wp-content\/uploads\/2022\/06\/14-Kornschieber.jpg 600w, https:\/\/www.schwarz.it\/wp-content\/uploads\/2022\/06\/14-Kornschieber-300x226.jpg 300w\" sizes=\"(max-width: 600px) 100vw, 600px\" \/><\/figure><\/a><\/div><div class=\"dce-item dce-item_title elementor-repeater-item-9291b54\"><h3 class=\"dce-post-title\"><a href=\"https:\/\/www.schwarz.it\/it\/zubehoer\/apertura-per-il-grano\/\">Apertura per il grano<\/a><\/h3><\/div><div class=\"dce-item dce-item_content elementor-repeater-item-9bc4af8\"><div class=\"dce-post-content\"><\/div><\/div>\t\t\t<\/div>\n\t\t<\/article>\n\t\t\n\t\t<article class=\"post-12314 zubehoer type-zubehoer status-publish has-post-thumbnail hentry zubehoer_kategorien-rimorchio-forestale zubehoer_kategorien-rimorchio-ribaltabile dce-post dce-post-item dce-grid-filters-item dce-item-grid-filters dce-item-grid\" data-dce-post-id=\"12314\" data-dce-post-index=\"50\">\n\t\t\t<div class=\"dce-post-block\">\n\t\t<div class=\"dce-item dce-item_image elementor-repeater-item-3f00d78\"><a class=\"dce-post-image\" href=\"https:\/\/www.schwarz.it\/it\/zubehoer\/acciaio-hardox-per-pianale-oppure-sponde\/\"><figure data-image-ratio=\"0.66\" class=\"dce-img\"><img width=\"600\" height=\"399\" src=\"https:\/\/www.schwarz.it\/wp-content\/uploads\/2022\/06\/Hardox.jpg\" class=\"\" alt=\"Acciaio &#8220;Hardox&#8221; (per pianale oppure sponde)\" srcset=\"https:\/\/www.schwarz.it\/wp-content\/uploads\/2022\/06\/Hardox.jpg 600w, https:\/\/www.schwarz.it\/wp-content\/uploads\/2022\/06\/Hardox-300x200.jpg 300w\" sizes=\"(max-width: 600px) 100vw, 600px\" \/><\/figure><\/a><\/div><div class=\"dce-item dce-item_title elementor-repeater-item-9291b54\"><h3 class=\"dce-post-title\"><a href=\"https:\/\/www.schwarz.it\/it\/zubehoer\/acciaio-hardox-per-pianale-oppure-sponde\/\">Acciaio &#8220;Hardox&#8221; (per pianale oppure sponde)<\/a><\/h3><\/div><div class=\"dce-item dce-item_content elementor-repeater-item-9bc4af8\"><div class=\"dce-post-content\">L\u00b4 acciaio speciale Hardox \u00e8 consigliato per il trasporto di materiale da cava e pietre.<\/div><\/div>\t\t\t<\/div>\n\t\t<\/article>\n\t\t\n\t\t<article class=\"post-12313 zubehoer type-zubehoer status-publish has-post-thumbnail hentry zubehoer_kategorien-rimorchio-forestale dce-post dce-post-item dce-grid-filters-item dce-item-grid-filters dce-item-grid\" data-dce-post-id=\"12313\" data-dce-post-index=\"51\">\n\t\t\t<div class=\"dce-post-block\">\n\t\t<div class=\"dce-item dce-item_image elementor-repeater-item-3f00d78\"><a class=\"dce-post-image\" href=\"https:\/\/www.schwarz.it\/it\/zubehoer\/lamiere-di-protezione-laterali-tra-stanti\/\"><figure data-image-ratio=\"0.66\" class=\"dce-img\"><img width=\"800\" height=\"534\" src=\"https:\/\/www.schwarz.it\/wp-content\/uploads\/2022\/09\/A9-Schutzblech-zwischen-Rungen-1024x684.jpg\" class=\"\" alt=\"Lamiere di protezione laterali tra stanti\" srcset=\"https:\/\/www.schwarz.it\/wp-content\/uploads\/2022\/09\/A9-Schutzblech-zwischen-Rungen-1024x684.jpg 1024w, https:\/\/www.schwarz.it\/wp-content\/uploads\/2022\/09\/A9-Schutzblech-zwischen-Rungen-300x200.jpg 300w, https:\/\/www.schwarz.it\/wp-content\/uploads\/2022\/09\/A9-Schutzblech-zwischen-Rungen-768x513.jpg 768w, https:\/\/www.schwarz.it\/wp-content\/uploads\/2022\/09\/A9-Schutzblech-zwischen-Rungen.jpg 1200w\" sizes=\"(max-width: 800px) 100vw, 800px\" \/><\/figure><\/a><\/div><div class=\"dce-item dce-item_title elementor-repeater-item-9291b54\"><h3 class=\"dce-post-title\"><a href=\"https:\/\/www.schwarz.it\/it\/zubehoer\/lamiere-di-protezione-laterali-tra-stanti\/\">Lamiere di protezione laterali tra stanti<\/a><\/h3><\/div><div class=\"dce-item dce-item_content elementor-repeater-item-9bc4af8\"><div class=\"dce-post-content\"><\/div><\/div>\t\t\t<\/div>\n\t\t<\/article>\n\t\t\n\t\t<article class=\"post-12312 zubehoer type-zubehoer status-publish has-post-thumbnail hentry zubehoer_kategorien-rimorchio-ribaltabile dce-post dce-post-item dce-grid-filters-item dce-item-grid-filters dce-item-grid\" data-dce-post-id=\"12312\" data-dce-post-index=\"52\">\n\t\t\t<div class=\"dce-post-block\">\n\t\t<div class=\"dce-item dce-item_image elementor-repeater-item-3f00d78\"><a class=\"dce-post-image\" href=\"https:\/\/www.schwarz.it\/it\/zubehoer\/prolunga-anteriore\/\"><figure data-image-ratio=\"0.66\" class=\"dce-img\"><img width=\"600\" height=\"374\" src=\"https:\/\/www.schwarz.it\/wp-content\/uploads\/2022\/06\/16-Verlaengerung-vorne.jpg\" class=\"\" alt=\"Prolunga anteriore\" srcset=\"https:\/\/www.schwarz.it\/wp-content\/uploads\/2022\/06\/16-Verlaengerung-vorne.jpg 600w, https:\/\/www.schwarz.it\/wp-content\/uploads\/2022\/06\/16-Verlaengerung-vorne-300x187.jpg 300w\" sizes=\"(max-width: 600px) 100vw, 600px\" \/><\/figure><\/a><\/div><div class=\"dce-item dce-item_title elementor-repeater-item-9291b54\"><h3 class=\"dce-post-title\"><a href=\"https:\/\/www.schwarz.it\/it\/zubehoer\/prolunga-anteriore\/\">Prolunga anteriore<\/a><\/h3><\/div><div class=\"dce-item dce-item_content elementor-repeater-item-9bc4af8\"><div class=\"dce-post-content\">Prolunga anteriore 25 cm imbullonata. Obbligatoria quando dietro viene prolungato pi\u00f9 di 55cm. <\/div><\/div>\t\t\t<\/div>\n\t\t<\/article>\n\t\t\n\t\t<article class=\"post-12311 zubehoer type-zubehoer status-publish has-post-thumbnail hentry zubehoer_kategorien-rimorchio-ribaltabile dce-post dce-post-item dce-grid-filters-item dce-item-grid-filters dce-item-grid\" data-dce-post-id=\"12311\" data-dce-post-index=\"53\">\n\t\t\t<div class=\"dce-post-block\">\n\t\t<div class=\"dce-item dce-item_image elementor-repeater-item-3f00d78\"><a class=\"dce-post-image\" href=\"https:\/\/www.schwarz.it\/it\/zubehoer\/prolunga-posteriore-aperta\/\"><figure data-image-ratio=\"0.66\" class=\"dce-img\"><img width=\"800\" height=\"533\" src=\"https:\/\/www.schwarz.it\/wp-content\/uploads\/2022\/09\/Verlaengerung-hinten-1024x682.jpg\" class=\"\" alt=\"Prolunga posteriore aperta\" srcset=\"https:\/\/www.schwarz.it\/wp-content\/uploads\/2022\/09\/Verlaengerung-hinten-1024x682.jpg 1024w, https:\/\/www.schwarz.it\/wp-content\/uploads\/2022\/09\/Verlaengerung-hinten-300x200.jpg 300w, https:\/\/www.schwarz.it\/wp-content\/uploads\/2022\/09\/Verlaengerung-hinten-768x512.jpg 768w, https:\/\/www.schwarz.it\/wp-content\/uploads\/2022\/09\/Verlaengerung-hinten-1536x1024.jpg 1536w, https:\/\/www.schwarz.it\/wp-content\/uploads\/2022\/09\/Verlaengerung-hinten.jpg 2000w\" sizes=\"(max-width: 800px) 100vw, 800px\" \/><\/figure><\/a><\/div><div class=\"dce-item dce-item_title elementor-repeater-item-9291b54\"><h3 class=\"dce-post-title\"><a href=\"https:\/\/www.schwarz.it\/it\/zubehoer\/prolunga-posteriore-aperta\/\">Prolunga posteriore aperta<\/a><\/h3><\/div><div class=\"dce-item dce-item_content elementor-repeater-item-9bc4af8\"><div class=\"dce-post-content\">Prolunga omologata fino 55cm oppure 80cm con luci integrate. (80cm solo in combinazione con prolunga anteriore)<\/div><\/div>\t\t\t<\/div>\n\t\t<\/article>\n\t\t\n\t\t<article class=\"post-12310 zubehoer type-zubehoer status-publish has-post-thumbnail hentry zubehoer_kategorien-rimorchio-ribaltabile dce-post dce-post-item dce-grid-filters-item dce-item-grid-filters dce-item-grid\" data-dce-post-id=\"12310\" data-dce-post-index=\"54\">\n\t\t\t<div class=\"dce-post-block\">\n\t\t<div class=\"dce-item dce-item_image elementor-repeater-item-3f00d78\"><a class=\"dce-post-image\" href=\"https:\/\/www.schwarz.it\/it\/zubehoer\/prolunga-posteriore-con-lamiera-intera\/\"><figure data-image-ratio=\"0.66\" class=\"dce-img\"><img width=\"600\" height=\"400\" src=\"https:\/\/www.schwarz.it\/wp-content\/uploads\/2022\/06\/18-Verlaengerung-hinten-mit-ganzem-Blech.jpg\" class=\"\" alt=\"Prolunga posteriore con lamiera intera\" srcset=\"https:\/\/www.schwarz.it\/wp-content\/uploads\/2022\/06\/18-Verlaengerung-hinten-mit-ganzem-Blech.jpg 600w, https:\/\/www.schwarz.it\/wp-content\/uploads\/2022\/06\/18-Verlaengerung-hinten-mit-ganzem-Blech-300x200.jpg 300w\" sizes=\"(max-width: 600px) 100vw, 600px\" \/><\/figure><\/a><\/div><div class=\"dce-item dce-item_title elementor-repeater-item-9291b54\"><h3 class=\"dce-post-title\"><a href=\"https:\/\/www.schwarz.it\/it\/zubehoer\/prolunga-posteriore-con-lamiera-intera\/\">Prolunga posteriore con lamiera intera<\/a><\/h3><\/div><div class=\"dce-item dce-item_content elementor-repeater-item-9bc4af8\"><div class=\"dce-post-content\">Prolunga smontabile omologata fino 55cm oppure 80cm con lamiera intera e luci integrate. (80cm solo in combinazione con prolunga anteriore)<\/div><\/div>\t\t\t<\/div>\n\t\t<\/article>\n\t\t\n\t\t<article class=\"post-12309 zubehoer type-zubehoer status-publish has-post-thumbnail hentry zubehoer_kategorien-rimorchio-ribaltabile dce-post dce-post-item dce-grid-filters-item dce-item-grid-filters dce-item-grid\" data-dce-post-id=\"12309\" data-dce-post-index=\"55\">\n\t\t\t<div class=\"dce-post-block\">\n\t\t<div class=\"dce-item dce-item_image elementor-repeater-item-3f00d78\"><a class=\"dce-post-image\" href=\"https:\/\/www.schwarz.it\/it\/zubehoer\/pacchetto-per-trasporto-cassoni-per-ortofrutta\/\"><figure data-image-ratio=\"0.66\" class=\"dce-img\"><img width=\"600\" height=\"450\" src=\"https:\/\/www.schwarz.it\/wp-content\/uploads\/2022\/06\/19-Obstbau-Ausstattung.jpg\" class=\"\" alt=\"Pacchetto per trasporto cassoni per ortofrutta\" srcset=\"https:\/\/www.schwarz.it\/wp-content\/uploads\/2022\/06\/19-Obstbau-Ausstattung.jpg 600w, https:\/\/www.schwarz.it\/wp-content\/uploads\/2022\/06\/19-Obstbau-Ausstattung-300x225.jpg 300w\" sizes=\"(max-width: 600px) 100vw, 600px\" \/><\/figure><\/a><\/div><div class=\"dce-item dce-item_title elementor-repeater-item-9291b54\"><h3 class=\"dce-post-title\"><a href=\"https:\/\/www.schwarz.it\/it\/zubehoer\/pacchetto-per-trasporto-cassoni-per-ortofrutta\/\">Pacchetto per trasporto cassoni per ortofrutta<\/a><\/h3><\/div><div class=\"dce-item dce-item_content elementor-repeater-item-9bc4af8\"><div class=\"dce-post-content\">Questo pacchetto comprende tutto il necessario per adattare il ribaltabile al trasporto dei cassoni per l'ortofrutta: prolunga posteriore e anteriore, telaio di sostegno, guide montate sul pianale e avvolgi cinghie.<\/div><\/div>\t\t\t<\/div>\n\t\t<\/article>\n\t\t\n\t\t<article class=\"post-12308 zubehoer type-zubehoer status-publish has-post-thumbnail hentry zubehoer_kategorien-rimorchio-ribaltabile dce-post dce-post-item dce-grid-filters-item dce-item-grid-filters dce-item-grid\" data-dce-post-id=\"12308\" data-dce-post-index=\"56\">\n\t\t\t<div class=\"dce-post-block\">\n\t\t<div class=\"dce-item dce-item_image elementor-repeater-item-3f00d78\"><a class=\"dce-post-image\" href=\"https:\/\/www.schwarz.it\/it\/zubehoer\/inclinazione-posteriore-in-aggiunta-al-ribaltamento-trilaterale\/\"><figure data-image-ratio=\"0.66\" class=\"dce-img\"><img width=\"600\" height=\"400\" src=\"https:\/\/www.schwarz.it\/wp-content\/uploads\/2022\/06\/20-Hydraulische-Rueckneigung.jpg\" class=\"\" alt=\"Inclinazione posteriore in aggiunta al ribaltamento trilaterale\" srcset=\"https:\/\/www.schwarz.it\/wp-content\/uploads\/2022\/06\/20-Hydraulische-Rueckneigung.jpg 600w, https:\/\/www.schwarz.it\/wp-content\/uploads\/2022\/06\/20-Hydraulische-Rueckneigung-300x200.jpg 300w\" sizes=\"(max-width: 600px) 100vw, 600px\" \/><\/figure><\/a><\/div><div class=\"dce-item dce-item_title elementor-repeater-item-9291b54\"><h3 class=\"dce-post-title\"><a href=\"https:\/\/www.schwarz.it\/it\/zubehoer\/inclinazione-posteriore-in-aggiunta-al-ribaltamento-trilaterale\/\">Inclinazione posteriore in aggiunta al ribaltamento trilaterale<\/a><\/h3><\/div><div class=\"dce-item dce-item_content elementor-repeater-item-9bc4af8\"><div class=\"dce-post-content\">Un cilindro aggiuntivo inclina il pianale posteriormente per permettere di caricare macchine agricole, escavatori o altri macchinari. Questo accessorio \u00e8 compatibile solo con pianali a partire dalla lunghezza di 470 cm oppure 350-400cm in combinazione con la prolunga posteriore con lamiera intera.<\/div><\/div>\t\t\t<\/div>\n\t\t<\/article>\n\t\t\n\t\t<article class=\"post-12307 zubehoer type-zubehoer status-publish has-post-thumbnail hentry zubehoer_kategorien-rimorchio-forestale zubehoer_kategorien-rimorchio-inclinabile zubehoer_kategorien-rimorchio-portabestiame zubehoer_kategorien-rimorchio-portapallet zubehoer_kategorien-rimorchio-ribaltabile dce-post dce-post-item dce-grid-filters-item dce-item-grid-filters dce-item-grid\" data-dce-post-id=\"12307\" data-dce-post-index=\"57\">\n\t\t\t<div class=\"dce-post-block\">\n\t\t<div class=\"dce-item dce-item_image elementor-repeater-item-3f00d78\"><a class=\"dce-post-image\" href=\"https:\/\/www.schwarz.it\/it\/zubehoer\/asse-motrice-traino\/\"><figure data-image-ratio=\"0.66\" class=\"dce-img\"><img width=\"600\" height=\"400\" src=\"https:\/\/www.schwarz.it\/wp-content\/uploads\/2022\/06\/21-Triebachse.jpg\" class=\"\" alt=\"Asse motrice (traino)\" srcset=\"https:\/\/www.schwarz.it\/wp-content\/uploads\/2022\/06\/21-Triebachse.jpg 600w, https:\/\/www.schwarz.it\/wp-content\/uploads\/2022\/06\/21-Triebachse-300x200.jpg 300w\" sizes=\"(max-width: 600px) 100vw, 600px\" \/><\/figure><\/a><\/div><div class=\"dce-item dce-item_title elementor-repeater-item-9291b54\"><h3 class=\"dce-post-title\"><a href=\"https:\/\/www.schwarz.it\/it\/zubehoer\/asse-motrice-traino\/\">Asse motrice (traino)<\/a><\/h3><\/div><div class=\"dce-item dce-item_content elementor-repeater-item-9bc4af8\"><div class=\"dce-post-content\">Asse motrice meccanica compreso l'adattamento del riduttore al trattore e l'albero cardanico. \nRiduttori speciali per due trattori o con commando elettrico su richiesta.\nInoltre c'\u00e8 la possibilit\u00e0 di realizzare l\u00b4asse motrice idraulica. <\/div><\/div>\t\t\t<\/div>\n\t\t<\/article>\n\t\t\n\t\t<article class=\"post-12306 zubehoer type-zubehoer status-publish has-post-thumbnail hentry zubehoer_kategorien-rimorchio-forestale zubehoer_kategorien-rimorchio-portabestiame zubehoer_kategorien-rimorchio-ribaltabile dce-post dce-post-item dce-grid-filters-item dce-item-grid-filters dce-item-grid\" data-dce-post-id=\"12306\" data-dce-post-index=\"58\">\n\t\t\t<div class=\"dce-post-block\">\n\t\t<div class=\"dce-item dce-item_image elementor-repeater-item-3f00d78\"><a class=\"dce-post-image\" href=\"https:\/\/www.schwarz.it\/it\/zubehoer\/sollevatore-assale-3\/\"><figure data-image-ratio=\"0.66\" class=\"dce-img\"><img width=\"600\" height=\"377\" src=\"https:\/\/www.schwarz.it\/wp-content\/uploads\/2022\/06\/22-Achsheber-Kippanhaenger.jpg\" class=\"\" alt=\"Sollevatore assale\" srcset=\"https:\/\/www.schwarz.it\/wp-content\/uploads\/2022\/06\/22-Achsheber-Kippanhaenger.jpg 600w, https:\/\/www.schwarz.it\/wp-content\/uploads\/2022\/06\/22-Achsheber-Kippanhaenger-300x189.jpg 300w\" sizes=\"(max-width: 600px) 100vw, 600px\" \/><\/figure><\/a><\/div><div class=\"dce-item dce-item_title elementor-repeater-item-9291b54\"><h3 class=\"dce-post-title\"><a href=\"https:\/\/www.schwarz.it\/it\/zubehoer\/sollevatore-assale-3\/\">Sollevatore assale<\/a><\/h3><\/div><div class=\"dce-item dce-item_content elementor-repeater-item-9bc4af8\"><div class=\"dce-post-content\">Alza-assale idraulico. Su richiesta \u00e8 disponibile anche in versione doppio-effetto.<\/div><\/div>\t\t\t<\/div>\n\t\t<\/article>\n\t\t\n\t\t<article class=\"post-12305 zubehoer type-zubehoer status-publish has-post-thumbnail hentry zubehoer_kategorien-rimorchio-inclinabile zubehoer_kategorien-rimorchio-portabestiame zubehoer_kategorien-rimorchio-portapallet zubehoer_kategorien-rimorchio-ribaltabile dce-post dce-post-item dce-grid-filters-item dce-item-grid-filters dce-item-grid\" data-dce-post-id=\"12305\" data-dce-post-index=\"59\">\n\t\t\t<div class=\"dce-post-block\">\n\t\t<div class=\"dce-item dce-item_image elementor-repeater-item-3f00d78\"><a class=\"dce-post-image\" href=\"https:\/\/www.schwarz.it\/it\/zubehoer\/sollevatore-assale-2\/\"><figure data-image-ratio=\"0.66\" class=\"dce-img\"><img width=\"600\" height=\"400\" src=\"https:\/\/www.schwarz.it\/wp-content\/uploads\/2022\/06\/23-Lenkachse.jpg\" class=\"\" alt=\"Sollevatore assale\" srcset=\"https:\/\/www.schwarz.it\/wp-content\/uploads\/2022\/06\/23-Lenkachse.jpg 600w, https:\/\/www.schwarz.it\/wp-content\/uploads\/2022\/06\/23-Lenkachse-300x200.jpg 300w\" sizes=\"(max-width: 600px) 100vw, 600px\" \/><\/figure><\/a><\/div><div class=\"dce-item dce-item_title elementor-repeater-item-9291b54\"><h3 class=\"dce-post-title\"><a href=\"https:\/\/www.schwarz.it\/it\/zubehoer\/sollevatore-assale-2\/\">Sollevatore assale<\/a><\/h3><\/div><div class=\"dce-item dce-item_content elementor-repeater-item-9bc4af8\"><div class=\"dce-post-content\">L\u2019asse sterzante si gira automaticamente nella direzione giusta e pu\u00f2 essere bloccato idraulicamente in fase di retromarcia.<\/div><\/div>\t\t\t<\/div>\n\t\t<\/article>\n\t\t\n\t\t<article class=\"post-12304 zubehoer type-zubehoer status-publish has-post-thumbnail hentry zubehoer_kategorien-rimorchio-forestale dce-post dce-post-item dce-grid-filters-item dce-item-grid-filters dce-item-grid\" data-dce-post-id=\"12304\" data-dce-post-index=\"60\">\n\t\t\t<div class=\"dce-post-block\">\n\t\t<div class=\"dce-item dce-item_image elementor-repeater-item-3f00d78\"><a class=\"dce-post-image\" href=\"https:\/\/www.schwarz.it\/it\/zubehoer\/asse-autosterzante-con-blocco-idraulico\/\"><figure data-image-ratio=\"0.66\" class=\"dce-img\"><img width=\"800\" height=\"534\" src=\"https:\/\/www.schwarz.it\/wp-content\/uploads\/2022\/09\/A12-Lenkachse-Forstanhaenger-1024x684.jpg\" class=\"\" alt=\"Asse autosterzante con blocco idraulico\" srcset=\"https:\/\/www.schwarz.it\/wp-content\/uploads\/2022\/09\/A12-Lenkachse-Forstanhaenger-1024x684.jpg 1024w, https:\/\/www.schwarz.it\/wp-content\/uploads\/2022\/09\/A12-Lenkachse-Forstanhaenger-300x200.jpg 300w, https:\/\/www.schwarz.it\/wp-content\/uploads\/2022\/09\/A12-Lenkachse-Forstanhaenger-768x513.jpg 768w, https:\/\/www.schwarz.it\/wp-content\/uploads\/2022\/09\/A12-Lenkachse-Forstanhaenger.jpg 1200w\" sizes=\"(max-width: 800px) 100vw, 800px\" \/><\/figure><\/a><\/div><div class=\"dce-item dce-item_title elementor-repeater-item-9291b54\"><h3 class=\"dce-post-title\"><a href=\"https:\/\/www.schwarz.it\/it\/zubehoer\/asse-autosterzante-con-blocco-idraulico\/\">Asse autosterzante con blocco idraulico<\/a><\/h3><\/div><div class=\"dce-item dce-item_content elementor-repeater-item-9bc4af8\"><div class=\"dce-post-content\">L\u2019asse sterzante si gira automaticamente nella direzione giusta e pu\u00f2 essere bloccato idraulicamente in fase di retromarcia.<\/div><\/div>\t\t\t<\/div>\n\t\t<\/article>\n\t\t\n\t\t<article class=\"post-12303 zubehoer type-zubehoer status-publish has-post-thumbnail hentry zubehoer_kategorien-rimorchio-inclinabile zubehoer_kategorien-rimorchio-portabestiame zubehoer_kategorien-rimorchio-portapallet zubehoer_kategorien-rimorchio-ribaltabile dce-post dce-post-item dce-grid-filters-item dce-item-grid-filters dce-item-grid\" data-dce-post-id=\"12303\" data-dce-post-index=\"61\">\n\t\t\t<div class=\"dce-post-block\">\n\t\t<div class=\"dce-item dce-item_image elementor-repeater-item-3f00d78\"><a class=\"dce-post-image\" href=\"https:\/\/www.schwarz.it\/it\/zubehoer\/barra-stabilizzatrice-per-migliorare-la-stabilita-in-curva\/\"><figure data-image-ratio=\"0.66\" class=\"dce-img\"><img width=\"600\" height=\"450\" src=\"https:\/\/www.schwarz.it\/wp-content\/uploads\/2022\/06\/24-Stabilisatorstange.jpg\" class=\"\" alt=\"Barra stabilizzatrice per migliorare la stabilit\u00e0 in curva\" srcset=\"https:\/\/www.schwarz.it\/wp-content\/uploads\/2022\/06\/24-Stabilisatorstange.jpg 600w, https:\/\/www.schwarz.it\/wp-content\/uploads\/2022\/06\/24-Stabilisatorstange-300x225.jpg 300w\" sizes=\"(max-width: 600px) 100vw, 600px\" \/><\/figure><\/a><\/div><div class=\"dce-item dce-item_title elementor-repeater-item-9291b54\"><h3 class=\"dce-post-title\"><a href=\"https:\/\/www.schwarz.it\/it\/zubehoer\/barra-stabilizzatrice-per-migliorare-la-stabilita-in-curva\/\">Barra stabilizzatrice per migliorare la stabilit\u00e0 in curva<\/a><\/h3><\/div><div class=\"dce-item dce-item_content elementor-repeater-item-9bc4af8\"><div class=\"dce-post-content\">La barra stabilizzatrice mette in connessione la sospensione sinistra con quella destra per evitare le oscillazioni laterali e aumenta la stabilit\u00e0 del rimorchio. Gi\u00e0 da anni proponiamo con successo questo sistema, che nei camion viene montato di serie.\u00a0Consigliato per i rimorchi stretti (140cm; 150cm; 160cm).<\/div><\/div>\t\t\t<\/div>\n\t\t<\/article>\n\t\t\n\t\t<article class=\"post-12302 zubehoer type-zubehoer status-publish has-post-thumbnail hentry zubehoer_kategorien-rimorchio-inclinabile zubehoer_kategorien-rimorchio-portabestiame zubehoer_kategorien-rimorchio-portapallet zubehoer_kategorien-rimorchio-ribaltabile dce-post dce-post-item dce-grid-filters-item dce-item-grid-filters dce-item-grid\" data-dce-post-id=\"12302\" data-dce-post-index=\"62\">\n\t\t\t<div class=\"dce-post-block\">\n\t\t<div class=\"dce-item dce-item_image elementor-repeater-item-3f00d78\"><a class=\"dce-post-image\" href=\"https:\/\/www.schwarz.it\/it\/zubehoer\/protezione-fanali\/\"><figure data-image-ratio=\"0.66\" class=\"dce-img\"><img width=\"600\" height=\"400\" src=\"https:\/\/www.schwarz.it\/wp-content\/uploads\/2022\/06\/25-Schutz-fuer-Ruecklichter.jpg\" class=\"\" alt=\"Protezione fanali\" srcset=\"https:\/\/www.schwarz.it\/wp-content\/uploads\/2022\/06\/25-Schutz-fuer-Ruecklichter.jpg 600w, https:\/\/www.schwarz.it\/wp-content\/uploads\/2022\/06\/25-Schutz-fuer-Ruecklichter-300x200.jpg 300w\" sizes=\"(max-width: 600px) 100vw, 600px\" \/><\/figure><\/a><\/div><div class=\"dce-item dce-item_title elementor-repeater-item-9291b54\"><h3 class=\"dce-post-title\"><a href=\"https:\/\/www.schwarz.it\/it\/zubehoer\/protezione-fanali\/\">Protezione fanali<\/a><\/h3><\/div><div class=\"dce-item dce-item_content elementor-repeater-item-9bc4af8\"><div class=\"dce-post-content\"><\/div><\/div>\t\t\t<\/div>\n\t\t<\/article>\n\t\t\n\t\t<article class=\"post-12301 zubehoer type-zubehoer status-publish has-post-thumbnail hentry zubehoer_kategorien-rimorchio-inclinabile zubehoer_kategorien-rimorchio-portabestiame zubehoer_kategorien-rimorchio-portapallet zubehoer_kategorien-rimorchio-ribaltabile dce-post dce-post-item dce-grid-filters-item dce-item-grid-filters dce-item-grid\" data-dce-post-id=\"12301\" data-dce-post-index=\"63\">\n\t\t\t<div class=\"dce-post-block\">\n\t\t<div class=\"dce-item dce-item_image elementor-repeater-item-3f00d78\"><a class=\"dce-post-image\" href=\"https:\/\/www.schwarz.it\/it\/zubehoer\/fanali-led\/\"><figure data-image-ratio=\"0.66\" class=\"dce-img\"><img width=\"600\" height=\"338\" src=\"https:\/\/www.schwarz.it\/wp-content\/uploads\/2022\/06\/26-LED-Lichter.jpg\" class=\"\" alt=\"Fanali LED\" srcset=\"https:\/\/www.schwarz.it\/wp-content\/uploads\/2022\/06\/26-LED-Lichter.jpg 600w, https:\/\/www.schwarz.it\/wp-content\/uploads\/2022\/06\/26-LED-Lichter-300x169.jpg 300w\" sizes=\"(max-width: 600px) 100vw, 600px\" \/><\/figure><\/a><\/div><div class=\"dce-item dce-item_title elementor-repeater-item-9291b54\"><h3 class=\"dce-post-title\"><a href=\"https:\/\/www.schwarz.it\/it\/zubehoer\/fanali-led\/\">Fanali LED<\/a><\/h3><\/div><div class=\"dce-item dce-item_content elementor-repeater-item-9bc4af8\"><div class=\"dce-post-content\"><\/div><\/div>\t\t\t<\/div>\n\t\t<\/article>\n\t\t\n\t\t<article class=\"post-12300 zubehoer type-zubehoer status-publish has-post-thumbnail hentry zubehoer_kategorien-rimorchio-forestale dce-post dce-post-item dce-grid-filters-item dce-item-grid-filters dce-item-grid\" data-dce-post-id=\"12300\" data-dce-post-index=\"64\">\n\t\t\t<div class=\"dce-post-block\">\n\t\t<div class=\"dce-item dce-item_image elementor-repeater-item-3f00d78\"><a class=\"dce-post-image\" href=\"https:\/\/www.schwarz.it\/it\/zubehoer\/fanale-su-gru-forestale\/\"><figure data-image-ratio=\"0.66\" class=\"dce-img\"><img width=\"800\" height=\"575\" src=\"https:\/\/www.schwarz.it\/wp-content\/uploads\/2022\/09\/A1-Scheinwerfer-auf-Kran-1024x736.jpg\" class=\"\" alt=\"Fanale su gru forestale\" srcset=\"https:\/\/www.schwarz.it\/wp-content\/uploads\/2022\/09\/A1-Scheinwerfer-auf-Kran-1024x736.jpg 1024w, https:\/\/www.schwarz.it\/wp-content\/uploads\/2022\/09\/A1-Scheinwerfer-auf-Kran-300x216.jpg 300w, https:\/\/www.schwarz.it\/wp-content\/uploads\/2022\/09\/A1-Scheinwerfer-auf-Kran-768x552.jpg 768w, https:\/\/www.schwarz.it\/wp-content\/uploads\/2022\/09\/A1-Scheinwerfer-auf-Kran.jpg 1200w\" sizes=\"(max-width: 800px) 100vw, 800px\" \/><\/figure><\/a><\/div><div class=\"dce-item dce-item_title elementor-repeater-item-9291b54\"><h3 class=\"dce-post-title\"><a href=\"https:\/\/www.schwarz.it\/it\/zubehoer\/fanale-su-gru-forestale\/\">Fanale su gru forestale<\/a><\/h3><\/div><div class=\"dce-item dce-item_content elementor-repeater-item-9bc4af8\"><div class=\"dce-post-content\"><\/div><\/div>\t\t\t<\/div>\n\t\t<\/article>\n\t\t\n\t\t<article class=\"post-12299 zubehoer type-zubehoer status-publish has-post-thumbnail hentry zubehoer_kategorien-rimorchio-forestale zubehoer_kategorien-rimorchio-ribaltabile dce-post dce-post-item dce-grid-filters-item dce-item-grid-filters dce-item-grid\" data-dce-post-id=\"12299\" data-dce-post-index=\"65\">\n\t\t\t<div class=\"dce-post-block\">\n\t\t<div class=\"dce-item dce-item_image elementor-repeater-item-3f00d78\"><a class=\"dce-post-image\" href=\"https:\/\/www.schwarz.it\/it\/zubehoer\/gancio-a-sfera\/\"><figure data-image-ratio=\"0.66\" class=\"dce-img\"><img width=\"600\" height=\"400\" src=\"https:\/\/www.schwarz.it\/wp-content\/uploads\/2022\/06\/27-Kugelkupplung-K80.jpg\" class=\"\" alt=\"Gancio a sfera\" srcset=\"https:\/\/www.schwarz.it\/wp-content\/uploads\/2022\/06\/27-Kugelkupplung-K80.jpg 600w, https:\/\/www.schwarz.it\/wp-content\/uploads\/2022\/06\/27-Kugelkupplung-K80-300x200.jpg 300w\" sizes=\"(max-width: 600px) 100vw, 600px\" \/><\/figure><\/a><\/div><div class=\"dce-item dce-item_title elementor-repeater-item-9291b54\"><h3 class=\"dce-post-title\"><a href=\"https:\/\/www.schwarz.it\/it\/zubehoer\/gancio-a-sfera\/\">Gancio a sfera<\/a><\/h3><\/div><div class=\"dce-item dce-item_content elementor-repeater-item-9bc4af8\"><div class=\"dce-post-content\"><\/div><\/div>\t\t\t<\/div>\n\t\t<\/article>\n\t\t\n\t\t<article class=\"post-12298 zubehoer type-zubehoer status-publish has-post-thumbnail hentry zubehoer_kategorien-rimorchio-forestale dce-post dce-post-item dce-grid-filters-item dce-item-grid-filters dce-item-grid\" data-dce-post-id=\"12298\" data-dce-post-index=\"66\">\n\t\t\t<div class=\"dce-post-block\">\n\t\t<div class=\"dce-item dce-item_image elementor-repeater-item-3f00d78\"><a class=\"dce-post-image\" href=\"https:\/\/www.schwarz.it\/it\/zubehoer\/verricello-idraulico-per-gru-forestale\/\"><figure data-image-ratio=\"0.66\" class=\"dce-img\"><img width=\"800\" height=\"450\" src=\"https:\/\/www.schwarz.it\/wp-content\/uploads\/2022\/09\/A10-hydraulische-Seilwinde-1024x576.jpg\" class=\"\" alt=\"Verricello idraulico per gru forestale\" srcset=\"https:\/\/www.schwarz.it\/wp-content\/uploads\/2022\/09\/A10-hydraulische-Seilwinde-1024x576.jpg 1024w, https:\/\/www.schwarz.it\/wp-content\/uploads\/2022\/09\/A10-hydraulische-Seilwinde-300x169.jpg 300w, https:\/\/www.schwarz.it\/wp-content\/uploads\/2022\/09\/A10-hydraulische-Seilwinde-768x432.jpg 768w, https:\/\/www.schwarz.it\/wp-content\/uploads\/2022\/09\/A10-hydraulische-Seilwinde.jpg 1200w\" sizes=\"(max-width: 800px) 100vw, 800px\" \/><\/figure><\/a><\/div><div class=\"dce-item dce-item_title elementor-repeater-item-9291b54\"><h3 class=\"dce-post-title\"><a href=\"https:\/\/www.schwarz.it\/it\/zubehoer\/verricello-idraulico-per-gru-forestale\/\">Verricello idraulico per gru forestale<\/a><\/h3><\/div><div class=\"dce-item dce-item_content elementor-repeater-item-9bc4af8\"><div class=\"dce-post-content\">Questo verricello idraulico viene montato sul braccio della gru forestale e ha una forza di tiro di 1500kg. La fune d\u2019acciaio ha una lunghezza di 45m.\n<\/div><\/div>\t\t\t<\/div>\n\t\t<\/article>\n\t\t\n\t\t<article class=\"post-12297 zubehoer type-zubehoer status-publish has-post-thumbnail hentry zubehoer_kategorien-rimorchio-forestale dce-post dce-post-item dce-grid-filters-item dce-item-grid-filters dce-item-grid\" data-dce-post-id=\"12297\" data-dce-post-index=\"67\">\n\t\t\t<div class=\"dce-post-block\">\n\t\t<div class=\"dce-item dce-item_image elementor-repeater-item-3f00d78\"><a class=\"dce-post-image\" href=\"https:\/\/www.schwarz.it\/it\/zubehoer\/radioguida-per-gru-forestale\/\"><figure data-image-ratio=\"0.66\" class=\"dce-img\"><img width=\"800\" height=\"534\" src=\"https:\/\/www.schwarz.it\/wp-content\/uploads\/2022\/09\/A8-Fernsteuerung-1024x684.jpg\" class=\"\" alt=\"Radioguida per gru forestale\" srcset=\"https:\/\/www.schwarz.it\/wp-content\/uploads\/2022\/09\/A8-Fernsteuerung-1024x684.jpg 1024w, https:\/\/www.schwarz.it\/wp-content\/uploads\/2022\/09\/A8-Fernsteuerung-300x200.jpg 300w, https:\/\/www.schwarz.it\/wp-content\/uploads\/2022\/09\/A8-Fernsteuerung-768x513.jpg 768w, https:\/\/www.schwarz.it\/wp-content\/uploads\/2022\/09\/A8-Fernsteuerung.jpg 1200w\" sizes=\"(max-width: 800px) 100vw, 800px\" \/><\/figure><\/a><\/div><div class=\"dce-item dce-item_title elementor-repeater-item-9291b54\"><h3 class=\"dce-post-title\"><a href=\"https:\/\/www.schwarz.it\/it\/zubehoer\/radioguida-per-gru-forestale\/\">Radioguida per gru forestale<\/a><\/h3><\/div><div class=\"dce-item dce-item_content elementor-repeater-item-9bc4af8\"><div class=\"dce-post-content\">Con il radiocomando per la gru forestale \u00e8 possibile lavorare a distanza in modo comodo e sicuro.<\/div><\/div>\t\t\t<\/div>\n\t\t<\/article>\n\t\t\n\t\t<article class=\"post-12296 zubehoer type-zubehoer status-publish has-post-thumbnail hentry zubehoer_kategorien-rimorchio-forestale dce-post dce-post-item dce-grid-filters-item dce-item-grid-filters dce-item-grid\" data-dce-post-id=\"12296\" data-dce-post-index=\"68\">\n\t\t\t<div class=\"dce-post-block\">\n\t\t<div class=\"dce-item dce-item_image elementor-repeater-item-3f00d78\"><a class=\"dce-post-image\" href=\"https:\/\/www.schwarz.it\/it\/zubehoer\/sedile-per-gru\/\"><figure data-image-ratio=\"0.66\" class=\"dce-img\"><img width=\"800\" height=\"534\" src=\"https:\/\/www.schwarz.it\/wp-content\/uploads\/2022\/09\/A5-Kransitz-1024x684.jpg\" class=\"\" alt=\"Sedile per gru\" srcset=\"https:\/\/www.schwarz.it\/wp-content\/uploads\/2022\/09\/A5-Kransitz-1024x684.jpg 1024w, https:\/\/www.schwarz.it\/wp-content\/uploads\/2022\/09\/A5-Kransitz-300x200.jpg 300w, https:\/\/www.schwarz.it\/wp-content\/uploads\/2022\/09\/A5-Kransitz-768x513.jpg 768w, https:\/\/www.schwarz.it\/wp-content\/uploads\/2022\/09\/A5-Kransitz.jpg 1200w\" sizes=\"(max-width: 800px) 100vw, 800px\" \/><\/figure><\/a><\/div><div class=\"dce-item dce-item_title elementor-repeater-item-9291b54\"><h3 class=\"dce-post-title\"><a href=\"https:\/\/www.schwarz.it\/it\/zubehoer\/sedile-per-gru\/\">Sedile per gru<\/a><\/h3><\/div><div class=\"dce-item dce-item_content elementor-repeater-item-9bc4af8\"><div class=\"dce-post-content\"><\/div><\/div>\t\t\t<\/div>\n\t\t<\/article>\n\t\t\n\t\t<article class=\"post-12295 zubehoer type-zubehoer status-publish has-post-thumbnail hentry zubehoer_kategorien-rimorchio-forestale dce-post dce-post-item dce-grid-filters-item dce-item-grid-filters dce-item-grid\" data-dce-post-id=\"12295\" data-dce-post-index=\"69\">\n\t\t\t<div class=\"dce-post-block\">\n\t\t<div class=\"dce-item dce-item_image elementor-repeater-item-3f00d78\"><a class=\"dce-post-image\" href=\"https:\/\/www.schwarz.it\/it\/zubehoer\/pulsante-di-emergenza\/\"><figure data-image-ratio=\"0.66\" class=\"dce-img\"><img width=\"800\" height=\"534\" src=\"https:\/\/www.schwarz.it\/wp-content\/uploads\/2022\/09\/A6-Not-Aus-Schalter-auf-Kransitz-montiert-1024x684.jpg\" class=\"\" alt=\"Pulsante di emergenza\" srcset=\"https:\/\/www.schwarz.it\/wp-content\/uploads\/2022\/09\/A6-Not-Aus-Schalter-auf-Kransitz-montiert-1024x684.jpg 1024w, https:\/\/www.schwarz.it\/wp-content\/uploads\/2022\/09\/A6-Not-Aus-Schalter-auf-Kransitz-montiert-300x200.jpg 300w, https:\/\/www.schwarz.it\/wp-content\/uploads\/2022\/09\/A6-Not-Aus-Schalter-auf-Kransitz-montiert-768x513.jpg 768w, https:\/\/www.schwarz.it\/wp-content\/uploads\/2022\/09\/A6-Not-Aus-Schalter-auf-Kransitz-montiert.jpg 1200w\" sizes=\"(max-width: 800px) 100vw, 800px\" \/><\/figure><\/a><\/div><div class=\"dce-item dce-item_title elementor-repeater-item-9291b54\"><h3 class=\"dce-post-title\"><a href=\"https:\/\/www.schwarz.it\/it\/zubehoer\/pulsante-di-emergenza\/\">Pulsante di emergenza<\/a><\/h3><\/div><div class=\"dce-item dce-item_content elementor-repeater-item-9bc4af8\"><div class=\"dce-post-content\">Lavorare in sicurezza - con il pulsante d'emergenza montato sul sedile della gru.<\/div><\/div>\t\t\t<\/div>\n\t\t<\/article>\n\t\t\n\t\t<article class=\"post-12293 zubehoer type-zubehoer status-publish has-post-thumbnail hentry zubehoer_kategorien-rimorchio-forestale dce-post dce-post-item dce-grid-filters-item dce-item-grid-filters dce-item-grid\" data-dce-post-id=\"12293\" data-dce-post-index=\"70\">\n\t\t\t<div class=\"dce-post-block\">\n\t\t<div class=\"dce-item dce-item_image elementor-repeater-item-3f00d78\"><a class=\"dce-post-image\" href=\"https:\/\/www.schwarz.it\/it\/zubehoer\/pedana\/\"><figure data-image-ratio=\"0.66\" class=\"dce-img\"><img width=\"800\" height=\"534\" src=\"https:\/\/www.schwarz.it\/wp-content\/uploads\/2022\/09\/A7-Stehpodest-1024x684.jpg\" class=\"\" alt=\"Pedana\" srcset=\"https:\/\/www.schwarz.it\/wp-content\/uploads\/2022\/09\/A7-Stehpodest-1024x684.jpg 1024w, https:\/\/www.schwarz.it\/wp-content\/uploads\/2022\/09\/A7-Stehpodest-300x200.jpg 300w, https:\/\/www.schwarz.it\/wp-content\/uploads\/2022\/09\/A7-Stehpodest-768x513.jpg 768w, https:\/\/www.schwarz.it\/wp-content\/uploads\/2022\/09\/A7-Stehpodest.jpg 1200w\" sizes=\"(max-width: 800px) 100vw, 800px\" \/><\/figure><\/a><\/div><div class=\"dce-item dce-item_title elementor-repeater-item-9291b54\"><h3 class=\"dce-post-title\"><a href=\"https:\/\/www.schwarz.it\/it\/zubehoer\/pedana\/\">Pedana<\/a><\/h3><\/div><div class=\"dce-item dce-item_content elementor-repeater-item-9bc4af8\"><div class=\"dce-post-content\"><\/div><\/div>\t\t\t<\/div>\n\t\t<\/article>\n\t\t\n\t\t<article class=\"post-12292 zubehoer type-zubehoer status-publish has-post-thumbnail hentry zubehoer_kategorien-rimorchio-forestale zubehoer_kategorien-rimorchio-ribaltabile dce-post dce-post-item dce-grid-filters-item dce-item-grid-filters dce-item-grid\" data-dce-post-id=\"12292\" data-dce-post-index=\"71\">\n\t\t\t<div class=\"dce-post-block\">\n\t\t<div class=\"dce-item dce-item_image elementor-repeater-item-3f00d78\"><a class=\"dce-post-image\" href=\"https:\/\/www.schwarz.it\/it\/zubehoer\/timone-sterzante-idraulico\/\"><figure data-image-ratio=\"0.66\" class=\"dce-img\"><img width=\"600\" height=\"400\" src=\"https:\/\/www.schwarz.it\/wp-content\/uploads\/2022\/06\/29-Lenkdeichsel.jpg\" class=\"\" alt=\"Timone sterzante idraulico\" srcset=\"https:\/\/www.schwarz.it\/wp-content\/uploads\/2022\/06\/29-Lenkdeichsel.jpg 600w, https:\/\/www.schwarz.it\/wp-content\/uploads\/2022\/06\/29-Lenkdeichsel-300x200.jpg 300w\" sizes=\"(max-width: 600px) 100vw, 600px\" \/><\/figure><\/a><\/div><div class=\"dce-item dce-item_title elementor-repeater-item-9291b54\"><h3 class=\"dce-post-title\"><a href=\"https:\/\/www.schwarz.it\/it\/zubehoer\/timone-sterzante-idraulico\/\">Timone sterzante idraulico<\/a><\/h3><\/div><div class=\"dce-item dce-item_content elementor-repeater-item-9bc4af8\"><div class=\"dce-post-content\">Il timone sterzante viene comandato idraulicamente dal trattore e ha un angolo di sterzatura di \u00b1 38\u00b0. Cos\u00ec il rimorchio riesce a seguire meglio la scia del trattore, riducendo significativamente le forze sull\u2019asse motrice in curva. Inoltre questo sistema migliora la manovrabilit\u00e0, anche in retromarcia.<\/div><\/div>\t\t\t<\/div>\n\t\t<\/article>\n\t\t\n\t\t<article class=\"post-12291 zubehoer type-zubehoer status-publish has-post-thumbnail hentry zubehoer_kategorien-rimorchio-forestale zubehoer_kategorien-rimorchio-portabestiame zubehoer_kategorien-rimorchio-ribaltabile dce-post dce-post-item dce-grid-filters-item dce-item-grid-filters dce-item-grid\" data-dce-post-id=\"12291\" data-dce-post-index=\"72\">\n\t\t\t<div class=\"dce-post-block\">\n\t\t<div class=\"dce-item dce-item_image elementor-repeater-item-3f00d78\"><a class=\"dce-post-image\" href=\"https:\/\/www.schwarz.it\/it\/zubehoer\/piede-dappoggio-ultra-forte\/\"><figure data-image-ratio=\"0.66\" class=\"dce-img\"><img width=\"600\" height=\"400\" src=\"https:\/\/www.schwarz.it\/wp-content\/uploads\/2022\/06\/Extra-starker-Stuetzfuss7.jpg\" class=\"\" alt=\"Piede d\u2019appoggio ultra forte\" srcset=\"https:\/\/www.schwarz.it\/wp-content\/uploads\/2022\/06\/Extra-starker-Stuetzfuss7.jpg 600w, https:\/\/www.schwarz.it\/wp-content\/uploads\/2022\/06\/Extra-starker-Stuetzfuss7-300x200.jpg 300w\" sizes=\"(max-width: 600px) 100vw, 600px\" \/><\/figure><\/a><\/div><div class=\"dce-item dce-item_title elementor-repeater-item-9291b54\"><h3 class=\"dce-post-title\"><a href=\"https:\/\/www.schwarz.it\/it\/zubehoer\/piede-dappoggio-ultra-forte\/\">Piede d\u2019appoggio ultra forte<\/a><\/h3><\/div><div class=\"dce-item dce-item_content elementor-repeater-item-9bc4af8\"><div class=\"dce-post-content\"><\/div><\/div>\t\t\t<\/div>\n\t\t<\/article>\n\t\t\n\t\t<article class=\"post-12290 zubehoer type-zubehoer status-publish has-post-thumbnail hentry zubehoer_kategorien-rimorchio-inclinabile zubehoer_kategorien-rimorchio-portabestiame zubehoer_kategorien-rimorchio-portapallet zubehoer_kategorien-rimorchio-ribaltabile dce-post dce-post-item dce-grid-filters-item dce-item-grid-filters dce-item-grid\" data-dce-post-id=\"12290\" data-dce-post-index=\"73\">\n\t\t\t<div class=\"dce-post-block\">\n\t\t<div class=\"dce-item dce-item_image elementor-repeater-item-3f00d78\"><a class=\"dce-post-image\" href=\"https:\/\/www.schwarz.it\/it\/zubehoer\/ruota-dappoggio-con-piastra\/\"><figure data-image-ratio=\"0.66\" class=\"dce-img\"><img width=\"600\" height=\"450\" src=\"https:\/\/www.schwarz.it\/wp-content\/uploads\/2022\/06\/30-Kombiplatte-bei-Stuetzfuss.jpg\" class=\"\" alt=\"Ruota d\u2019appoggio con piastra\" srcset=\"https:\/\/www.schwarz.it\/wp-content\/uploads\/2022\/06\/30-Kombiplatte-bei-Stuetzfuss.jpg 600w, https:\/\/www.schwarz.it\/wp-content\/uploads\/2022\/06\/30-Kombiplatte-bei-Stuetzfuss-300x225.jpg 300w\" sizes=\"(max-width: 600px) 100vw, 600px\" \/><\/figure><\/a><\/div><div class=\"dce-item dce-item_title elementor-repeater-item-9291b54\"><h3 class=\"dce-post-title\"><a href=\"https:\/\/www.schwarz.it\/it\/zubehoer\/ruota-dappoggio-con-piastra\/\">Ruota d\u2019appoggio con piastra<\/a><\/h3><\/div><div class=\"dce-item dce-item_content elementor-repeater-item-9bc4af8\"><div class=\"dce-post-content\">Su un terreno duro, la ruota di sostegno consente al rimorchio di essere spostato. Su terreno soffice, invece, la piastra impedisce al rimorchio di affondare.<\/div><\/div>\t\t\t<\/div>\n\t\t<\/article>\n\t\t\n\t\t<article class=\"post-12289 zubehoer type-zubehoer status-publish has-post-thumbnail hentry zubehoer_kategorien-rimorchio-forestale zubehoer_kategorien-rimorchio-ribaltabile dce-post dce-post-item dce-grid-filters-item dce-item-grid-filters dce-item-grid\" data-dce-post-id=\"12289\" data-dce-post-index=\"74\">\n\t\t\t<div class=\"dce-post-block\">\n\t\t<div class=\"dce-item dce-item_image elementor-repeater-item-3f00d78\"><a class=\"dce-post-image\" href=\"https:\/\/www.schwarz.it\/it\/zubehoer\/piede-dappoggio-idraulico\/\"><figure data-image-ratio=\"0.66\" class=\"dce-img\"><img width=\"600\" height=\"375\" src=\"https:\/\/www.schwarz.it\/wp-content\/uploads\/2022\/06\/32-Hydraulischer-Stuezufuss.jpg\" class=\"\" alt=\"Piede d&#8217;appoggio idraulico\" srcset=\"https:\/\/www.schwarz.it\/wp-content\/uploads\/2022\/06\/32-Hydraulischer-Stuezufuss.jpg 600w, https:\/\/www.schwarz.it\/wp-content\/uploads\/2022\/06\/32-Hydraulischer-Stuezufuss-300x188.jpg 300w\" sizes=\"(max-width: 600px) 100vw, 600px\" \/><\/figure><\/a><\/div><div class=\"dce-item dce-item_title elementor-repeater-item-9291b54\"><h3 class=\"dce-post-title\"><a href=\"https:\/\/www.schwarz.it\/it\/zubehoer\/piede-dappoggio-idraulico\/\">Piede d&#8217;appoggio idraulico<\/a><\/h3><\/div><div class=\"dce-item dce-item_content elementor-repeater-item-9bc4af8\"><div class=\"dce-post-content\"><\/div><\/div>\t\t\t<\/div>\n\t\t<\/article>\n\t\t\n\t\t<article class=\"post-12288 zubehoer type-zubehoer status-publish has-post-thumbnail hentry zubehoer_kategorien-rimorchio-forestale zubehoer_kategorien-rimorchio-inclinabile zubehoer_kategorien-rimorchio-portabestiame zubehoer_kategorien-rimorchio-portapallet zubehoer_kategorien-rimorchio-ribaltabile dce-post dce-post-item dce-grid-filters-item dce-item-grid-filters dce-item-grid\" data-dce-post-id=\"12288\" data-dce-post-index=\"75\">\n\t\t\t<div class=\"dce-post-block\">\n\t\t<div class=\"dce-item dce-item_image elementor-repeater-item-3f00d78\"><a class=\"dce-post-image\" href=\"https:\/\/www.schwarz.it\/it\/zubehoer\/freno-idraulico-di-tipo-e\/\"><figure data-image-ratio=\"0.66\" class=\"dce-img\"><img width=\"600\" height=\"462\" src=\"https:\/\/www.schwarz.it\/wp-content\/uploads\/2022\/06\/33-Bremse-E.jpg\" class=\"\" alt=\"Freno idraulico di tipo  &#8220;E&#8221;\" srcset=\"https:\/\/www.schwarz.it\/wp-content\/uploads\/2022\/06\/33-Bremse-E.jpg 600w, https:\/\/www.schwarz.it\/wp-content\/uploads\/2022\/06\/33-Bremse-E-300x231.jpg 300w\" sizes=\"(max-width: 600px) 100vw, 600px\" \/><\/figure><\/a><\/div><div class=\"dce-item dce-item_title elementor-repeater-item-9291b54\"><h3 class=\"dce-post-title\"><a href=\"https:\/\/www.schwarz.it\/it\/zubehoer\/freno-idraulico-di-tipo-e\/\">Freno idraulico di tipo  &#8220;E&#8221;<\/a><\/h3><\/div><div class=\"dce-item dce-item_content elementor-repeater-item-9bc4af8\"><div class=\"dce-post-content\">Freno idraulico con comando moderabile (Valvola freno rimorchio con comando moderabile \u2013 VFRCM). In Italia \u00e8 obbligatoria per i rimorchi da 6 tonnellate peso complessivo se il trattore \u00e8 sprovvisto di freno idraulico preinstallato sul pedale.<\/div><\/div>\t\t\t<\/div>\n\t\t<\/article>\n\t\t\n\t\t<article class=\"post-12287 zubehoer type-zubehoer status-publish has-post-thumbnail hentry zubehoer_kategorien-rimorchio-forestale zubehoer_kategorien-rimorchio-inclinabile zubehoer_kategorien-rimorchio-portabestiame zubehoer_kategorien-rimorchio-portapallet zubehoer_kategorien-rimorchio-ribaltabile dce-post dce-post-item dce-grid-filters-item dce-item-grid-filters dce-item-grid\" data-dce-post-id=\"12287\" data-dce-post-index=\"76\">\n\t\t\t<div class=\"dce-post-block\">\n\t\t<div class=\"dce-item dce-item_image elementor-repeater-item-3f00d78\"><a class=\"dce-post-image\" href=\"https:\/\/www.schwarz.it\/it\/zubehoer\/freno-pneumatico-con-regolatore-di-frenatura-automatico-alb\/\"><figure data-image-ratio=\"0.66\" class=\"dce-img\"><img width=\"600\" height=\"450\" src=\"https:\/\/www.schwarz.it\/wp-content\/uploads\/2022\/06\/34-Pneumatische-Bremse.jpg\" class=\"\" alt=\"Freno pneumatico con regolatore di frenatura automatico ALB\" srcset=\"https:\/\/www.schwarz.it\/wp-content\/uploads\/2022\/06\/34-Pneumatische-Bremse.jpg 600w, https:\/\/www.schwarz.it\/wp-content\/uploads\/2022\/06\/34-Pneumatische-Bremse-300x225.jpg 300w\" sizes=\"(max-width: 600px) 100vw, 600px\" \/><\/figure><\/a><\/div><div class=\"dce-item dce-item_title elementor-repeater-item-9291b54\"><h3 class=\"dce-post-title\"><a href=\"https:\/\/www.schwarz.it\/it\/zubehoer\/freno-pneumatico-con-regolatore-di-frenatura-automatico-alb\/\">Freno pneumatico con regolatore di frenatura automatico ALB<\/a><\/h3><\/div><div class=\"dce-item dce-item_content elementor-repeater-item-9bc4af8\"><div class=\"dce-post-content\">La valvola \"ALB\" regola automaticamente la forza frenante in base al peso del carico.<\/div><\/div>\t\t\t<\/div>\n\t\t<\/article>\n\t\t\n\t\t<article class=\"post-12285 zubehoer type-zubehoer status-publish has-post-thumbnail hentry zubehoer_kategorien-rimorchio-forestale zubehoer_kategorien-rimorchio-portabestiame zubehoer_kategorien-rimorchio-ribaltabile dce-post dce-post-item dce-grid-filters-item dce-item-grid-filters dce-item-grid\" data-dce-post-id=\"12285\" data-dce-post-index=\"77\">\n\t\t\t<div class=\"dce-post-block\">\n\t\t<div class=\"dce-item dce-item_image elementor-repeater-item-3f00d78\"><a class=\"dce-post-image\" href=\"https:\/\/www.schwarz.it\/it\/zubehoer\/cassetta-portattrezzi-3\/\"><figure data-image-ratio=\"0.66\" class=\"dce-img\"><img width=\"600\" height=\"450\" src=\"https:\/\/www.schwarz.it\/wp-content\/uploads\/2022\/06\/36-Werkzeugkiste.jpg\" class=\"\" alt=\"Cassetta portattrezzi\" srcset=\"https:\/\/www.schwarz.it\/wp-content\/uploads\/2022\/06\/36-Werkzeugkiste.jpg 600w, https:\/\/www.schwarz.it\/wp-content\/uploads\/2022\/06\/36-Werkzeugkiste-300x225.jpg 300w\" sizes=\"(max-width: 600px) 100vw, 600px\" \/><\/figure><\/a><\/div><div class=\"dce-item dce-item_title elementor-repeater-item-9291b54\"><h3 class=\"dce-post-title\"><a href=\"https:\/\/www.schwarz.it\/it\/zubehoer\/cassetta-portattrezzi-3\/\">Cassetta portattrezzi<\/a><\/h3><\/div><div class=\"dce-item dce-item_content elementor-repeater-item-9bc4af8\"><div class=\"dce-post-content\"><\/div><\/div>\t\t\t<\/div>\n\t\t<\/article>\n\t\t\n\t\t<article class=\"post-12284 zubehoer type-zubehoer status-publish has-post-thumbnail hentry zubehoer_kategorien-rimorchio-forestale zubehoer_kategorien-rimorchio-portapallet zubehoer_kategorien-rimorchio-ribaltabile dce-post dce-post-item dce-grid-filters-item dce-item-grid-filters dce-item-grid\" data-dce-post-id=\"12284\" data-dce-post-index=\"78\">\n\t\t\t<div class=\"dce-post-block\">\n\t\t<div class=\"dce-item dce-item_image elementor-repeater-item-3f00d78\"><a class=\"dce-post-image\" href=\"https:\/\/www.schwarz.it\/it\/zubehoer\/ganci-integrati-nel-pianale\/\"><figure data-image-ratio=\"0.66\" class=\"dce-img\"><img width=\"600\" height=\"450\" src=\"https:\/\/www.schwarz.it\/wp-content\/uploads\/2022\/06\/37-Versenkte-Bindehaken.jpg\" class=\"\" alt=\"Ganci integrati nel pianale\" srcset=\"https:\/\/www.schwarz.it\/wp-content\/uploads\/2022\/06\/37-Versenkte-Bindehaken.jpg 600w, https:\/\/www.schwarz.it\/wp-content\/uploads\/2022\/06\/37-Versenkte-Bindehaken-300x225.jpg 300w\" sizes=\"(max-width: 600px) 100vw, 600px\" \/><\/figure><\/a><\/div><div class=\"dce-item dce-item_title elementor-repeater-item-9291b54\"><h3 class=\"dce-post-title\"><a href=\"https:\/\/www.schwarz.it\/it\/zubehoer\/ganci-integrati-nel-pianale\/\">Ganci integrati nel pianale<\/a><\/h3><\/div><div class=\"dce-item dce-item_content elementor-repeater-item-9bc4af8\"><div class=\"dce-post-content\">Possono essere montati su ogni posizione del pianale. (Forza di tiro = 1000kg)<\/div><\/div>\t\t\t<\/div>\n\t\t<\/article>\n\t\t\n\t\t<article class=\"post-12283 zubehoer type-zubehoer status-publish has-post-thumbnail hentry zubehoer_kategorien-rimorchio-forestale zubehoer_kategorien-rimorchio-inclinabile zubehoer_kategorien-rimorchio-portapallet zubehoer_kategorien-rimorchio-ribaltabile dce-post dce-post-item dce-grid-filters-item dce-item-grid-filters dce-item-grid\" data-dce-post-id=\"12283\" data-dce-post-index=\"79\">\n\t\t\t<div class=\"dce-post-block\">\n\t\t<div class=\"dce-item dce-item_image elementor-repeater-item-3f00d78\"><a class=\"dce-post-image\" href=\"https:\/\/www.schwarz.it\/it\/zubehoer\/ganci-a-scomparsa-girevoli\/\"><figure data-image-ratio=\"0.66\" class=\"dce-img\"><img width=\"600\" height=\"322\" src=\"https:\/\/www.schwarz.it\/wp-content\/uploads\/2022\/06\/38-Versenkte-Bindehaken-drehbar.jpg\" class=\"\" alt=\"Ganci a scomparsa girevoli\" srcset=\"https:\/\/www.schwarz.it\/wp-content\/uploads\/2022\/06\/38-Versenkte-Bindehaken-drehbar.jpg 600w, https:\/\/www.schwarz.it\/wp-content\/uploads\/2022\/06\/38-Versenkte-Bindehaken-drehbar-300x161.jpg 300w\" sizes=\"(max-width: 600px) 100vw, 600px\" \/><\/figure><\/a><\/div><div class=\"dce-item dce-item_title elementor-repeater-item-9291b54\"><h3 class=\"dce-post-title\"><a href=\"https:\/\/www.schwarz.it\/it\/zubehoer\/ganci-a-scomparsa-girevoli\/\">Ganci a scomparsa girevoli<\/a><\/h3><\/div><div class=\"dce-item dce-item_content elementor-repeater-item-9bc4af8\"><div class=\"dce-post-content\">Impermeabili all\u00b4acqua e sporco.\nPossono essere montati su ogni posizione del pianale. (Forza di tiro di 2500kg)<\/div><\/div>\t\t\t<\/div>\n\t\t<\/article>\n\t\t\n\t\t<article class=\"post-12282 zubehoer type-zubehoer status-publish has-post-thumbnail hentry zubehoer_kategorien-rimorchio-forestale zubehoer_kategorien-rimorchio-inclinabile zubehoer_kategorien-rimorchio-portabestiame zubehoer_kategorien-rimorchio-portapallet zubehoer_kategorien-rimorchio-ribaltabile dce-post dce-post-item dce-grid-filters-item dce-item-grid-filters dce-item-grid\" data-dce-post-id=\"12282\" data-dce-post-index=\"80\">\n\t\t\t<div class=\"dce-post-block\">\n\t\t<div class=\"dce-item dce-item_image elementor-repeater-item-3f00d78\"><a class=\"dce-post-image\" href=\"https:\/\/www.schwarz.it\/it\/zubehoer\/parafanghi-zincati-con-paraspruzzi\/\"><figure data-image-ratio=\"0.66\" class=\"dce-img\"><img width=\"600\" height=\"400\" src=\"https:\/\/www.schwarz.it\/wp-content\/uploads\/2022\/06\/39-Kotfluegel-verzinkt.jpg\" class=\"\" alt=\"Parafanghi zincati con paraspruzzi\" srcset=\"https:\/\/www.schwarz.it\/wp-content\/uploads\/2022\/06\/39-Kotfluegel-verzinkt.jpg 600w, https:\/\/www.schwarz.it\/wp-content\/uploads\/2022\/06\/39-Kotfluegel-verzinkt-300x200.jpg 300w\" sizes=\"(max-width: 600px) 100vw, 600px\" \/><\/figure><\/a><\/div><div class=\"dce-item dce-item_title elementor-repeater-item-9291b54\"><h3 class=\"dce-post-title\"><a href=\"https:\/\/www.schwarz.it\/it\/zubehoer\/parafanghi-zincati-con-paraspruzzi\/\">Parafanghi zincati con paraspruzzi<\/a><\/h3><\/div><div class=\"dce-item dce-item_content elementor-repeater-item-9bc4af8\"><div class=\"dce-post-content\"><\/div><\/div>\t\t\t<\/div>\n\t\t<\/article>\n\t\t\n\t\t<article class=\"post-12281 zubehoer type-zubehoer status-publish has-post-thumbnail hentry zubehoer_kategorien-rimorchio-forestale zubehoer_kategorien-rimorchio-inclinabile zubehoer_kategorien-rimorchio-portabestiame zubehoer_kategorien-rimorchio-portapallet zubehoer_kategorien-rimorchio-ribaltabile dce-post dce-post-item dce-grid-filters-item dce-item-grid-filters dce-item-grid\" data-dce-post-id=\"12281\" data-dce-post-index=\"81\">\n\t\t\t<div class=\"dce-post-block\">\n\t\t<div class=\"dce-item dce-item_image elementor-repeater-item-3f00d78\"><a class=\"dce-post-image\" href=\"https:\/\/www.schwarz.it\/it\/zubehoer\/cunei-d-appoggio\/\"><figure data-image-ratio=\"0.66\" class=\"dce-img\"><img width=\"600\" height=\"400\" src=\"https:\/\/www.schwarz.it\/wp-content\/uploads\/2022\/06\/40-Unterlegkeile.jpg\" class=\"\" alt=\"Cunei d` appoggio\" srcset=\"https:\/\/www.schwarz.it\/wp-content\/uploads\/2022\/06\/40-Unterlegkeile.jpg 600w, https:\/\/www.schwarz.it\/wp-content\/uploads\/2022\/06\/40-Unterlegkeile-300x200.jpg 300w\" sizes=\"(max-width: 600px) 100vw, 600px\" \/><\/figure><\/a><\/div><div class=\"dce-item dce-item_title elementor-repeater-item-9291b54\"><h3 class=\"dce-post-title\"><a href=\"https:\/\/www.schwarz.it\/it\/zubehoer\/cunei-d-appoggio\/\">Cunei d` appoggio<\/a><\/h3><\/div><div class=\"dce-item dce-item_content elementor-repeater-item-9bc4af8\"><div class=\"dce-post-content\"><\/div><\/div>\t\t\t<\/div>\n\t\t<\/article>\n\t\t\n\t\t<article class=\"post-12279 zubehoer type-zubehoer status-publish has-post-thumbnail hentry zubehoer_kategorien-rimorchio-forestale zubehoer_kategorien-rimorchio-ribaltabile dce-post dce-post-item dce-grid-filters-item dce-item-grid-filters dce-item-grid\" data-dce-post-id=\"12279\" data-dce-post-index=\"82\">\n\t\t\t<div class=\"dce-post-block\">\n\t\t<div class=\"dce-item dce-item_image elementor-repeater-item-3f00d78\"><a class=\"dce-post-image\" href=\"https:\/\/www.schwarz.it\/it\/zubehoer\/cassone-intercambiabile\/\"><figure data-image-ratio=\"0.66\" class=\"dce-img\"><img width=\"600\" height=\"400\" src=\"https:\/\/www.schwarz.it\/wp-content\/uploads\/2022\/06\/42-Wechselbrueckensystem.jpg\" class=\"\" alt=\"Cassone intercambiabile\" srcset=\"https:\/\/www.schwarz.it\/wp-content\/uploads\/2022\/06\/42-Wechselbrueckensystem.jpg 600w, https:\/\/www.schwarz.it\/wp-content\/uploads\/2022\/06\/42-Wechselbrueckensystem-300x200.jpg 300w\" sizes=\"(max-width: 600px) 100vw, 600px\" \/><\/figure><\/a><\/div><div class=\"dce-item dce-item_title elementor-repeater-item-9291b54\"><h3 class=\"dce-post-title\"><a href=\"https:\/\/www.schwarz.it\/it\/zubehoer\/cassone-intercambiabile\/\">Cassone intercambiabile<\/a><\/h3><\/div><div class=\"dce-item dce-item_content elementor-repeater-item-9bc4af8\"><div class=\"dce-post-content\">Per un semplice cambio da rimorchio ribaltabile trilaterale a rimorchio forestale con stanti.<\/div><\/div>\t\t\t<\/div>\n\t\t<\/article>\n\t\t\n\t\t<article class=\"post-12278 zubehoer type-zubehoer status-publish has-post-thumbnail hentry zubehoer_kategorien-rimorchio-ribaltabile dce-post dce-post-item dce-grid-filters-item dce-item-grid-filters dce-item-grid\" data-dce-post-id=\"12278\" data-dce-post-index=\"83\">\n\t\t\t<div class=\"dce-post-block\">\n\t\t<div class=\"dce-item dce-item_image elementor-repeater-item-3f00d78\"><a class=\"dce-post-image\" href=\"https:\/\/www.schwarz.it\/it\/zubehoer\/rete-di-protezione-per-rimorchi-forestali\/\"><figure data-image-ratio=\"0.66\" class=\"dce-img\"><img width=\"600\" height=\"400\" src=\"https:\/\/www.schwarz.it\/wp-content\/uploads\/2022\/06\/43-Schutzgitter-vorne.jpg\" class=\"\" alt=\"Rete di protezione per rimorchi forestali\" srcset=\"https:\/\/www.schwarz.it\/wp-content\/uploads\/2022\/06\/43-Schutzgitter-vorne.jpg 600w, https:\/\/www.schwarz.it\/wp-content\/uploads\/2022\/06\/43-Schutzgitter-vorne-300x200.jpg 300w\" sizes=\"(max-width: 600px) 100vw, 600px\" \/><\/figure><\/a><\/div><div class=\"dce-item dce-item_title elementor-repeater-item-9291b54\"><h3 class=\"dce-post-title\"><a href=\"https:\/\/www.schwarz.it\/it\/zubehoer\/rete-di-protezione-per-rimorchi-forestali\/\">Rete di protezione per rimorchi forestali<\/a><\/h3><\/div><div class=\"dce-item dce-item_content elementor-repeater-item-9bc4af8\"><div class=\"dce-post-content\"><\/div><\/div>\t\t\t<\/div>\n\t\t<\/article>\n\t\t\n\t\t<article class=\"post-12277 zubehoer type-zubehoer status-publish has-post-thumbnail hentry zubehoer_kategorien-rimorchio-ribaltabile dce-post dce-post-item dce-grid-filters-item dce-item-grid-filters dce-item-grid\" data-dce-post-id=\"12277\" data-dce-post-index=\"84\">\n\t\t\t<div class=\"dce-post-block\">\n\t\t<div class=\"dce-item dce-item_image elementor-repeater-item-3f00d78\"><a class=\"dce-post-image\" href=\"https:\/\/www.schwarz.it\/it\/zubehoer\/predisposizione-per-gru-forestale\/\"><figure data-image-ratio=\"0.66\" class=\"dce-img\"><img width=\"600\" height=\"337\" src=\"https:\/\/www.schwarz.it\/wp-content\/uploads\/2022\/06\/44-Vorbereitung-fuer-Kranaufbau.jpg\" class=\"\" alt=\"Predisposizione per gru forestale\" srcset=\"https:\/\/www.schwarz.it\/wp-content\/uploads\/2022\/06\/44-Vorbereitung-fuer-Kranaufbau.jpg 600w, https:\/\/www.schwarz.it\/wp-content\/uploads\/2022\/06\/44-Vorbereitung-fuer-Kranaufbau-300x169.jpg 300w\" sizes=\"(max-width: 600px) 100vw, 600px\" \/><\/figure><\/a><\/div><div class=\"dce-item dce-item_title elementor-repeater-item-9291b54\"><h3 class=\"dce-post-title\"><a href=\"https:\/\/www.schwarz.it\/it\/zubehoer\/predisposizione-per-gru-forestale\/\">Predisposizione per gru forestale<\/a><\/h3><\/div><div class=\"dce-item dce-item_content elementor-repeater-item-9bc4af8\"><div class=\"dce-post-content\"><\/div><\/div>\t\t\t<\/div>\n\t\t<\/article>\n\t\t\n\t\t<article class=\"post-12276 zubehoer type-zubehoer status-publish has-post-thumbnail hentry zubehoer_kategorien-rimorchio-forestale zubehoer_kategorien-rimorchio-ribaltabile dce-post dce-post-item dce-grid-filters-item dce-item-grid-filters dce-item-grid\" data-dce-post-id=\"12276\" data-dce-post-index=\"85\">\n\t\t\t<div class=\"dce-post-block\">\n\t\t<div class=\"dce-item dce-item_image elementor-repeater-item-3f00d78\"><a class=\"dce-post-image\" href=\"https:\/\/www.schwarz.it\/it\/zubehoer\/stanti-per-trasporto-legname-a135-cm-2\/\"><figure data-image-ratio=\"0.66\" class=\"dce-img\"><img width=\"600\" height=\"450\" src=\"https:\/\/www.schwarz.it\/wp-content\/uploads\/2022\/06\/45-Holzrungen-H135.jpg\" class=\"\" alt=\"Stanti per trasporto legname a=135 cm\" srcset=\"https:\/\/www.schwarz.it\/wp-content\/uploads\/2022\/06\/45-Holzrungen-H135.jpg 600w, https:\/\/www.schwarz.it\/wp-content\/uploads\/2022\/06\/45-Holzrungen-H135-300x225.jpg 300w\" sizes=\"(max-width: 600px) 100vw, 600px\" \/><\/figure><\/a><\/div><div class=\"dce-item dce-item_title elementor-repeater-item-9291b54\"><h3 class=\"dce-post-title\"><a href=\"https:\/\/www.schwarz.it\/it\/zubehoer\/stanti-per-trasporto-legname-a135-cm-2\/\">Stanti per trasporto legname a=135 cm<\/a><\/h3><\/div><div class=\"dce-item dce-item_content elementor-repeater-item-9bc4af8\"><div class=\"dce-post-content\"><\/div><\/div>\t\t\t<\/div>\n\t\t<\/article>\n\t\t\n\t\t<article class=\"post-12275 zubehoer type-zubehoer status-publish has-post-thumbnail hentry zubehoer_kategorien-rimorchio-forestale zubehoer_kategorien-rimorchio-ribaltabile dce-post dce-post-item dce-grid-filters-item dce-item-grid-filters dce-item-grid\" data-dce-post-id=\"12275\" data-dce-post-index=\"86\">\n\t\t\t<div class=\"dce-post-block\">\n\t\t<div class=\"dce-item dce-item_image elementor-repeater-item-3f00d78\"><a class=\"dce-post-image\" href=\"https:\/\/www.schwarz.it\/it\/zubehoer\/stanti-per-trasporto-legname-proline-a175-cm\/\"><figure data-image-ratio=\"0.66\" class=\"dce-img\"><img width=\"600\" height=\"400\" src=\"https:\/\/www.schwarz.it\/wp-content\/uploads\/2022\/06\/46-Holzrungen-PROLINE.jpg\" class=\"\" alt=\"Stanti per trasporto legname PROLINE a=175 cm\" srcset=\"https:\/\/www.schwarz.it\/wp-content\/uploads\/2022\/06\/46-Holzrungen-PROLINE.jpg 600w, https:\/\/www.schwarz.it\/wp-content\/uploads\/2022\/06\/46-Holzrungen-PROLINE-300x200.jpg 300w\" sizes=\"(max-width: 600px) 100vw, 600px\" \/><\/figure><\/a><\/div><div class=\"dce-item dce-item_title elementor-repeater-item-9291b54\"><h3 class=\"dce-post-title\"><a href=\"https:\/\/www.schwarz.it\/it\/zubehoer\/stanti-per-trasporto-legname-proline-a175-cm\/\">Stanti per trasporto legname PROLINE a=175 cm<\/a><\/h3><\/div><div class=\"dce-item dce-item_content elementor-repeater-item-9bc4af8\"><div class=\"dce-post-content\">Con un` altezza di 175cm, questi stanti rinforzati sono adatti perfettamente al lavoro nel bosco. L\u00b4innesto conico \u00e8 compatibile con gli stanti ExTe.<\/div><\/div>\t\t\t<\/div>\n\t\t<\/article>\n\t\t\n\t\t<article class=\"post-12274 zubehoer type-zubehoer status-publish has-post-thumbnail hentry zubehoer_kategorien-rimorchio-forestale dce-post dce-post-item dce-grid-filters-item dce-item-grid-filters dce-item-grid\" data-dce-post-id=\"12274\" data-dce-post-index=\"87\">\n\t\t\t<div class=\"dce-post-block\">\n\t\t<div class=\"dce-item dce-item_image elementor-repeater-item-3f00d78\"><a class=\"dce-post-image\" href=\"https:\/\/www.schwarz.it\/it\/zubehoer\/stanti-per-legna-exte\/\"><figure data-image-ratio=\"0.66\" class=\"dce-img\"><img width=\"800\" height=\"600\" src=\"https:\/\/www.schwarz.it\/wp-content\/uploads\/2022\/09\/A11-Holzrungen-EXTE-1024x768.jpg\" class=\"\" alt=\"Stanti per legna EXTE\" srcset=\"https:\/\/www.schwarz.it\/wp-content\/uploads\/2022\/09\/A11-Holzrungen-EXTE-1024x768.jpg 1024w, https:\/\/www.schwarz.it\/wp-content\/uploads\/2022\/09\/A11-Holzrungen-EXTE-300x225.jpg 300w, https:\/\/www.schwarz.it\/wp-content\/uploads\/2022\/09\/A11-Holzrungen-EXTE-768x576.jpg 768w, https:\/\/www.schwarz.it\/wp-content\/uploads\/2022\/09\/A11-Holzrungen-EXTE.jpg 1200w\" sizes=\"(max-width: 800px) 100vw, 800px\" \/><\/figure><\/a><\/div><div class=\"dce-item dce-item_title elementor-repeater-item-9291b54\"><h3 class=\"dce-post-title\"><a href=\"https:\/\/www.schwarz.it\/it\/zubehoer\/stanti-per-legna-exte\/\">Stanti per legna EXTE<\/a><\/h3><\/div><div class=\"dce-item dce-item_content elementor-repeater-item-9bc4af8\"><div class=\"dce-post-content\">In acciaio oppure alluminio.<\/div><\/div>\t\t\t<\/div>\n\t\t<\/article>\n\t\t\n\t\t<article class=\"post-12273 zubehoer type-zubehoer status-publish has-post-thumbnail hentry zubehoer_kategorien-rimorchio-forestale zubehoer_kategorien-rimorchio-ribaltabile dce-post dce-post-item dce-grid-filters-item dce-item-grid-filters dce-item-grid\" data-dce-post-id=\"12273\" data-dce-post-index=\"88\">\n\t\t\t<div class=\"dce-post-block\">\n\t\t<div class=\"dce-item dce-item_image elementor-repeater-item-3f00d78\"><a class=\"dce-post-image\" href=\"https:\/\/www.schwarz.it\/it\/zubehoer\/prolunga-posteriore-con-portastanti\/\"><figure data-image-ratio=\"0.66\" class=\"dce-img\"><img width=\"600\" height=\"400\" src=\"https:\/\/www.schwarz.it\/wp-content\/uploads\/2022\/06\/47-Verlaengerung-hinten-mit-Rungenhalter.jpg\" class=\"\" alt=\"Prolunga posteriore con portastanti\" srcset=\"https:\/\/www.schwarz.it\/wp-content\/uploads\/2022\/06\/47-Verlaengerung-hinten-mit-Rungenhalter.jpg 600w, https:\/\/www.schwarz.it\/wp-content\/uploads\/2022\/06\/47-Verlaengerung-hinten-mit-Rungenhalter-300x200.jpg 300w\" sizes=\"(max-width: 600px) 100vw, 600px\" \/><\/figure><\/a><\/div><div class=\"dce-item dce-item_title elementor-repeater-item-9291b54\"><h3 class=\"dce-post-title\"><a href=\"https:\/\/www.schwarz.it\/it\/zubehoer\/prolunga-posteriore-con-portastanti\/\">Prolunga posteriore con portastanti<\/a><\/h3><\/div><div class=\"dce-item dce-item_content elementor-repeater-item-9bc4af8\"><div class=\"dce-post-content\">La prolunga ha di serie due portastanti. Si pu\u00f2 scegliere tra gli stanti standard a=135cm, oppure quelli PROLINE a=175cm (stanti da acquistare separatamente)<\/div><\/div>\t\t\t<\/div>\n\t\t<\/article>\n\t\t\n\t\t<article class=\"post-12272 zubehoer type-zubehoer status-publish has-post-thumbnail hentry zubehoer_kategorien-rimorchio-forestale dce-post dce-post-item dce-grid-filters-item dce-item-grid-filters dce-item-grid\" data-dce-post-id=\"12272\" data-dce-post-index=\"89\">\n\t\t\t<div class=\"dce-post-block\">\n\t\t<div class=\"dce-item dce-item_image elementor-repeater-item-3f00d78\"><a class=\"dce-post-image\" href=\"https:\/\/www.schwarz.it\/it\/zubehoer\/supporto-per-motosega\/\"><figure data-image-ratio=\"0.66\" class=\"dce-img\"><img width=\"800\" height=\"534\" src=\"https:\/\/www.schwarz.it\/wp-content\/uploads\/2022\/09\/A3-Motorsaegenhalter-1024x684.jpg\" class=\"\" alt=\"Supporto per motosega\" srcset=\"https:\/\/www.schwarz.it\/wp-content\/uploads\/2022\/09\/A3-Motorsaegenhalter-1024x684.jpg 1024w, https:\/\/www.schwarz.it\/wp-content\/uploads\/2022\/09\/A3-Motorsaegenhalter-300x200.jpg 300w, https:\/\/www.schwarz.it\/wp-content\/uploads\/2022\/09\/A3-Motorsaegenhalter-768x513.jpg 768w, https:\/\/www.schwarz.it\/wp-content\/uploads\/2022\/09\/A3-Motorsaegenhalter.jpg 1200w\" sizes=\"(max-width: 800px) 100vw, 800px\" \/><\/figure><\/a><\/div><div class=\"dce-item dce-item_title elementor-repeater-item-9291b54\"><h3 class=\"dce-post-title\"><a href=\"https:\/\/www.schwarz.it\/it\/zubehoer\/supporto-per-motosega\/\">Supporto per motosega<\/a><\/h3><\/div><div class=\"dce-item dce-item_content elementor-repeater-item-9bc4af8\"><div class=\"dce-post-content\"><\/div><\/div>\t\t\t<\/div>\n\t\t<\/article>\n\t\t\n\t\t<article class=\"post-12271 zubehoer type-zubehoer status-publish has-post-thumbnail hentry zubehoer_kategorien-rimorchio-forestale dce-post dce-post-item dce-grid-filters-item dce-item-grid-filters dce-item-grid\" data-dce-post-id=\"12271\" data-dce-post-index=\"90\">\n\t\t\t<div class=\"dce-post-block\">\n\t\t<div class=\"dce-item dce-item_image elementor-repeater-item-3f00d78\"><a class=\"dce-post-image\" href=\"https:\/\/www.schwarz.it\/it\/zubehoer\/porta-zappino\/\"><figure data-image-ratio=\"0.66\" class=\"dce-img\"><img width=\"800\" height=\"534\" src=\"https:\/\/www.schwarz.it\/wp-content\/uploads\/2022\/09\/A4-Zeppinhalter-1024x684.jpg\" class=\"\" alt=\"Porta Zappino\" srcset=\"https:\/\/www.schwarz.it\/wp-content\/uploads\/2022\/09\/A4-Zeppinhalter-1024x684.jpg 1024w, https:\/\/www.schwarz.it\/wp-content\/uploads\/2022\/09\/A4-Zeppinhalter-300x200.jpg 300w, https:\/\/www.schwarz.it\/wp-content\/uploads\/2022\/09\/A4-Zeppinhalter-768x513.jpg 768w, https:\/\/www.schwarz.it\/wp-content\/uploads\/2022\/09\/A4-Zeppinhalter.jpg 1200w\" sizes=\"(max-width: 800px) 100vw, 800px\" \/><\/figure><\/a><\/div><div class=\"dce-item dce-item_title elementor-repeater-item-9291b54\"><h3 class=\"dce-post-title\"><a href=\"https:\/\/www.schwarz.it\/it\/zubehoer\/porta-zappino\/\">Porta Zappino<\/a><\/h3><\/div><div class=\"dce-item dce-item_content elementor-repeater-item-9bc4af8\"><div class=\"dce-post-content\"><\/div><\/div>\t\t\t<\/div>\n\t\t<\/article>\n\t\t\n\t\t<article class=\"post-12270 zubehoer type-zubehoer status-publish has-post-thumbnail hentry zubehoer_kategorien-rimorchio-forestale zubehoer_kategorien-rimorchio-ribaltabile dce-post dce-post-item dce-grid-filters-item dce-item-grid-filters dce-item-grid\" data-dce-post-id=\"12270\" data-dce-post-index=\"91\">\n\t\t\t<div class=\"dce-post-block\">\n\t\t<div class=\"dce-item dce-item_image elementor-repeater-item-3f00d78\"><a class=\"dce-post-image\" href=\"https:\/\/www.schwarz.it\/it\/zubehoer\/verniciatura-speciale\/\"><figure data-image-ratio=\"0.66\" class=\"dce-img\"><img width=\"600\" height=\"462\" src=\"https:\/\/www.schwarz.it\/wp-content\/uploads\/2022\/06\/48-Sonderlackierung.jpg\" class=\"\" alt=\"Verniciatura speciale\" srcset=\"https:\/\/www.schwarz.it\/wp-content\/uploads\/2022\/06\/48-Sonderlackierung.jpg 600w, https:\/\/www.schwarz.it\/wp-content\/uploads\/2022\/06\/48-Sonderlackierung-300x231.jpg 300w\" sizes=\"(max-width: 600px) 100vw, 600px\" \/><\/figure><\/a><\/div><div class=\"dce-item dce-item_title elementor-repeater-item-9291b54\"><h3 class=\"dce-post-title\"><a href=\"https:\/\/www.schwarz.it\/it\/zubehoer\/verniciatura-speciale\/\">Verniciatura speciale<\/a><\/h3><\/div><div class=\"dce-item dce-item_content elementor-repeater-item-9bc4af8\"><div class=\"dce-post-content\">Su richiesta possiamo personalizzare il rimorchio con una verniciatura speciale<\/div><\/div>\t\t\t<\/div>\n\t\t<\/article>\n\t\t\n\t\t<article class=\"post-12269 zubehoer type-zubehoer status-publish has-post-thumbnail hentry zubehoer_kategorien-rimorchio-forestale dce-post dce-post-item dce-grid-filters-item dce-item-grid-filters dce-item-grid\" data-dce-post-id=\"12269\" data-dce-post-index=\"92\">\n\t\t\t<div class=\"dce-post-block\">\n\t\t<div class=\"dce-item dce-item_image elementor-repeater-item-3f00d78\"><a class=\"dce-post-image\" href=\"https:\/\/www.schwarz.it\/it\/zubehoer\/prolunga-posteriore-con-portastanti-per-serie-tf\/\"><figure data-image-ratio=\"0.66\" class=\"dce-img\"><img width=\"800\" height=\"555\" src=\"https:\/\/www.schwarz.it\/wp-content\/uploads\/2022\/09\/A13-Verlaengerung-hinten-Serie-TF-1024x710.jpg\" class=\"\" alt=\"Prolunga posteriore con portastanti per serie TF\" srcset=\"https:\/\/www.schwarz.it\/wp-content\/uploads\/2022\/09\/A13-Verlaengerung-hinten-Serie-TF-1024x710.jpg 1024w, https:\/\/www.schwarz.it\/wp-content\/uploads\/2022\/09\/A13-Verlaengerung-hinten-Serie-TF-300x208.jpg 300w, https:\/\/www.schwarz.it\/wp-content\/uploads\/2022\/09\/A13-Verlaengerung-hinten-Serie-TF-768x532.jpg 768w, https:\/\/www.schwarz.it\/wp-content\/uploads\/2022\/09\/A13-Verlaengerung-hinten-Serie-TF.jpg 1200w\" sizes=\"(max-width: 800px) 100vw, 800px\" \/><\/figure><\/a><\/div><div class=\"dce-item dce-item_title elementor-repeater-item-9291b54\"><h3 class=\"dce-post-title\"><a href=\"https:\/\/www.schwarz.it\/it\/zubehoer\/prolunga-posteriore-con-portastanti-per-serie-tf\/\">Prolunga posteriore con portastanti per serie TF<\/a><\/h3><\/div><div class=\"dce-item dce-item_content elementor-repeater-item-9bc4af8\"><div class=\"dce-post-content\">La prolunga ha di serie due portastanti. Si pu\u00f2 scegliere tra gli stanti standard a=135cm, oppure quelli PROLINE a=175cm. (stanti da acquistare separatamente)<\/div><\/div>\t\t\t<\/div>\n\t\t<\/article>\n\t\t\n\t\t<article class=\"post-12268 zubehoer type-zubehoer status-publish has-post-thumbnail hentry zubehoer_kategorien-rimorchio-forestale dce-post dce-post-item dce-grid-filters-item dce-item-grid-filters dce-item-grid\" data-dce-post-id=\"12268\" data-dce-post-index=\"93\">\n\t\t\t<div class=\"dce-post-block\">\n\t\t<div class=\"dce-item dce-item_image elementor-repeater-item-3f00d78\"><a class=\"dce-post-image\" href=\"https:\/\/www.schwarz.it\/it\/zubehoer\/supporto-per-tanica-benzina\/\"><figure data-image-ratio=\"0.66\" class=\"dce-img\"><img width=\"800\" height=\"534\" src=\"https:\/\/www.schwarz.it\/wp-content\/uploads\/2022\/09\/A2-Benzinkanisterhalter-1024x684.jpg\" class=\"\" alt=\"Supporto per tanica benzina\" srcset=\"https:\/\/www.schwarz.it\/wp-content\/uploads\/2022\/09\/A2-Benzinkanisterhalter-1024x684.jpg 1024w, https:\/\/www.schwarz.it\/wp-content\/uploads\/2022\/09\/A2-Benzinkanisterhalter-300x200.jpg 300w, https:\/\/www.schwarz.it\/wp-content\/uploads\/2022\/09\/A2-Benzinkanisterhalter-768x513.jpg 768w, https:\/\/www.schwarz.it\/wp-content\/uploads\/2022\/09\/A2-Benzinkanisterhalter.jpg 1200w\" sizes=\"(max-width: 800px) 100vw, 800px\" \/><\/figure><\/a><\/div><div class=\"dce-item dce-item_title elementor-repeater-item-9291b54\"><h3 class=\"dce-post-title\"><a href=\"https:\/\/www.schwarz.it\/it\/zubehoer\/supporto-per-tanica-benzina\/\">Supporto per tanica benzina<\/a><\/h3><\/div><div class=\"dce-item dce-item_content elementor-repeater-item-9bc4af8\"><div class=\"dce-post-content\"><\/div><\/div>\t\t\t<\/div>\n\t\t<\/article>\n\t\t\n\t\t<article class=\"post-12267 zubehoer type-zubehoer status-publish has-post-thumbnail hentry zubehoer_kategorien-rimorchio-ribaltabile dce-post dce-post-item dce-grid-filters-item dce-item-grid-filters dce-item-grid\" data-dce-post-id=\"12267\" data-dce-post-index=\"94\">\n\t\t\t<div class=\"dce-post-block\">\n\t\t<div class=\"dce-item dce-item_image elementor-repeater-item-3f00d78\"><a class=\"dce-post-image\" href=\"https:\/\/www.schwarz.it\/it\/zubehoer\/costruzioni-speciali\/\"><figure data-image-ratio=\"0.66\" class=\"dce-img\"><img width=\"600\" height=\"338\" src=\"https:\/\/www.schwarz.it\/wp-content\/uploads\/2022\/06\/49-Sonderanfertigungen.jpg\" class=\"\" alt=\"Costruzioni speciali\" srcset=\"https:\/\/www.schwarz.it\/wp-content\/uploads\/2022\/06\/49-Sonderanfertigungen.jpg 600w, https:\/\/www.schwarz.it\/wp-content\/uploads\/2022\/06\/49-Sonderanfertigungen-300x169.jpg 300w\" sizes=\"(max-width: 600px) 100vw, 600px\" \/><\/figure><\/a><\/div><div class=\"dce-item dce-item_title elementor-repeater-item-9291b54\"><h3 class=\"dce-post-title\"><a href=\"https:\/\/www.schwarz.it\/it\/zubehoer\/costruzioni-speciali\/\">Costruzioni speciali<\/a><\/h3><\/div><div class=\"dce-item dce-item_content elementor-repeater-item-9bc4af8\"><div class=\"dce-post-content\">Su richiesta cerchiamo anche di realizzare le costruzioni pi\u00f9 complesse.<\/div><\/div>\t\t\t<\/div>\n\t\t<\/article>\n\t\t\n\t\t<article class=\"post-12266 zubehoer type-zubehoer status-publish has-post-thumbnail hentry zubehoer_kategorien-rimorchio-forestale zubehoer_kategorien-rimorchio-inclinabile zubehoer_kategorien-rimorchio-portapallet zubehoer_kategorien-rimorchio-ribaltabile dce-post dce-post-item dce-grid-filters-item dce-item-grid-filters dce-item-grid\" data-dce-post-id=\"12266\" data-dce-post-index=\"95\">\n\t\t\t<div class=\"dce-post-block\">\n\t\t<div class=\"dce-item dce-item_image elementor-repeater-item-3f00d78\"><a class=\"dce-post-image\" href=\"https:\/\/www.schwarz.it\/it\/zubehoer\/comando-elettroidraulico\/\"><figure data-image-ratio=\"0.66\" class=\"dce-img\"><img width=\"800\" height=\"534\" src=\"https:\/\/www.schwarz.it\/wp-content\/uploads\/2022\/09\/P32-Elektrisches-Steuerventil-1024x684.jpg\" class=\"\" alt=\"Comando elettroidraulico\" srcset=\"https:\/\/www.schwarz.it\/wp-content\/uploads\/2022\/09\/P32-Elektrisches-Steuerventil-1024x684.jpg 1024w, https:\/\/www.schwarz.it\/wp-content\/uploads\/2022\/09\/P32-Elektrisches-Steuerventil-300x200.jpg 300w, https:\/\/www.schwarz.it\/wp-content\/uploads\/2022\/09\/P32-Elektrisches-Steuerventil-768x513.jpg 768w, https:\/\/www.schwarz.it\/wp-content\/uploads\/2022\/09\/P32-Elektrisches-Steuerventil.jpg 1200w\" sizes=\"(max-width: 800px) 100vw, 800px\" \/><\/figure><\/a><\/div><div class=\"dce-item dce-item_title elementor-repeater-item-9291b54\"><h3 class=\"dce-post-title\"><a href=\"https:\/\/www.schwarz.it\/it\/zubehoer\/comando-elettroidraulico\/\">Comando elettroidraulico<\/a><\/h3><\/div><div class=\"dce-item dce-item_content elementor-repeater-item-9bc4af8\"><div class=\"dce-post-content\"><\/div><\/div>\t\t\t<\/div>\n\t\t<\/article>\n\t\t\n\t\t<article class=\"post-12265 zubehoer type-zubehoer status-publish has-post-thumbnail hentry zubehoer_kategorien-rimorchio-stradale dce-post dce-post-item dce-grid-filters-item dce-item-grid-filters dce-item-grid\" data-dce-post-id=\"12265\" data-dce-post-index=\"96\">\n\t\t\t<div class=\"dce-post-block\">\n\t\t<div class=\"dce-item dce-item_image elementor-repeater-item-3f00d78\"><a class=\"dce-post-image\" href=\"https:\/\/www.schwarz.it\/it\/zubehoer\/soprasponde-in-alluminio-anodizzato\/\"><figure data-image-ratio=\"0.66\" class=\"dce-img\"><img width=\"800\" height=\"534\" src=\"https:\/\/www.schwarz.it\/wp-content\/uploads\/2022\/09\/1-Aufsatzwaende-in-Aluminium-1024x683.jpg\" class=\"\" alt=\"Soprasponde in alluminio anodizzato\" srcset=\"https:\/\/www.schwarz.it\/wp-content\/uploads\/2022\/09\/1-Aufsatzwaende-in-Aluminium-1024x683.jpg 1024w, https:\/\/www.schwarz.it\/wp-content\/uploads\/2022\/09\/1-Aufsatzwaende-in-Aluminium-300x200.jpg 300w, https:\/\/www.schwarz.it\/wp-content\/uploads\/2022\/09\/1-Aufsatzwaende-in-Aluminium-768x512.jpg 768w, https:\/\/www.schwarz.it\/wp-content\/uploads\/2022\/09\/1-Aufsatzwaende-in-Aluminium.jpg 1200w\" sizes=\"(max-width: 800px) 100vw, 800px\" \/><\/figure><\/a><\/div><div class=\"dce-item dce-item_title elementor-repeater-item-9291b54\"><h3 class=\"dce-post-title\"><a href=\"https:\/\/www.schwarz.it\/it\/zubehoer\/soprasponde-in-alluminio-anodizzato\/\">Soprasponde in alluminio anodizzato<\/a><\/h3><\/div><div class=\"dce-item dce-item_content elementor-repeater-item-9bc4af8\"><div class=\"dce-post-content\">Altezza 30cm oppure 40cm.<\/div><\/div>\t\t\t<\/div>\n\t\t<\/article>\n\t\t\n\t\t<article class=\"post-12264 zubehoer type-zubehoer status-publish has-post-thumbnail hentry zubehoer_kategorien-rimorchio-stradale dce-post dce-post-item dce-grid-filters-item dce-item-grid-filters dce-item-grid\" data-dce-post-id=\"12264\" data-dce-post-index=\"97\">\n\t\t\t<div class=\"dce-post-block\">\n\t\t<div class=\"dce-item dce-item_image elementor-repeater-item-3f00d78\"><a class=\"dce-post-image\" href=\"https:\/\/www.schwarz.it\/it\/zubehoer\/soprasponde-in-rete\/\"><figure data-image-ratio=\"0.66\" class=\"dce-img\"><img width=\"800\" height=\"534\" src=\"https:\/\/www.schwarz.it\/wp-content\/uploads\/2022\/09\/2-Gitteraufsatzwaende-1024x683.jpg\" class=\"\" alt=\"Soprasponde in rete\" srcset=\"https:\/\/www.schwarz.it\/wp-content\/uploads\/2022\/09\/2-Gitteraufsatzwaende-1024x683.jpg 1024w, https:\/\/www.schwarz.it\/wp-content\/uploads\/2022\/09\/2-Gitteraufsatzwaende-300x200.jpg 300w, https:\/\/www.schwarz.it\/wp-content\/uploads\/2022\/09\/2-Gitteraufsatzwaende-768x512.jpg 768w, https:\/\/www.schwarz.it\/wp-content\/uploads\/2022\/09\/2-Gitteraufsatzwaende-1536x1025.jpg 1536w, https:\/\/www.schwarz.it\/wp-content\/uploads\/2022\/09\/2-Gitteraufsatzwaende.jpg 1800w\" sizes=\"(max-width: 800px) 100vw, 800px\" \/><\/figure><\/a><\/div><div class=\"dce-item dce-item_title elementor-repeater-item-9291b54\"><h3 class=\"dce-post-title\"><a href=\"https:\/\/www.schwarz.it\/it\/zubehoer\/soprasponde-in-rete\/\">Soprasponde in rete<\/a><\/h3><\/div><div class=\"dce-item dce-item_content elementor-repeater-item-9bc4af8\"><div class=\"dce-post-content\">Altezza 80cm<\/div><\/div>\t\t\t<\/div>\n\t\t<\/article>\n\t\t\n\t\t<article class=\"post-12263 zubehoer type-zubehoer status-publish has-post-thumbnail hentry zubehoer_kategorien-rimorchio-stradale dce-post dce-post-item dce-grid-filters-item dce-item-grid-filters dce-item-grid\" data-dce-post-id=\"12263\" data-dce-post-index=\"98\">\n\t\t\t<div class=\"dce-post-block\">\n\t\t<div class=\"dce-item dce-item_image elementor-repeater-item-3f00d78\"><a class=\"dce-post-image\" href=\"https:\/\/www.schwarz.it\/it\/zubehoer\/rimorchio-senza-sponde\/\"><figure data-image-ratio=\"0.66\" class=\"dce-img\"><img width=\"800\" height=\"534\" src=\"https:\/\/www.schwarz.it\/wp-content\/uploads\/2022\/09\/3-ohne-Waende-1024x683.jpg\" class=\"\" alt=\"Rimorchio senza sponde\" srcset=\"https:\/\/www.schwarz.it\/wp-content\/uploads\/2022\/09\/3-ohne-Waende-1024x683.jpg 1024w, https:\/\/www.schwarz.it\/wp-content\/uploads\/2022\/09\/3-ohne-Waende-300x200.jpg 300w, https:\/\/www.schwarz.it\/wp-content\/uploads\/2022\/09\/3-ohne-Waende-768x512.jpg 768w, https:\/\/www.schwarz.it\/wp-content\/uploads\/2022\/09\/3-ohne-Waende.jpg 1200w\" sizes=\"(max-width: 800px) 100vw, 800px\" \/><\/figure><\/a><\/div><div class=\"dce-item dce-item_title elementor-repeater-item-9291b54\"><h3 class=\"dce-post-title\"><a href=\"https:\/\/www.schwarz.it\/it\/zubehoer\/rimorchio-senza-sponde\/\">Rimorchio senza sponde<\/a><\/h3><\/div><div class=\"dce-item dce-item_content elementor-repeater-item-9bc4af8\"><div class=\"dce-post-content\"><\/div><\/div>\t\t\t<\/div>\n\t\t<\/article>\n\t\t\n\t\t<article class=\"post-12262 zubehoer type-zubehoer status-publish has-post-thumbnail hentry zubehoer_kategorien-rimorchio-stradale dce-post dce-post-item dce-grid-filters-item dce-item-grid-filters dce-item-grid\" data-dce-post-id=\"12262\" data-dce-post-index=\"99\">\n\t\t\t<div class=\"dce-post-block\">\n\t\t<div class=\"dce-item dce-item_image elementor-repeater-item-3f00d78\"><a class=\"dce-post-image\" href=\"https:\/\/www.schwarz.it\/it\/zubehoer\/inclinazione-per-rimorchi-stradali\/\"><figure data-image-ratio=\"0.66\" class=\"dce-img\"><img width=\"800\" height=\"600\" src=\"https:\/\/www.schwarz.it\/wp-content\/uploads\/2022\/09\/4-hydraulische-Rueckwaertsneigung-1024x768.jpg\" class=\"\" alt=\"Inclinazione per rimorchi stradali\" srcset=\"https:\/\/www.schwarz.it\/wp-content\/uploads\/2022\/09\/4-hydraulische-Rueckwaertsneigung-1024x768.jpg 1024w, https:\/\/www.schwarz.it\/wp-content\/uploads\/2022\/09\/4-hydraulische-Rueckwaertsneigung-300x225.jpg 300w, https:\/\/www.schwarz.it\/wp-content\/uploads\/2022\/09\/4-hydraulische-Rueckwaertsneigung-768x576.jpg 768w, https:\/\/www.schwarz.it\/wp-content\/uploads\/2022\/09\/4-hydraulische-Rueckwaertsneigung.jpg 1200w\" sizes=\"(max-width: 800px) 100vw, 800px\" \/><\/figure><\/a><\/div><div class=\"dce-item dce-item_title elementor-repeater-item-9291b54\"><h3 class=\"dce-post-title\"><a href=\"https:\/\/www.schwarz.it\/it\/zubehoer\/inclinazione-per-rimorchi-stradali\/\">Inclinazione per rimorchi stradali<\/a><\/h3><\/div><div class=\"dce-item dce-item_content elementor-repeater-item-9bc4af8\"><div class=\"dce-post-content\"><\/div><\/div>\t\t\t<\/div>\n\t\t<\/article>\n\t\t\n\t\t<article class=\"post-12260 zubehoer type-zubehoer status-publish has-post-thumbnail hentry zubehoer_kategorien-rimorchio-stradale dce-post dce-post-item dce-grid-filters-item dce-item-grid-filters dce-item-grid\" data-dce-post-id=\"12260\" data-dce-post-index=\"100\">\n\t\t\t<div class=\"dce-post-block\">\n\t\t<div class=\"dce-item dce-item_image elementor-repeater-item-3f00d78\"><a class=\"dce-post-image\" href=\"https:\/\/www.schwarz.it\/it\/zubehoer\/telo-piatto\/\"><figure data-image-ratio=\"0.66\" class=\"dce-img\"><img width=\"800\" height=\"534\" src=\"https:\/\/www.schwarz.it\/wp-content\/uploads\/2022\/09\/6-Flachplane-1024x683.jpg\" class=\"\" alt=\"Telo piatto\" srcset=\"https:\/\/www.schwarz.it\/wp-content\/uploads\/2022\/09\/6-Flachplane-1024x683.jpg 1024w, https:\/\/www.schwarz.it\/wp-content\/uploads\/2022\/09\/6-Flachplane-300x200.jpg 300w, https:\/\/www.schwarz.it\/wp-content\/uploads\/2022\/09\/6-Flachplane-768x512.jpg 768w, https:\/\/www.schwarz.it\/wp-content\/uploads\/2022\/09\/6-Flachplane.jpg 1200w\" sizes=\"(max-width: 800px) 100vw, 800px\" \/><\/figure><\/a><\/div><div class=\"dce-item dce-item_title elementor-repeater-item-9291b54\"><h3 class=\"dce-post-title\"><a href=\"https:\/\/www.schwarz.it\/it\/zubehoer\/telo-piatto\/\">Telo piatto<\/a><\/h3><\/div><div class=\"dce-item dce-item_content elementor-repeater-item-9bc4af8\"><div class=\"dce-post-content\">Colore standard = grigio chiaro. Altri colori disponibili su richiesta.<\/div><\/div>\t\t\t<\/div>\n\t\t<\/article>\n\t\t\n\t\t<article class=\"post-12259 zubehoer type-zubehoer status-publish has-post-thumbnail hentry zubehoer_kategorien-rimorchio-stradale dce-post dce-post-item dce-grid-filters-item dce-item-grid-filters dce-item-grid\" data-dce-post-id=\"12259\" data-dce-post-index=\"101\">\n\t\t\t<div class=\"dce-post-block\">\n\t\t<div class=\"dce-item dce-item_image elementor-repeater-item-3f00d78\"><a class=\"dce-post-image\" href=\"https:\/\/www.schwarz.it\/it\/zubehoer\/traversino-in-alu-piegato\/\"><figure data-image-ratio=\"0.66\" class=\"dce-img\"><img width=\"800\" height=\"534\" src=\"https:\/\/www.schwarz.it\/wp-content\/uploads\/2022\/09\/7-Buegel-fuer-Flachplane-1024x684.jpg\" class=\"\" alt=\"Traversino in alu piegato\" srcset=\"https:\/\/www.schwarz.it\/wp-content\/uploads\/2022\/09\/7-Buegel-fuer-Flachplane-1024x684.jpg 1024w, https:\/\/www.schwarz.it\/wp-content\/uploads\/2022\/09\/7-Buegel-fuer-Flachplane-300x200.jpg 300w, https:\/\/www.schwarz.it\/wp-content\/uploads\/2022\/09\/7-Buegel-fuer-Flachplane-768x513.jpg 768w, https:\/\/www.schwarz.it\/wp-content\/uploads\/2022\/09\/7-Buegel-fuer-Flachplane.jpg 1200w\" sizes=\"(max-width: 800px) 100vw, 800px\" \/><\/figure><\/a><\/div><div class=\"dce-item dce-item_title elementor-repeater-item-9291b54\"><h3 class=\"dce-post-title\"><a href=\"https:\/\/www.schwarz.it\/it\/zubehoer\/traversino-in-alu-piegato\/\">Traversino in alu piegato<\/a><\/h3><\/div><div class=\"dce-item dce-item_content elementor-repeater-item-9bc4af8\"><div class=\"dce-post-content\">Per evitare che si creano bolle d\u00b4acqua.<\/div><\/div>\t\t\t<\/div>\n\t\t<\/article>\n\t\t\n\t\t<article class=\"post-12258 zubehoer type-zubehoer status-publish has-post-thumbnail hentry zubehoer_kategorien-rimorchio-stradale dce-post dce-post-item dce-grid-filters-item dce-item-grid-filters dce-item-grid\" data-dce-post-id=\"12258\" data-dce-post-index=\"102\">\n\t\t\t<div class=\"dce-post-block\">\n\t\t<div class=\"dce-item dce-item_image elementor-repeater-item-3f00d78\"><a class=\"dce-post-image\" href=\"https:\/\/www.schwarz.it\/it\/zubehoer\/centina-bassa-per-telo-piatto-con-interstizio-per-laria\/\"><figure data-image-ratio=\"0.66\" class=\"dce-img\"><img width=\"800\" height=\"534\" src=\"https:\/\/www.schwarz.it\/wp-content\/uploads\/2022\/09\/8-Geruest-fuer-Flachplane-1024x683.jpg\" class=\"\" alt=\"Centina bassa per telo piatto con interstizio per l\u2019aria\" srcset=\"https:\/\/www.schwarz.it\/wp-content\/uploads\/2022\/09\/8-Geruest-fuer-Flachplane-1024x683.jpg 1024w, https:\/\/www.schwarz.it\/wp-content\/uploads\/2022\/09\/8-Geruest-fuer-Flachplane-300x200.jpg 300w, https:\/\/www.schwarz.it\/wp-content\/uploads\/2022\/09\/8-Geruest-fuer-Flachplane-768x512.jpg 768w, https:\/\/www.schwarz.it\/wp-content\/uploads\/2022\/09\/8-Geruest-fuer-Flachplane.jpg 1200w\" sizes=\"(max-width: 800px) 100vw, 800px\" \/><\/figure><\/a><\/div><div class=\"dce-item dce-item_title elementor-repeater-item-9291b54\"><h3 class=\"dce-post-title\"><a href=\"https:\/\/www.schwarz.it\/it\/zubehoer\/centina-bassa-per-telo-piatto-con-interstizio-per-laria\/\">Centina bassa per telo piatto con interstizio per l\u2019aria<\/a><\/h3><\/div><div class=\"dce-item dce-item_content elementor-repeater-item-9bc4af8\"><div class=\"dce-post-content\">Altezza ca. 20cm<\/div><\/div>\t\t\t<\/div>\n\t\t<\/article>\n\t\t\n\t\t<article class=\"post-12257 zubehoer type-zubehoer status-publish has-post-thumbnail hentry zubehoer_kategorien-rimorchio-stradale dce-post dce-post-item dce-grid-filters-item dce-item-grid-filters dce-item-grid\" data-dce-post-id=\"12257\" data-dce-post-index=\"103\">\n\t\t\t<div class=\"dce-post-block\">\n\t\t<div class=\"dce-item dce-item_image elementor-repeater-item-3f00d78\"><a class=\"dce-post-image\" href=\"https:\/\/www.schwarz.it\/it\/zubehoer\/rete-di-fissaggio-per-il-carico\/\"><figure data-image-ratio=\"0.66\" class=\"dce-img\"><img width=\"800\" height=\"600\" src=\"https:\/\/www.schwarz.it\/wp-content\/uploads\/2022\/09\/9-Netz-fuer-Ladungssicherung-1024x768.jpg\" class=\"\" alt=\"Rete di fissaggio per il carico\" srcset=\"https:\/\/www.schwarz.it\/wp-content\/uploads\/2022\/09\/9-Netz-fuer-Ladungssicherung-1024x768.jpg 1024w, https:\/\/www.schwarz.it\/wp-content\/uploads\/2022\/09\/9-Netz-fuer-Ladungssicherung-300x225.jpg 300w, https:\/\/www.schwarz.it\/wp-content\/uploads\/2022\/09\/9-Netz-fuer-Ladungssicherung-768x576.jpg 768w, https:\/\/www.schwarz.it\/wp-content\/uploads\/2022\/09\/9-Netz-fuer-Ladungssicherung.jpg 1200w\" sizes=\"(max-width: 800px) 100vw, 800px\" \/><\/figure><\/a><\/div><div class=\"dce-item dce-item_title elementor-repeater-item-9291b54\"><h3 class=\"dce-post-title\"><a href=\"https:\/\/www.schwarz.it\/it\/zubehoer\/rete-di-fissaggio-per-il-carico\/\">Rete di fissaggio per il carico<\/a><\/h3><\/div><div class=\"dce-item dce-item_content elementor-repeater-item-9bc4af8\"><div class=\"dce-post-content\"><\/div><\/div>\t\t\t<\/div>\n\t\t<\/article>\n\t\t\n\t\t<article class=\"post-12256 zubehoer type-zubehoer status-publish has-post-thumbnail hentry zubehoer_kategorien-rimorchio-stradale dce-post dce-post-item dce-grid-filters-item dce-item-grid-filters dce-item-grid\" data-dce-post-id=\"12256\" data-dce-post-index=\"104\">\n\t\t\t<div class=\"dce-post-block\">\n\t\t<div class=\"dce-item dce-item_image elementor-repeater-item-3f00d78\"><a class=\"dce-post-image\" href=\"https:\/\/www.schwarz.it\/it\/zubehoer\/telo-centinato-in-varie-altezze\/\"><figure data-image-ratio=\"0.66\" class=\"dce-img\"><img width=\"800\" height=\"600\" src=\"https:\/\/www.schwarz.it\/wp-content\/uploads\/2022\/09\/1-weiss-1024x768.jpg\" class=\"\" alt=\"Telo centinato in varie altezze\" srcset=\"https:\/\/www.schwarz.it\/wp-content\/uploads\/2022\/09\/1-weiss-1024x768.jpg 1024w, https:\/\/www.schwarz.it\/wp-content\/uploads\/2022\/09\/1-weiss-300x225.jpg 300w, https:\/\/www.schwarz.it\/wp-content\/uploads\/2022\/09\/1-weiss-768x576.jpg 768w, https:\/\/www.schwarz.it\/wp-content\/uploads\/2022\/09\/1-weiss.jpg 1200w\" sizes=\"(max-width: 800px) 100vw, 800px\" \/><\/figure><\/a><\/div><div class=\"dce-item dce-item_title elementor-repeater-item-9291b54\"><h3 class=\"dce-post-title\"><a href=\"https:\/\/www.schwarz.it\/it\/zubehoer\/telo-centinato-in-varie-altezze\/\">Telo centinato in varie altezze<\/a><\/h3><\/div><div class=\"dce-item dce-item_content elementor-repeater-item-9bc4af8\"><div class=\"dce-post-content\">Apribile su tutti i lati, di colore grigio chiaro. Altri colori disponibili su richiesta.<\/div><\/div>\t\t\t<\/div>\n\t\t<\/article>\n\t\t\n\t\t<article class=\"post-12255 zubehoer type-zubehoer status-publish has-post-thumbnail hentry zubehoer_kategorien-rimorchio-stradale dce-post dce-post-item dce-grid-filters-item dce-item-grid-filters dce-item-grid\" data-dce-post-id=\"12255\" data-dce-post-index=\"105\">\n\t\t\t<div class=\"dce-post-block\">\n\t\t<div class=\"dce-item dce-item_image elementor-repeater-item-3f00d78\"><a class=\"dce-post-image\" href=\"https:\/\/www.schwarz.it\/it\/zubehoer\/applicazioni-pubblicitarie-per-telo\/\"><figure data-image-ratio=\"0.66\" class=\"dce-img\"><img width=\"800\" height=\"534\" src=\"https:\/\/www.schwarz.it\/wp-content\/uploads\/2022\/09\/11-Werbeschrift-fuer-Planen-1024x683.jpg\" class=\"\" alt=\"Applicazioni pubblicitarie per telo\" srcset=\"https:\/\/www.schwarz.it\/wp-content\/uploads\/2022\/09\/11-Werbeschrift-fuer-Planen-1024x683.jpg 1024w, https:\/\/www.schwarz.it\/wp-content\/uploads\/2022\/09\/11-Werbeschrift-fuer-Planen-300x200.jpg 300w, https:\/\/www.schwarz.it\/wp-content\/uploads\/2022\/09\/11-Werbeschrift-fuer-Planen-768x512.jpg 768w, https:\/\/www.schwarz.it\/wp-content\/uploads\/2022\/09\/11-Werbeschrift-fuer-Planen.jpg 1200w\" sizes=\"(max-width: 800px) 100vw, 800px\" \/><\/figure><\/a><\/div><div class=\"dce-item dce-item_title elementor-repeater-item-9291b54\"><h3 class=\"dce-post-title\"><a href=\"https:\/\/www.schwarz.it\/it\/zubehoer\/applicazioni-pubblicitarie-per-telo\/\">Applicazioni pubblicitarie per telo<\/a><\/h3><\/div><div class=\"dce-item dce-item_content elementor-repeater-item-9bc4af8\"><div class=\"dce-post-content\"><\/div><\/div>\t\t\t<\/div>\n\t\t<\/article>\n\t\t\n\t\t<article class=\"post-12254 zubehoer type-zubehoer status-publish has-post-thumbnail hentry zubehoer_kategorien-rimorchio-stradale dce-post dce-post-item dce-grid-filters-item dce-item-grid-filters dce-item-grid\" data-dce-post-id=\"12254\" data-dce-post-index=\"106\">\n\t\t\t<div class=\"dce-post-block\">\n\t\t<div class=\"dce-item dce-item_image elementor-repeater-item-3f00d78\"><a class=\"dce-post-image\" href=\"https:\/\/www.schwarz.it\/it\/zubehoer\/apertura-laterale-per-telo-centinato-con-ammortizzatore\/\"><figure data-image-ratio=\"0.66\" class=\"dce-img\"><img width=\"800\" height=\"600\" src=\"https:\/\/www.schwarz.it\/wp-content\/uploads\/2022\/09\/12-Plane-seitlich-aufklappbar-1024x768.jpg\" class=\"\" alt=\"Apertura laterale per telo centinato con ammortizzatore\" srcset=\"https:\/\/www.schwarz.it\/wp-content\/uploads\/2022\/09\/12-Plane-seitlich-aufklappbar-1024x768.jpg 1024w, https:\/\/www.schwarz.it\/wp-content\/uploads\/2022\/09\/12-Plane-seitlich-aufklappbar-300x225.jpg 300w, https:\/\/www.schwarz.it\/wp-content\/uploads\/2022\/09\/12-Plane-seitlich-aufklappbar-768x576.jpg 768w, https:\/\/www.schwarz.it\/wp-content\/uploads\/2022\/09\/12-Plane-seitlich-aufklappbar.jpg 1200w\" sizes=\"(max-width: 800px) 100vw, 800px\" \/><\/figure><\/a><\/div><div class=\"dce-item dce-item_title elementor-repeater-item-9291b54\"><h3 class=\"dce-post-title\"><a href=\"https:\/\/www.schwarz.it\/it\/zubehoer\/apertura-laterale-per-telo-centinato-con-ammortizzatore\/\">Apertura laterale per telo centinato con ammortizzatore<\/a><\/h3><\/div><div class=\"dce-item dce-item_content elementor-repeater-item-9bc4af8\"><div class=\"dce-post-content\"><\/div><\/div>\t\t\t<\/div>\n\t\t<\/article>\n\t\t\n\t\t<article class=\"post-12253 zubehoer type-zubehoer status-publish has-post-thumbnail hentry zubehoer_kategorien-rimorchio-stradale dce-post dce-post-item dce-grid-filters-item dce-item-grid-filters dce-item-grid\" data-dce-post-id=\"12253\" data-dce-post-index=\"107\">\n\t\t\t<div class=\"dce-post-block\">\n\t\t<div class=\"dce-item dce-item_image elementor-repeater-item-3f00d78\"><a class=\"dce-post-image\" href=\"https:\/\/www.schwarz.it\/it\/zubehoer\/apertura-laterale-del-telo-con-sistema-roll-up\/\"><figure data-image-ratio=\"0.66\" class=\"dce-img\"><img width=\"800\" height=\"534\" src=\"https:\/\/www.schwarz.it\/wp-content\/uploads\/2022\/09\/12.a-Plane-mit-Roll-up-1024x684.jpg\" class=\"\" alt=\"Apertura laterale del telo con sistema roll-up\" srcset=\"https:\/\/www.schwarz.it\/wp-content\/uploads\/2022\/09\/12.a-Plane-mit-Roll-up-1024x684.jpg 1024w, https:\/\/www.schwarz.it\/wp-content\/uploads\/2022\/09\/12.a-Plane-mit-Roll-up-300x200.jpg 300w, https:\/\/www.schwarz.it\/wp-content\/uploads\/2022\/09\/12.a-Plane-mit-Roll-up-768x513.jpg 768w, https:\/\/www.schwarz.it\/wp-content\/uploads\/2022\/09\/12.a-Plane-mit-Roll-up.jpg 1200w\" sizes=\"(max-width: 800px) 100vw, 800px\" \/><\/figure><\/a><\/div><div class=\"dce-item dce-item_title elementor-repeater-item-9291b54\"><h3 class=\"dce-post-title\"><a href=\"https:\/\/www.schwarz.it\/it\/zubehoer\/apertura-laterale-del-telo-con-sistema-roll-up\/\">Apertura laterale del telo con sistema roll-up<\/a><\/h3><\/div><div class=\"dce-item dce-item_content elementor-repeater-item-9bc4af8\"><div class=\"dce-post-content\"><\/div><\/div>\t\t\t<\/div>\n\t\t<\/article>\n\t\t\n\t\t<article class=\"post-12252 zubehoer type-zubehoer status-publish has-post-thumbnail hentry zubehoer_kategorien-rimorchio-stradale dce-post dce-post-item dce-grid-filters-item dce-item-grid-filters dce-item-grid\" data-dce-post-id=\"12252\" data-dce-post-index=\"108\">\n\t\t\t<div class=\"dce-post-block\">\n\t\t<div class=\"dce-item dce-item_image elementor-repeater-item-3f00d78\"><a class=\"dce-post-image\" href=\"https:\/\/www.schwarz.it\/it\/zubehoer\/telo-centinato-anteriormente-sbiecato-a-45\/\"><figure data-image-ratio=\"0.66\" class=\"dce-img\"><img width=\"800\" height=\"600\" src=\"https:\/\/www.schwarz.it\/wp-content\/uploads\/2022\/09\/13-Plane-vorne-45\u00b0-abgeschraegt-1024x768.jpg\" class=\"\" alt=\"Telo centinato anteriormente sbiecato a 45\u00b0\" srcset=\"https:\/\/www.schwarz.it\/wp-content\/uploads\/2022\/09\/13-Plane-vorne-45\u00b0-abgeschraegt-1024x768.jpg 1024w, https:\/\/www.schwarz.it\/wp-content\/uploads\/2022\/09\/13-Plane-vorne-45\u00b0-abgeschraegt-300x225.jpg 300w, https:\/\/www.schwarz.it\/wp-content\/uploads\/2022\/09\/13-Plane-vorne-45\u00b0-abgeschraegt-768x576.jpg 768w, https:\/\/www.schwarz.it\/wp-content\/uploads\/2022\/09\/13-Plane-vorne-45\u00b0-abgeschraegt.jpg 1200w\" sizes=\"(max-width: 800px) 100vw, 800px\" \/><\/figure><\/a><\/div><div class=\"dce-item dce-item_title elementor-repeater-item-9291b54\"><h3 class=\"dce-post-title\"><a href=\"https:\/\/www.schwarz.it\/it\/zubehoer\/telo-centinato-anteriormente-sbiecato-a-45\/\">Telo centinato anteriormente sbiecato a 45\u00b0<\/a><\/h3><\/div><div class=\"dce-item dce-item_content elementor-repeater-item-9bc4af8\"><div class=\"dce-post-content\">Riduce la resistenza aerodinamica. Consigliato per altezze del telo centinato a partire da 180cm.<\/div><\/div>\t\t\t<\/div>\n\t\t<\/article>\n\t\t\n\t\t<article class=\"post-12251 zubehoer type-zubehoer status-publish has-post-thumbnail hentry zubehoer_kategorien-rimorchio-stradale dce-post dce-post-item dce-grid-filters-item dce-item-grid-filters dce-item-grid\" data-dce-post-id=\"12251\" data-dce-post-index=\"109\">\n\t\t\t<div class=\"dce-post-block\">\n\t\t<div class=\"dce-item dce-item_image elementor-repeater-item-3f00d78\"><a class=\"dce-post-image\" href=\"https:\/\/www.schwarz.it\/it\/zubehoer\/furgonatura-personalizzata\/\"><figure data-image-ratio=\"0.66\" class=\"dce-img\"><img width=\"800\" height=\"600\" src=\"https:\/\/www.schwarz.it\/wp-content\/uploads\/2022\/09\/14-Personalisierter-Kastenaufbau-1024x768.jpg\" class=\"\" alt=\"Furgonatura personalizzata\" srcset=\"https:\/\/www.schwarz.it\/wp-content\/uploads\/2022\/09\/14-Personalisierter-Kastenaufbau-1024x768.jpg 1024w, https:\/\/www.schwarz.it\/wp-content\/uploads\/2022\/09\/14-Personalisierter-Kastenaufbau-300x225.jpg 300w, https:\/\/www.schwarz.it\/wp-content\/uploads\/2022\/09\/14-Personalisierter-Kastenaufbau-768x576.jpg 768w, https:\/\/www.schwarz.it\/wp-content\/uploads\/2022\/09\/14-Personalisierter-Kastenaufbau.jpg 1200w\" sizes=\"(max-width: 800px) 100vw, 800px\" \/><\/figure><\/a><\/div><div class=\"dce-item dce-item_title elementor-repeater-item-9291b54\"><h3 class=\"dce-post-title\"><a href=\"https:\/\/www.schwarz.it\/it\/zubehoer\/furgonatura-personalizzata\/\">Furgonatura personalizzata<\/a><\/h3><\/div><div class=\"dce-item dce-item_content elementor-repeater-item-9bc4af8\"><div class=\"dce-post-content\">Costruiamo furgonature chiuse su misura per utilizzi speciali con panelli isolati.<\/div><\/div>\t\t\t<\/div>\n\t\t<\/article>\n\t\t\n\t\t<article class=\"post-12250 zubehoer type-zubehoer status-publish has-post-thumbnail hentry zubehoer_kategorien-rimorchio-stradale dce-post dce-post-item dce-grid-filters-item dce-item-grid-filters dce-item-grid\" data-dce-post-id=\"12250\" data-dce-post-index=\"110\">\n\t\t\t<div class=\"dce-post-block\">\n\t\t<div class=\"dce-item dce-item_image elementor-repeater-item-3f00d78\"><a class=\"dce-post-image\" href=\"https:\/\/www.schwarz.it\/it\/zubehoer\/rampe-in-alluminio\/\"><figure data-image-ratio=\"0.66\" class=\"dce-img\"><img width=\"800\" height=\"534\" src=\"https:\/\/www.schwarz.it\/wp-content\/uploads\/2022\/09\/15-Alurampe-1024x684.jpg\" class=\"\" alt=\"Rampe in alluminio\" srcset=\"https:\/\/www.schwarz.it\/wp-content\/uploads\/2022\/09\/15-Alurampe-1024x684.jpg 1024w, https:\/\/www.schwarz.it\/wp-content\/uploads\/2022\/09\/15-Alurampe-300x201.jpg 300w, https:\/\/www.schwarz.it\/wp-content\/uploads\/2022\/09\/15-Alurampe-768x513.jpg 768w, https:\/\/www.schwarz.it\/wp-content\/uploads\/2022\/09\/15-Alurampe.jpg 1200w\" sizes=\"(max-width: 800px) 100vw, 800px\" \/><\/figure><\/a><\/div><div class=\"dce-item dce-item_title elementor-repeater-item-9291b54\"><h3 class=\"dce-post-title\"><a href=\"https:\/\/www.schwarz.it\/it\/zubehoer\/rampe-in-alluminio\/\">Rampe in alluminio<\/a><\/h3><\/div><div class=\"dce-item dce-item_content elementor-repeater-item-9bc4af8\"><div class=\"dce-post-content\">In diverse misure con varie portate.<\/div><\/div>\t\t\t<\/div>\n\t\t<\/article>\n\t\t\n\t\t<article class=\"post-12249 zubehoer type-zubehoer status-publish has-post-thumbnail hentry zubehoer_kategorien-rimorchio-stradale dce-post dce-post-item dce-grid-filters-item dce-item-grid-filters dce-item-grid\" data-dce-post-id=\"12249\" data-dce-post-index=\"111\">\n\t\t\t<div class=\"dce-post-block\">\n\t\t<div class=\"dce-item dce-item_image elementor-repeater-item-3f00d78\"><a class=\"dce-post-image\" href=\"https:\/\/www.schwarz.it\/it\/zubehoer\/rampa-light\/\"><figure data-image-ratio=\"0.66\" class=\"dce-img\"><img width=\"800\" height=\"534\" src=\"https:\/\/www.schwarz.it\/wp-content\/uploads\/2022\/09\/16-Alurampe-light-1024x683.jpg\" class=\"\" alt=\"Rampa &#8220;light&#8221;\" srcset=\"https:\/\/www.schwarz.it\/wp-content\/uploads\/2022\/09\/16-Alurampe-light-1024x683.jpg 1024w, https:\/\/www.schwarz.it\/wp-content\/uploads\/2022\/09\/16-Alurampe-light-300x200.jpg 300w, https:\/\/www.schwarz.it\/wp-content\/uploads\/2022\/09\/16-Alurampe-light-768x512.jpg 768w, https:\/\/www.schwarz.it\/wp-content\/uploads\/2022\/09\/16-Alurampe-light.jpg 1200w\" sizes=\"(max-width: 800px) 100vw, 800px\" \/><\/figure><\/a><\/div><div class=\"dce-item dce-item_title elementor-repeater-item-9291b54\"><h3 class=\"dce-post-title\"><a href=\"https:\/\/www.schwarz.it\/it\/zubehoer\/rampa-light\/\">Rampa &#8220;light&#8221;<\/a><\/h3><\/div><div class=\"dce-item dce-item_content elementor-repeater-item-9bc4af8\"><div class=\"dce-post-content\">Lunghezza 200cm, larghezza 22,5cm, portata 150kg\/pz.<\/div><\/div>\t\t\t<\/div>\n\t\t<\/article>\n\t\t\n\t\t<article class=\"post-12248 zubehoer type-zubehoer status-publish has-post-thumbnail hentry zubehoer_kategorien-rimorchio-stradale dce-post dce-post-item dce-grid-filters-item dce-item-grid-filters dce-item-grid\" data-dce-post-id=\"12248\" data-dce-post-index=\"112\">\n\t\t\t<div class=\"dce-post-block\">\n\t\t<div class=\"dce-item dce-item_image elementor-repeater-item-3f00d78\"><a class=\"dce-post-image\" href=\"https:\/\/www.schwarz.it\/it\/zubehoer\/rampa-ripieghevole-in-alluminio\/\"><figure data-image-ratio=\"0.66\" class=\"dce-img\"><img width=\"800\" height=\"536\" src=\"https:\/\/www.schwarz.it\/wp-content\/uploads\/2022\/09\/17-Rampe-klappbar-in-Aluminium-1024x686.jpg\" class=\"\" alt=\"Rampa ripieghevole in alluminio\" srcset=\"https:\/\/www.schwarz.it\/wp-content\/uploads\/2022\/09\/17-Rampe-klappbar-in-Aluminium-1024x686.jpg 1024w, https:\/\/www.schwarz.it\/wp-content\/uploads\/2022\/09\/17-Rampe-klappbar-in-Aluminium-300x201.jpg 300w, https:\/\/www.schwarz.it\/wp-content\/uploads\/2022\/09\/17-Rampe-klappbar-in-Aluminium-768x515.jpg 768w, https:\/\/www.schwarz.it\/wp-content\/uploads\/2022\/09\/17-Rampe-klappbar-in-Aluminium.jpg 1200w\" sizes=\"(max-width: 800px) 100vw, 800px\" \/><\/figure><\/a><\/div><div class=\"dce-item dce-item_title elementor-repeater-item-9291b54\"><h3 class=\"dce-post-title\"><a href=\"https:\/\/www.schwarz.it\/it\/zubehoer\/rampa-ripieghevole-in-alluminio\/\">Rampa ripieghevole in alluminio<\/a><\/h3><\/div><div class=\"dce-item dce-item_content elementor-repeater-item-9bc4af8\"><div class=\"dce-post-content\">Lunghezza 225cm, portata 200kg\/pz.<\/div><\/div>\t\t\t<\/div>\n\t\t<\/article>\n\t\t\n\t\t<article class=\"post-12247 zubehoer type-zubehoer status-publish has-post-thumbnail hentry zubehoer_kategorien-rimorchio-stradale dce-post dce-post-item dce-grid-filters-item dce-item-grid-filters dce-item-grid\" data-dce-post-id=\"12247\" data-dce-post-index=\"113\">\n\t\t\t<div class=\"dce-post-block\">\n\t\t<div class=\"dce-item dce-item_image elementor-repeater-item-3f00d78\"><a class=\"dce-post-image\" href=\"https:\/\/www.schwarz.it\/it\/zubehoer\/inserimento-rampe-sotto-il-pianale\/\"><figure data-image-ratio=\"0.66\" class=\"dce-img\"><img width=\"800\" height=\"533\" src=\"https:\/\/www.schwarz.it\/wp-content\/uploads\/2022\/09\/Rampeneinschub-1024x682.jpg\" class=\"\" alt=\"Inserimento Rampe sotto il pianale\" srcset=\"https:\/\/www.schwarz.it\/wp-content\/uploads\/2022\/09\/Rampeneinschub-1024x682.jpg 1024w, https:\/\/www.schwarz.it\/wp-content\/uploads\/2022\/09\/Rampeneinschub-300x200.jpg 300w, https:\/\/www.schwarz.it\/wp-content\/uploads\/2022\/09\/Rampeneinschub-768x512.jpg 768w, https:\/\/www.schwarz.it\/wp-content\/uploads\/2022\/09\/Rampeneinschub-1536x1024.jpg 1536w, https:\/\/www.schwarz.it\/wp-content\/uploads\/2022\/09\/Rampeneinschub.jpg 2000w\" sizes=\"(max-width: 800px) 100vw, 800px\" \/><\/figure><\/a><\/div><div class=\"dce-item dce-item_title elementor-repeater-item-9291b54\"><h3 class=\"dce-post-title\"><a href=\"https:\/\/www.schwarz.it\/it\/zubehoer\/inserimento-rampe-sotto-il-pianale\/\">Inserimento Rampe sotto il pianale<\/a><\/h3><\/div><div class=\"dce-item dce-item_content elementor-repeater-item-9bc4af8\"><div class=\"dce-post-content\">Solo per rampe SCHWARZ. Per altri tipi di rampe su richiesta.<\/div><\/div>\t\t\t<\/div>\n\t\t<\/article>\n\t\t\n\t\t<article class=\"post-12246 zubehoer type-zubehoer status-publish has-post-thumbnail hentry zubehoer_kategorien-rimorchio-stradale dce-post dce-post-item dce-grid-filters-item dce-item-grid-filters dce-item-grid\" data-dce-post-id=\"12246\" data-dce-post-index=\"114\">\n\t\t\t<div class=\"dce-post-block\">\n\t\t<div class=\"dce-item dce-item_image elementor-repeater-item-3f00d78\"><a class=\"dce-post-image\" href=\"https:\/\/www.schwarz.it\/it\/zubehoer\/rampa-di-carico-pieghevole\/\"><figure data-image-ratio=\"0.66\" class=\"dce-img\"><img width=\"800\" height=\"534\" src=\"https:\/\/www.schwarz.it\/wp-content\/uploads\/2022\/09\/19-Laderampe-klappbar-1024x684.jpg\" class=\"\" alt=\"Rampa di carico pieghevole\" srcset=\"https:\/\/www.schwarz.it\/wp-content\/uploads\/2022\/09\/19-Laderampe-klappbar-1024x684.jpg 1024w, https:\/\/www.schwarz.it\/wp-content\/uploads\/2022\/09\/19-Laderampe-klappbar-300x200.jpg 300w, https:\/\/www.schwarz.it\/wp-content\/uploads\/2022\/09\/19-Laderampe-klappbar-768x513.jpg 768w, https:\/\/www.schwarz.it\/wp-content\/uploads\/2022\/09\/19-Laderampe-klappbar.jpg 1200w\" sizes=\"(max-width: 800px) 100vw, 800px\" \/><\/figure><\/a><\/div><div class=\"dce-item dce-item_title elementor-repeater-item-9291b54\"><h3 class=\"dce-post-title\"><a href=\"https:\/\/www.schwarz.it\/it\/zubehoer\/rampa-di-carico-pieghevole\/\">Rampa di carico pieghevole<\/a><\/h3><\/div><div class=\"dce-item dce-item_content elementor-repeater-item-9bc4af8\"><div class=\"dce-post-content\"><\/div><\/div>\t\t\t<\/div>\n\t\t<\/article>\n\t\t\n\t\t<article class=\"post-12245 zubehoer type-zubehoer status-publish has-post-thumbnail hentry zubehoer_kategorien-rimorchio-stradale dce-post dce-post-item dce-grid-filters-item dce-item-grid-filters dce-item-grid\" data-dce-post-id=\"12245\" data-dce-post-index=\"115\">\n\t\t\t<div class=\"dce-post-block\">\n\t\t<div class=\"dce-item dce-item_image elementor-repeater-item-3f00d78\"><a class=\"dce-post-image\" href=\"https:\/\/www.schwarz.it\/it\/zubehoer\/rampa-di-carico-in-un-pezzo-unico\/\"><figure data-image-ratio=\"0.66\" class=\"dce-img\"><img width=\"800\" height=\"534\" src=\"https:\/\/www.schwarz.it\/wp-content\/uploads\/2022\/09\/20-Laderampe-in-einem-Stueck-1024x684.jpg\" class=\"\" alt=\"Rampa di carico in un pezzo unico\" srcset=\"https:\/\/www.schwarz.it\/wp-content\/uploads\/2022\/09\/20-Laderampe-in-einem-Stueck-1024x684.jpg 1024w, https:\/\/www.schwarz.it\/wp-content\/uploads\/2022\/09\/20-Laderampe-in-einem-Stueck-300x201.jpg 300w, https:\/\/www.schwarz.it\/wp-content\/uploads\/2022\/09\/20-Laderampe-in-einem-Stueck-768x513.jpg 768w, https:\/\/www.schwarz.it\/wp-content\/uploads\/2022\/09\/20-Laderampe-in-einem-Stueck.jpg 1200w\" sizes=\"(max-width: 800px) 100vw, 800px\" \/><\/figure><\/a><\/div><div class=\"dce-item dce-item_title elementor-repeater-item-9291b54\"><h3 class=\"dce-post-title\"><a href=\"https:\/\/www.schwarz.it\/it\/zubehoer\/rampa-di-carico-in-un-pezzo-unico\/\">Rampa di carico in un pezzo unico<\/a><\/h3><\/div><div class=\"dce-item dce-item_content elementor-repeater-item-9bc4af8\"><div class=\"dce-post-content\"><\/div><\/div>\t\t\t<\/div>\n\t\t<\/article>\n\t\t\n\t\t<article class=\"post-12244 zubehoer type-zubehoer status-publish has-post-thumbnail hentry zubehoer_kategorien-rimorchio-stradale dce-post dce-post-item dce-grid-filters-item dce-item-grid-filters dce-item-grid\" data-dce-post-id=\"12244\" data-dce-post-index=\"116\">\n\t\t\t<div class=\"dce-post-block\">\n\t\t<div class=\"dce-item dce-item_image elementor-repeater-item-3f00d78\"><a class=\"dce-post-image\" href=\"https:\/\/www.schwarz.it\/it\/zubehoer\/rampa-di-carico-in-un-pezzo-unico-light\/\"><figure data-image-ratio=\"0.66\" class=\"dce-img\"><img width=\"800\" height=\"534\" src=\"https:\/\/www.schwarz.it\/wp-content\/uploads\/2022\/09\/21-Laderampe-in-einem-Stueck-light-1024x684.jpg\" class=\"\" alt=\"Rampa di carico in un pezzo unico light\" srcset=\"https:\/\/www.schwarz.it\/wp-content\/uploads\/2022\/09\/21-Laderampe-in-einem-Stueck-light-1024x684.jpg 1024w, https:\/\/www.schwarz.it\/wp-content\/uploads\/2022\/09\/21-Laderampe-in-einem-Stueck-light-300x200.jpg 300w, https:\/\/www.schwarz.it\/wp-content\/uploads\/2022\/09\/21-Laderampe-in-einem-Stueck-light-768x513.jpg 768w, https:\/\/www.schwarz.it\/wp-content\/uploads\/2022\/09\/21-Laderampe-in-einem-Stueck-light.jpg 1200w\" sizes=\"(max-width: 800px) 100vw, 800px\" \/><\/figure><\/a><\/div><div class=\"dce-item dce-item_title elementor-repeater-item-9291b54\"><h3 class=\"dce-post-title\"><a href=\"https:\/\/www.schwarz.it\/it\/zubehoer\/rampa-di-carico-in-un-pezzo-unico-light\/\">Rampa di carico in un pezzo unico light<\/a><\/h3><\/div><div class=\"dce-item dce-item_content elementor-repeater-item-9bc4af8\"><div class=\"dce-post-content\">Completamente in alluminio. Consigliabile per rimorchi stradali monoasse.<\/div><\/div>\t\t\t<\/div>\n\t\t<\/article>\n\t\t\n\t\t<article class=\"post-12243 zubehoer type-zubehoer status-publish has-post-thumbnail hentry zubehoer_kategorien-rimorchio-stradale dce-post dce-post-item dce-grid-filters-item dce-item-grid-filters dce-item-grid\" data-dce-post-id=\"12243\" data-dce-post-index=\"117\">\n\t\t\t<div class=\"dce-post-block\">\n\t\t<div class=\"dce-item dce-item_image elementor-repeater-item-3f00d78\"><a class=\"dce-post-image\" href=\"https:\/\/www.schwarz.it\/it\/zubehoer\/ringhiera-per-rampa-di-carico\/\"><figure data-image-ratio=\"0.66\" class=\"dce-img\"><img width=\"800\" height=\"534\" src=\"https:\/\/www.schwarz.it\/wp-content\/uploads\/2022\/09\/21.a-Gelaender-auf-Laderampe-1024x683.jpg\" class=\"\" alt=\"Ringhiera per rampa di carico\" srcset=\"https:\/\/www.schwarz.it\/wp-content\/uploads\/2022\/09\/21.a-Gelaender-auf-Laderampe-1024x683.jpg 1024w, https:\/\/www.schwarz.it\/wp-content\/uploads\/2022\/09\/21.a-Gelaender-auf-Laderampe-300x200.jpg 300w, https:\/\/www.schwarz.it\/wp-content\/uploads\/2022\/09\/21.a-Gelaender-auf-Laderampe-768x512.jpg 768w, https:\/\/www.schwarz.it\/wp-content\/uploads\/2022\/09\/21.a-Gelaender-auf-Laderampe.jpg 1200w\" sizes=\"(max-width: 800px) 100vw, 800px\" \/><\/figure><\/a><\/div><div class=\"dce-item dce-item_title elementor-repeater-item-9291b54\"><h3 class=\"dce-post-title\"><a href=\"https:\/\/www.schwarz.it\/it\/zubehoer\/ringhiera-per-rampa-di-carico\/\">Ringhiera per rampa di carico<\/a><\/h3><\/div><div class=\"dce-item dce-item_content elementor-repeater-item-9bc4af8\"><div class=\"dce-post-content\">Consigliabile per trasporti di animali. <\/div><\/div>\t\t\t<\/div>\n\t\t<\/article>\n\t\t\n\t\t<article class=\"post-12242 zubehoer type-zubehoer status-publish has-post-thumbnail hentry zubehoer_kategorien-rimorchio-stradale dce-post dce-post-item dce-grid-filters-item dce-item-grid-filters dce-item-grid\" data-dce-post-id=\"12242\" data-dce-post-index=\"118\">\n\t\t\t<div class=\"dce-post-block\">\n\t\t<div class=\"dce-item dce-item_image elementor-repeater-item-3f00d78\"><a class=\"dce-post-image\" href=\"https:\/\/www.schwarz.it\/it\/zubehoer\/griglia-divisoria-centrale\/\"><figure data-image-ratio=\"0.66\" class=\"dce-img\"><img width=\"800\" height=\"534\" src=\"https:\/\/www.schwarz.it\/wp-content\/uploads\/2022\/09\/21.b-Trenngitter-in-der-Mitte-1024x683.jpg\" class=\"\" alt=\"Griglia divisoria centrale\" srcset=\"https:\/\/www.schwarz.it\/wp-content\/uploads\/2022\/09\/21.b-Trenngitter-in-der-Mitte-1024x683.jpg 1024w, https:\/\/www.schwarz.it\/wp-content\/uploads\/2022\/09\/21.b-Trenngitter-in-der-Mitte-300x200.jpg 300w, https:\/\/www.schwarz.it\/wp-content\/uploads\/2022\/09\/21.b-Trenngitter-in-der-Mitte-768x512.jpg 768w, https:\/\/www.schwarz.it\/wp-content\/uploads\/2022\/09\/21.b-Trenngitter-in-der-Mitte.jpg 1200w\" sizes=\"(max-width: 800px) 100vw, 800px\" \/><\/figure><\/a><\/div><div class=\"dce-item dce-item_title elementor-repeater-item-9291b54\"><h3 class=\"dce-post-title\"><a href=\"https:\/\/www.schwarz.it\/it\/zubehoer\/griglia-divisoria-centrale\/\">Griglia divisoria centrale<\/a><\/h3><\/div><div class=\"dce-item dce-item_content elementor-repeater-item-9bc4af8\"><div class=\"dce-post-content\"><\/div><\/div>\t\t\t<\/div>\n\t\t<\/article>\n\t\t\n\t\t<article class=\"post-12241 zubehoer type-zubehoer status-publish has-post-thumbnail hentry zubehoer_kategorien-rimorchio-stradale dce-post dce-post-item dce-grid-filters-item dce-item-grid-filters dce-item-grid\" data-dce-post-id=\"12241\" data-dce-post-index=\"119\">\n\t\t\t<div class=\"dce-post-block\">\n\t\t<div class=\"dce-item dce-item_image elementor-repeater-item-3f00d78\"><a class=\"dce-post-image\" href=\"https:\/\/www.schwarz.it\/it\/zubehoer\/piedi-dappoggio-pieghevoli\/\"><figure data-image-ratio=\"0.66\" class=\"dce-img\"><img width=\"800\" height=\"534\" src=\"https:\/\/www.schwarz.it\/wp-content\/uploads\/2022\/09\/22-Stuetzfuesse-klappbar-1024x684.jpg\" class=\"\" alt=\"Piedi d\u2019appoggio pieghevoli\" srcset=\"https:\/\/www.schwarz.it\/wp-content\/uploads\/2022\/09\/22-Stuetzfuesse-klappbar-1024x684.jpg 1024w, https:\/\/www.schwarz.it\/wp-content\/uploads\/2022\/09\/22-Stuetzfuesse-klappbar-300x200.jpg 300w, https:\/\/www.schwarz.it\/wp-content\/uploads\/2022\/09\/22-Stuetzfuesse-klappbar-768x513.jpg 768w, https:\/\/www.schwarz.it\/wp-content\/uploads\/2022\/09\/22-Stuetzfuesse-klappbar.jpg 1200w\" sizes=\"(max-width: 800px) 100vw, 800px\" \/><\/figure><\/a><\/div><div class=\"dce-item dce-item_title elementor-repeater-item-9291b54\"><h3 class=\"dce-post-title\"><a href=\"https:\/\/www.schwarz.it\/it\/zubehoer\/piedi-dappoggio-pieghevoli\/\">Piedi d\u2019appoggio pieghevoli<\/a><\/h3><\/div><div class=\"dce-item dce-item_content elementor-repeater-item-9bc4af8\"><div class=\"dce-post-content\">Montati sotto il pianale. (incluso manovella)<\/div><\/div>\t\t\t<\/div>\n\t\t<\/article>\n\t\t\n\t\t<article class=\"post-12240 zubehoer type-zubehoer status-publish has-post-thumbnail hentry zubehoer_kategorien-rimorchio-stradale dce-post dce-post-item dce-grid-filters-item dce-item-grid-filters dce-item-grid\" data-dce-post-id=\"12240\" data-dce-post-index=\"120\">\n\t\t\t<div class=\"dce-post-block\">\n\t\t<div class=\"dce-item dce-item_image elementor-repeater-item-3f00d78\"><a class=\"dce-post-image\" href=\"https:\/\/www.schwarz.it\/it\/zubehoer\/pompa-elettrica-per-ribaltabili-trilaterali\/\"><figure data-image-ratio=\"0.66\" class=\"dce-img\"><img width=\"800\" height=\"534\" src=\"https:\/\/www.schwarz.it\/wp-content\/uploads\/2022\/09\/23-Elektropumpe-fuer-PKW-Kippanhaenger-1024x684.jpg\" class=\"\" alt=\"Pompa elettrica per ribaltabili trilaterali\" srcset=\"https:\/\/www.schwarz.it\/wp-content\/uploads\/2022\/09\/23-Elektropumpe-fuer-PKW-Kippanhaenger-1024x684.jpg 1024w, https:\/\/www.schwarz.it\/wp-content\/uploads\/2022\/09\/23-Elektropumpe-fuer-PKW-Kippanhaenger-300x201.jpg 300w, https:\/\/www.schwarz.it\/wp-content\/uploads\/2022\/09\/23-Elektropumpe-fuer-PKW-Kippanhaenger-768x513.jpg 768w, https:\/\/www.schwarz.it\/wp-content\/uploads\/2022\/09\/23-Elektropumpe-fuer-PKW-Kippanhaenger.jpg 1200w\" sizes=\"(max-width: 800px) 100vw, 800px\" \/><\/figure><\/a><\/div><div class=\"dce-item dce-item_title elementor-repeater-item-9291b54\"><h3 class=\"dce-post-title\"><a href=\"https:\/\/www.schwarz.it\/it\/zubehoer\/pompa-elettrica-per-ribaltabili-trilaterali\/\">Pompa elettrica per ribaltabili trilaterali<\/a><\/h3><\/div><div class=\"dce-item dce-item_content elementor-repeater-item-9bc4af8\"><div class=\"dce-post-content\">Per rimorchi ribaltabili ed inclinabili con batteria. (Caricabatteria extra) <\/div><\/div>\t\t\t<\/div>\n\t\t<\/article>\n\t\t\n\t\t<article class=\"post-12239 zubehoer type-zubehoer status-publish has-post-thumbnail hentry zubehoer_kategorien-rimorchio-stradale dce-post dce-post-item dce-grid-filters-item dce-item-grid-filters dce-item-grid\" data-dce-post-id=\"12239\" data-dce-post-index=\"121\">\n\t\t\t<div class=\"dce-post-block\">\n\t\t<div class=\"dce-item dce-item_image elementor-repeater-item-3f00d78\"><a class=\"dce-post-image\" href=\"https:\/\/www.schwarz.it\/it\/zubehoer\/telecomando-per-pompa-elettrica\/\"><figure data-image-ratio=\"0.66\" class=\"dce-img\"><img width=\"800\" height=\"600\" src=\"https:\/\/www.schwarz.it\/wp-content\/uploads\/2022\/09\/24-Funk-fuer-Elektropumpe-1024x768.jpg\" class=\"\" alt=\"Telecomando per pompa elettrica\" srcset=\"https:\/\/www.schwarz.it\/wp-content\/uploads\/2022\/09\/24-Funk-fuer-Elektropumpe-1024x768.jpg 1024w, https:\/\/www.schwarz.it\/wp-content\/uploads\/2022\/09\/24-Funk-fuer-Elektropumpe-300x225.jpg 300w, https:\/\/www.schwarz.it\/wp-content\/uploads\/2022\/09\/24-Funk-fuer-Elektropumpe-768x576.jpg 768w, https:\/\/www.schwarz.it\/wp-content\/uploads\/2022\/09\/24-Funk-fuer-Elektropumpe.jpg 1200w\" sizes=\"(max-width: 800px) 100vw, 800px\" \/><\/figure><\/a><\/div><div class=\"dce-item dce-item_title elementor-repeater-item-9291b54\"><h3 class=\"dce-post-title\"><a href=\"https:\/\/www.schwarz.it\/it\/zubehoer\/telecomando-per-pompa-elettrica\/\">Telecomando per pompa elettrica<\/a><\/h3><\/div><div class=\"dce-item dce-item_content elementor-repeater-item-9bc4af8\"><div class=\"dce-post-content\"><\/div><\/div>\t\t\t<\/div>\n\t\t<\/article>\n\t\t\n\t\t<article class=\"post-12238 zubehoer type-zubehoer status-publish has-post-thumbnail hentry zubehoer_kategorien-rimorchio-stradale dce-post dce-post-item dce-grid-filters-item dce-item-grid-filters dce-item-grid\" data-dce-post-id=\"12238\" data-dce-post-index=\"122\">\n\t\t\t<div class=\"dce-post-block\">\n\t\t<div class=\"dce-item dce-item_image elementor-repeater-item-3f00d78\"><a class=\"dce-post-image\" href=\"https:\/\/www.schwarz.it\/it\/zubehoer\/sponda-posteriore-a-pendolo-per-ribaltabile-trilaterale\/\"><figure data-image-ratio=\"0.66\" class=\"dce-img\"><img width=\"800\" height=\"534\" src=\"https:\/\/www.schwarz.it\/wp-content\/uploads\/2022\/09\/25-Pendelwand-hinten-1024x684.jpg\" class=\"\" alt=\"Sponda posteriore a pendolo per ribaltabile trilaterale\" srcset=\"https:\/\/www.schwarz.it\/wp-content\/uploads\/2022\/09\/25-Pendelwand-hinten-1024x684.jpg 1024w, https:\/\/www.schwarz.it\/wp-content\/uploads\/2022\/09\/25-Pendelwand-hinten-300x200.jpg 300w, https:\/\/www.schwarz.it\/wp-content\/uploads\/2022\/09\/25-Pendelwand-hinten-768x513.jpg 768w, https:\/\/www.schwarz.it\/wp-content\/uploads\/2022\/09\/25-Pendelwand-hinten.jpg 1200w\" sizes=\"(max-width: 800px) 100vw, 800px\" \/><\/figure><\/a><\/div><div class=\"dce-item dce-item_title elementor-repeater-item-9291b54\"><h3 class=\"dce-post-title\"><a href=\"https:\/\/www.schwarz.it\/it\/zubehoer\/sponda-posteriore-a-pendolo-per-ribaltabile-trilaterale\/\">Sponda posteriore a pendolo per ribaltabile trilaterale<\/a><\/h3><\/div><div class=\"dce-item dce-item_content elementor-repeater-item-9bc4af8\"><div class=\"dce-post-content\"><\/div><\/div>\t\t\t<\/div>\n\t\t<\/article>\n\t\t\n\t\t<article class=\"post-12237 zubehoer type-zubehoer status-publish has-post-thumbnail hentry zubehoer_kategorien-rimorchio-stradale dce-post dce-post-item dce-grid-filters-item dce-item-grid-filters dce-item-grid\" data-dce-post-id=\"12237\" data-dce-post-index=\"123\">\n\t\t\t<div class=\"dce-post-block\">\n\t\t<div class=\"dce-item dce-item_image elementor-repeater-item-3f00d78\"><a class=\"dce-post-image\" href=\"https:\/\/www.schwarz.it\/it\/zubehoer\/verricello-elettrico\/\"><figure data-image-ratio=\"0.66\" class=\"dce-img\"><img width=\"800\" height=\"600\" src=\"https:\/\/www.schwarz.it\/wp-content\/uploads\/2022\/09\/26-Elektrische-Seilwinde.jpg\" class=\"\" alt=\"Verricello elettrico\" srcset=\"https:\/\/www.schwarz.it\/wp-content\/uploads\/2022\/09\/26-Elektrische-Seilwinde.jpg 1000w, https:\/\/www.schwarz.it\/wp-content\/uploads\/2022\/09\/26-Elektrische-Seilwinde-300x225.jpg 300w, https:\/\/www.schwarz.it\/wp-content\/uploads\/2022\/09\/26-Elektrische-Seilwinde-768x576.jpg 768w\" sizes=\"(max-width: 800px) 100vw, 800px\" \/><\/figure><\/a><\/div><div class=\"dce-item dce-item_title elementor-repeater-item-9291b54\"><h3 class=\"dce-post-title\"><a href=\"https:\/\/www.schwarz.it\/it\/zubehoer\/verricello-elettrico\/\">Verricello elettrico<\/a><\/h3><\/div><div class=\"dce-item dce-item_content elementor-repeater-item-9bc4af8\"><div class=\"dce-post-content\"><\/div><\/div>\t\t\t<\/div>\n\t\t<\/article>\n\t\t\n\t\t<article class=\"post-12236 zubehoer type-zubehoer status-publish has-post-thumbnail hentry zubehoer_kategorien-rimorchio-stradale dce-post dce-post-item dce-grid-filters-item dce-item-grid-filters dce-item-grid\" data-dce-post-id=\"12236\" data-dce-post-index=\"124\">\n\t\t\t<div class=\"dce-post-block\">\n\t\t<div class=\"dce-item dce-item_image elementor-repeater-item-3f00d78\"><a class=\"dce-post-image\" href=\"https:\/\/www.schwarz.it\/it\/zubehoer\/ruota-di-scorta\/\"><figure data-image-ratio=\"0.66\" class=\"dce-img\"><img width=\"800\" height=\"534\" src=\"https:\/\/www.schwarz.it\/wp-content\/uploads\/2022\/09\/27-Reserverad-1024x683.jpg\" class=\"\" alt=\"Ruota di scorta\" srcset=\"https:\/\/www.schwarz.it\/wp-content\/uploads\/2022\/09\/27-Reserverad-1024x683.jpg 1024w, https:\/\/www.schwarz.it\/wp-content\/uploads\/2022\/09\/27-Reserverad-300x200.jpg 300w, https:\/\/www.schwarz.it\/wp-content\/uploads\/2022\/09\/27-Reserverad-768x512.jpg 768w, https:\/\/www.schwarz.it\/wp-content\/uploads\/2022\/09\/27-Reserverad.jpg 1200w\" sizes=\"(max-width: 800px) 100vw, 800px\" \/><\/figure><\/a><\/div><div class=\"dce-item dce-item_title elementor-repeater-item-9291b54\"><h3 class=\"dce-post-title\"><a href=\"https:\/\/www.schwarz.it\/it\/zubehoer\/ruota-di-scorta\/\">Ruota di scorta<\/a><\/h3><\/div><div class=\"dce-item dce-item_content elementor-repeater-item-9bc4af8\"><div class=\"dce-post-content\"><\/div><\/div>\t\t\t<\/div>\n\t\t<\/article>\n\t\t\n\t\t<article class=\"post-12235 zubehoer type-zubehoer status-publish has-post-thumbnail hentry zubehoer_kategorien-rimorchio-stradale dce-post dce-post-item dce-grid-filters-item dce-item-grid-filters dce-item-grid\" data-dce-post-id=\"12235\" data-dce-post-index=\"125\">\n\t\t\t<div class=\"dce-post-block\">\n\t\t<div class=\"dce-item dce-item_image elementor-repeater-item-3f00d78\"><a class=\"dce-post-image\" href=\"https:\/\/www.schwarz.it\/it\/zubehoer\/taschine-per-soprasponde-in-legno\/\"><figure data-image-ratio=\"0.66\" class=\"dce-img\"><img width=\"800\" height=\"506\" src=\"https:\/\/www.schwarz.it\/wp-content\/uploads\/2022\/09\/28-Taschen-fuer-Aufsatzwaende.jpg\" class=\"\" alt=\"Taschine per soprasponde in legno\" srcset=\"https:\/\/www.schwarz.it\/wp-content\/uploads\/2022\/09\/28-Taschen-fuer-Aufsatzwaende.jpg 1000w, https:\/\/www.schwarz.it\/wp-content\/uploads\/2022\/09\/28-Taschen-fuer-Aufsatzwaende-300x190.jpg 300w, https:\/\/www.schwarz.it\/wp-content\/uploads\/2022\/09\/28-Taschen-fuer-Aufsatzwaende-768x485.jpg 768w\" sizes=\"(max-width: 800px) 100vw, 800px\" \/><\/figure><\/a><\/div><div class=\"dce-item dce-item_title elementor-repeater-item-9291b54\"><h3 class=\"dce-post-title\"><a href=\"https:\/\/www.schwarz.it\/it\/zubehoer\/taschine-per-soprasponde-in-legno\/\">Taschine per soprasponde in legno<\/a><\/h3><\/div><div class=\"dce-item dce-item_content elementor-repeater-item-9bc4af8\"><div class=\"dce-post-content\"><\/div><\/div>\t\t\t<\/div>\n\t\t<\/article>\n\t\t\n\t\t<article class=\"post-12234 zubehoer type-zubehoer status-publish has-post-thumbnail hentry zubehoer_kategorien-rimorchio-stradale dce-post dce-post-item dce-grid-filters-item dce-item-grid-filters dce-item-grid\" data-dce-post-id=\"12234\" data-dce-post-index=\"126\">\n\t\t\t<div class=\"dce-post-block\">\n\t\t<div class=\"dce-item dce-item_image elementor-repeater-item-3f00d78\"><a class=\"dce-post-image\" href=\"https:\/\/www.schwarz.it\/it\/zubehoer\/chiusure-per-soprasponde-in-legno\/\"><figure data-image-ratio=\"0.66\" class=\"dce-img\"><img width=\"800\" height=\"504\" src=\"https:\/\/www.schwarz.it\/wp-content\/uploads\/2022\/09\/29-Verschluesse-fuer-Aufsatzwaende.jpg\" class=\"\" alt=\"Chiusure per soprasponde in legno\" srcset=\"https:\/\/www.schwarz.it\/wp-content\/uploads\/2022\/09\/29-Verschluesse-fuer-Aufsatzwaende.jpg 1000w, https:\/\/www.schwarz.it\/wp-content\/uploads\/2022\/09\/29-Verschluesse-fuer-Aufsatzwaende-300x189.jpg 300w, https:\/\/www.schwarz.it\/wp-content\/uploads\/2022\/09\/29-Verschluesse-fuer-Aufsatzwaende-768x484.jpg 768w\" sizes=\"(max-width: 800px) 100vw, 800px\" \/><\/figure><\/a><\/div><div class=\"dce-item dce-item_title elementor-repeater-item-9291b54\"><h3 class=\"dce-post-title\"><a href=\"https:\/\/www.schwarz.it\/it\/zubehoer\/chiusure-per-soprasponde-in-legno\/\">Chiusure per soprasponde in legno<\/a><\/h3><\/div><div class=\"dce-item dce-item_content elementor-repeater-item-9bc4af8\"><div class=\"dce-post-content\"><\/div><\/div>\t\t\t<\/div>\n\t\t<\/article>\n\t\t\n\t\t<article class=\"post-12233 zubehoer type-zubehoer status-publish has-post-thumbnail hentry zubehoer_kategorien-rimorchio-stradale dce-post dce-post-item dce-grid-filters-item dce-item-grid-filters dce-item-grid\" data-dce-post-id=\"12233\" data-dce-post-index=\"127\">\n\t\t\t<div class=\"dce-post-block\">\n\t\t<div class=\"dce-item dce-item_image elementor-repeater-item-3f00d78\"><a class=\"dce-post-image\" href=\"https:\/\/www.schwarz.it\/it\/zubehoer\/chiusure-per-soprasponde-in-legno-2\/\"><figure data-image-ratio=\"0.66\" class=\"dce-img\"><img width=\"800\" height=\"450\" src=\"https:\/\/www.schwarz.it\/wp-content\/uploads\/2022\/09\/30-Motorradhalter-1024x576.jpg\" class=\"\" alt=\"Chiusure per soprasponde in legno\" srcset=\"https:\/\/www.schwarz.it\/wp-content\/uploads\/2022\/09\/30-Motorradhalter-1024x576.jpg 1024w, https:\/\/www.schwarz.it\/wp-content\/uploads\/2022\/09\/30-Motorradhalter-300x169.jpg 300w, https:\/\/www.schwarz.it\/wp-content\/uploads\/2022\/09\/30-Motorradhalter-768x432.jpg 768w, https:\/\/www.schwarz.it\/wp-content\/uploads\/2022\/09\/30-Motorradhalter.jpg 1200w\" sizes=\"(max-width: 800px) 100vw, 800px\" \/><\/figure><\/a><\/div><div class=\"dce-item dce-item_title elementor-repeater-item-9291b54\"><h3 class=\"dce-post-title\"><a href=\"https:\/\/www.schwarz.it\/it\/zubehoer\/chiusure-per-soprasponde-in-legno-2\/\">Chiusure per soprasponde in legno<\/a><\/h3><\/div><div class=\"dce-item dce-item_content elementor-repeater-item-9bc4af8\"><div class=\"dce-post-content\"><\/div><\/div>\t\t\t<\/div>\n\t\t<\/article>\n\t\t\n\t\t<article class=\"post-12232 zubehoer type-zubehoer status-publish has-post-thumbnail hentry zubehoer_kategorien-rimorchio-stradale dce-post dce-post-item dce-grid-filters-item dce-item-grid-filters dce-item-grid\" data-dce-post-id=\"12232\" data-dce-post-index=\"128\">\n\t\t\t<div class=\"dce-post-block\">\n\t\t<div class=\"dce-item dce-item_image elementor-repeater-item-3f00d78\"><a class=\"dce-post-image\" href=\"https:\/\/www.schwarz.it\/it\/zubehoer\/ruota-dappoggio-pieghevole-automatica\/\"><figure data-image-ratio=\"0.66\" class=\"dce-img\"><img width=\"800\" height=\"496\" src=\"https:\/\/www.schwarz.it\/wp-content\/uploads\/2022\/09\/31-Stuetzrad-automatisch-klappbar.jpg\" class=\"\" alt=\"Ruota d\u2019appoggio pieghevole automatica\" srcset=\"https:\/\/www.schwarz.it\/wp-content\/uploads\/2022\/09\/31-Stuetzrad-automatisch-klappbar.jpg 800w, https:\/\/www.schwarz.it\/wp-content\/uploads\/2022\/09\/31-Stuetzrad-automatisch-klappbar-300x186.jpg 300w, https:\/\/www.schwarz.it\/wp-content\/uploads\/2022\/09\/31-Stuetzrad-automatisch-klappbar-768x476.jpg 768w\" sizes=\"(max-width: 800px) 100vw, 800px\" \/><\/figure><\/a><\/div><div class=\"dce-item dce-item_title elementor-repeater-item-9291b54\"><h3 class=\"dce-post-title\"><a href=\"https:\/\/www.schwarz.it\/it\/zubehoer\/ruota-dappoggio-pieghevole-automatica\/\">Ruota d\u2019appoggio pieghevole automatica<\/a><\/h3><\/div><div class=\"dce-item dce-item_content elementor-repeater-item-9bc4af8\"><div class=\"dce-post-content\">Serienm\u00e4\u00dfig ab 1.500kg Gesamtgewicht.<\/div><\/div>\t\t\t<\/div>\n\t\t<\/article>\n\t\t\n\t\t<article class=\"post-12231 zubehoer type-zubehoer status-publish has-post-thumbnail hentry zubehoer_kategorien-rimorchio-stradale dce-post dce-post-item dce-grid-filters-item dce-item-grid-filters dce-item-grid\" data-dce-post-id=\"12231\" data-dce-post-index=\"129\">\n\t\t\t<div class=\"dce-post-block\">\n\t\t<div class=\"dce-item dce-item_image elementor-repeater-item-3f00d78\"><a class=\"dce-post-image\" href=\"https:\/\/www.schwarz.it\/it\/zubehoer\/cassetta-portattrezzi-zincata\/\"><figure data-image-ratio=\"0.66\" class=\"dce-img\"><img width=\"800\" height=\"534\" src=\"https:\/\/www.schwarz.it\/wp-content\/uploads\/2022\/09\/32-Werkzeugkiste-1024x683.jpg\" class=\"\" alt=\"Cassetta portattrezzi zincata\" srcset=\"https:\/\/www.schwarz.it\/wp-content\/uploads\/2022\/09\/32-Werkzeugkiste-1024x683.jpg 1024w, https:\/\/www.schwarz.it\/wp-content\/uploads\/2022\/09\/32-Werkzeugkiste-300x200.jpg 300w, https:\/\/www.schwarz.it\/wp-content\/uploads\/2022\/09\/32-Werkzeugkiste-768x512.jpg 768w, https:\/\/www.schwarz.it\/wp-content\/uploads\/2022\/09\/32-Werkzeugkiste.jpg 1200w\" sizes=\"(max-width: 800px) 100vw, 800px\" \/><\/figure><\/a><\/div><div class=\"dce-item dce-item_title elementor-repeater-item-9291b54\"><h3 class=\"dce-post-title\"><a href=\"https:\/\/www.schwarz.it\/it\/zubehoer\/cassetta-portattrezzi-zincata\/\">Cassetta portattrezzi zincata<\/a><\/h3><\/div><div class=\"dce-item dce-item_content elementor-repeater-item-9bc4af8\"><div class=\"dce-post-content\"><\/div><\/div>\t\t\t<\/div>\n\t\t<\/article>\n\t\t\n\t\t<article class=\"post-12230 zubehoer type-zubehoer status-publish has-post-thumbnail hentry zubehoer_kategorien-rimorchio-stradale dce-post dce-post-item dce-grid-filters-item dce-item-grid-filters dce-item-grid\" data-dce-post-id=\"12230\" data-dce-post-index=\"130\">\n\t\t\t<div class=\"dce-post-block\">\n\t\t<div class=\"dce-item dce-item_image elementor-repeater-item-3f00d78\"><a class=\"dce-post-image\" href=\"https:\/\/www.schwarz.it\/it\/zubehoer\/cassetta-portattrezzi-in-plastica\/\"><figure data-image-ratio=\"0.66\" class=\"dce-img\"><img width=\"800\" height=\"533\" src=\"https:\/\/www.schwarz.it\/wp-content\/uploads\/2022\/09\/33-Werkzeugkiste-in-Kunststoff-1024x682.jpg\" class=\"\" alt=\"Cassetta portattrezzi in plastica\" srcset=\"https:\/\/www.schwarz.it\/wp-content\/uploads\/2022\/09\/33-Werkzeugkiste-in-Kunststoff-1024x682.jpg 1024w, https:\/\/www.schwarz.it\/wp-content\/uploads\/2022\/09\/33-Werkzeugkiste-in-Kunststoff-300x200.jpg 300w, https:\/\/www.schwarz.it\/wp-content\/uploads\/2022\/09\/33-Werkzeugkiste-in-Kunststoff-768x511.jpg 768w, https:\/\/www.schwarz.it\/wp-content\/uploads\/2022\/09\/33-Werkzeugkiste-in-Kunststoff.jpg 1200w\" sizes=\"(max-width: 800px) 100vw, 800px\" \/><\/figure><\/a><\/div><div class=\"dce-item dce-item_title elementor-repeater-item-9291b54\"><h3 class=\"dce-post-title\"><a href=\"https:\/\/www.schwarz.it\/it\/zubehoer\/cassetta-portattrezzi-in-plastica\/\">Cassetta portattrezzi in plastica<\/a><\/h3><\/div><div class=\"dce-item dce-item_content elementor-repeater-item-9bc4af8\"><div class=\"dce-post-content\">Montata sul timone.<\/div><\/div>\t\t\t<\/div>\n\t\t<\/article>\n\t\t\n\t\t<article class=\"post-12229 zubehoer type-zubehoer status-publish has-post-thumbnail hentry zubehoer_kategorien-rimorchio-stradale dce-post dce-post-item dce-grid-filters-item dce-item-grid-filters dce-item-grid\" data-dce-post-id=\"12229\" data-dce-post-index=\"131\">\n\t\t\t<div class=\"dce-post-block\">\n\t\t<div class=\"dce-item dce-item_image elementor-repeater-item-3f00d78\"><a class=\"dce-post-image\" href=\"https:\/\/www.schwarz.it\/it\/zubehoer\/cassetta-portattrezzi-in-plasticaa\/\"><figure data-image-ratio=\"0.66\" class=\"dce-img\"><img width=\"800\" height=\"595\" src=\"https:\/\/www.schwarz.it\/wp-content\/uploads\/2022\/09\/34-Gurte-blau.jpg\" class=\"\" alt=\"Cinghia blu\" srcset=\"https:\/\/www.schwarz.it\/wp-content\/uploads\/2022\/09\/34-Gurte-blau.jpg 800w, https:\/\/www.schwarz.it\/wp-content\/uploads\/2022\/09\/34-Gurte-blau-300x223.jpg 300w, https:\/\/www.schwarz.it\/wp-content\/uploads\/2022\/09\/34-Gurte-blau-768x571.jpg 768w\" sizes=\"(max-width: 800px) 100vw, 800px\" \/><\/figure><\/a><\/div><div class=\"dce-item dce-item_title elementor-repeater-item-9291b54\"><h3 class=\"dce-post-title\"><a href=\"https:\/\/www.schwarz.it\/it\/zubehoer\/cassetta-portattrezzi-in-plasticaa\/\">Cinghia blu<\/a><\/h3><\/div><div class=\"dce-item dce-item_content elementor-repeater-item-9bc4af8\"><div class=\"dce-post-content\">Lunghezza 5m, forza di tiro 2.000kg.<\/div><\/div>\t\t\t<\/div>\n\t\t<\/article>\n\t\t\n\t\t<article class=\"post-12228 zubehoer type-zubehoer status-publish has-post-thumbnail hentry zubehoer_kategorien-rimorchio-stradale dce-post dce-post-item dce-grid-filters-item dce-item-grid-filters dce-item-grid\" data-dce-post-id=\"12228\" data-dce-post-index=\"132\">\n\t\t\t<div class=\"dce-post-block\">\n\t\t<div class=\"dce-item dce-item_image elementor-repeater-item-3f00d78\"><a class=\"dce-post-image\" href=\"https:\/\/www.schwarz.it\/it\/zubehoer\/ganci-integrati-aggiuntivi\/\"><figure data-image-ratio=\"0.66\" class=\"dce-img\"><img width=\"800\" height=\"600\" src=\"https:\/\/www.schwarz.it\/wp-content\/uploads\/2022\/09\/35-Zusaetzlich-verzinkte-Bindehaken-1024x768.jpg\" class=\"\" alt=\"Ganci integrati aggiuntivi\" srcset=\"https:\/\/www.schwarz.it\/wp-content\/uploads\/2022\/09\/35-Zusaetzlich-verzinkte-Bindehaken-1024x768.jpg 1024w, https:\/\/www.schwarz.it\/wp-content\/uploads\/2022\/09\/35-Zusaetzlich-verzinkte-Bindehaken-300x225.jpg 300w, https:\/\/www.schwarz.it\/wp-content\/uploads\/2022\/09\/35-Zusaetzlich-verzinkte-Bindehaken-768x576.jpg 768w, https:\/\/www.schwarz.it\/wp-content\/uploads\/2022\/09\/35-Zusaetzlich-verzinkte-Bindehaken.jpg 1200w\" sizes=\"(max-width: 800px) 100vw, 800px\" \/><\/figure><\/a><\/div><div class=\"dce-item dce-item_title elementor-repeater-item-9291b54\"><h3 class=\"dce-post-title\"><a href=\"https:\/\/www.schwarz.it\/it\/zubehoer\/ganci-integrati-aggiuntivi\/\">Ganci integrati aggiuntivi<\/a><\/h3><\/div><div class=\"dce-item dce-item_content elementor-repeater-item-9bc4af8\"><div class=\"dce-post-content\">Montabili in qualsiasi posizione in aggiunta a quelli forniti di serie.<\/div><\/div>\t\t\t<\/div>\n\t\t<\/article>\n\t\t\n\t\t<article class=\"post-12227 zubehoer type-zubehoer status-publish has-post-thumbnail hentry zubehoer_kategorien-rimorchio-stradale dce-post dce-post-item dce-grid-filters-item dce-item-grid-filters dce-item-grid\" data-dce-post-id=\"12227\" data-dce-post-index=\"133\">\n\t\t\t<div class=\"dce-post-block\">\n\t\t<div class=\"dce-item dce-item_image elementor-repeater-item-3f00d78\"><a class=\"dce-post-image\" href=\"https:\/\/www.schwarz.it\/it\/zubehoer\/guida-airline-con-ganci-o-cinghie\/\"><figure data-image-ratio=\"0.66\" class=\"dce-img\"><img width=\"800\" height=\"570\" src=\"https:\/\/www.schwarz.it\/wp-content\/uploads\/2022\/09\/36-Airlineschiene-1024x729.jpg\" class=\"\" alt=\"Guida Airline con ganci o cinghie\" srcset=\"https:\/\/www.schwarz.it\/wp-content\/uploads\/2022\/09\/36-Airlineschiene-1024x729.jpg 1024w, https:\/\/www.schwarz.it\/wp-content\/uploads\/2022\/09\/36-Airlineschiene-300x214.jpg 300w, https:\/\/www.schwarz.it\/wp-content\/uploads\/2022\/09\/36-Airlineschiene-768x547.jpg 768w, https:\/\/www.schwarz.it\/wp-content\/uploads\/2022\/09\/36-Airlineschiene.jpg 1200w\" sizes=\"(max-width: 800px) 100vw, 800px\" \/><\/figure><\/a><\/div><div class=\"dce-item dce-item_title elementor-repeater-item-9291b54\"><h3 class=\"dce-post-title\"><a href=\"https:\/\/www.schwarz.it\/it\/zubehoer\/guida-airline-con-ganci-o-cinghie\/\">Guida Airline con ganci o cinghie<\/a><\/h3><\/div><div class=\"dce-item dce-item_content elementor-repeater-item-9bc4af8\"><div class=\"dce-post-content\">I ganci e le cinghie possono essere spostati in qualsiasi posizione.<\/div><\/div>\t\t\t<\/div>\n\t\t<\/article>\n\t\t\n\t\t<article class=\"post-12226 zubehoer type-zubehoer status-publish has-post-thumbnail hentry zubehoer_kategorien-rimorchio-stradale dce-post dce-post-item dce-grid-filters-item dce-item-grid-filters dce-item-grid\" data-dce-post-id=\"12226\" data-dce-post-index=\"134\">\n\t\t\t<div class=\"dce-post-block\">\n\t\t<div class=\"dce-item dce-item_image elementor-repeater-item-3f00d78\"><a class=\"dce-post-image\" href=\"https:\/\/www.schwarz.it\/it\/zubehoer\/antifurto-safety-ball\/\"><figure data-image-ratio=\"0.66\" class=\"dce-img\"><img width=\"800\" height=\"510\" src=\"https:\/\/www.schwarz.it\/wp-content\/uploads\/2022\/09\/37-Safety-Ball-1024x653.jpg\" class=\"\" alt=\"Antifurto Safety Ball\" srcset=\"https:\/\/www.schwarz.it\/wp-content\/uploads\/2022\/09\/37-Safety-Ball-1024x653.jpg 1024w, https:\/\/www.schwarz.it\/wp-content\/uploads\/2022\/09\/37-Safety-Ball-300x191.jpg 300w, https:\/\/www.schwarz.it\/wp-content\/uploads\/2022\/09\/37-Safety-Ball-768x490.jpg 768w, https:\/\/www.schwarz.it\/wp-content\/uploads\/2022\/09\/37-Safety-Ball.jpg 1200w\" sizes=\"(max-width: 800px) 100vw, 800px\" \/><\/figure><\/a><\/div><div class=\"dce-item dce-item_title elementor-repeater-item-9291b54\"><h3 class=\"dce-post-title\"><a href=\"https:\/\/www.schwarz.it\/it\/zubehoer\/antifurto-safety-ball\/\">Antifurto Safety Ball<\/a><\/h3><\/div><div class=\"dce-item dce-item_content elementor-repeater-item-9bc4af8\"><div class=\"dce-post-content\">Antifurto professionale per gancio AL-KO. Funziona anche con il rimorchio agganciato alla macchina.<\/div><\/div>\t\t\t<\/div>\n\t\t<\/article>\n\t\t\n\t\t<article class=\"post-12225 zubehoer type-zubehoer status-publish has-post-thumbnail hentry zubehoer_kategorien-rimorchio-stradale dce-post dce-post-item dce-grid-filters-item dce-item-grid-filters dce-item-grid\" data-dce-post-id=\"12225\" data-dce-post-index=\"135\">\n\t\t\t<div class=\"dce-post-block\">\n\t\t<div class=\"dce-item dce-item_image elementor-repeater-item-3f00d78\"><a class=\"dce-post-image\" href=\"https:\/\/www.schwarz.it\/it\/zubehoer\/lucchetto-ad-u\/\"><figure data-image-ratio=\"0.66\" class=\"dce-img\"><img width=\"800\" height=\"600\" src=\"https:\/\/www.schwarz.it\/wp-content\/uploads\/2022\/09\/38-Buegelschloss.jpg\" class=\"\" alt=\"Lucchetto ad U\" srcset=\"https:\/\/www.schwarz.it\/wp-content\/uploads\/2022\/09\/38-Buegelschloss.jpg 800w, https:\/\/www.schwarz.it\/wp-content\/uploads\/2022\/09\/38-Buegelschloss-300x225.jpg 300w, https:\/\/www.schwarz.it\/wp-content\/uploads\/2022\/09\/38-Buegelschloss-768x576.jpg 768w\" sizes=\"(max-width: 800px) 100vw, 800px\" \/><\/figure><\/a><\/div><div class=\"dce-item dce-item_title elementor-repeater-item-9291b54\"><h3 class=\"dce-post-title\"><a href=\"https:\/\/www.schwarz.it\/it\/zubehoer\/lucchetto-ad-u\/\">Lucchetto ad U<\/a><\/h3><\/div><div class=\"dce-item dce-item_content elementor-repeater-item-9bc4af8\"><div class=\"dce-post-content\">Un antifurto semplice per gancio AL-KO.<\/div><\/div>\t\t\t<\/div>\n\t\t<\/article>\n\t\t\n\t\t<article class=\"post-12224 zubehoer type-zubehoer status-publish has-post-thumbnail hentry zubehoer_kategorien-rimorchio-stradale dce-post dce-post-item dce-grid-filters-item dce-item-grid-filters dce-item-grid\" data-dce-post-id=\"12224\" data-dce-post-index=\"136\">\n\t\t\t<div class=\"dce-post-block\">\n\t\t<div class=\"dce-item dce-item_image elementor-repeater-item-3f00d78\"><a class=\"dce-post-image\" href=\"https:\/\/www.schwarz.it\/it\/zubehoer\/tappeto-di-gomma-sul-pianale\/\"><figure data-image-ratio=\"0.66\" class=\"dce-img\"><img width=\"800\" height=\"533\" src=\"https:\/\/www.schwarz.it\/wp-content\/uploads\/2022\/09\/Gummimatte-2-1024x682.jpg\" class=\"\" alt=\"Tappeto di gomma sul pianale\" srcset=\"https:\/\/www.schwarz.it\/wp-content\/uploads\/2022\/09\/Gummimatte-2-1024x682.jpg 1024w, https:\/\/www.schwarz.it\/wp-content\/uploads\/2022\/09\/Gummimatte-2-300x200.jpg 300w, https:\/\/www.schwarz.it\/wp-content\/uploads\/2022\/09\/Gummimatte-2-768x512.jpg 768w, https:\/\/www.schwarz.it\/wp-content\/uploads\/2022\/09\/Gummimatte-2-1536x1024.jpg 1536w, https:\/\/www.schwarz.it\/wp-content\/uploads\/2022\/09\/Gummimatte-2.jpg 2000w\" sizes=\"(max-width: 800px) 100vw, 800px\" \/><\/figure><\/a><\/div><div class=\"dce-item dce-item_title elementor-repeater-item-9291b54\"><h3 class=\"dce-post-title\"><a href=\"https:\/\/www.schwarz.it\/it\/zubehoer\/tappeto-di-gomma-sul-pianale\/\">Tappeto di gomma sul pianale<\/a><\/h3><\/div><div class=\"dce-item dce-item_content elementor-repeater-item-9bc4af8\"><div class=\"dce-post-content\">Per proteggere la superficie di carico da graffi<\/div><\/div>\t\t\t<\/div>\n\t\t<\/article>\n\t\t\n\t\t<article class=\"post-12223 zubehoer type-zubehoer status-publish has-post-thumbnail hentry zubehoer_kategorien-rimorchio-stradale dce-post dce-post-item dce-grid-filters-item dce-item-grid-filters dce-item-grid\" data-dce-post-id=\"12223\" data-dce-post-index=\"137\">\n\t\t\t<div class=\"dce-post-block\">\n\t\t<div class=\"dce-item dce-item_image elementor-repeater-item-3f00d78\"><a class=\"dce-post-image\" href=\"https:\/\/www.schwarz.it\/it\/zubehoer\/lamiera-mandorlata-in-alluminio-montata-sul-pianale\/\"><figure data-image-ratio=\"0.66\" class=\"dce-img\"><img width=\"800\" height=\"534\" src=\"https:\/\/www.schwarz.it\/wp-content\/uploads\/2022\/09\/39-Mandelblech-1024x683.jpg\" class=\"\" alt=\"Lamiera mandorlata in alluminio montata sul pianale\" srcset=\"https:\/\/www.schwarz.it\/wp-content\/uploads\/2022\/09\/39-Mandelblech-1024x683.jpg 1024w, https:\/\/www.schwarz.it\/wp-content\/uploads\/2022\/09\/39-Mandelblech-300x200.jpg 300w, https:\/\/www.schwarz.it\/wp-content\/uploads\/2022\/09\/39-Mandelblech-768x512.jpg 768w, https:\/\/www.schwarz.it\/wp-content\/uploads\/2022\/09\/39-Mandelblech.jpg 1200w\" sizes=\"(max-width: 800px) 100vw, 800px\" \/><\/figure><\/a><\/div><div class=\"dce-item dce-item_title elementor-repeater-item-9291b54\"><h3 class=\"dce-post-title\"><a href=\"https:\/\/www.schwarz.it\/it\/zubehoer\/lamiera-mandorlata-in-alluminio-montata-sul-pianale\/\">Lamiera mandorlata in alluminio montata sul pianale<\/a><\/h3><\/div><div class=\"dce-item dce-item_content elementor-repeater-item-9bc4af8\"><div class=\"dce-post-content\"><\/div><\/div>\t\t\t<\/div>\n\t\t<\/article>\n\t\t\n\t\t<article class=\"post-12222 zubehoer type-zubehoer status-publish has-post-thumbnail hentry zubehoer_kategorien-rimorchio-stradale dce-post dce-post-item dce-grid-filters-item dce-item-grid-filters dce-item-grid\" data-dce-post-id=\"12222\" data-dce-post-index=\"138\">\n\t\t\t<div class=\"dce-post-block\">\n\t\t<div class=\"dce-item dce-item_image elementor-repeater-item-3f00d78\"><a class=\"dce-post-image\" href=\"https:\/\/www.schwarz.it\/it\/zubehoer\/telaio-di-sostegno\/\"><figure data-image-ratio=\"0.66\" class=\"dce-img\"><img width=\"800\" height=\"534\" src=\"https:\/\/www.schwarz.it\/wp-content\/uploads\/2022\/09\/41-Auflagebock-1024x683.jpg\" class=\"\" alt=\"Telaio di sostegno\" srcset=\"https:\/\/www.schwarz.it\/wp-content\/uploads\/2022\/09\/41-Auflagebock-1024x683.jpg 1024w, https:\/\/www.schwarz.it\/wp-content\/uploads\/2022\/09\/41-Auflagebock-300x200.jpg 300w, https:\/\/www.schwarz.it\/wp-content\/uploads\/2022\/09\/41-Auflagebock-768x512.jpg 768w, https:\/\/www.schwarz.it\/wp-content\/uploads\/2022\/09\/41-Auflagebock.jpg 1200w\" sizes=\"(max-width: 800px) 100vw, 800px\" \/><\/figure><\/a><\/div><div class=\"dce-item dce-item_title elementor-repeater-item-9291b54\"><h3 class=\"dce-post-title\"><a href=\"https:\/\/www.schwarz.it\/it\/zubehoer\/telaio-di-sostegno\/\">Telaio di sostegno<\/a><\/h3><\/div><div class=\"dce-item dce-item_content elementor-repeater-item-9bc4af8\"><div class=\"dce-post-content\"><\/div><\/div>\t\t\t<\/div>\n\t\t<\/article>\n\t\t\n\t\t<article class=\"post-12220 zubehoer type-zubehoer status-publish has-post-thumbnail hentry zubehoer_kategorien-tagliaspaccalegna dce-post dce-post-item dce-grid-filters-item dce-item-grid-filters dce-item-grid\" data-dce-post-id=\"12220\" data-dce-post-index=\"139\">\n\t\t\t<div class=\"dce-post-block\">\n\t\t<div class=\"dce-item dce-item_image elementor-repeater-item-3f00d78\"><a class=\"dce-post-image\" href=\"https:\/\/www.schwarz.it\/it\/zubehoer\/coltello-di-spacco-a-4-vie\/\"><figure data-image-ratio=\"0.66\" class=\"dce-img\"><img width=\"800\" height=\"450\" src=\"https:\/\/www.schwarz.it\/wp-content\/uploads\/2022\/09\/1-Spatmesser-4-Teile.jpg\" class=\"\" alt=\"Coltello di spacco a 4 vie\" srcset=\"https:\/\/www.schwarz.it\/wp-content\/uploads\/2022\/09\/1-Spatmesser-4-Teile.jpg 800w, https:\/\/www.schwarz.it\/wp-content\/uploads\/2022\/09\/1-Spatmesser-4-Teile-300x169.jpg 300w, https:\/\/www.schwarz.it\/wp-content\/uploads\/2022\/09\/1-Spatmesser-4-Teile-768x432.jpg 768w\" sizes=\"(max-width: 800px) 100vw, 800px\" \/><\/figure><\/a><\/div><div class=\"dce-item dce-item_title elementor-repeater-item-9291b54\"><h3 class=\"dce-post-title\"><a href=\"https:\/\/www.schwarz.it\/it\/zubehoer\/coltello-di-spacco-a-4-vie\/\">Coltello di spacco a 4 vie<\/a><\/h3><\/div><div class=\"dce-item dce-item_content elementor-repeater-item-9bc4af8\"><div class=\"dce-post-content\">Fatto in acciaio HARDOX.<\/div><\/div>\t\t\t<\/div>\n\t\t<\/article>\n\t\t\n\t\t<article class=\"post-12219 zubehoer type-zubehoer status-publish has-post-thumbnail hentry zubehoer_kategorien-tagliaspaccalegna dce-post dce-post-item dce-grid-filters-item dce-item-grid-filters dce-item-grid\" data-dce-post-id=\"12219\" data-dce-post-index=\"140\">\n\t\t\t<div class=\"dce-post-block\">\n\t\t<div class=\"dce-item dce-item_image elementor-repeater-item-3f00d78\"><a class=\"dce-post-image\" href=\"https:\/\/www.schwarz.it\/it\/zubehoer\/coltello-di-spacco-a-4-6-vie\/\"><figure data-image-ratio=\"0.66\" class=\"dce-img\"><img width=\"800\" height=\"450\" src=\"https:\/\/www.schwarz.it\/wp-content\/uploads\/2022\/09\/2-Spaltmesser-4-6-Teile.jpg\" class=\"\" alt=\"Coltello di spacco a 4\/6 vie\" srcset=\"https:\/\/www.schwarz.it\/wp-content\/uploads\/2022\/09\/2-Spaltmesser-4-6-Teile.jpg 800w, https:\/\/www.schwarz.it\/wp-content\/uploads\/2022\/09\/2-Spaltmesser-4-6-Teile-300x169.jpg 300w, https:\/\/www.schwarz.it\/wp-content\/uploads\/2022\/09\/2-Spaltmesser-4-6-Teile-768x432.jpg 768w\" sizes=\"(max-width: 800px) 100vw, 800px\" \/><\/figure><\/a><\/div><div class=\"dce-item dce-item_title elementor-repeater-item-9291b54\"><h3 class=\"dce-post-title\"><a href=\"https:\/\/www.schwarz.it\/it\/zubehoer\/coltello-di-spacco-a-4-6-vie\/\">Coltello di spacco a 4\/6 vie<\/a><\/h3><\/div><div class=\"dce-item dce-item_content elementor-repeater-item-9bc4af8\"><div class=\"dce-post-content\">Fatto in acciaio HARDOX.<\/div><\/div>\t\t\t<\/div>\n\t\t<\/article>\n\t\t\n\t\t<article class=\"post-12218 zubehoer type-zubehoer status-publish has-post-thumbnail hentry zubehoer_kategorien-tagliaspaccalegna dce-post dce-post-item dce-grid-filters-item dce-item-grid-filters dce-item-grid\" data-dce-post-id=\"12218\" data-dce-post-index=\"141\">\n\t\t\t<div class=\"dce-post-block\">\n\t\t<div class=\"dce-item dce-item_image elementor-repeater-item-3f00d78\"><a class=\"dce-post-image\" href=\"https:\/\/www.schwarz.it\/it\/zubehoer\/coltello-di-spacco-a-6-vie\/\"><figure data-image-ratio=\"0.66\" class=\"dce-img\"><img width=\"800\" height=\"450\" src=\"https:\/\/www.schwarz.it\/wp-content\/uploads\/2022\/09\/3-Spaltmesser-6-Teile.jpg\" class=\"\" alt=\"Coltello di spacco a 6 vie\" srcset=\"https:\/\/www.schwarz.it\/wp-content\/uploads\/2022\/09\/3-Spaltmesser-6-Teile.jpg 800w, https:\/\/www.schwarz.it\/wp-content\/uploads\/2022\/09\/3-Spaltmesser-6-Teile-300x169.jpg 300w, https:\/\/www.schwarz.it\/wp-content\/uploads\/2022\/09\/3-Spaltmesser-6-Teile-768x432.jpg 768w\" sizes=\"(max-width: 800px) 100vw, 800px\" \/><\/figure><\/a><\/div><div class=\"dce-item dce-item_title elementor-repeater-item-9291b54\"><h3 class=\"dce-post-title\"><a href=\"https:\/\/www.schwarz.it\/it\/zubehoer\/coltello-di-spacco-a-6-vie\/\">Coltello di spacco a 6 vie<\/a><\/h3><\/div><div class=\"dce-item dce-item_content elementor-repeater-item-9bc4af8\"><div class=\"dce-post-content\">Fatto in acciaio HARDOX.<\/div><\/div>\t\t\t<\/div>\n\t\t<\/article>\n\t\t\n\t\t<article class=\"post-12217 zubehoer type-zubehoer status-publish has-post-thumbnail hentry zubehoer_kategorien-tagliaspaccalegna dce-post dce-post-item dce-grid-filters-item dce-item-grid-filters dce-item-grid\" data-dce-post-id=\"12217\" data-dce-post-index=\"142\">\n\t\t\t<div class=\"dce-post-block\">\n\t\t<div class=\"dce-item dce-item_image elementor-repeater-item-3f00d78\"><a class=\"dce-post-image\" href=\"https:\/\/www.schwarz.it\/it\/zubehoer\/coltello-di-spacco-a-8-vie\/\"><figure data-image-ratio=\"0.66\" class=\"dce-img\"><img width=\"800\" height=\"450\" src=\"https:\/\/www.schwarz.it\/wp-content\/uploads\/2022\/09\/4-Spaltmesser-8-Teile.jpg\" class=\"\" alt=\"Coltello di spacco a 8 vie\" srcset=\"https:\/\/www.schwarz.it\/wp-content\/uploads\/2022\/09\/4-Spaltmesser-8-Teile.jpg 800w, https:\/\/www.schwarz.it\/wp-content\/uploads\/2022\/09\/4-Spaltmesser-8-Teile-300x169.jpg 300w, https:\/\/www.schwarz.it\/wp-content\/uploads\/2022\/09\/4-Spaltmesser-8-Teile-768x432.jpg 768w\" sizes=\"(max-width: 800px) 100vw, 800px\" \/><\/figure><\/a><\/div><div class=\"dce-item dce-item_title elementor-repeater-item-9291b54\"><h3 class=\"dce-post-title\"><a href=\"https:\/\/www.schwarz.it\/it\/zubehoer\/coltello-di-spacco-a-8-vie\/\">Coltello di spacco a 8 vie<\/a><\/h3><\/div><div class=\"dce-item dce-item_content elementor-repeater-item-9bc4af8\"><div class=\"dce-post-content\">Fatto in acciaio HARDOX.<\/div><\/div>\t\t\t<\/div>\n\t\t<\/article>\n\t\t\n\t\t<article class=\"post-12216 zubehoer type-zubehoer status-publish has-post-thumbnail hentry zubehoer_kategorien-tagliaspaccalegna dce-post dce-post-item dce-grid-filters-item dce-item-grid-filters dce-item-grid\" data-dce-post-id=\"12216\" data-dce-post-index=\"143\">\n\t\t\t<div class=\"dce-post-block\">\n\t\t<div class=\"dce-item dce-item_image elementor-repeater-item-3f00d78\"><a class=\"dce-post-image\" href=\"https:\/\/www.schwarz.it\/it\/zubehoer\/coltello-di-spacco-a-12-vie\/\"><figure data-image-ratio=\"0.66\" class=\"dce-img\"><img width=\"800\" height=\"450\" src=\"https:\/\/www.schwarz.it\/wp-content\/uploads\/2022\/09\/5-Spaltmesser-12-Teile.jpg\" class=\"\" alt=\"Coltello di spacco a 12 vie\" srcset=\"https:\/\/www.schwarz.it\/wp-content\/uploads\/2022\/09\/5-Spaltmesser-12-Teile.jpg 800w, https:\/\/www.schwarz.it\/wp-content\/uploads\/2022\/09\/5-Spaltmesser-12-Teile-300x169.jpg 300w, https:\/\/www.schwarz.it\/wp-content\/uploads\/2022\/09\/5-Spaltmesser-12-Teile-768x432.jpg 768w\" sizes=\"(max-width: 800px) 100vw, 800px\" \/><\/figure><\/a><\/div><div class=\"dce-item dce-item_title elementor-repeater-item-9291b54\"><h3 class=\"dce-post-title\"><a href=\"https:\/\/www.schwarz.it\/it\/zubehoer\/coltello-di-spacco-a-12-vie\/\">Coltello di spacco a 12 vie<\/a><\/h3><\/div><div class=\"dce-item dce-item_content elementor-repeater-item-9bc4af8\"><div class=\"dce-post-content\">Fatto in acciaio HARDOX. (Per legna tenera)<\/div><\/div>\t\t\t<\/div>\n\t\t<\/article>\n\t\t\n\t\t<article class=\"post-12215 zubehoer type-zubehoer status-publish has-post-thumbnail hentry zubehoer_kategorien-tagliaspaccalegna dce-post dce-post-item dce-grid-filters-item dce-item-grid-filters dce-item-grid\" data-dce-post-id=\"12215\" data-dce-post-index=\"144\">\n\t\t\t<div class=\"dce-post-block\">\n\t\t<div class=\"dce-item dce-item_image elementor-repeater-item-3f00d78\"><a class=\"dce-post-image\" href=\"https:\/\/www.schwarz.it\/it\/zubehoer\/coltello-di-spacco-a-16-vie\/\"><figure data-image-ratio=\"0.66\" class=\"dce-img\"><img width=\"800\" height=\"450\" src=\"https:\/\/www.schwarz.it\/wp-content\/uploads\/2022\/09\/6-Spaltmesser-16-Teile.jpg\" class=\"\" alt=\"Coltello di spacco a 16 vie\" srcset=\"https:\/\/www.schwarz.it\/wp-content\/uploads\/2022\/09\/6-Spaltmesser-16-Teile.jpg 800w, https:\/\/www.schwarz.it\/wp-content\/uploads\/2022\/09\/6-Spaltmesser-16-Teile-300x169.jpg 300w, https:\/\/www.schwarz.it\/wp-content\/uploads\/2022\/09\/6-Spaltmesser-16-Teile-768x432.jpg 768w\" sizes=\"(max-width: 800px) 100vw, 800px\" \/><\/figure><\/a><\/div><div class=\"dce-item dce-item_title elementor-repeater-item-9291b54\"><h3 class=\"dce-post-title\"><a href=\"https:\/\/www.schwarz.it\/it\/zubehoer\/coltello-di-spacco-a-16-vie\/\">Coltello di spacco a 16 vie<\/a><\/h3><\/div><div class=\"dce-item dce-item_content elementor-repeater-item-9bc4af8\"><div class=\"dce-post-content\">Fatto in acciaio HARDOX. (Per legna tenera)<\/div><\/div>\t\t\t<\/div>\n\t\t<\/article>\n\t\t\n\t\t<article class=\"post-12214 zubehoer type-zubehoer status-publish has-post-thumbnail hentry zubehoer_kategorien-tagliaspaccalegna dce-post dce-post-item dce-grid-filters-item dce-item-grid-filters dce-item-grid\" data-dce-post-id=\"12214\" data-dce-post-index=\"145\">\n\t\t\t<div class=\"dce-post-block\">\n\t\t<div class=\"dce-item dce-item_image elementor-repeater-item-3f00d78\"><a class=\"dce-post-image\" href=\"https:\/\/www.schwarz.it\/it\/zubehoer\/coltello-di-spacco-a-16-mini-vie\/\"><figure data-image-ratio=\"0.66\" class=\"dce-img\"><img width=\"800\" height=\"450\" src=\"https:\/\/www.schwarz.it\/wp-content\/uploads\/2022\/09\/7-Spaltmesser-16-mini.jpg\" class=\"\" alt=\"Coltello di spacco a 16 mini vie\" srcset=\"https:\/\/www.schwarz.it\/wp-content\/uploads\/2022\/09\/7-Spaltmesser-16-mini.jpg 800w, https:\/\/www.schwarz.it\/wp-content\/uploads\/2022\/09\/7-Spaltmesser-16-mini-300x169.jpg 300w, https:\/\/www.schwarz.it\/wp-content\/uploads\/2022\/09\/7-Spaltmesser-16-mini-768x432.jpg 768w\" sizes=\"(max-width: 800px) 100vw, 800px\" \/><\/figure><\/a><\/div><div class=\"dce-item dce-item_title elementor-repeater-item-9291b54\"><h3 class=\"dce-post-title\"><a href=\"https:\/\/www.schwarz.it\/it\/zubehoer\/coltello-di-spacco-a-16-mini-vie\/\">Coltello di spacco a 16 mini vie<\/a><\/h3><\/div><div class=\"dce-item dce-item_content elementor-repeater-item-9bc4af8\"><div class=\"dce-post-content\">Fatto in acciaio HARDOX. (Per legna tenera)<\/div><\/div>\t\t\t<\/div>\n\t\t<\/article>\n\t\t\n\t\t<article class=\"post-12213 zubehoer type-zubehoer status-publish has-post-thumbnail hentry zubehoer_kategorien-tagliaspaccalegna dce-post dce-post-item dce-grid-filters-item dce-item-grid-filters dce-item-grid\" data-dce-post-id=\"12213\" data-dce-post-index=\"146\">\n\t\t\t<div class=\"dce-post-block\">\n\t\t<div class=\"dce-item dce-item_image elementor-repeater-item-3f00d78\"><a class=\"dce-post-image\" href=\"https:\/\/www.schwarz.it\/it\/zubehoer\/piano-di-carico-dm-1511\/\"><figure data-image-ratio=\"0.66\" class=\"dce-img\"><img width=\"800\" height=\"400\" src=\"https:\/\/www.schwarz.it\/wp-content\/uploads\/2022\/09\/8-Hebetisch-DM1511-1024x512.jpg\" class=\"\" alt=\"Piano di carico DM 1511\" srcset=\"https:\/\/www.schwarz.it\/wp-content\/uploads\/2022\/09\/8-Hebetisch-DM1511-1024x512.jpg 1024w, https:\/\/www.schwarz.it\/wp-content\/uploads\/2022\/09\/8-Hebetisch-DM1511-300x150.jpg 300w, https:\/\/www.schwarz.it\/wp-content\/uploads\/2022\/09\/8-Hebetisch-DM1511-768x384.jpg 768w, https:\/\/www.schwarz.it\/wp-content\/uploads\/2022\/09\/8-Hebetisch-DM1511.jpg 1200w\" sizes=\"(max-width: 800px) 100vw, 800px\" \/><\/figure><\/a><\/div><div class=\"dce-item dce-item_title elementor-repeater-item-9291b54\"><h3 class=\"dce-post-title\"><a href=\"https:\/\/www.schwarz.it\/it\/zubehoer\/piano-di-carico-dm-1511\/\">Piano di carico DM 1511<\/a><\/h3><\/div><div class=\"dce-item dce-item_content elementor-repeater-item-9bc4af8\"><div class=\"dce-post-content\">Con alzatronchi e avanzamento a rulli idraulici (Per RCA330 e RCA400)<\/div><\/div>\t\t\t<\/div>\n\t\t<\/article>\n\t\t\n\t\t<article class=\"post-12212 zubehoer type-zubehoer status-publish has-post-thumbnail hentry zubehoer_kategorien-tagliaspaccalegna dce-post dce-post-item dce-grid-filters-item dce-item-grid-filters dce-item-grid\" data-dce-post-id=\"12212\" data-dce-post-index=\"147\">\n\t\t\t<div class=\"dce-post-block\">\n\t\t<div class=\"dce-item dce-item_image elementor-repeater-item-3f00d78\"><a class=\"dce-post-image\" href=\"https:\/\/www.schwarz.it\/it\/zubehoer\/hebetisch-dm-2000piano-di-carico-dm-2000\/\"><figure data-image-ratio=\"0.66\" class=\"dce-img\"><img width=\"800\" height=\"400\" src=\"https:\/\/www.schwarz.it\/wp-content\/uploads\/2022\/09\/9-Hebetisch-DM2000-1024x512.jpg\" class=\"\" alt=\"Piano di carico DM 2000\" srcset=\"https:\/\/www.schwarz.it\/wp-content\/uploads\/2022\/09\/9-Hebetisch-DM2000-1024x512.jpg 1024w, https:\/\/www.schwarz.it\/wp-content\/uploads\/2022\/09\/9-Hebetisch-DM2000-300x150.jpg 300w, https:\/\/www.schwarz.it\/wp-content\/uploads\/2022\/09\/9-Hebetisch-DM2000-768x384.jpg 768w, https:\/\/www.schwarz.it\/wp-content\/uploads\/2022\/09\/9-Hebetisch-DM2000.jpg 1200w\" sizes=\"(max-width: 800px) 100vw, 800px\" \/><\/figure><\/a><\/div><div class=\"dce-item dce-item_title elementor-repeater-item-9291b54\"><h3 class=\"dce-post-title\"><a href=\"https:\/\/www.schwarz.it\/it\/zubehoer\/hebetisch-dm-2000piano-di-carico-dm-2000\/\">Piano di carico DM 2000<\/a><\/h3><\/div><div class=\"dce-item dce-item_content elementor-repeater-item-9bc4af8\"><div class=\"dce-post-content\">Con alzatronchi e avanzamento a rulli idraulici - pi\u00f9 robusto per carichi pi\u00f9 alti (Per tutti modelli)<\/div><\/div>\t\t\t<\/div>\n\t\t<\/article>\n\t\t\n\t\t<article class=\"post-12211 zubehoer type-zubehoer status-publish has-post-thumbnail hentry zubehoer_kategorien-tagliaspaccalegna dce-post dce-post-item dce-grid-filters-item dce-item-grid-filters dce-item-grid\" data-dce-post-id=\"12211\" data-dce-post-index=\"148\">\n\t\t\t<div class=\"dce-post-block\">\n\t\t<div class=\"dce-item dce-item_image elementor-repeater-item-3f00d78\"><a class=\"dce-post-image\" href=\"https:\/\/www.schwarz.it\/it\/zubehoer\/tavolo-m-2000\/\"><figure data-image-ratio=\"0.66\" class=\"dce-img\"><img width=\"800\" height=\"400\" src=\"https:\/\/www.schwarz.it\/wp-content\/uploads\/2022\/09\/10-Hebetisch-M2000-1024x512.jpg\" class=\"\" alt=\"Tavolo M 2000\" srcset=\"https:\/\/www.schwarz.it\/wp-content\/uploads\/2022\/09\/10-Hebetisch-M2000-1024x512.jpg 1024w, https:\/\/www.schwarz.it\/wp-content\/uploads\/2022\/09\/10-Hebetisch-M2000-300x150.jpg 300w, https:\/\/www.schwarz.it\/wp-content\/uploads\/2022\/09\/10-Hebetisch-M2000-768x384.jpg 768w, https:\/\/www.schwarz.it\/wp-content\/uploads\/2022\/09\/10-Hebetisch-M2000.jpg 1200w\" sizes=\"(max-width: 800px) 100vw, 800px\" \/><\/figure><\/a><\/div><div class=\"dce-item dce-item_title elementor-repeater-item-9291b54\"><h3 class=\"dce-post-title\"><a href=\"https:\/\/www.schwarz.it\/it\/zubehoer\/tavolo-m-2000\/\">Tavolo M 2000<\/a><\/h3><\/div><div class=\"dce-item dce-item_content elementor-repeater-item-9bc4af8\"><div class=\"dce-post-content\">Con piano a rulli E13. (Per RCA400 e RCA480)<\/div><\/div>\t\t\t<\/div>\n\t\t<\/article>\n\t\t\n\t\t<article class=\"post-12210 zubehoer type-zubehoer status-publish has-post-thumbnail hentry zubehoer_kategorien-tagliaspaccalegna dce-post dce-post-item dce-grid-filters-item dce-item-grid-filters dce-item-grid\" data-dce-post-id=\"12210\" data-dce-post-index=\"149\">\n\t\t\t<div class=\"dce-post-block\">\n\t\t<div class=\"dce-item dce-item_image elementor-repeater-item-3f00d78\"><a class=\"dce-post-image\" href=\"https:\/\/www.schwarz.it\/it\/zubehoer\/tavolo-rn2000s\/\"><figure data-image-ratio=\"0.66\" class=\"dce-img\"><img width=\"800\" height=\"400\" src=\"https:\/\/www.schwarz.it\/wp-content\/uploads\/2022\/09\/11-Hebetisch-RN2000S-1024x512.jpg\" class=\"\" alt=\"Tavolo RN2000S\" srcset=\"https:\/\/www.schwarz.it\/wp-content\/uploads\/2022\/09\/11-Hebetisch-RN2000S-1024x512.jpg 1024w, https:\/\/www.schwarz.it\/wp-content\/uploads\/2022\/09\/11-Hebetisch-RN2000S-300x150.jpg 300w, https:\/\/www.schwarz.it\/wp-content\/uploads\/2022\/09\/11-Hebetisch-RN2000S-768x384.jpg 768w, https:\/\/www.schwarz.it\/wp-content\/uploads\/2022\/09\/11-Hebetisch-RN2000S.jpg 1200w\" sizes=\"(max-width: 800px) 100vw, 800px\" \/><\/figure><\/a><\/div><div class=\"dce-item dce-item_title elementor-repeater-item-9291b54\"><h3 class=\"dce-post-title\"><a href=\"https:\/\/www.schwarz.it\/it\/zubehoer\/tavolo-rn2000s\/\">Tavolo RN2000S<\/a><\/h3><\/div><div class=\"dce-item dce-item_content elementor-repeater-item-9bc4af8\"><div class=\"dce-post-content\">Con avvanzamento meccanico (senza catenarie) e rulli idraulici - portata 2t con 6 piedi d\u00b4appoggio. (Per RCA330 e RCA400)<\/div><\/div>\t\t\t<\/div>\n\t\t<\/article>\n\t\t\n\t\t<article class=\"post-12209 zubehoer type-zubehoer status-publish has-post-thumbnail hentry zubehoer_kategorien-tagliaspaccalegna dce-post dce-post-item dce-grid-filters-item dce-item-grid-filters dce-item-grid\" data-dce-post-id=\"12209\" data-dce-post-index=\"150\">\n\t\t\t<div class=\"dce-post-block\">\n\t\t<div class=\"dce-item dce-item_image elementor-repeater-item-3f00d78\"><a class=\"dce-post-image\" href=\"https:\/\/www.schwarz.it\/it\/zubehoer\/tavolo-rn5000s\/\"><figure data-image-ratio=\"0.66\" class=\"dce-img\"><img width=\"800\" height=\"400\" src=\"https:\/\/www.schwarz.it\/wp-content\/uploads\/2022\/09\/12-Hebetisch-RN5000S-1024x512.jpg\" class=\"\" alt=\"Tavolo RN5000S\" srcset=\"https:\/\/www.schwarz.it\/wp-content\/uploads\/2022\/09\/12-Hebetisch-RN5000S-1024x512.jpg 1024w, https:\/\/www.schwarz.it\/wp-content\/uploads\/2022\/09\/12-Hebetisch-RN5000S-300x150.jpg 300w, https:\/\/www.schwarz.it\/wp-content\/uploads\/2022\/09\/12-Hebetisch-RN5000S-768x384.jpg 768w, https:\/\/www.schwarz.it\/wp-content\/uploads\/2022\/09\/12-Hebetisch-RN5000S.jpg 1200w\" sizes=\"(max-width: 800px) 100vw, 800px\" \/><\/figure><\/a><\/div><div class=\"dce-item dce-item_title elementor-repeater-item-9291b54\"><h3 class=\"dce-post-title\"><a href=\"https:\/\/www.schwarz.it\/it\/zubehoer\/tavolo-rn5000s\/\">Tavolo RN5000S<\/a><\/h3><\/div><div class=\"dce-item dce-item_content elementor-repeater-item-9bc4af8\"><div class=\"dce-post-content\">Con avvanzamento idraulico a catene e rulli idraulici - portata 5t con 6 piedi d\u00b4appoggio (Per RCA400 e RCA480)<\/div><\/div>\t\t\t<\/div>\n\t\t<\/article>\n\t\t\n\t\t<article class=\"post-12208 zubehoer type-zubehoer status-publish has-post-thumbnail hentry zubehoer_kategorien-tagliaspaccalegna dce-post dce-post-item dce-grid-filters-item dce-item-grid-filters dce-item-grid\" data-dce-post-id=\"12208\" data-dce-post-index=\"151\">\n\t\t\t<div class=\"dce-post-block\">\n\t\t<div class=\"dce-item dce-item_image elementor-repeater-item-3f00d78\"><a class=\"dce-post-image\" href=\"https:\/\/www.schwarz.it\/it\/zubehoer\/terza-catena-per-rn5000s\/\"><figure data-image-ratio=\"0.66\" class=\"dce-img\"><img width=\"800\" height=\"400\" src=\"https:\/\/www.schwarz.it\/wp-content\/uploads\/2022\/09\/13-Dritte-Kette-1024x512.jpg\" class=\"\" alt=\"Terza catena per RN5000S\" srcset=\"https:\/\/www.schwarz.it\/wp-content\/uploads\/2022\/09\/13-Dritte-Kette-1024x512.jpg 1024w, https:\/\/www.schwarz.it\/wp-content\/uploads\/2022\/09\/13-Dritte-Kette-300x150.jpg 300w, https:\/\/www.schwarz.it\/wp-content\/uploads\/2022\/09\/13-Dritte-Kette-768x384.jpg 768w, https:\/\/www.schwarz.it\/wp-content\/uploads\/2022\/09\/13-Dritte-Kette.jpg 1200w\" sizes=\"(max-width: 800px) 100vw, 800px\" \/><\/figure><\/a><\/div><div class=\"dce-item dce-item_title elementor-repeater-item-9291b54\"><h3 class=\"dce-post-title\"><a href=\"https:\/\/www.schwarz.it\/it\/zubehoer\/terza-catena-per-rn5000s\/\">Terza catena per RN5000S<\/a><\/h3><\/div><div class=\"dce-item dce-item_content elementor-repeater-item-9bc4af8\"><div class=\"dce-post-content\"><\/div><\/div>\t\t\t<\/div>\n\t\t<\/article>\n\t\t\n\t\t<article class=\"post-12206 zubehoer type-zubehoer status-publish has-post-thumbnail hentry zubehoer_kategorien-tagliaspaccalegna dce-post dce-post-item dce-grid-filters-item dce-item-grid-filters dce-item-grid\" data-dce-post-id=\"12206\" data-dce-post-index=\"152\">\n\t\t\t<div class=\"dce-post-block\">\n\t\t<div class=\"dce-item dce-item_image elementor-repeater-item-3f00d78\"><a class=\"dce-post-image\" href=\"https:\/\/www.schwarz.it\/it\/zubehoer\/motore-a-benzina-gp35\/\"><figure data-image-ratio=\"0.66\" class=\"dce-img\"><img width=\"800\" height=\"400\" src=\"https:\/\/www.schwarz.it\/wp-content\/uploads\/2022\/09\/15-Benzinmotor-GP35-1024x512.jpg\" class=\"\" alt=\"Motore a Benzina GP35\" srcset=\"https:\/\/www.schwarz.it\/wp-content\/uploads\/2022\/09\/15-Benzinmotor-GP35-1024x512.jpg 1024w, https:\/\/www.schwarz.it\/wp-content\/uploads\/2022\/09\/15-Benzinmotor-GP35-300x150.jpg 300w, https:\/\/www.schwarz.it\/wp-content\/uploads\/2022\/09\/15-Benzinmotor-GP35-768x384.jpg 768w, https:\/\/www.schwarz.it\/wp-content\/uploads\/2022\/09\/15-Benzinmotor-GP35.jpg 1200w\" sizes=\"(max-width: 800px) 100vw, 800px\" \/><\/figure><\/a><\/div><div class=\"dce-item dce-item_title elementor-repeater-item-9291b54\"><h3 class=\"dce-post-title\"><a href=\"https:\/\/www.schwarz.it\/it\/zubehoer\/motore-a-benzina-gp35\/\">Motore a Benzina GP35<\/a><\/h3><\/div><div class=\"dce-item dce-item_content elementor-repeater-item-9bc4af8\"><div class=\"dce-post-content\">Per RCA400 e RCA480<\/div><\/div>\t\t\t<\/div>\n\t\t<\/article>\n\t\t\n\t\t<article class=\"post-12205 zubehoer type-zubehoer status-publish has-post-thumbnail hentry zubehoer_kategorien-tagliaspaccalegna dce-post dce-post-item dce-grid-filters-item dce-item-grid-filters dce-item-grid\" data-dce-post-id=\"12205\" data-dce-post-index=\"153\">\n\t\t\t<div class=\"dce-post-block\">\n\t\t<div class=\"dce-item dce-item_image elementor-repeater-item-3f00d78\"><a class=\"dce-post-image\" href=\"https:\/\/www.schwarz.it\/it\/zubehoer\/motore-idraulico\/\"><figure data-image-ratio=\"0.66\" class=\"dce-img\"><img width=\"800\" height=\"400\" src=\"https:\/\/www.schwarz.it\/wp-content\/uploads\/2022\/09\/16-Hydraulikmotor-1024x512.jpg\" class=\"\" alt=\"Motore idraulico\" srcset=\"https:\/\/www.schwarz.it\/wp-content\/uploads\/2022\/09\/16-Hydraulikmotor-1024x512.jpg 1024w, https:\/\/www.schwarz.it\/wp-content\/uploads\/2022\/09\/16-Hydraulikmotor-300x150.jpg 300w, https:\/\/www.schwarz.it\/wp-content\/uploads\/2022\/09\/16-Hydraulikmotor-768x384.jpg 768w, https:\/\/www.schwarz.it\/wp-content\/uploads\/2022\/09\/16-Hydraulikmotor.jpg 1200w\" sizes=\"(max-width: 800px) 100vw, 800px\" \/><\/figure><\/a><\/div><div class=\"dce-item dce-item_title elementor-repeater-item-9291b54\"><h3 class=\"dce-post-title\"><a href=\"https:\/\/www.schwarz.it\/it\/zubehoer\/motore-idraulico\/\">Motore idraulico<\/a><\/h3><\/div><div class=\"dce-item dce-item_content elementor-repeater-item-9bc4af8\"><div class=\"dce-post-content\">Per azionare la macchina RCA con trattori senza PTO (per esempio con pala meccanica) - Va collegato all\u00b4impianto idraulico del trattore (manda min. 70-80 litri olio al minuto)<\/div><\/div>\t\t\t<\/div>\n\t\t<\/article>\n\t\t\n\t\t<article class=\"post-12204 zubehoer type-zubehoer status-publish has-post-thumbnail hentry zubehoer_kategorien-tagliaspaccalegna dce-post dce-post-item dce-grid-filters-item dce-item-grid-filters dce-item-grid\" data-dce-post-id=\"12204\" data-dce-post-index=\"154\">\n\t\t\t<div class=\"dce-post-block\">\n\t\t<div class=\"dce-item dce-item_image elementor-repeater-item-3f00d78\"><a class=\"dce-post-image\" href=\"https:\/\/www.schwarz.it\/it\/zubehoer\/cassetta-portattrezzi-2\/\"><figure data-image-ratio=\"0.66\" class=\"dce-img\"><img width=\"800\" height=\"538\" src=\"https:\/\/www.schwarz.it\/wp-content\/uploads\/2022\/09\/17-Werkzeugkiste-1024x689.jpg\" class=\"\" alt=\"Cassetta portattrezzi\" srcset=\"https:\/\/www.schwarz.it\/wp-content\/uploads\/2022\/09\/17-Werkzeugkiste-1024x689.jpg 1024w, https:\/\/www.schwarz.it\/wp-content\/uploads\/2022\/09\/17-Werkzeugkiste-300x202.jpg 300w, https:\/\/www.schwarz.it\/wp-content\/uploads\/2022\/09\/17-Werkzeugkiste-768x517.jpg 768w, https:\/\/www.schwarz.it\/wp-content\/uploads\/2022\/09\/17-Werkzeugkiste.jpg 1200w\" sizes=\"(max-width: 800px) 100vw, 800px\" \/><\/figure><\/a><\/div><div class=\"dce-item dce-item_title elementor-repeater-item-9291b54\"><h3 class=\"dce-post-title\"><a href=\"https:\/\/www.schwarz.it\/it\/zubehoer\/cassetta-portattrezzi-2\/\">Cassetta portattrezzi<\/a><\/h3><\/div><div class=\"dce-item dce-item_content elementor-repeater-item-9bc4af8\"><div class=\"dce-post-content\"><\/div><\/div>\t\t\t<\/div>\n\t\t<\/article>\n\t\t\n\t\t<article class=\"post-12203 zubehoer type-zubehoer status-publish has-post-thumbnail hentry zubehoer_kategorien-tagliaspaccalegna dce-post dce-post-item dce-grid-filters-item dce-item-grid-filters dce-item-grid\" data-dce-post-id=\"12203\" data-dce-post-index=\"155\">\n\t\t\t<div class=\"dce-post-block\">\n\t\t<div class=\"dce-item dce-item_image elementor-repeater-item-3f00d78\"><a class=\"dce-post-image\" href=\"https:\/\/www.schwarz.it\/it\/zubehoer\/aspiratore-segatura-xe10-m-elettrico\/\"><figure data-image-ratio=\"0.66\" class=\"dce-img\"><img width=\"800\" height=\"400\" src=\"https:\/\/www.schwarz.it\/wp-content\/uploads\/2022\/09\/18-Elektrisches-Absaugegeraet-XE10M-1024x512.jpg\" class=\"\" alt=\"Aspiratore segatura XE10 M elettrico\" srcset=\"https:\/\/www.schwarz.it\/wp-content\/uploads\/2022\/09\/18-Elektrisches-Absaugegeraet-XE10M-1024x512.jpg 1024w, https:\/\/www.schwarz.it\/wp-content\/uploads\/2022\/09\/18-Elektrisches-Absaugegeraet-XE10M-300x150.jpg 300w, https:\/\/www.schwarz.it\/wp-content\/uploads\/2022\/09\/18-Elektrisches-Absaugegeraet-XE10M-768x384.jpg 768w, https:\/\/www.schwarz.it\/wp-content\/uploads\/2022\/09\/18-Elektrisches-Absaugegeraet-XE10M.jpg 1200w\" sizes=\"(max-width: 800px) 100vw, 800px\" \/><\/figure><\/a><\/div><div class=\"dce-item dce-item_title elementor-repeater-item-9291b54\"><h3 class=\"dce-post-title\"><a href=\"https:\/\/www.schwarz.it\/it\/zubehoer\/aspiratore-segatura-xe10-m-elettrico\/\">Aspiratore segatura XE10 M elettrico<\/a><\/h3><\/div><div class=\"dce-item dce-item_content elementor-repeater-item-9bc4af8\"><div class=\"dce-post-content\">Aspira continuamente il segame che si accumula durante il taglio.\nMisure LxLxA: 800x600x600mm. (Per tutti Modelli)<\/div><\/div>\t\t\t<\/div>\n\t\t<\/article>\n\t\t\n\t\t<article class=\"post-12202 zubehoer type-zubehoer status-publish has-post-thumbnail hentry zubehoer_kategorien-tagliaspaccalegna dce-post dce-post-item dce-grid-filters-item dce-item-grid-filters dce-item-grid\" data-dce-post-id=\"12202\" data-dce-post-index=\"156\">\n\t\t\t<div class=\"dce-post-block\">\n\t\t<div class=\"dce-item dce-item_image elementor-repeater-item-3f00d78\"><a class=\"dce-post-image\" href=\"https:\/\/www.schwarz.it\/it\/zubehoer\/aspiratore-segatura-xe10-hy-idraulico\/\"><figure data-image-ratio=\"0.66\" class=\"dce-img\"><img width=\"800\" height=\"400\" src=\"https:\/\/www.schwarz.it\/wp-content\/uploads\/2022\/09\/19-Hydraulisches-Absaugegeraet-XE10HY-1024x512.jpg\" class=\"\" alt=\"Aspiratore segatura XE10 HY idraulico\" srcset=\"https:\/\/www.schwarz.it\/wp-content\/uploads\/2022\/09\/19-Hydraulisches-Absaugegeraet-XE10HY-1024x512.jpg 1024w, https:\/\/www.schwarz.it\/wp-content\/uploads\/2022\/09\/19-Hydraulisches-Absaugegeraet-XE10HY-300x150.jpg 300w, https:\/\/www.schwarz.it\/wp-content\/uploads\/2022\/09\/19-Hydraulisches-Absaugegeraet-XE10HY-768x384.jpg 768w, https:\/\/www.schwarz.it\/wp-content\/uploads\/2022\/09\/19-Hydraulisches-Absaugegeraet-XE10HY.jpg 1200w\" sizes=\"(max-width: 800px) 100vw, 800px\" \/><\/figure><\/a><\/div><div class=\"dce-item dce-item_title elementor-repeater-item-9291b54\"><h3 class=\"dce-post-title\"><a href=\"https:\/\/www.schwarz.it\/it\/zubehoer\/aspiratore-segatura-xe10-hy-idraulico\/\">Aspiratore segatura XE10 HY idraulico<\/a><\/h3><\/div><div class=\"dce-item dce-item_content elementor-repeater-item-9bc4af8\"><div class=\"dce-post-content\">Aspira continuamente il segame che si accumula durante il taglio.\nMisure LxLxA: 800x600x600mm. (Per tutti Modelli)<\/div><\/div>\t\t\t<\/div>\n\t\t<\/article>\n\t\t\n\t\t<article class=\"post-12201 zubehoer type-zubehoer status-publish has-post-thumbnail hentry zubehoer_kategorien-tagliaspaccalegna dce-post dce-post-item dce-grid-filters-item dce-item-grid-filters dce-item-grid\" data-dce-post-id=\"12201\" data-dce-post-index=\"157\">\n\t\t\t<div class=\"dce-post-block\">\n\t\t<div class=\"dce-item dce-item_image elementor-repeater-item-3f00d78\"><a class=\"dce-post-image\" href=\"https:\/\/www.schwarz.it\/it\/zubehoer\/aspiratore-segatura-xe10-hy-v-integrato\/\"><figure data-image-ratio=\"0.66\" class=\"dce-img\"><img width=\"800\" height=\"400\" src=\"https:\/\/www.schwarz.it\/wp-content\/uploads\/2022\/09\/20-Hydraulisches-Absaugegeraet-integriert-1024x512.jpg\" class=\"\" alt=\"Aspiratore segatura XE10 HY-V integrato\" srcset=\"https:\/\/www.schwarz.it\/wp-content\/uploads\/2022\/09\/20-Hydraulisches-Absaugegeraet-integriert-1024x512.jpg 1024w, https:\/\/www.schwarz.it\/wp-content\/uploads\/2022\/09\/20-Hydraulisches-Absaugegeraet-integriert-300x150.jpg 300w, https:\/\/www.schwarz.it\/wp-content\/uploads\/2022\/09\/20-Hydraulisches-Absaugegeraet-integriert-768x384.jpg 768w, https:\/\/www.schwarz.it\/wp-content\/uploads\/2022\/09\/20-Hydraulisches-Absaugegeraet-integriert.jpg 1200w\" sizes=\"(max-width: 800px) 100vw, 800px\" \/><\/figure><\/a><\/div><div class=\"dce-item dce-item_title elementor-repeater-item-9291b54\"><h3 class=\"dce-post-title\"><a href=\"https:\/\/www.schwarz.it\/it\/zubehoer\/aspiratore-segatura-xe10-hy-v-integrato\/\">Aspiratore segatura XE10 HY-V integrato<\/a><\/h3><\/div><div class=\"dce-item dce-item_content elementor-repeater-item-9bc4af8\"><div class=\"dce-post-content\">Con azionamento idraulico tramite pompa montata sulla RCA senza tubi. Aspira continuamente il segame che si accumula durante il taglio. (per RCA480JOY)<\/div><\/div>\t\t\t<\/div>\n\t\t<\/article>\n\t\t\n\t\t<article class=\"post-12200 zubehoer type-zubehoer status-publish has-post-thumbnail hentry zubehoer_kategorien-tagliaspaccalegna dce-post dce-post-item dce-grid-filters-item dce-item-grid-filters dce-item-grid\" data-dce-post-id=\"12200\" data-dce-post-index=\"158\">\n\t\t\t<div class=\"dce-post-block\">\n\t\t<div class=\"dce-item dce-item_image elementor-repeater-item-3f00d78\"><a class=\"dce-post-image\" href=\"https:\/\/www.schwarz.it\/it\/zubehoer\/filtro-per-raccolta-segatura-con-sacca\/\"><figure data-image-ratio=\"0.66\" class=\"dce-img\"><img width=\"800\" height=\"450\" src=\"https:\/\/www.schwarz.it\/wp-content\/uploads\/2022\/09\/21-Saegemehlfilter.jpg\" class=\"\" alt=\"Filtro per raccolta segatura con sacca\" srcset=\"https:\/\/www.schwarz.it\/wp-content\/uploads\/2022\/09\/21-Saegemehlfilter.jpg 800w, https:\/\/www.schwarz.it\/wp-content\/uploads\/2022\/09\/21-Saegemehlfilter-300x169.jpg 300w, https:\/\/www.schwarz.it\/wp-content\/uploads\/2022\/09\/21-Saegemehlfilter-768x432.jpg 768w\" sizes=\"(max-width: 800px) 100vw, 800px\" \/><\/figure><\/a><\/div><div class=\"dce-item dce-item_title elementor-repeater-item-9291b54\"><h3 class=\"dce-post-title\"><a href=\"https:\/\/www.schwarz.it\/it\/zubehoer\/filtro-per-raccolta-segatura-con-sacca\/\">Filtro per raccolta segatura con sacca<\/a><\/h3><\/div><div class=\"dce-item dce-item_content elementor-repeater-item-9bc4af8\"><div class=\"dce-post-content\">Per tutti modelli.<\/div><\/div>\t\t\t<\/div>\n\t\t<\/article>\n\t\t\n\t\t<article class=\"post-12199 zubehoer type-zubehoer status-publish has-post-thumbnail hentry zubehoer_kategorien-tagliaspaccalegna dce-post dce-post-item dce-grid-filters-item dce-item-grid-filters dce-item-grid\" data-dce-post-id=\"12199\" data-dce-post-index=\"159\">\n\t\t\t<div class=\"dce-post-block\">\n\t\t<div class=\"dce-item dce-item_image elementor-repeater-item-3f00d78\"><a class=\"dce-post-image\" href=\"https:\/\/www.schwarz.it\/it\/zubehoer\/separatore-trucioli\/\"><figure data-image-ratio=\"0.66\" class=\"dce-img\"><img width=\"800\" height=\"400\" src=\"https:\/\/www.schwarz.it\/wp-content\/uploads\/2022\/09\/22-Separator-Holz-Reststuecke-1024x512.jpg\" class=\"\" alt=\"Separatore trucioli\" srcset=\"https:\/\/www.schwarz.it\/wp-content\/uploads\/2022\/09\/22-Separator-Holz-Reststuecke-1024x512.jpg 1024w, https:\/\/www.schwarz.it\/wp-content\/uploads\/2022\/09\/22-Separator-Holz-Reststuecke-300x150.jpg 300w, https:\/\/www.schwarz.it\/wp-content\/uploads\/2022\/09\/22-Separator-Holz-Reststuecke-768x384.jpg 768w, https:\/\/www.schwarz.it\/wp-content\/uploads\/2022\/09\/22-Separator-Holz-Reststuecke.jpg 1200w\" sizes=\"(max-width: 800px) 100vw, 800px\" \/><\/figure><\/a><\/div><div class=\"dce-item dce-item_title elementor-repeater-item-9291b54\"><h3 class=\"dce-post-title\"><a href=\"https:\/\/www.schwarz.it\/it\/zubehoer\/separatore-trucioli\/\">Separatore trucioli<\/a><\/h3><\/div><div class=\"dce-item dce-item_content elementor-repeater-item-9bc4af8\"><div class=\"dce-post-content\">Separa gli scarti piccoli dai pezzi grandi alla fine del nastro.<\/div><\/div>\t\t\t<\/div>\n\t\t<\/article>\n\t\t\n\t\t<article class=\"post-12198 zubehoer type-zubehoer status-publish has-post-thumbnail hentry zubehoer_kategorien-tagliaspaccalegna dce-post dce-post-item dce-grid-filters-item dce-item-grid-filters dce-item-grid\" data-dce-post-id=\"12198\" data-dce-post-index=\"160\">\n\t\t\t<div class=\"dce-post-block\">\n\t\t<div class=\"dce-item dce-item_image elementor-repeater-item-3f00d78\"><a class=\"dce-post-image\" href=\"https:\/\/www.schwarz.it\/it\/zubehoer\/pedana-di-lavoro-po10\/\"><figure data-image-ratio=\"0.66\" class=\"dce-img\"><img width=\"800\" height=\"400\" src=\"https:\/\/www.schwarz.it\/wp-content\/uploads\/2022\/09\/23-Arbeitspodest-1024x512.jpg\" class=\"\" alt=\"Pedana di lavoro PO10\" srcset=\"https:\/\/www.schwarz.it\/wp-content\/uploads\/2022\/09\/23-Arbeitspodest-1024x512.jpg 1024w, https:\/\/www.schwarz.it\/wp-content\/uploads\/2022\/09\/23-Arbeitspodest-300x150.jpg 300w, https:\/\/www.schwarz.it\/wp-content\/uploads\/2022\/09\/23-Arbeitspodest-768x384.jpg 768w, https:\/\/www.schwarz.it\/wp-content\/uploads\/2022\/09\/23-Arbeitspodest.jpg 1200w\" sizes=\"(max-width: 800px) 100vw, 800px\" \/><\/figure><\/a><\/div><div class=\"dce-item dce-item_title elementor-repeater-item-9291b54\"><h3 class=\"dce-post-title\"><a href=\"https:\/\/www.schwarz.it\/it\/zubehoer\/pedana-di-lavoro-po10\/\">Pedana di lavoro PO10<\/a><\/h3><\/div><div class=\"dce-item dce-item_content elementor-repeater-item-9bc4af8\"><div class=\"dce-post-content\"><\/div><\/div>\t\t\t<\/div>\n\t\t<\/article>\n\t\t\n\t\t<article class=\"post-12197 zubehoer type-zubehoer status-publish has-post-thumbnail hentry zubehoer_kategorien-tagliaspaccalegna dce-post dce-post-item dce-grid-filters-item dce-item-grid-filters dce-item-grid\" data-dce-post-id=\"12197\" data-dce-post-index=\"161\">\n\t\t\t<div class=\"dce-post-block\">\n\t\t<div class=\"dce-item dce-item_image elementor-repeater-item-3f00d78\"><a class=\"dce-post-image\" href=\"https:\/\/www.schwarz.it\/it\/zubehoer\/albero-cardanico-a6-l810mm\/\"><figure data-image-ratio=\"0.66\" class=\"dce-img\"><img width=\"800\" height=\"534\" src=\"https:\/\/www.schwarz.it\/wp-content\/uploads\/2022\/09\/24-Kardanwelle-1024x684.jpg\" class=\"\" alt=\"Albero cardanico A6 L=810mm\" srcset=\"https:\/\/www.schwarz.it\/wp-content\/uploads\/2022\/09\/24-Kardanwelle-1024x684.jpg 1024w, https:\/\/www.schwarz.it\/wp-content\/uploads\/2022\/09\/24-Kardanwelle-300x200.jpg 300w, https:\/\/www.schwarz.it\/wp-content\/uploads\/2022\/09\/24-Kardanwelle-768x513.jpg 768w, https:\/\/www.schwarz.it\/wp-content\/uploads\/2022\/09\/24-Kardanwelle.jpg 1200w\" sizes=\"(max-width: 800px) 100vw, 800px\" \/><\/figure><\/a><\/div><div class=\"dce-item dce-item_title elementor-repeater-item-9291b54\"><h3 class=\"dce-post-title\"><a href=\"https:\/\/www.schwarz.it\/it\/zubehoer\/albero-cardanico-a6-l810mm\/\">Albero cardanico A6 L=810mm<\/a><\/h3><\/div><div class=\"dce-item dce-item_content elementor-repeater-item-9bc4af8\"><div class=\"dce-post-content\"><\/div><\/div>\t\t\t<\/div>\n\t\t<\/article>\n\t\t\n\t\t<article class=\"post-12196 zubehoer type-zubehoer status-publish has-post-thumbnail hentry zubehoer_kategorien-tagliaspaccalegna dce-post dce-post-item dce-grid-filters-item dce-item-grid-filters dce-item-grid\" data-dce-post-id=\"12196\" data-dce-post-index=\"162\">\n\t\t\t<div class=\"dce-post-block\">\n\t\t<div class=\"dce-item dce-item_image elementor-repeater-item-3f00d78\"><a class=\"dce-post-image\" href=\"https:\/\/www.schwarz.it\/it\/zubehoer\/vaglio\/\"><figure data-image-ratio=\"0.66\" class=\"dce-img\"><img width=\"800\" height=\"534\" src=\"https:\/\/www.schwarz.it\/wp-content\/uploads\/2022\/09\/25-Trommelsieb-1024x684.jpg\" class=\"\" alt=\"Vaglio\" srcset=\"https:\/\/www.schwarz.it\/wp-content\/uploads\/2022\/09\/25-Trommelsieb-1024x684.jpg 1024w, https:\/\/www.schwarz.it\/wp-content\/uploads\/2022\/09\/25-Trommelsieb-300x200.jpg 300w, https:\/\/www.schwarz.it\/wp-content\/uploads\/2022\/09\/25-Trommelsieb-768x513.jpg 768w, https:\/\/www.schwarz.it\/wp-content\/uploads\/2022\/09\/25-Trommelsieb.jpg 1200w\" sizes=\"(max-width: 800px) 100vw, 800px\" \/><\/figure><\/a><\/div><div class=\"dce-item dce-item_title elementor-repeater-item-9291b54\"><h3 class=\"dce-post-title\"><a href=\"https:\/\/www.schwarz.it\/it\/zubehoer\/vaglio\/\">Vaglio<\/a><\/h3><\/div><div class=\"dce-item dce-item_content elementor-repeater-item-9bc4af8\"><div class=\"dce-post-content\"><\/div><\/div>\t\t\t<\/div>\n\t\t<\/article>\n\t\t\n\t\t<article class=\"post-12195 zubehoer type-zubehoer status-publish has-post-thumbnail hentry zubehoer_kategorien-verricelli dce-post dce-post-item dce-grid-filters-item dce-item-grid-filters dce-item-grid\" data-dce-post-id=\"12195\" data-dce-post-index=\"163\">\n\t\t\t<div class=\"dce-post-block\">\n\t\t<div class=\"dce-item dce-item_image elementor-repeater-item-3f00d78\"><a class=\"dce-post-image\" href=\"https:\/\/www.schwarz.it\/it\/zubehoer\/fune-in-acciaio-compattata\/\"><figure data-image-ratio=\"0.66\" class=\"dce-img\"><img width=\"800\" height=\"600\" src=\"https:\/\/www.schwarz.it\/wp-content\/uploads\/2022\/09\/1-Kompaktiertes-Stahlseil-1024x768.jpg\" class=\"\" alt=\"Fune in acciaio compattata\" srcset=\"https:\/\/www.schwarz.it\/wp-content\/uploads\/2022\/09\/1-Kompaktiertes-Stahlseil-1024x768.jpg 1024w, https:\/\/www.schwarz.it\/wp-content\/uploads\/2022\/09\/1-Kompaktiertes-Stahlseil-300x225.jpg 300w, https:\/\/www.schwarz.it\/wp-content\/uploads\/2022\/09\/1-Kompaktiertes-Stahlseil-768x576.jpg 768w, https:\/\/www.schwarz.it\/wp-content\/uploads\/2022\/09\/1-Kompaktiertes-Stahlseil.jpg 1200w\" sizes=\"(max-width: 800px) 100vw, 800px\" \/><\/figure><\/a><\/div><div class=\"dce-item dce-item_title elementor-repeater-item-9291b54\"><h3 class=\"dce-post-title\"><a href=\"https:\/\/www.schwarz.it\/it\/zubehoer\/fune-in-acciaio-compattata\/\">Fune in acciaio compattata<\/a><\/h3><\/div><div class=\"dce-item dce-item_content elementor-repeater-item-9bc4af8\"><div class=\"dce-post-content\">Aumenta di circa il 40% il carico di rottura rispetto alle normali funi in acciaio. Usura ridotta. Disponibile in vari diametri.<\/div><\/div>\t\t\t<\/div>\n\t\t<\/article>\n\t\t\n\t\t<article class=\"post-12194 zubehoer type-zubehoer status-publish has-post-thumbnail hentry zubehoer_kategorien-verricelli dce-post dce-post-item dce-grid-filters-item dce-item-grid-filters dce-item-grid\" data-dce-post-id=\"12194\" data-dce-post-index=\"164\">\n\t\t\t<div class=\"dce-post-block\">\n\t\t<div class=\"dce-item dce-item_image elementor-repeater-item-3f00d78\"><a class=\"dce-post-image\" href=\"https:\/\/www.schwarz.it\/it\/zubehoer\/fune-tessile\/\"><figure data-image-ratio=\"0.66\" class=\"dce-img\"><img width=\"800\" height=\"600\" src=\"https:\/\/www.schwarz.it\/wp-content\/uploads\/2022\/09\/2-Kunststoffseil-1024x768.jpg\" class=\"\" alt=\"Fune tessile\" srcset=\"https:\/\/www.schwarz.it\/wp-content\/uploads\/2022\/09\/2-Kunststoffseil-1024x768.jpg 1024w, https:\/\/www.schwarz.it\/wp-content\/uploads\/2022\/09\/2-Kunststoffseil-300x225.jpg 300w, https:\/\/www.schwarz.it\/wp-content\/uploads\/2022\/09\/2-Kunststoffseil-768x576.jpg 768w, https:\/\/www.schwarz.it\/wp-content\/uploads\/2022\/09\/2-Kunststoffseil.jpg 1200w\" sizes=\"(max-width: 800px) 100vw, 800px\" \/><\/figure><\/a><\/div><div class=\"dce-item dce-item_title elementor-repeater-item-9291b54\"><h3 class=\"dce-post-title\"><a href=\"https:\/\/www.schwarz.it\/it\/zubehoer\/fune-tessile\/\">Fune tessile<\/a><\/h3><\/div><div class=\"dce-item dce-item_content elementor-repeater-item-9bc4af8\"><div class=\"dce-post-content\">Molto leggero e flessibile con un peso ridotto del 80 % e un carico di rottura uguale alla fune in acciaio.<\/div><\/div>\t\t\t<\/div>\n\t\t<\/article>\n\t\t\n\t\t<article class=\"post-12193 zubehoer type-zubehoer status-publish has-post-thumbnail hentry zubehoer_kategorien-verricelli dce-post dce-post-item dce-grid-filters-item dce-item-grid-filters dce-item-grid\" data-dce-post-id=\"12193\" data-dce-post-index=\"165\">\n\t\t\t<div class=\"dce-post-block\">\n\t\t<div class=\"dce-item dce-item_image elementor-repeater-item-3f00d78\"><a class=\"dce-post-image\" href=\"https:\/\/www.schwarz.it\/it\/zubehoer\/radioguida-imet-axt\/\"><figure data-image-ratio=\"0.66\" class=\"dce-img\"><img width=\"800\" height=\"800\" src=\"https:\/\/www.schwarz.it\/wp-content\/uploads\/2022\/09\/3-Forstfunk-Imet-Axt-1024x1024.jpg\" class=\"\" alt=\"Radioguida IMET &#8220;Axt&#8221;\" srcset=\"https:\/\/www.schwarz.it\/wp-content\/uploads\/2022\/09\/3-Forstfunk-Imet-Axt-1024x1024.jpg 1024w, https:\/\/www.schwarz.it\/wp-content\/uploads\/2022\/09\/3-Forstfunk-Imet-Axt-300x300.jpg 300w, https:\/\/www.schwarz.it\/wp-content\/uploads\/2022\/09\/3-Forstfunk-Imet-Axt-150x150.jpg 150w, https:\/\/www.schwarz.it\/wp-content\/uploads\/2022\/09\/3-Forstfunk-Imet-Axt-768x768.jpg 768w, https:\/\/www.schwarz.it\/wp-content\/uploads\/2022\/09\/3-Forstfunk-Imet-Axt.jpg 1200w\" sizes=\"(max-width: 800px) 100vw, 800px\" \/><\/figure><\/a><\/div><div class=\"dce-item dce-item_title elementor-repeater-item-9291b54\"><h3 class=\"dce-post-title\"><a href=\"https:\/\/www.schwarz.it\/it\/zubehoer\/radioguida-imet-axt\/\">Radioguida IMET &#8220;Axt&#8221;<\/a><\/h3><\/div><div class=\"dce-item dce-item_content elementor-repeater-item-9bc4af8\"><div class=\"dce-post-content\">Il radiocomando professionale della marca IMET (Made in Italy) corrisponde a tutte le nuove normative europee. Compreso antenna integrata, seconda batteria e carica batteria.\n\nIl radiocomando \u00e8 predisposto per l'installazione del sistema anti-ribaltamento (AR) e con funzione freno ad impulsi.<\/div><\/div>\t\t\t<\/div>\n\t\t<\/article>\n\t\t\n\t\t<article class=\"post-12192 zubehoer type-zubehoer status-publish has-post-thumbnail hentry zubehoer_kategorien-verricelli dce-post dce-post-item dce-grid-filters-item dce-item-grid-filters dce-item-grid\" data-dce-post-id=\"12192\" data-dce-post-index=\"166\">\n\t\t\t<div class=\"dce-post-block\">\n\t\t<div class=\"dce-item dce-item_image elementor-repeater-item-3f00d78\"><a class=\"dce-post-image\" href=\"https:\/\/www.schwarz.it\/it\/zubehoer\/motorino-elettrico-per-pedalino-gas\/\"><figure data-image-ratio=\"0.66\" class=\"dce-img\"><img width=\"800\" height=\"600\" src=\"https:\/\/www.schwarz.it\/wp-content\/uploads\/2022\/09\/4-Elektromotor-1024x768.jpg\" class=\"\" alt=\"Motorino elettrico per pedalino gas\" srcset=\"https:\/\/www.schwarz.it\/wp-content\/uploads\/2022\/09\/4-Elektromotor-1024x768.jpg 1024w, https:\/\/www.schwarz.it\/wp-content\/uploads\/2022\/09\/4-Elektromotor-300x225.jpg 300w, https:\/\/www.schwarz.it\/wp-content\/uploads\/2022\/09\/4-Elektromotor-768x576.jpg 768w, https:\/\/www.schwarz.it\/wp-content\/uploads\/2022\/09\/4-Elektromotor.jpg 1200w\" sizes=\"(max-width: 800px) 100vw, 800px\" \/><\/figure><\/a><\/div><div class=\"dce-item dce-item_title elementor-repeater-item-9291b54\"><h3 class=\"dce-post-title\"><a href=\"https:\/\/www.schwarz.it\/it\/zubehoer\/motorino-elettrico-per-pedalino-gas\/\">Motorino elettrico per pedalino gas<\/a><\/h3><\/div><div class=\"dce-item dce-item_content elementor-repeater-item-9bc4af8\"><div class=\"dce-post-content\"><\/div><\/div>\t\t\t<\/div>\n\t\t<\/article>\n\t\t\n\t\t<article class=\"post-12191 zubehoer type-zubehoer status-publish has-post-thumbnail hentry zubehoer_kategorien-verricelli dce-post dce-post-item dce-grid-filters-item dce-item-grid-filters dce-item-grid\" data-dce-post-id=\"12191\" data-dce-post-index=\"167\">\n\t\t\t<div class=\"dce-post-block\">\n\t\t<div class=\"dce-item dce-item_image elementor-repeater-item-3f00d78\"><a class=\"dce-post-image\" href=\"https:\/\/www.schwarz.it\/it\/zubehoer\/espulsione-fune\/\"><figure data-image-ratio=\"0.66\" class=\"dce-img\"><img width=\"800\" height=\"800\" src=\"https:\/\/www.schwarz.it\/wp-content\/uploads\/2022\/09\/5-Seilausstoss-1024x1024.jpg\" class=\"\" alt=\"Espulsione fune\" srcset=\"https:\/\/www.schwarz.it\/wp-content\/uploads\/2022\/09\/5-Seilausstoss-1024x1024.jpg 1024w, https:\/\/www.schwarz.it\/wp-content\/uploads\/2022\/09\/5-Seilausstoss-300x300.jpg 300w, https:\/\/www.schwarz.it\/wp-content\/uploads\/2022\/09\/5-Seilausstoss-150x150.jpg 150w, https:\/\/www.schwarz.it\/wp-content\/uploads\/2022\/09\/5-Seilausstoss-768x768.jpg 768w, https:\/\/www.schwarz.it\/wp-content\/uploads\/2022\/09\/5-Seilausstoss.jpg 1200w\" sizes=\"(max-width: 800px) 100vw, 800px\" \/><\/figure><\/a><\/div><div class=\"dce-item dce-item_title elementor-repeater-item-9291b54\"><h3 class=\"dce-post-title\"><a href=\"https:\/\/www.schwarz.it\/it\/zubehoer\/espulsione-fune\/\">Espulsione fune<\/a><\/h3><\/div><div class=\"dce-item dce-item_content elementor-repeater-item-9bc4af8\"><div class=\"dce-post-content\">La fune viene svolta dal tamburo ed espulsa mediante un motore idraulico. In fase di avvolgimento, il motore tiene la fune sotto tensione garantendone l\u2019avvolgimento ottimale.<\/div><\/div>\t\t\t<\/div>\n\t\t<\/article>\n\t\t\n\t\t<article class=\"post-12190 zubehoer type-zubehoer status-publish has-post-thumbnail hentry zubehoer_kategorien-verricelli dce-post dce-post-item dce-grid-filters-item dce-item-grid-filters dce-item-grid\" data-dce-post-id=\"12190\" data-dce-post-index=\"168\">\n\t\t\t<div class=\"dce-post-block\">\n\t\t<div class=\"dce-item dce-item_image elementor-repeater-item-3f00d78\"><a class=\"dce-post-image\" href=\"https:\/\/www.schwarz.it\/it\/zubehoer\/gancio-choker-per-fune-sintetica\/\"><figure data-image-ratio=\"0.66\" class=\"dce-img\"><img width=\"800\" height=\"600\" src=\"https:\/\/www.schwarz.it\/wp-content\/uploads\/2022\/09\/6-Choker-fuer-Kunststoffseil-1024x768.jpg\" class=\"\" alt=\"Gancio choker per fune sintetica\" srcset=\"https:\/\/www.schwarz.it\/wp-content\/uploads\/2022\/09\/6-Choker-fuer-Kunststoffseil-1024x768.jpg 1024w, https:\/\/www.schwarz.it\/wp-content\/uploads\/2022\/09\/6-Choker-fuer-Kunststoffseil-300x225.jpg 300w, https:\/\/www.schwarz.it\/wp-content\/uploads\/2022\/09\/6-Choker-fuer-Kunststoffseil-768x576.jpg 768w, https:\/\/www.schwarz.it\/wp-content\/uploads\/2022\/09\/6-Choker-fuer-Kunststoffseil.jpg 1200w\" sizes=\"(max-width: 800px) 100vw, 800px\" \/><\/figure><\/a><\/div><div class=\"dce-item dce-item_title elementor-repeater-item-9291b54\"><h3 class=\"dce-post-title\"><a href=\"https:\/\/www.schwarz.it\/it\/zubehoer\/gancio-choker-per-fune-sintetica\/\">Gancio choker per fune sintetica<\/a><\/h3><\/div><div class=\"dce-item dce-item_content elementor-repeater-item-9bc4af8\"><div class=\"dce-post-content\"><\/div><\/div>\t\t\t<\/div>\n\t\t<\/article>\n\t\t\n\t\t<article class=\"post-12189 zubehoer type-zubehoer status-publish has-post-thumbnail hentry zubehoer_kategorien-verricelli dce-post dce-post-item dce-grid-filters-item dce-item-grid-filters dce-item-grid\" data-dce-post-id=\"12189\" data-dce-post-index=\"169\">\n\t\t\t<div class=\"dce-post-block\">\n\t\t<div class=\"dce-item dce-item_image elementor-repeater-item-3f00d78\"><a class=\"dce-post-image\" href=\"https:\/\/www.schwarz.it\/it\/zubehoer\/rope-fix-per-fune-sintetica\/\"><figure data-image-ratio=\"0.66\" class=\"dce-img\"><img width=\"800\" height=\"600\" src=\"https:\/\/www.schwarz.it\/wp-content\/uploads\/2022\/09\/7-Rope-fix-1024x768.jpg\" class=\"\" alt=\"Rope fix Per fune sintetica\" srcset=\"https:\/\/www.schwarz.it\/wp-content\/uploads\/2022\/09\/7-Rope-fix-1024x768.jpg 1024w, https:\/\/www.schwarz.it\/wp-content\/uploads\/2022\/09\/7-Rope-fix-300x225.jpg 300w, https:\/\/www.schwarz.it\/wp-content\/uploads\/2022\/09\/7-Rope-fix-768x576.jpg 768w, https:\/\/www.schwarz.it\/wp-content\/uploads\/2022\/09\/7-Rope-fix.jpg 1200w\" sizes=\"(max-width: 800px) 100vw, 800px\" \/><\/figure><\/a><\/div><div class=\"dce-item dce-item_title elementor-repeater-item-9291b54\"><h3 class=\"dce-post-title\"><a href=\"https:\/\/www.schwarz.it\/it\/zubehoer\/rope-fix-per-fune-sintetica\/\">Rope fix Per fune sintetica<\/a><\/h3><\/div><div class=\"dce-item dce-item_content elementor-repeater-item-9bc4af8\"><div class=\"dce-post-content\"><\/div><\/div>\t\t\t<\/div>\n\t\t<\/article>\n\t\t\n\t\t<article class=\"post-12188 zubehoer type-zubehoer status-publish has-post-thumbnail hentry zubehoer_kategorien-verricelli dce-post dce-post-item dce-grid-filters-item dce-item-grid-filters dce-item-grid\" data-dce-post-id=\"12188\" data-dce-post-index=\"170\">\n\t\t\t<div class=\"dce-post-block\">\n\t\t<div class=\"dce-item dce-item_image elementor-repeater-item-3f00d78\"><a class=\"dce-post-image\" href=\"https:\/\/www.schwarz.it\/it\/zubehoer\/gancio-finale-con-sicura\/\"><figure data-image-ratio=\"0.66\" class=\"dce-img\"><img width=\"800\" height=\"571\" src=\"https:\/\/www.schwarz.it\/wp-content\/uploads\/2022\/09\/Zubehoer-Seilwinden-zum-Ausschneiden-11-1024x731.jpg\" class=\"\" alt=\"Gancio finale con sicura\" srcset=\"https:\/\/www.schwarz.it\/wp-content\/uploads\/2022\/09\/Zubehoer-Seilwinden-zum-Ausschneiden-11-1024x731.jpg 1024w, https:\/\/www.schwarz.it\/wp-content\/uploads\/2022\/09\/Zubehoer-Seilwinden-zum-Ausschneiden-11-300x214.jpg 300w, https:\/\/www.schwarz.it\/wp-content\/uploads\/2022\/09\/Zubehoer-Seilwinden-zum-Ausschneiden-11-768x549.jpg 768w, https:\/\/www.schwarz.it\/wp-content\/uploads\/2022\/09\/Zubehoer-Seilwinden-zum-Ausschneiden-11-1536x1097.jpg 1536w, https:\/\/www.schwarz.it\/wp-content\/uploads\/2022\/09\/Zubehoer-Seilwinden-zum-Ausschneiden-11-2048x1463.jpg 2048w\" sizes=\"(max-width: 800px) 100vw, 800px\" \/><\/figure><\/a><\/div><div class=\"dce-item dce-item_title elementor-repeater-item-9291b54\"><h3 class=\"dce-post-title\"><a href=\"https:\/\/www.schwarz.it\/it\/zubehoer\/gancio-finale-con-sicura\/\">Gancio finale con sicura<\/a><\/h3><\/div><div class=\"dce-item dce-item_content elementor-repeater-item-9bc4af8\"><div class=\"dce-post-content\">Per una forza di tiro di 3.000 o 4.500 kg.<\/div><\/div>\t\t\t<\/div>\n\t\t<\/article>\n\t\t\n\t\t<article class=\"post-12187 zubehoer type-zubehoer status-publish has-post-thumbnail hentry zubehoer_kategorien-verricelli dce-post dce-post-item dce-grid-filters-item dce-item-grid-filters dce-item-grid\" data-dce-post-id=\"12187\" data-dce-post-index=\"171\">\n\t\t\t<div class=\"dce-post-block\">\n\t\t<div class=\"dce-item dce-item_image elementor-repeater-item-3f00d78\"><a class=\"dce-post-image\" href=\"https:\/\/www.schwarz.it\/it\/zubehoer\/gancio-finale-girevole-con-sicura\/\"><figure data-image-ratio=\"0.66\" class=\"dce-img\"><img width=\"718\" height=\"349\" src=\"https:\/\/www.schwarz.it\/wp-content\/uploads\/2022\/09\/9-Endhaken-drehbar-mit-Sicherung.jpg\" class=\"\" alt=\"Gancio finale girevole con sicura\" srcset=\"https:\/\/www.schwarz.it\/wp-content\/uploads\/2022\/09\/9-Endhaken-drehbar-mit-Sicherung.jpg 718w, https:\/\/www.schwarz.it\/wp-content\/uploads\/2022\/09\/9-Endhaken-drehbar-mit-Sicherung-300x146.jpg 300w\" sizes=\"(max-width: 718px) 100vw, 718px\" \/><\/figure><\/a><\/div><div class=\"dce-item dce-item_title elementor-repeater-item-9291b54\"><h3 class=\"dce-post-title\"><a href=\"https:\/\/www.schwarz.it\/it\/zubehoer\/gancio-finale-girevole-con-sicura\/\">Gancio finale girevole con sicura<\/a><\/h3><\/div><div class=\"dce-item dce-item_content elementor-repeater-item-9bc4af8\"><div class=\"dce-post-content\">Per una forza di tiro di 3.000 o 4.500 kg.<\/div><\/div>\t\t\t<\/div>\n\t\t<\/article>\n\t\t\n\t\t<article class=\"post-12186 zubehoer type-zubehoer status-publish has-post-thumbnail hentry zubehoer_kategorien-verricelli dce-post dce-post-item dce-grid-filters-item dce-item-grid-filters dce-item-grid\" data-dce-post-id=\"12186\" data-dce-post-index=\"172\">\n\t\t\t<div class=\"dce-post-block\">\n\t\t<div class=\"dce-item dce-item_image elementor-repeater-item-3f00d78\"><a class=\"dce-post-image\" href=\"https:\/\/www.schwarz.it\/it\/zubehoer\/gancio-parallelo\/\"><figure data-image-ratio=\"0.66\" class=\"dce-img\"><img width=\"768\" height=\"1024\" src=\"https:\/\/www.schwarz.it\/wp-content\/uploads\/2022\/09\/10-Parallelhaken-768x1024.jpg\" class=\"\" alt=\"Gancio parallelo\" srcset=\"https:\/\/www.schwarz.it\/wp-content\/uploads\/2022\/09\/10-Parallelhaken-768x1024.jpg 768w, https:\/\/www.schwarz.it\/wp-content\/uploads\/2022\/09\/10-Parallelhaken-225x300.jpg 225w, https:\/\/www.schwarz.it\/wp-content\/uploads\/2022\/09\/10-Parallelhaken.jpg 960w\" sizes=\"(max-width: 768px) 100vw, 768px\" \/><\/figure><\/a><\/div><div class=\"dce-item dce-item_title elementor-repeater-item-9291b54\"><h3 class=\"dce-post-title\"><a href=\"https:\/\/www.schwarz.it\/it\/zubehoer\/gancio-parallelo\/\">Gancio parallelo<\/a><\/h3><\/div><div class=\"dce-item dce-item_content elementor-repeater-item-9bc4af8\"><div class=\"dce-post-content\">Per una catena e una forza di tiro di\u00a02.000 kg o 3.200 kg.<\/div><\/div>\t\t\t<\/div>\n\t\t<\/article>\n\t\t\n\t\t<article class=\"post-12185 zubehoer type-zubehoer status-publish has-post-thumbnail hentry zubehoer_kategorien-verricelli dce-post dce-post-item dce-grid-filters-item dce-item-grid-filters dce-item-grid\" data-dce-post-id=\"12185\" data-dce-post-index=\"173\">\n\t\t\t<div class=\"dce-post-block\">\n\t\t<div class=\"dce-item dce-item_image elementor-repeater-item-3f00d78\"><a class=\"dce-post-image\" href=\"https:\/\/www.schwarz.it\/it\/zubehoer\/gancio-parallelo-doppio\/\"><figure data-image-ratio=\"0.66\" class=\"dce-img\"><img width=\"700\" height=\"570\" src=\"https:\/\/www.schwarz.it\/wp-content\/uploads\/2022\/09\/11-Parallelhaken-doppelt.jpg\" class=\"\" alt=\"Gancio parallelo doppio\" srcset=\"https:\/\/www.schwarz.it\/wp-content\/uploads\/2022\/09\/11-Parallelhaken-doppelt.jpg 700w, https:\/\/www.schwarz.it\/wp-content\/uploads\/2022\/09\/11-Parallelhaken-doppelt-300x244.jpg 300w\" sizes=\"(max-width: 700px) 100vw, 700px\" \/><\/figure><\/a><\/div><div class=\"dce-item dce-item_title elementor-repeater-item-9291b54\"><h3 class=\"dce-post-title\"><a href=\"https:\/\/www.schwarz.it\/it\/zubehoer\/gancio-parallelo-doppio\/\">Gancio parallelo doppio<\/a><\/h3><\/div><div class=\"dce-item dce-item_content elementor-repeater-item-9bc4af8\"><div class=\"dce-post-content\">Per due catene e forza di tiro di 2.000 kg.<\/div><\/div>\t\t\t<\/div>\n\t\t<\/article>\n\t\t\n\t\t<article class=\"post-12184 zubehoer type-zubehoer status-publish has-post-thumbnail hentry zubehoer_kategorien-verricelli dce-post dce-post-item dce-grid-filters-item dce-item-grid-filters dce-item-grid\" data-dce-post-id=\"12184\" data-dce-post-index=\"174\">\n\t\t\t<div class=\"dce-post-block\">\n\t\t<div class=\"dce-item dce-item_image elementor-repeater-item-3f00d78\"><a class=\"dce-post-image\" href=\"https:\/\/www.schwarz.it\/it\/zubehoer\/gancio-choker-rosso\/\"><figure data-image-ratio=\"0.66\" class=\"dce-img\"><img width=\"800\" height=\"600\" src=\"https:\/\/www.schwarz.it\/wp-content\/uploads\/2022\/09\/12-Choker-rot-1024x768.jpg\" class=\"\" alt=\"Gancio choker rosso\" srcset=\"https:\/\/www.schwarz.it\/wp-content\/uploads\/2022\/09\/12-Choker-rot-1024x768.jpg 1024w, https:\/\/www.schwarz.it\/wp-content\/uploads\/2022\/09\/12-Choker-rot-300x225.jpg 300w, https:\/\/www.schwarz.it\/wp-content\/uploads\/2022\/09\/12-Choker-rot-768x576.jpg 768w, https:\/\/www.schwarz.it\/wp-content\/uploads\/2022\/09\/12-Choker-rot.jpg 1200w\" sizes=\"(max-width: 800px) 100vw, 800px\" \/><\/figure><\/a><\/div><div class=\"dce-item dce-item_title elementor-repeater-item-9291b54\"><h3 class=\"dce-post-title\"><a href=\"https:\/\/www.schwarz.it\/it\/zubehoer\/gancio-choker-rosso\/\">Gancio choker rosso<\/a><\/h3><\/div><div class=\"dce-item dce-item_content elementor-repeater-item-9bc4af8\"><div class=\"dce-post-content\">Per una forza di tiro di 2.000 kg.<\/div><\/div>\t\t\t<\/div>\n\t\t<\/article>\n\t\t\n\t\t<article class=\"post-12183 zubehoer type-zubehoer status-publish has-post-thumbnail hentry zubehoer_kategorien-verricelli dce-post dce-post-item dce-grid-filters-item dce-item-grid-filters dce-item-grid\" data-dce-post-id=\"12183\" data-dce-post-index=\"175\">\n\t\t\t<div class=\"dce-post-block\">\n\t\t<div class=\"dce-item dce-item_image elementor-repeater-item-3f00d78\"><a class=\"dce-post-image\" href=\"https:\/\/www.schwarz.it\/it\/zubehoer\/gancio-choker-blu\/\"><figure data-image-ratio=\"0.66\" class=\"dce-img\"><img width=\"640\" height=\"640\" src=\"https:\/\/www.schwarz.it\/wp-content\/uploads\/2022\/09\/13-Choker-blau.jpg\" class=\"\" alt=\"Gancio choker blu\" srcset=\"https:\/\/www.schwarz.it\/wp-content\/uploads\/2022\/09\/13-Choker-blau.jpg 640w, https:\/\/www.schwarz.it\/wp-content\/uploads\/2022\/09\/13-Choker-blau-300x300.jpg 300w, https:\/\/www.schwarz.it\/wp-content\/uploads\/2022\/09\/13-Choker-blau-150x150.jpg 150w\" sizes=\"(max-width: 640px) 100vw, 640px\" \/><\/figure><\/a><\/div><div class=\"dce-item dce-item_title elementor-repeater-item-9291b54\"><h3 class=\"dce-post-title\"><a href=\"https:\/\/www.schwarz.it\/it\/zubehoer\/gancio-choker-blu\/\">Gancio choker blu<\/a><\/h3><\/div><div class=\"dce-item dce-item_content elementor-repeater-item-9bc4af8\"><div class=\"dce-post-content\">Per una forza di tiro di 3.000 kg.<\/div><\/div>\t\t\t<\/div>\n\t\t<\/article>\n\t\t\n\t\t<article class=\"post-12182 zubehoer type-zubehoer status-publish has-post-thumbnail hentry zubehoer_kategorien-verricelli dce-post dce-post-item dce-grid-filters-item dce-item-grid-filters dce-item-grid\" data-dce-post-id=\"12182\" data-dce-post-index=\"176\">\n\t\t\t<div class=\"dce-post-block\">\n\t\t<div class=\"dce-item dce-item_image elementor-repeater-item-3f00d78\"><a class=\"dce-post-image\" href=\"https:\/\/www.schwarz.it\/it\/zubehoer\/gancio-choker-girevole-blu\/\"><figure data-image-ratio=\"0.66\" class=\"dce-img\"><img width=\"800\" height=\"637\" src=\"https:\/\/www.schwarz.it\/wp-content\/uploads\/2022\/09\/14-Choker-blau-drehbar-1024x815.jpg\" class=\"\" alt=\"Gancio choker girevole blu\" srcset=\"https:\/\/www.schwarz.it\/wp-content\/uploads\/2022\/09\/14-Choker-blau-drehbar-1024x815.jpg 1024w, https:\/\/www.schwarz.it\/wp-content\/uploads\/2022\/09\/14-Choker-blau-drehbar-300x239.jpg 300w, https:\/\/www.schwarz.it\/wp-content\/uploads\/2022\/09\/14-Choker-blau-drehbar-768x611.jpg 768w, https:\/\/www.schwarz.it\/wp-content\/uploads\/2022\/09\/14-Choker-blau-drehbar.jpg 1200w\" sizes=\"(max-width: 800px) 100vw, 800px\" \/><\/figure><\/a><\/div><div class=\"dce-item dce-item_title elementor-repeater-item-9291b54\"><h3 class=\"dce-post-title\"><a href=\"https:\/\/www.schwarz.it\/it\/zubehoer\/gancio-choker-girevole-blu\/\">Gancio choker girevole blu<\/a><\/h3><\/div><div class=\"dce-item dce-item_content elementor-repeater-item-9bc4af8\"><div class=\"dce-post-content\">Per una forza di tiro di 4.500 kg.<\/div><\/div>\t\t\t<\/div>\n\t\t<\/article>\n\t\t\n\t\t<article class=\"post-12181 zubehoer type-zubehoer status-publish has-post-thumbnail hentry zubehoer_kategorien-verricelli dce-post dce-post-item dce-grid-filters-item dce-item-grid-filters dce-item-grid\" data-dce-post-id=\"12181\" data-dce-post-index=\"177\">\n\t\t\t<div class=\"dce-post-block\">\n\t\t<div class=\"dce-item dce-item_image elementor-repeater-item-3f00d78\"><a class=\"dce-post-image\" href=\"https:\/\/www.schwarz.it\/it\/zubehoer\/gancio-choker-con-rullo\/\"><figure data-image-ratio=\"0.66\" class=\"dce-img\"><img width=\"800\" height=\"655\" src=\"https:\/\/www.schwarz.it\/wp-content\/uploads\/2022\/09\/15-Choker-mit-Rolle-1024x839.jpg\" class=\"\" alt=\"Gancio choker con rullo\" srcset=\"https:\/\/www.schwarz.it\/wp-content\/uploads\/2022\/09\/15-Choker-mit-Rolle-1024x839.jpg 1024w, https:\/\/www.schwarz.it\/wp-content\/uploads\/2022\/09\/15-Choker-mit-Rolle-300x246.jpg 300w, https:\/\/www.schwarz.it\/wp-content\/uploads\/2022\/09\/15-Choker-mit-Rolle-768x629.jpg 768w, https:\/\/www.schwarz.it\/wp-content\/uploads\/2022\/09\/15-Choker-mit-Rolle.jpg 1200w\" sizes=\"(max-width: 800px) 100vw, 800px\" \/><\/figure><\/a><\/div><div class=\"dce-item dce-item_title elementor-repeater-item-9291b54\"><h3 class=\"dce-post-title\"><a href=\"https:\/\/www.schwarz.it\/it\/zubehoer\/gancio-choker-con-rullo\/\">Gancio choker con rullo<\/a><\/h3><\/div><div class=\"dce-item dce-item_content elementor-repeater-item-9bc4af8\"><div class=\"dce-post-content\">Per una forza di tiro di 5.500 kg.<\/div><\/div>\t\t\t<\/div>\n\t\t<\/article>\n\t\t\n\t\t<article class=\"post-12180 zubehoer type-zubehoer status-publish has-post-thumbnail hentry zubehoer_kategorien-verricelli dce-post dce-post-item dce-grid-filters-item dce-item-grid-filters dce-item-grid\" data-dce-post-id=\"12180\" data-dce-post-index=\"178\">\n\t\t\t<div class=\"dce-post-block\">\n\t\t<div class=\"dce-item dce-item_image elementor-repeater-item-3f00d78\"><a class=\"dce-post-image\" href=\"https:\/\/www.schwarz.it\/it\/zubehoer\/terminale-con-cono-e-gancio-girevole-tipo-choker\/\"><figure data-image-ratio=\"0.66\" class=\"dce-img\"><img width=\"800\" height=\"600\" src=\"https:\/\/www.schwarz.it\/wp-content\/uploads\/2022\/09\/16-Seilendkonus-mit-Choker-drehbar-1024x768.jpg\" class=\"\" alt=\"Terminale con cono e gancio girevole tipo choker\" srcset=\"https:\/\/www.schwarz.it\/wp-content\/uploads\/2022\/09\/16-Seilendkonus-mit-Choker-drehbar-1024x768.jpg 1024w, https:\/\/www.schwarz.it\/wp-content\/uploads\/2022\/09\/16-Seilendkonus-mit-Choker-drehbar-300x225.jpg 300w, https:\/\/www.schwarz.it\/wp-content\/uploads\/2022\/09\/16-Seilendkonus-mit-Choker-drehbar-768x576.jpg 768w, https:\/\/www.schwarz.it\/wp-content\/uploads\/2022\/09\/16-Seilendkonus-mit-Choker-drehbar.jpg 1200w\" sizes=\"(max-width: 800px) 100vw, 800px\" \/><\/figure><\/a><\/div><div class=\"dce-item dce-item_title elementor-repeater-item-9291b54\"><h3 class=\"dce-post-title\"><a href=\"https:\/\/www.schwarz.it\/it\/zubehoer\/terminale-con-cono-e-gancio-girevole-tipo-choker\/\">Terminale con cono e gancio girevole tipo choker<\/a><\/h3><\/div><div class=\"dce-item dce-item_content elementor-repeater-item-9bc4af8\"><div class=\"dce-post-content\">Per una forza di tiro di 9.000 kg.<\/div><\/div>\t\t\t<\/div>\n\t\t<\/article>\n\t\t\n\t\t<article class=\"post-12179 zubehoer type-zubehoer status-publish has-post-thumbnail hentry zubehoer_kategorien-verricelli dce-post dce-post-item dce-grid-filters-item dce-item-grid-filters dce-item-grid\" data-dce-post-id=\"12179\" data-dce-post-index=\"179\">\n\t\t\t<div class=\"dce-post-block\">\n\t\t<div class=\"dce-item dce-item_image elementor-repeater-item-3f00d78\"><a class=\"dce-post-image\" href=\"https:\/\/www.schwarz.it\/it\/zubehoer\/catena-rossa-g80\/\"><figure data-image-ratio=\"0.66\" class=\"dce-img\"><img width=\"800\" height=\"834\" src=\"https:\/\/www.schwarz.it\/wp-content\/uploads\/2022\/09\/17-Kette-rot.jpg\" class=\"\" alt=\"Catena rossa G80\" srcset=\"https:\/\/www.schwarz.it\/wp-content\/uploads\/2022\/09\/17-Kette-rot.jpg 800w, https:\/\/www.schwarz.it\/wp-content\/uploads\/2022\/09\/17-Kette-rot-288x300.jpg 288w, https:\/\/www.schwarz.it\/wp-content\/uploads\/2022\/09\/17-Kette-rot-768x801.jpg 768w\" sizes=\"(max-width: 800px) 100vw, 800px\" \/><\/figure><\/a><\/div><div class=\"dce-item dce-item_title elementor-repeater-item-9291b54\"><h3 class=\"dce-post-title\"><a href=\"https:\/\/www.schwarz.it\/it\/zubehoer\/catena-rossa-g80\/\">Catena rossa G80<\/a><\/h3><\/div><div class=\"dce-item dce-item_content elementor-repeater-item-9bc4af8\"><div class=\"dce-post-content\">Per una forza di tiro di 3.000 kg. Con lunghezza 2m oppure 2,5m.<\/div><\/div>\t\t\t<\/div>\n\t\t<\/article>\n\t\t\n\t\t<article class=\"post-12178 zubehoer type-zubehoer status-publish has-post-thumbnail hentry zubehoer_kategorien-verricelli dce-post dce-post-item dce-grid-filters-item dce-item-grid-filters dce-item-grid\" data-dce-post-id=\"12178\" data-dce-post-index=\"180\">\n\t\t\t<div class=\"dce-post-block\">\n\t\t<div class=\"dce-item dce-item_image elementor-repeater-item-3f00d78\"><a class=\"dce-post-image\" href=\"https:\/\/www.schwarz.it\/it\/zubehoer\/catena-blu-g100\/\"><figure data-image-ratio=\"0.66\" class=\"dce-img\"><img width=\"800\" height=\"879\" src=\"https:\/\/www.schwarz.it\/wp-content\/uploads\/2022\/09\/18-Kette-blau.jpg\" class=\"\" alt=\"Catena blu G100\" srcset=\"https:\/\/www.schwarz.it\/wp-content\/uploads\/2022\/09\/18-Kette-blau.jpg 800w, https:\/\/www.schwarz.it\/wp-content\/uploads\/2022\/09\/18-Kette-blau-273x300.jpg 273w, https:\/\/www.schwarz.it\/wp-content\/uploads\/2022\/09\/18-Kette-blau-768x844.jpg 768w\" sizes=\"(max-width: 800px) 100vw, 800px\" \/><\/figure><\/a><\/div><div class=\"dce-item dce-item_title elementor-repeater-item-9291b54\"><h3 class=\"dce-post-title\"><a href=\"https:\/\/www.schwarz.it\/it\/zubehoer\/catena-blu-g100\/\">Catena blu G100<\/a><\/h3><\/div><div class=\"dce-item dce-item_content elementor-repeater-item-9bc4af8\"><div class=\"dce-post-content\">Per una forza di tiro di 4.500 kg. Con lunghezza 2,5m oppure 3m.<\/div><\/div>\t\t\t<\/div>\n\t\t<\/article>\n\t\t\n\t\t<article class=\"post-12177 zubehoer type-zubehoer status-publish has-post-thumbnail hentry zubehoer_kategorien-verricelli dce-post dce-post-item dce-grid-filters-item dce-item-grid-filters dce-item-grid\" data-dce-post-id=\"12177\" data-dce-post-index=\"181\">\n\t\t\t<div class=\"dce-post-block\">\n\t\t<div class=\"dce-item dce-item_image elementor-repeater-item-3f00d78\"><a class=\"dce-post-image\" href=\"https:\/\/www.schwarz.it\/it\/zubehoer\/braca-ad-anello\/\"><figure data-image-ratio=\"0.66\" class=\"dce-img\"><img width=\"800\" height=\"548\" src=\"https:\/\/www.schwarz.it\/wp-content\/uploads\/2022\/09\/19-Rundgurte-1024x701.jpg\" class=\"\" alt=\"Braca ad anello\" srcset=\"https:\/\/www.schwarz.it\/wp-content\/uploads\/2022\/09\/19-Rundgurte-1024x701.jpg 1024w, https:\/\/www.schwarz.it\/wp-content\/uploads\/2022\/09\/19-Rundgurte-300x205.jpg 300w, https:\/\/www.schwarz.it\/wp-content\/uploads\/2022\/09\/19-Rundgurte-768x525.jpg 768w, https:\/\/www.schwarz.it\/wp-content\/uploads\/2022\/09\/19-Rundgurte.jpg 1200w\" sizes=\"(max-width: 800px) 100vw, 800px\" \/><\/figure><\/a><\/div><div class=\"dce-item dce-item_title elementor-repeater-item-9291b54\"><h3 class=\"dce-post-title\"><a href=\"https:\/\/www.schwarz.it\/it\/zubehoer\/braca-ad-anello\/\">Braca ad anello<\/a><\/h3><\/div><div class=\"dce-item dce-item_content elementor-repeater-item-9bc4af8\"><div class=\"dce-post-content\">A scelta con un carico di rottura di 3.000 oppure 4.000 kg.<\/div><\/div>\t\t\t<\/div>\n\t\t<\/article>\n\t\t\n\t\t<article class=\"post-12176 zubehoer type-zubehoer status-publish has-post-thumbnail hentry zubehoer_kategorien-verricelli dce-post dce-post-item dce-grid-filters-item dce-item-grid-filters dce-item-grid\" data-dce-post-id=\"12176\" data-dce-post-index=\"182\">\n\t\t\t<div class=\"dce-post-block\">\n\t\t<div class=\"dce-item dce-item_image elementor-repeater-item-3f00d78\"><a class=\"dce-post-image\" href=\"https:\/\/www.schwarz.it\/it\/zubehoer\/carrucola-di-rinvio-tajfun-13t\/\"><figure data-image-ratio=\"0.66\" class=\"dce-img\"><img width=\"800\" height=\"552\" src=\"https:\/\/www.schwarz.it\/wp-content\/uploads\/2022\/09\/20-Umlenkrolle-Tajfun-1024x707.jpg\" class=\"\" alt=\"Carrucola di rinvio Tajfun 13t\" srcset=\"https:\/\/www.schwarz.it\/wp-content\/uploads\/2022\/09\/20-Umlenkrolle-Tajfun-1024x707.jpg 1024w, https:\/\/www.schwarz.it\/wp-content\/uploads\/2022\/09\/20-Umlenkrolle-Tajfun-300x207.jpg 300w, https:\/\/www.schwarz.it\/wp-content\/uploads\/2022\/09\/20-Umlenkrolle-Tajfun-768x531.jpg 768w, https:\/\/www.schwarz.it\/wp-content\/uploads\/2022\/09\/20-Umlenkrolle-Tajfun.jpg 1200w\" sizes=\"(max-width: 800px) 100vw, 800px\" \/><\/figure><\/a><\/div><div class=\"dce-item dce-item_title elementor-repeater-item-9291b54\"><h3 class=\"dce-post-title\"><a href=\"https:\/\/www.schwarz.it\/it\/zubehoer\/carrucola-di-rinvio-tajfun-13t\/\">Carrucola di rinvio Tajfun 13t<\/a><\/h3><\/div><div class=\"dce-item dce-item_content elementor-repeater-item-9bc4af8\"><div class=\"dce-post-content\">Grazie ai materiali di alta qualit\u00e0, la carrucola ha un peso proprio estremamente basso di solo\u00a02,5 kg.<\/div><\/div>\t\t\t<\/div>\n\t\t<\/article>\n\t\t\n\t\t<article class=\"post-12175 zubehoer type-zubehoer status-publish has-post-thumbnail hentry zubehoer_kategorien-verricelli dce-post dce-post-item dce-grid-filters-item dce-item-grid-filters dce-item-grid\" data-dce-post-id=\"12175\" data-dce-post-index=\"183\">\n\t\t\t<div class=\"dce-post-block\">\n\t\t<div class=\"dce-item dce-item_image elementor-repeater-item-3f00d78\"><a class=\"dce-post-image\" href=\"https:\/\/www.schwarz.it\/it\/zubehoer\/carrucola-di-rinvio-6t\/\"><figure data-image-ratio=\"0.66\" class=\"dce-img\"><img width=\"800\" height=\"600\" src=\"https:\/\/www.schwarz.it\/wp-content\/uploads\/2022\/09\/21-Umlenkrolle-6t-1024x768.jpg\" class=\"\" alt=\"Carrucola di rinvio 6t\" srcset=\"https:\/\/www.schwarz.it\/wp-content\/uploads\/2022\/09\/21-Umlenkrolle-6t-1024x768.jpg 1024w, https:\/\/www.schwarz.it\/wp-content\/uploads\/2022\/09\/21-Umlenkrolle-6t-300x225.jpg 300w, https:\/\/www.schwarz.it\/wp-content\/uploads\/2022\/09\/21-Umlenkrolle-6t-768x576.jpg 768w, https:\/\/www.schwarz.it\/wp-content\/uploads\/2022\/09\/21-Umlenkrolle-6t.jpg 1200w\" sizes=\"(max-width: 800px) 100vw, 800px\" \/><\/figure><\/a><\/div><div class=\"dce-item dce-item_title elementor-repeater-item-9291b54\"><h3 class=\"dce-post-title\"><a href=\"https:\/\/www.schwarz.it\/it\/zubehoer\/carrucola-di-rinvio-6t\/\">Carrucola di rinvio 6t<\/a><\/h3><\/div><div class=\"dce-item dce-item_content elementor-repeater-item-9bc4af8\"><div class=\"dce-post-content\">Peso proprio della carrucola: 10,5 kg.<\/div><\/div>\t\t\t<\/div>\n\t\t<\/article>\n\t\t\n\t\t<article class=\"post-12174 zubehoer type-zubehoer status-publish has-post-thumbnail hentry zubehoer_kategorien-verricelli dce-post dce-post-item dce-grid-filters-item dce-item-grid-filters dce-item-grid\" data-dce-post-id=\"12174\" data-dce-post-index=\"184\">\n\t\t\t<div class=\"dce-post-block\">\n\t\t<div class=\"dce-item dce-item_image elementor-repeater-item-3f00d78\"><a class=\"dce-post-image\" href=\"https:\/\/www.schwarz.it\/it\/zubehoer\/carrucola-di-rinvio-5t\/\"><figure data-image-ratio=\"0.66\" class=\"dce-img\"><img width=\"800\" height=\"582\" src=\"https:\/\/www.schwarz.it\/wp-content\/uploads\/2022\/09\/22-Umlenkrolle-5t-1024x745.jpg\" class=\"\" alt=\"Carrucola di rinvio 5t\" srcset=\"https:\/\/www.schwarz.it\/wp-content\/uploads\/2022\/09\/22-Umlenkrolle-5t-1024x745.jpg 1024w, https:\/\/www.schwarz.it\/wp-content\/uploads\/2022\/09\/22-Umlenkrolle-5t-300x218.jpg 300w, https:\/\/www.schwarz.it\/wp-content\/uploads\/2022\/09\/22-Umlenkrolle-5t-768x559.jpg 768w, https:\/\/www.schwarz.it\/wp-content\/uploads\/2022\/09\/22-Umlenkrolle-5t.jpg 1200w\" sizes=\"(max-width: 800px) 100vw, 800px\" \/><\/figure><\/a><\/div><div class=\"dce-item dce-item_title elementor-repeater-item-9291b54\"><h3 class=\"dce-post-title\"><a href=\"https:\/\/www.schwarz.it\/it\/zubehoer\/carrucola-di-rinvio-5t\/\">Carrucola di rinvio 5t<\/a><\/h3><\/div><div class=\"dce-item dce-item_content elementor-repeater-item-9bc4af8\"><div class=\"dce-post-content\">Peso proprio della carrucola: 3,25kg<\/div><\/div>\t\t\t<\/div>\n\t\t<\/article>\n\t\t\n\t\t<article class=\"post-12173 zubehoer type-zubehoer status-publish has-post-thumbnail hentry zubehoer_kategorien-verricelli dce-post dce-post-item dce-grid-filters-item dce-item-grid-filters dce-item-grid\" data-dce-post-id=\"12173\" data-dce-post-index=\"185\">\n\t\t\t<div class=\"dce-post-block\">\n\t\t<div class=\"dce-item dce-item_image elementor-repeater-item-3f00d78\"><a class=\"dce-post-image\" href=\"https:\/\/www.schwarz.it\/it\/zubehoer\/albero-cardanico\/\"><figure data-image-ratio=\"0.66\" class=\"dce-img\"><img width=\"800\" height=\"534\" src=\"https:\/\/www.schwarz.it\/wp-content\/uploads\/2022\/09\/23-Kardanwelle-1024x684.jpg\" class=\"\" alt=\"Albero cardanico\" srcset=\"https:\/\/www.schwarz.it\/wp-content\/uploads\/2022\/09\/23-Kardanwelle-1024x684.jpg 1024w, https:\/\/www.schwarz.it\/wp-content\/uploads\/2022\/09\/23-Kardanwelle-300x200.jpg 300w, https:\/\/www.schwarz.it\/wp-content\/uploads\/2022\/09\/23-Kardanwelle-768x513.jpg 768w, https:\/\/www.schwarz.it\/wp-content\/uploads\/2022\/09\/23-Kardanwelle.jpg 1200w\" sizes=\"(max-width: 800px) 100vw, 800px\" \/><\/figure><\/a><\/div><div class=\"dce-item dce-item_title elementor-repeater-item-9291b54\"><h3 class=\"dce-post-title\"><a href=\"https:\/\/www.schwarz.it\/it\/zubehoer\/albero-cardanico\/\">Albero cardanico<\/a><\/h3><\/div><div class=\"dce-item dce-item_content elementor-repeater-item-9bc4af8\"><div class=\"dce-post-content\"><\/div><\/div>\t\t\t<\/div>\n\t\t<\/article>\n\t\t\n\t\t<article class=\"post-12172 zubehoer type-zubehoer status-publish has-post-thumbnail hentry zubehoer_kategorien-verricelli dce-post dce-post-item dce-grid-filters-item dce-item-grid-filters dce-item-grid\" data-dce-post-id=\"12172\" data-dce-post-index=\"186\">\n\t\t\t<div class=\"dce-post-block\">\n\t\t<div class=\"dce-item dce-item_image elementor-repeater-item-3f00d78\"><a class=\"dce-post-image\" href=\"https:\/\/www.schwarz.it\/it\/zubehoer\/zappino\/\"><figure data-image-ratio=\"0.66\" class=\"dce-img\"><img width=\"800\" height=\"544\" src=\"https:\/\/www.schwarz.it\/wp-content\/uploads\/2022\/09\/24-Zeppin-1024x696.jpg\" class=\"\" alt=\"Zappino\" srcset=\"https:\/\/www.schwarz.it\/wp-content\/uploads\/2022\/09\/24-Zeppin-1024x696.jpg 1024w, https:\/\/www.schwarz.it\/wp-content\/uploads\/2022\/09\/24-Zeppin-300x204.jpg 300w, https:\/\/www.schwarz.it\/wp-content\/uploads\/2022\/09\/24-Zeppin-768x522.jpg 768w, https:\/\/www.schwarz.it\/wp-content\/uploads\/2022\/09\/24-Zeppin.jpg 1200w\" sizes=\"(max-width: 800px) 100vw, 800px\" \/><\/figure><\/a><\/div><div class=\"dce-item dce-item_title elementor-repeater-item-9291b54\"><h3 class=\"dce-post-title\"><a href=\"https:\/\/www.schwarz.it\/it\/zubehoer\/zappino\/\">Zappino<\/a><\/h3><\/div><div class=\"dce-item dce-item_content elementor-repeater-item-9bc4af8\"><div class=\"dce-post-content\"><\/div><\/div>\t\t\t<\/div>\n\t\t<\/article>\n\t\t\n\t\t<article class=\"post-12171 zubehoer type-zubehoer status-publish has-post-thumbnail hentry zubehoer_kategorien-verricelli dce-post dce-post-item dce-grid-filters-item dce-item-grid-filters dce-item-grid\" data-dce-post-id=\"12171\" data-dce-post-index=\"187\">\n\t\t\t<div class=\"dce-post-block\">\n\t\t<div class=\"dce-item dce-item_image elementor-repeater-item-3f00d78\"><a class=\"dce-post-image\" href=\"https:\/\/www.schwarz.it\/it\/zubehoer\/scudo-piu-largo\/\"><figure data-image-ratio=\"0.66\" class=\"dce-img\"><img width=\"800\" height=\"671\" src=\"https:\/\/www.schwarz.it\/wp-content\/uploads\/2022\/09\/25-Breites-Schild-1024x859.jpg\" class=\"\" alt=\"Scudo pi\u00f9 largo\" srcset=\"https:\/\/www.schwarz.it\/wp-content\/uploads\/2022\/09\/25-Breites-Schild-1024x859.jpg 1024w, https:\/\/www.schwarz.it\/wp-content\/uploads\/2022\/09\/25-Breites-Schild-300x252.jpg 300w, https:\/\/www.schwarz.it\/wp-content\/uploads\/2022\/09\/25-Breites-Schild-768x644.jpg 768w, https:\/\/www.schwarz.it\/wp-content\/uploads\/2022\/09\/25-Breites-Schild.jpg 1200w\" sizes=\"(max-width: 800px) 100vw, 800px\" \/><\/figure><\/a><\/div><div class=\"dce-item dce-item_title elementor-repeater-item-9291b54\"><h3 class=\"dce-post-title\"><a href=\"https:\/\/www.schwarz.it\/it\/zubehoer\/scudo-piu-largo\/\">Scudo pi\u00f9 largo<\/a><\/h3><\/div><div class=\"dce-item dce-item_content elementor-repeater-item-9bc4af8\"><div class=\"dce-post-content\"><\/div><\/div>\t\t\t<\/div>\n\t\t<\/article>\n\t\t\n\t\t<article class=\"post-12170 zubehoer type-zubehoer status-publish has-post-thumbnail hentry zubehoer_kategorien-verricelli dce-post dce-post-item dce-grid-filters-item dce-item-grid-filters dce-item-grid\" data-dce-post-id=\"12170\" data-dce-post-index=\"188\">\n\t\t\t<div class=\"dce-post-block\">\n\t\t<div class=\"dce-item dce-item_image elementor-repeater-item-3f00d78\"><a class=\"dce-post-image\" href=\"https:\/\/www.schwarz.it\/it\/zubehoer\/supporto-per-tanica-benzina-2\/\"><figure data-image-ratio=\"0.66\" class=\"dce-img\"><img width=\"800\" height=\"600\" src=\"https:\/\/www.schwarz.it\/wp-content\/uploads\/2022\/09\/26-Halter-fuer-Benzinkanister-1024x768.jpg\" class=\"\" alt=\"Supporto per tanica benzina\" srcset=\"https:\/\/www.schwarz.it\/wp-content\/uploads\/2022\/09\/26-Halter-fuer-Benzinkanister-1024x768.jpg 1024w, https:\/\/www.schwarz.it\/wp-content\/uploads\/2022\/09\/26-Halter-fuer-Benzinkanister-300x225.jpg 300w, https:\/\/www.schwarz.it\/wp-content\/uploads\/2022\/09\/26-Halter-fuer-Benzinkanister-768x576.jpg 768w, https:\/\/www.schwarz.it\/wp-content\/uploads\/2022\/09\/26-Halter-fuer-Benzinkanister.jpg 1200w\" sizes=\"(max-width: 800px) 100vw, 800px\" \/><\/figure><\/a><\/div><div class=\"dce-item dce-item_title elementor-repeater-item-9291b54\"><h3 class=\"dce-post-title\"><a href=\"https:\/\/www.schwarz.it\/it\/zubehoer\/supporto-per-tanica-benzina-2\/\">Supporto per tanica benzina<\/a><\/h3><\/div><div class=\"dce-item dce-item_content elementor-repeater-item-9bc4af8\"><div class=\"dce-post-content\"><\/div><\/div>\t\t\t<\/div>\n\t\t<\/article>\n\t\t\n\t\t<article class=\"post-12169 zubehoer type-zubehoer status-publish has-post-thumbnail hentry zubehoer_kategorien-verricelli dce-post dce-post-item dce-grid-filters-item dce-item-grid-filters dce-item-grid\" data-dce-post-id=\"12169\" data-dce-post-index=\"189\">\n\t\t\t<div class=\"dce-post-block\">\n\t\t<div class=\"dce-item dce-item_image elementor-repeater-item-3f00d78\"><a class=\"dce-post-image\" href=\"https:\/\/www.schwarz.it\/it\/zubehoer\/secondo-supporto-per-motosega\/\"><figure data-image-ratio=\"0.66\" class=\"dce-img\"><img width=\"800\" height=\"588\" src=\"https:\/\/www.schwarz.it\/wp-content\/uploads\/2022\/09\/27-Zusaetzlicher-Motorsaegenhalter-1024x752.jpg\" class=\"\" alt=\"Secondo supporto per motosega\" srcset=\"https:\/\/www.schwarz.it\/wp-content\/uploads\/2022\/09\/27-Zusaetzlicher-Motorsaegenhalter-1024x752.jpg 1024w, https:\/\/www.schwarz.it\/wp-content\/uploads\/2022\/09\/27-Zusaetzlicher-Motorsaegenhalter-300x220.jpg 300w, https:\/\/www.schwarz.it\/wp-content\/uploads\/2022\/09\/27-Zusaetzlicher-Motorsaegenhalter-768x564.jpg 768w, https:\/\/www.schwarz.it\/wp-content\/uploads\/2022\/09\/27-Zusaetzlicher-Motorsaegenhalter.jpg 1200w\" sizes=\"(max-width: 800px) 100vw, 800px\" \/><\/figure><\/a><\/div><div class=\"dce-item dce-item_title elementor-repeater-item-9291b54\"><h3 class=\"dce-post-title\"><a href=\"https:\/\/www.schwarz.it\/it\/zubehoer\/secondo-supporto-per-motosega\/\">Secondo supporto per motosega<\/a><\/h3><\/div><div class=\"dce-item dce-item_content elementor-repeater-item-9bc4af8\"><div class=\"dce-post-content\">Un supporto \u00e9 montato su tutti verricelli di serie.<\/div><\/div>\t\t\t<\/div>\n\t\t<\/article>\n\t\t\n\t\t<article class=\"post-12168 zubehoer type-zubehoer status-publish has-post-thumbnail hentry zubehoer_kategorien-verricelli dce-post dce-post-item dce-grid-filters-item dce-item-grid-filters dce-item-grid\" data-dce-post-id=\"12168\" data-dce-post-index=\"190\">\n\t\t\t<div class=\"dce-post-block\">\n\t\t<div class=\"dce-item dce-item_image elementor-repeater-item-3f00d78\"><a class=\"dce-post-image\" href=\"https:\/\/www.schwarz.it\/it\/zubehoer\/tamburo-per-recupero-fune-bp3\/\"><figure data-image-ratio=\"0.66\" class=\"dce-img\"><img width=\"800\" height=\"539\" src=\"https:\/\/www.schwarz.it\/wp-content\/uploads\/2022\/09\/28-Rueckholwinde-BP3-1024x690.jpg\" class=\"\" alt=\"Tamburo per recupero fune BP3\" srcset=\"https:\/\/www.schwarz.it\/wp-content\/uploads\/2022\/09\/28-Rueckholwinde-BP3-1024x690.jpg 1024w, https:\/\/www.schwarz.it\/wp-content\/uploads\/2022\/09\/28-Rueckholwinde-BP3-300x202.jpg 300w, https:\/\/www.schwarz.it\/wp-content\/uploads\/2022\/09\/28-Rueckholwinde-BP3-768x518.jpg 768w, https:\/\/www.schwarz.it\/wp-content\/uploads\/2022\/09\/28-Rueckholwinde-BP3.jpg 1200w\" sizes=\"(max-width: 800px) 100vw, 800px\" \/><\/figure><\/a><\/div><div class=\"dce-item dce-item_title elementor-repeater-item-9291b54\"><h3 class=\"dce-post-title\"><a href=\"https:\/\/www.schwarz.it\/it\/zubehoer\/tamburo-per-recupero-fune-bp3\/\">Tamburo per recupero fune BP3<\/a><\/h3><\/div><div class=\"dce-item dce-item_content elementor-repeater-item-9bc4af8\"><div class=\"dce-post-content\">Pu\u00f2 essere usato in combinazione con i verricelli idraulici. Viene usato per recuperare la fune traente. Praticamente porta idraulicamente indietro la fune del verricello allo stesso posto.<\/div><\/div>\t\t\t<\/div>\n\t\t<\/article>\n\t\t\n\t\t<article class=\"post-12167 zubehoer type-zubehoer status-publish has-post-thumbnail hentry zubehoer_kategorien-verricelli dce-post dce-post-item dce-grid-filters-item dce-item-grid-filters dce-item-grid\" data-dce-post-id=\"12167\" data-dce-post-index=\"191\">\n\t\t\t<div class=\"dce-post-block\">\n\t\t<div class=\"dce-item dce-item_image elementor-repeater-item-3f00d78\"><a class=\"dce-post-image\" href=\"https:\/\/www.schwarz.it\/it\/zubehoer\/sistema-antiribaltamento\/\"><figure data-image-ratio=\"0.66\" class=\"dce-img\"><img width=\"782\" height=\"800\" src=\"https:\/\/www.schwarz.it\/wp-content\/uploads\/2022\/09\/29-Anti-Kipp-System.jpg\" class=\"\" alt=\"Sistema antiribaltamento\" srcset=\"https:\/\/www.schwarz.it\/wp-content\/uploads\/2022\/09\/29-Anti-Kipp-System.jpg 782w, https:\/\/www.schwarz.it\/wp-content\/uploads\/2022\/09\/29-Anti-Kipp-System-293x300.jpg 293w, https:\/\/www.schwarz.it\/wp-content\/uploads\/2022\/09\/29-Anti-Kipp-System-768x786.jpg 768w\" sizes=\"(max-width: 782px) 100vw, 782px\" \/><\/figure><\/a><\/div><div class=\"dce-item dce-item_title elementor-repeater-item-9291b54\"><h3 class=\"dce-post-title\"><a href=\"https:\/\/www.schwarz.it\/it\/zubehoer\/sistema-antiribaltamento\/\">Sistema antiribaltamento<\/a><\/h3><\/div><div class=\"dce-item dce-item_content elementor-repeater-item-9bc4af8\"><div class=\"dce-post-content\">Protezione contro il ribaltamento del trattore.\nSolo disponibile per verricelli idraulici insieme alla radioguida IMET AXT.<\/div><\/div>\t\t\t<\/div>\n\t\t<\/article>\n\t\t\n\t\t<article class=\"post-12166 zubehoer type-zubehoer status-publish has-post-thumbnail hentry zubehoer_kategorien-verricelli dce-post dce-post-item dce-grid-filters-item dce-item-grid-filters dce-item-grid\" data-dce-post-id=\"12166\" data-dce-post-index=\"192\">\n\t\t\t<div class=\"dce-post-block\">\n\t\t<div class=\"dce-item dce-item_image elementor-repeater-item-3f00d78\"><a class=\"dce-post-image\" href=\"https:\/\/www.schwarz.it\/it\/zubehoer\/motore-idraulico-2\/\"><figure data-image-ratio=\"0.66\" class=\"dce-img\"><img width=\"800\" height=\"600\" src=\"https:\/\/www.schwarz.it\/wp-content\/uploads\/2022\/09\/30-Hydraulikmotor-1024x768.jpg\" class=\"\" alt=\"Motore idraulico\" srcset=\"https:\/\/www.schwarz.it\/wp-content\/uploads\/2022\/09\/30-Hydraulikmotor-1024x768.jpg 1024w, https:\/\/www.schwarz.it\/wp-content\/uploads\/2022\/09\/30-Hydraulikmotor-300x225.jpg 300w, https:\/\/www.schwarz.it\/wp-content\/uploads\/2022\/09\/30-Hydraulikmotor-768x576.jpg 768w, https:\/\/www.schwarz.it\/wp-content\/uploads\/2022\/09\/30-Hydraulikmotor.jpg 1200w\" sizes=\"(max-width: 800px) 100vw, 800px\" \/><\/figure><\/a><\/div><div class=\"dce-item dce-item_title elementor-repeater-item-9291b54\"><h3 class=\"dce-post-title\"><a href=\"https:\/\/www.schwarz.it\/it\/zubehoer\/motore-idraulico-2\/\">Motore idraulico<\/a><\/h3><\/div><div class=\"dce-item dce-item_content elementor-repeater-item-9bc4af8\"><div class=\"dce-post-content\"><\/div><\/div>\t\t\t<\/div>\n\t\t<\/article>\n\t\t\n\t\t<article class=\"post-12165 zubehoer type-zubehoer status-publish has-post-thumbnail hentry zubehoer_kategorien-rimorchio-inclinabile dce-post dce-post-item dce-grid-filters-item dce-item-grid-filters dce-item-grid\" data-dce-post-id=\"12165\" data-dce-post-index=\"193\">\n\t\t\t<div class=\"dce-post-block\">\n\t\t<div class=\"dce-item dce-item_image elementor-repeater-item-3f00d78\"><a class=\"dce-post-image\" href=\"https:\/\/www.schwarz.it\/it\/zubehoer\/allargamento-pianale-omologato\/\"><figure data-image-ratio=\"0.66\" class=\"dce-img\"><img width=\"800\" height=\"450\" src=\"https:\/\/www.schwarz.it\/wp-content\/uploads\/2022\/09\/A-Brueckenverbreiterung-1024x576.jpg\" class=\"\" alt=\"Allargamento pianale omologato\" srcset=\"https:\/\/www.schwarz.it\/wp-content\/uploads\/2022\/09\/A-Brueckenverbreiterung-1024x576.jpg 1024w, https:\/\/www.schwarz.it\/wp-content\/uploads\/2022\/09\/A-Brueckenverbreiterung-300x169.jpg 300w, https:\/\/www.schwarz.it\/wp-content\/uploads\/2022\/09\/A-Brueckenverbreiterung-768x432.jpg 768w, https:\/\/www.schwarz.it\/wp-content\/uploads\/2022\/09\/A-Brueckenverbreiterung.jpg 1200w\" sizes=\"(max-width: 800px) 100vw, 800px\" \/><\/figure><\/a><\/div><div class=\"dce-item dce-item_title elementor-repeater-item-9291b54\"><h3 class=\"dce-post-title\"><a href=\"https:\/\/www.schwarz.it\/it\/zubehoer\/allargamento-pianale-omologato\/\">Allargamento pianale omologato<\/a><\/h3><\/div><div class=\"dce-item dce-item_content elementor-repeater-item-9bc4af8\"><div class=\"dce-post-content\">Il pianale pu\u00f2 essere allargato 22,5cm per parte.<\/div><\/div>\t\t\t<\/div>\n\t\t<\/article>\n\t\t\n\t\t<article class=\"post-12164 zubehoer type-zubehoer status-publish has-post-thumbnail hentry zubehoer_kategorien-rimorchio-inclinabile dce-post dce-post-item dce-grid-filters-item dce-item-grid-filters dce-item-grid\" data-dce-post-id=\"12164\" data-dce-post-index=\"194\">\n\t\t\t<div class=\"dce-post-block\">\n\t\t<div class=\"dce-item dce-item_image elementor-repeater-item-3f00d78\"><a class=\"dce-post-image\" href=\"https:\/\/www.schwarz.it\/it\/zubehoer\/stanti-per-trasporto-legname-a135-cm\/\"><figure data-image-ratio=\"0.66\" class=\"dce-img\"><img width=\"800\" height=\"450\" src=\"https:\/\/www.schwarz.it\/wp-content\/uploads\/2022\/09\/B-Holzrungen-1024x576.jpg\" class=\"\" alt=\"Stanti per trasporto legname a=135 cm\" srcset=\"https:\/\/www.schwarz.it\/wp-content\/uploads\/2022\/09\/B-Holzrungen-1024x576.jpg 1024w, https:\/\/www.schwarz.it\/wp-content\/uploads\/2022\/09\/B-Holzrungen-300x169.jpg 300w, https:\/\/www.schwarz.it\/wp-content\/uploads\/2022\/09\/B-Holzrungen-768x432.jpg 768w, https:\/\/www.schwarz.it\/wp-content\/uploads\/2022\/09\/B-Holzrungen.jpg 1200w\" sizes=\"(max-width: 800px) 100vw, 800px\" \/><\/figure><\/a><\/div><div class=\"dce-item dce-item_title elementor-repeater-item-9291b54\"><h3 class=\"dce-post-title\"><a href=\"https:\/\/www.schwarz.it\/it\/zubehoer\/stanti-per-trasporto-legname-a135-cm\/\">Stanti per trasporto legname a=135 cm<\/a><\/h3><\/div><div class=\"dce-item dce-item_content elementor-repeater-item-9bc4af8\"><div class=\"dce-post-content\"><\/div><\/div>\t\t\t<\/div>\n\t\t<\/article>\n\t\t\n\t\t<article class=\"post-12163 zubehoer type-zubehoer status-publish has-post-thumbnail hentry zubehoer_kategorien-rimorchio-inclinabile dce-post dce-post-item dce-grid-filters-item dce-item-grid-filters dce-item-grid\" data-dce-post-id=\"12163\" data-dce-post-index=\"195\">\n\t\t\t<div class=\"dce-post-block\">\n\t\t<div class=\"dce-item dce-item_image elementor-repeater-item-3f00d78\"><a class=\"dce-post-image\" href=\"https:\/\/www.schwarz.it\/it\/zubehoer\/stanti-per-legna\/\"><figure data-image-ratio=\"0.66\" class=\"dce-img\"><img width=\"800\" height=\"600\" src=\"https:\/\/www.schwarz.it\/wp-content\/uploads\/2022\/09\/C-Stangen-fuer-Heuballen-1024x768.jpg\" class=\"\" alt=\"Pali per rotoballe\" srcset=\"https:\/\/www.schwarz.it\/wp-content\/uploads\/2022\/09\/C-Stangen-fuer-Heuballen-1024x768.jpg 1024w, https:\/\/www.schwarz.it\/wp-content\/uploads\/2022\/09\/C-Stangen-fuer-Heuballen-300x225.jpg 300w, https:\/\/www.schwarz.it\/wp-content\/uploads\/2022\/09\/C-Stangen-fuer-Heuballen-768x576.jpg 768w, https:\/\/www.schwarz.it\/wp-content\/uploads\/2022\/09\/C-Stangen-fuer-Heuballen.jpg 1200w\" sizes=\"(max-width: 800px) 100vw, 800px\" \/><\/figure><\/a><\/div><div class=\"dce-item dce-item_title elementor-repeater-item-9291b54\"><h3 class=\"dce-post-title\"><a href=\"https:\/\/www.schwarz.it\/it\/zubehoer\/stanti-per-legna\/\">Pali per rotoballe<\/a><\/h3><\/div><div class=\"dce-item dce-item_content elementor-repeater-item-9bc4af8\"><div class=\"dce-post-content\"><\/div><\/div>\t\t\t<\/div>\n\t\t<\/article>\n\t\t\n\t\t<article class=\"post-12162 zubehoer type-zubehoer status-publish has-post-thumbnail hentry zubehoer_kategorien-rimorchio-inclinabile dce-post dce-post-item dce-grid-filters-item dce-item-grid-filters dce-item-grid\" data-dce-post-id=\"12162\" data-dce-post-index=\"196\">\n\t\t\t<div class=\"dce-post-block\">\n\t\t<div class=\"dce-item dce-item_image elementor-repeater-item-3f00d78\"><a class=\"dce-post-image\" href=\"https:\/\/www.schwarz.it\/it\/zubehoer\/listelli-antiscivolo-saldati-sul-pianale\/\"><figure data-image-ratio=\"0.66\" class=\"dce-img\"><img width=\"800\" height=\"534\" src=\"https:\/\/www.schwarz.it\/wp-content\/uploads\/2022\/09\/D-Antirutschleisten-1024x684.jpg\" class=\"\" alt=\"Listelli antiscivolo saldati sul pianale\" srcset=\"https:\/\/www.schwarz.it\/wp-content\/uploads\/2022\/09\/D-Antirutschleisten-1024x684.jpg 1024w, https:\/\/www.schwarz.it\/wp-content\/uploads\/2022\/09\/D-Antirutschleisten-300x200.jpg 300w, https:\/\/www.schwarz.it\/wp-content\/uploads\/2022\/09\/D-Antirutschleisten-768x513.jpg 768w, https:\/\/www.schwarz.it\/wp-content\/uploads\/2022\/09\/D-Antirutschleisten.jpg 1200w\" sizes=\"(max-width: 800px) 100vw, 800px\" \/><\/figure><\/a><\/div><div class=\"dce-item dce-item_title elementor-repeater-item-9291b54\"><h3 class=\"dce-post-title\"><a href=\"https:\/\/www.schwarz.it\/it\/zubehoer\/listelli-antiscivolo-saldati-sul-pianale\/\">Listelli antiscivolo saldati sul pianale<\/a><\/h3><\/div><div class=\"dce-item dce-item_content elementor-repeater-item-9bc4af8\"><div class=\"dce-post-content\"><\/div><\/div>\t\t\t<\/div>\n\t\t<\/article>\n\t\t\n\t\t<article class=\"post-12161 zubehoer type-zubehoer status-publish has-post-thumbnail hentry zubehoer_kategorien-rimorchio-inclinabile dce-post dce-post-item dce-grid-filters-item dce-item-grid-filters dce-item-grid\" data-dce-post-id=\"12161\" data-dce-post-index=\"197\">\n\t\t\t<div class=\"dce-post-block\">\n\t\t<div class=\"dce-item dce-item_image elementor-repeater-item-3f00d78\"><a class=\"dce-post-image\" href=\"https:\/\/www.schwarz.it\/it\/zubehoer\/telecamera-a-retromarcia\/\"><figure data-image-ratio=\"0.66\" class=\"dce-img\"><img width=\"800\" height=\"534\" src=\"https:\/\/www.schwarz.it\/wp-content\/uploads\/2022\/09\/E-Rueckfahrkamera-1024x683.jpg\" class=\"\" alt=\"Telecamera a retromarcia\" srcset=\"https:\/\/www.schwarz.it\/wp-content\/uploads\/2022\/09\/E-Rueckfahrkamera-1024x683.jpg 1024w, https:\/\/www.schwarz.it\/wp-content\/uploads\/2022\/09\/E-Rueckfahrkamera-300x200.jpg 300w, https:\/\/www.schwarz.it\/wp-content\/uploads\/2022\/09\/E-Rueckfahrkamera-768x512.jpg 768w, https:\/\/www.schwarz.it\/wp-content\/uploads\/2022\/09\/E-Rueckfahrkamera.jpg 1200w\" sizes=\"(max-width: 800px) 100vw, 800px\" \/><\/figure><\/a><\/div><div class=\"dce-item dce-item_title elementor-repeater-item-9291b54\"><h3 class=\"dce-post-title\"><a href=\"https:\/\/www.schwarz.it\/it\/zubehoer\/telecamera-a-retromarcia\/\">Telecamera a retromarcia<\/a><\/h3><\/div><div class=\"dce-item dce-item_content elementor-repeater-item-9bc4af8\"><div class=\"dce-post-content\"><\/div><\/div>\t\t\t<\/div>\n\t\t<\/article>\n\t\t\n\t\t<article class=\"post-12160 zubehoer type-zubehoer status-publish has-post-thumbnail hentry zubehoer_kategorien-rimorchio-portabestiame dce-post dce-post-item dce-grid-filters-item dce-item-grid-filters dce-item-grid\" data-dce-post-id=\"12160\" data-dce-post-index=\"198\">\n\t\t\t<div class=\"dce-post-block\">\n\t\t<div class=\"dce-item dce-item_image elementor-repeater-item-3f00d78\"><a class=\"dce-post-image\" href=\"https:\/\/www.schwarz.it\/it\/zubehoer\/rampa-laterale-anteriore\/\"><figure data-image-ratio=\"0.66\" class=\"dce-img\"><img width=\"800\" height=\"517\" src=\"https:\/\/www.schwarz.it\/wp-content\/uploads\/2022\/09\/V2-Rampe-vorne-1024x662.jpg\" class=\"\" alt=\"Rampa laterale anteriore\" srcset=\"https:\/\/www.schwarz.it\/wp-content\/uploads\/2022\/09\/V2-Rampe-vorne-1024x662.jpg 1024w, https:\/\/www.schwarz.it\/wp-content\/uploads\/2022\/09\/V2-Rampe-vorne-300x194.jpg 300w, https:\/\/www.schwarz.it\/wp-content\/uploads\/2022\/09\/V2-Rampe-vorne-768x497.jpg 768w, https:\/\/www.schwarz.it\/wp-content\/uploads\/2022\/09\/V2-Rampe-vorne.jpg 1200w\" sizes=\"(max-width: 800px) 100vw, 800px\" \/><\/figure><\/a><\/div><div class=\"dce-item dce-item_title elementor-repeater-item-9291b54\"><h3 class=\"dce-post-title\"><a href=\"https:\/\/www.schwarz.it\/it\/zubehoer\/rampa-laterale-anteriore\/\">Rampa laterale anteriore<\/a><\/h3><\/div><div class=\"dce-item dce-item_content elementor-repeater-item-9bc4af8\"><div class=\"dce-post-content\"><\/div><\/div>\t\t\t<\/div>\n\t\t<\/article>\n\t\t\n\t\t<article class=\"post-12159 zubehoer type-zubehoer status-publish has-post-thumbnail hentry zubehoer_kategorien-rimorchio-portabestiame dce-post dce-post-item dce-grid-filters-item dce-item-grid-filters dce-item-grid\" data-dce-post-id=\"12159\" data-dce-post-index=\"199\">\n\t\t\t<div class=\"dce-post-block\">\n\t\t<div class=\"dce-item dce-item_image elementor-repeater-item-3f00d78\"><a class=\"dce-post-image\" href=\"https:\/\/www.schwarz.it\/it\/zubehoer\/serbatoio-liquame-sotto-il-pianale\/\"><figure data-image-ratio=\"0.66\" class=\"dce-img\"><img width=\"800\" height=\"534\" src=\"https:\/\/www.schwarz.it\/wp-content\/uploads\/2022\/09\/V4-Guellebehaelter-1024x684.jpg\" class=\"\" alt=\"Serbatoio liquame sotto il pianale\" srcset=\"https:\/\/www.schwarz.it\/wp-content\/uploads\/2022\/09\/V4-Guellebehaelter-1024x684.jpg 1024w, https:\/\/www.schwarz.it\/wp-content\/uploads\/2022\/09\/V4-Guellebehaelter-300x200.jpg 300w, https:\/\/www.schwarz.it\/wp-content\/uploads\/2022\/09\/V4-Guellebehaelter-768x513.jpg 768w, https:\/\/www.schwarz.it\/wp-content\/uploads\/2022\/09\/V4-Guellebehaelter.jpg 1200w\" sizes=\"(max-width: 800px) 100vw, 800px\" \/><\/figure><\/a><\/div><div class=\"dce-item dce-item_title elementor-repeater-item-9291b54\"><h3 class=\"dce-post-title\"><a href=\"https:\/\/www.schwarz.it\/it\/zubehoer\/serbatoio-liquame-sotto-il-pianale\/\">Serbatoio liquame sotto il pianale<\/a><\/h3><\/div><div class=\"dce-item dce-item_content elementor-repeater-item-9bc4af8\"><div class=\"dce-post-content\"><\/div><\/div>\t\t\t<\/div>\n\t\t<\/article>\n\t\t\n\t\t<article class=\"post-15792 zubehoer type-zubehoer status-publish has-post-thumbnail hentry zubehoer_kategorien-tagliaspaccalegna dce-post dce-post-item dce-grid-filters-item dce-item-grid-filters dce-item-grid\" data-dce-post-id=\"15792\" data-dce-post-index=\"200\">\n\t\t\t<div class=\"dce-post-block\">\n\t\t<div class=\"dce-item dce-item_image elementor-repeater-item-3f00d78\"><a class=\"dce-post-image\" href=\"https:\/\/www.schwarz.it\/it\/zubehoer\/motore-elettrico-ep20\/\"><figure data-image-ratio=\"0.66\" class=\"dce-img\"><img width=\"800\" height=\"533\" src=\"https:\/\/www.schwarz.it\/wp-content\/uploads\/2022\/09\/EP20-1024x682.jpg\" class=\"\" alt=\"Motore elettrico EP20\" srcset=\"https:\/\/www.schwarz.it\/wp-content\/uploads\/2022\/09\/EP20-1024x682.jpg 1024w, https:\/\/www.schwarz.it\/wp-content\/uploads\/2022\/09\/EP20-300x200.jpg 300w, https:\/\/www.schwarz.it\/wp-content\/uploads\/2022\/09\/EP20-768x512.jpg 768w, https:\/\/www.schwarz.it\/wp-content\/uploads\/2022\/09\/EP20-1536x1024.jpg 1536w, https:\/\/www.schwarz.it\/wp-content\/uploads\/2022\/09\/EP20.jpg 2000w\" sizes=\"(max-width: 800px) 100vw, 800px\" \/><\/figure><\/a><\/div><div class=\"dce-item dce-item_title elementor-repeater-item-9291b54\"><h3 class=\"dce-post-title\"><a href=\"https:\/\/www.schwarz.it\/it\/zubehoer\/motore-elettrico-ep20\/\">Motore elettrico EP20<\/a><\/h3><\/div><div class=\"dce-item dce-item_content elementor-repeater-item-9bc4af8\"><div class=\"dce-post-content\">Serve 15kW corrente. (per RCAPRO500)<\/div><\/div>\t\t\t<\/div>\n\t\t<\/article>\n\t\t\n\t\t<article class=\"post-12207 zubehoer type-zubehoer status-publish has-post-thumbnail hentry zubehoer_kategorien-tagliaspaccalegna dce-post dce-post-item dce-grid-filters-item dce-item-grid-filters dce-item-grid\" data-dce-post-id=\"12207\" data-dce-post-index=\"201\">\n\t\t\t<div class=\"dce-post-block\">\n\t\t<div class=\"dce-item dce-item_image elementor-repeater-item-3f00d78\"><a class=\"dce-post-image\" href=\"https:\/\/www.schwarz.it\/it\/zubehoer\/motore-elettrico-ep12\/\"><figure data-image-ratio=\"0.66\" class=\"dce-img\"><img width=\"800\" height=\"400\" src=\"https:\/\/www.schwarz.it\/wp-content\/uploads\/2022\/09\/14-Elektromotor-EP12-1024x512.jpg\" class=\"\" alt=\"Motore elettrico EP12\" srcset=\"https:\/\/www.schwarz.it\/wp-content\/uploads\/2022\/09\/14-Elektromotor-EP12-1024x512.jpg 1024w, https:\/\/www.schwarz.it\/wp-content\/uploads\/2022\/09\/14-Elektromotor-EP12-300x150.jpg 300w, https:\/\/www.schwarz.it\/wp-content\/uploads\/2022\/09\/14-Elektromotor-EP12-768x384.jpg 768w, https:\/\/www.schwarz.it\/wp-content\/uploads\/2022\/09\/14-Elektromotor-EP12.jpg 1200w\" sizes=\"(max-width: 800px) 100vw, 800px\" \/><\/figure><\/a><\/div><div class=\"dce-item dce-item_title elementor-repeater-item-9291b54\"><h3 class=\"dce-post-title\"><a href=\"https:\/\/www.schwarz.it\/it\/zubehoer\/motore-elettrico-ep12\/\">Motore elettrico EP12<\/a><\/h3><\/div><div class=\"dce-item dce-item_content elementor-repeater-item-9bc4af8\"><div class=\"dce-post-content\">Serve 11kw. (Per tutti modelli tranne RCAPRO500)<\/div><\/div>\t\t\t<\/div>\n\t\t<\/article>\n\t\t\n\t\t<article class=\"post-15799 zubehoer type-zubehoer status-publish has-post-thumbnail hentry zubehoer_kategorien-rimorchio-stradale dce-post dce-post-item dce-grid-filters-item dce-item-grid-filters dce-item-grid\" data-dce-post-id=\"15799\" data-dce-post-index=\"202\">\n\t\t\t<div class=\"dce-post-block\">\n\t\t<div class=\"dce-item dce-item_image elementor-repeater-item-3f00d78\"><a class=\"dce-post-image\" href=\"https:\/\/www.schwarz.it\/it\/zubehoer\/luci-di-posizione-laterali-per-rimorchi-stradali\/\"><figure data-image-ratio=\"0.66\" class=\"dce-img\"><img width=\"800\" height=\"533\" src=\"https:\/\/www.schwarz.it\/wp-content\/uploads\/2022\/09\/Seitliche-Begrenzungslichter-1024x682.jpg\" class=\"\" alt=\"Luci di posizione laterali per rimorchi stradali\" srcset=\"https:\/\/www.schwarz.it\/wp-content\/uploads\/2022\/09\/Seitliche-Begrenzungslichter-1024x682.jpg 1024w, https:\/\/www.schwarz.it\/wp-content\/uploads\/2022\/09\/Seitliche-Begrenzungslichter-300x200.jpg 300w, https:\/\/www.schwarz.it\/wp-content\/uploads\/2022\/09\/Seitliche-Begrenzungslichter-768x512.jpg 768w, https:\/\/www.schwarz.it\/wp-content\/uploads\/2022\/09\/Seitliche-Begrenzungslichter-1536x1024.jpg 1536w, https:\/\/www.schwarz.it\/wp-content\/uploads\/2022\/09\/Seitliche-Begrenzungslichter.jpg 2000w\" sizes=\"(max-width: 800px) 100vw, 800px\" \/><\/figure><\/a><\/div><div class=\"dce-item dce-item_title elementor-repeater-item-9291b54\"><h3 class=\"dce-post-title\"><a href=\"https:\/\/www.schwarz.it\/it\/zubehoer\/luci-di-posizione-laterali-per-rimorchi-stradali\/\">Luci di posizione laterali per rimorchi stradali<\/a><\/h3><\/div><div class=\"dce-item dce-item_content elementor-repeater-item-9bc4af8\"><div class=\"dce-post-content\"><\/div><\/div>\t\t\t<\/div>\n\t\t<\/article>\n\t\t\n\t\t<article class=\"post-15809 zubehoer type-zubehoer status-publish has-post-thumbnail hentry zubehoer_kategorien-rimorchio-stradale dce-post dce-post-item dce-grid-filters-item dce-item-grid-filters dce-item-grid\" data-dce-post-id=\"15809\" data-dce-post-index=\"203\">\n\t\t\t<div class=\"dce-post-block\">\n\t\t<div class=\"dce-item dce-item_image elementor-repeater-item-3f00d78\"><a class=\"dce-post-image\" href=\"https:\/\/www.schwarz.it\/it\/zubehoer\/rimorchio-per-trasporto-moto\/\"><figure data-image-ratio=\"0.66\" class=\"dce-img\"><img width=\"800\" height=\"533\" src=\"https:\/\/www.schwarz.it\/wp-content\/uploads\/2022\/09\/Motorradversion-1024x682.jpg\" class=\"\" alt=\"Rimorchio per trasporto moto\" srcset=\"https:\/\/www.schwarz.it\/wp-content\/uploads\/2022\/09\/Motorradversion-1024x682.jpg 1024w, https:\/\/www.schwarz.it\/wp-content\/uploads\/2022\/09\/Motorradversion-300x200.jpg 300w, https:\/\/www.schwarz.it\/wp-content\/uploads\/2022\/09\/Motorradversion-768x512.jpg 768w, https:\/\/www.schwarz.it\/wp-content\/uploads\/2022\/09\/Motorradversion-1536x1024.jpg 1536w, https:\/\/www.schwarz.it\/wp-content\/uploads\/2022\/09\/Motorradversion.jpg 2000w\" sizes=\"(max-width: 800px) 100vw, 800px\" \/><\/figure><\/a><\/div><div class=\"dce-item dce-item_title elementor-repeater-item-9291b54\"><h3 class=\"dce-post-title\"><a href=\"https:\/\/www.schwarz.it\/it\/zubehoer\/rimorchio-per-trasporto-moto\/\">Rimorchio per trasporto moto<\/a><\/h3><\/div><div class=\"dce-item dce-item_content elementor-repeater-item-9bc4af8\"><div class=\"dce-post-content\">Questo modello, ha dei accessori specifici per il trasporto moto. C\u00e8 posto per 3 moto.<\/div><\/div>\t\t\t<\/div>\n\t\t<\/article>\n\t\t\t\t\t<\/div>\n\t\t\t\t\t<\/div>\n\t\t\t\t<\/div>\n\t\t\t\t<\/div>\n\t\t\t\t\t\t<\/div>\n\t\t\t\t\t<\/div>\n\t\t<\/div>\n\t\t\t\t\t\t\t\t<\/div>\n\t\t\t\t\t<\/div>\n\t\t<\/section>\n\t\t\t\t\t\t\t\t\t<\/div>\n\t\t\t<\/div>\n\t\t\t\t\t<\/div>\n\t\t","protected":false},"excerpt":{"rendered":"<p>Accessori Schwarz Rimorchio forestale Rimorchio inclinabile Rimorchio portabestiame Rimorchio portapallet Rimorchio ribaltabile Rimorchio stradale Tagliaspaccalegna Verricelli Sponde in acciaio Le sponde in acciaio offrono grande stabilit\u00e0 e sono ideali per il trasporto di materiale grossolano. Sponde in alluminio Le sponde in alluminio sono circa il 75% pi\u00f9 leggere di quelle in acciaio, pur offrendo una [&hellip;]<\/p>\n","protected":false},"author":1,"featured_media":0,"parent":0,"menu_order":0,"comment_status":"closed","ping_status":"closed","template":"","meta":{"inline_featured_image":false},"acf":[],"yoast_head":"<!-- This site is optimized with the Yoast SEO plugin v19.8 - https:\/\/yoast.com\/wordpress\/plugins\/seo\/ -->\n<title>Accessori per rimorchi prodotti da Schwarz Alto Adige<\/title>\n<meta name=\"description\" content=\"Da Schwarz, in Alto Adige, potete trovare rimorchi e macchine forestali di alta qualit\u00e0. Decenni di esperienza ci rendono professionisti!\" \/>\n<meta name=\"robots\" content=\"index, follow, max-snippet:-1, max-image-preview:large, max-video-preview:-1\" \/>\n<link rel=\"canonical\" href=\"https:\/\/www.schwarz.it\/it\/accessori-rimorchi-schwarz\/\" \/>\n<meta name=\"twitter:label1\" content=\"Tempo di lettura stimato\" \/>\n\t<meta name=\"twitter:data1\" content=\"57 minuti\" \/>\n<script type=\"application\/ld+json\" class=\"yoast-schema-graph\">{\"@context\":\"https:\/\/schema.org\",\"@graph\":[{\"@type\":\"WebPage\",\"@id\":\"https:\/\/www.schwarz.it\/it\/accessori-rimorchi-schwarz\/\",\"url\":\"https:\/\/www.schwarz.it\/it\/accessori-rimorchi-schwarz\/\",\"name\":\"Accessori per rimorchi prodotti da Schwarz Alto Adige\",\"isPartOf\":{\"@id\":\"https:\/\/www.schwarz.it\/#website\"},\"datePublished\":\"2022-02-17T11:21:29+00:00\",\"dateModified\":\"2022-10-04T08:43:09+00:00\",\"description\":\"Da Schwarz, in Alto Adige, potete trovare rimorchi e macchine forestali di alta qualit\u00e0. Decenni di esperienza ci rendono professionisti!\",\"breadcrumb\":{\"@id\":\"https:\/\/www.schwarz.it\/it\/accessori-rimorchi-schwarz\/#breadcrumb\"},\"inLanguage\":\"it-IT\",\"potentialAction\":[{\"@type\":\"ReadAction\",\"target\":[\"https:\/\/www.schwarz.it\/it\/accessori-rimorchi-schwarz\/\"]}]},{\"@type\":\"BreadcrumbList\",\"@id\":\"https:\/\/www.schwarz.it\/it\/accessori-rimorchi-schwarz\/#breadcrumb\",\"itemListElement\":[{\"@type\":\"ListItem\",\"position\":1,\"name\":\"Startseite\",\"item\":\"https:\/\/www.schwarz.it\/it\/\"},{\"@type\":\"ListItem\",\"position\":2,\"name\":\"Accessori rimorchi Schwarz\"}]},{\"@type\":\"WebSite\",\"@id\":\"https:\/\/www.schwarz.it\/#website\",\"url\":\"https:\/\/www.schwarz.it\/\",\"name\":\"Schwarz GmbH\",\"description\":\"Anh\u00e4nger und Forstmaschinen\",\"publisher\":{\"@id\":\"https:\/\/www.schwarz.it\/#organization\"},\"potentialAction\":[{\"@type\":\"SearchAction\",\"target\":{\"@type\":\"EntryPoint\",\"urlTemplate\":\"https:\/\/www.schwarz.it\/?s={search_term_string}\"},\"query-input\":\"required name=search_term_string\"}],\"inLanguage\":\"it-IT\"},{\"@type\":\"Organization\",\"@id\":\"https:\/\/www.schwarz.it\/#organization\",\"name\":\"Schwarz GmbH\",\"url\":\"https:\/\/www.schwarz.it\/\",\"sameAs\":[\"https:\/\/www.instagram.com\/schwarz_trailers\/\",\"https:\/\/www.facebook.com\/schwarzanhaenger\"],\"logo\":{\"@type\":\"ImageObject\",\"inLanguage\":\"it-IT\",\"@id\":\"https:\/\/www.schwarz.it\/#\/schema\/logo\/image\/\",\"url\":\"https:\/\/www.schwarz.it\/wp-content\/uploads\/2022\/02\/Schwarz-Gmbh.svg\",\"contentUrl\":\"https:\/\/www.schwarz.it\/wp-content\/uploads\/2022\/02\/Schwarz-Gmbh.svg\",\"width\":329,\"height\":46,\"caption\":\"Schwarz GmbH\"},\"image\":{\"@id\":\"https:\/\/www.schwarz.it\/#\/schema\/logo\/image\/\"}}]}<\/script>\n<!-- \/ Yoast SEO plugin. -->","yoast_head_json":{"title":"Accessori per rimorchi prodotti da Schwarz Alto Adige","description":"Da Schwarz, in Alto Adige, potete trovare rimorchi e macchine forestali di alta qualit\u00e0. Decenni di esperienza ci rendono professionisti!","robots":{"index":"index","follow":"follow","max-snippet":"max-snippet:-1","max-image-preview":"max-image-preview:large","max-video-preview":"max-video-preview:-1"},"canonical":"https:\/\/www.schwarz.it\/it\/accessori-rimorchi-schwarz\/","twitter_misc":{"Tempo di lettura stimato":"57 minuti"},"schema":{"@context":"https:\/\/schema.org","@graph":[{"@type":"WebPage","@id":"https:\/\/www.schwarz.it\/it\/accessori-rimorchi-schwarz\/","url":"https:\/\/www.schwarz.it\/it\/accessori-rimorchi-schwarz\/","name":"Accessori per rimorchi prodotti da Schwarz Alto Adige","isPartOf":{"@id":"https:\/\/www.schwarz.it\/#website"},"datePublished":"2022-02-17T11:21:29+00:00","dateModified":"2022-10-04T08:43:09+00:00","description":"Da Schwarz, in Alto Adige, potete trovare rimorchi e macchine forestali di alta qualit\u00e0. Decenni di esperienza ci rendono professionisti!","breadcrumb":{"@id":"https:\/\/www.schwarz.it\/it\/accessori-rimorchi-schwarz\/#breadcrumb"},"inLanguage":"it-IT","potentialAction":[{"@type":"ReadAction","target":["https:\/\/www.schwarz.it\/it\/accessori-rimorchi-schwarz\/"]}]},{"@type":"BreadcrumbList","@id":"https:\/\/www.schwarz.it\/it\/accessori-rimorchi-schwarz\/#breadcrumb","itemListElement":[{"@type":"ListItem","position":1,"name":"Startseite","item":"https:\/\/www.schwarz.it\/it\/"},{"@type":"ListItem","position":2,"name":"Accessori rimorchi Schwarz"}]},{"@type":"WebSite","@id":"https:\/\/www.schwarz.it\/#website","url":"https:\/\/www.schwarz.it\/","name":"Schwarz GmbH","description":"Anh\u00e4nger und Forstmaschinen","publisher":{"@id":"https:\/\/www.schwarz.it\/#organization"},"potentialAction":[{"@type":"SearchAction","target":{"@type":"EntryPoint","urlTemplate":"https:\/\/www.schwarz.it\/?s={search_term_string}"},"query-input":"required name=search_term_string"}],"inLanguage":"it-IT"},{"@type":"Organization","@id":"https:\/\/www.schwarz.it\/#organization","name":"Schwarz GmbH","url":"https:\/\/www.schwarz.it\/","sameAs":["https:\/\/www.instagram.com\/schwarz_trailers\/","https:\/\/www.facebook.com\/schwarzanhaenger"],"logo":{"@type":"ImageObject","inLanguage":"it-IT","@id":"https:\/\/www.schwarz.it\/#\/schema\/logo\/image\/","url":"https:\/\/www.schwarz.it\/wp-content\/uploads\/2022\/02\/Schwarz-Gmbh.svg","contentUrl":"https:\/\/www.schwarz.it\/wp-content\/uploads\/2022\/02\/Schwarz-Gmbh.svg","width":329,"height":46,"caption":"Schwarz GmbH"},"image":{"@id":"https:\/\/www.schwarz.it\/#\/schema\/logo\/image\/"}}]}},"_links":{"self":[{"href":"https:\/\/www.schwarz.it\/it\/wp-json\/wp\/v2\/pages\/12982"}],"collection":[{"href":"https:\/\/www.schwarz.it\/it\/wp-json\/wp\/v2\/pages"}],"about":[{"href":"https:\/\/www.schwarz.it\/it\/wp-json\/wp\/v2\/types\/page"}],"author":[{"embeddable":true,"href":"https:\/\/www.schwarz.it\/it\/wp-json\/wp\/v2\/users\/1"}],"replies":[{"embeddable":true,"href":"https:\/\/www.schwarz.it\/it\/wp-json\/wp\/v2\/comments?post=12982"}],"version-history":[{"count":1,"href":"https:\/\/www.schwarz.it\/it\/wp-json\/wp\/v2\/pages\/12982\/revisions"}],"predecessor-version":[{"id":18571,"href":"https:\/\/www.schwarz.it\/it\/wp-json\/wp\/v2\/pages\/12982\/revisions\/18571"}],"wp:attachment":[{"href":"https:\/\/www.schwarz.it\/it\/wp-json\/wp\/v2\/media?parent=12982"}],"curies":[{"name":"wp","href":"https:\/\/api.w.org\/{rel}","templated":true}]}}